{"id":125,"date":"2018-10-25T23:19:23","date_gmt":"2018-10-26T02:19:23","guid":{"rendered":"http:\/\/franciscanos.org.br\/vidacrista\/?page_id=125"},"modified":"2018-12-10T12:23:17","modified_gmt":"2018-12-10T14:23:17","slug":"santo-do-dia","status":"publish","type":"page","link":"https:\/\/franciscanos.org.br\/vidacrista\/santo-do-dia\/","title":{"rendered":"Santo do dia"},"content":{"rendered":"<p>[vc_section][vc_row][vc_column width=&#8221;1\/6&#8243;][\/vc_column][vc_column width=&#8221;2\/3&#8243;]<div id=\"mec_skin_103\" class=\"mec-wrap colorskin-custom \">\n    \n        \n    <div class=\"mec-calendar mec-calendar-daily\">\n                <div class=\"mec-skin-daily-view-month-navigator-container mec-calendar-a-month mec-clear\">\n            <div class=\"mec-month-navigator\" id=\"mec_month_navigator103_202605\"><div class=\"mec-previous-month mec-color mec-load-month\" data-mec-year=\"2026\" data-mec-month=\"04\"><i class=\"mec-sl-angle-left\"><\/i><\/div><h4>maio\/2026<\/h4><div class=\"mec-color mec-next-month mec-load-month\" data-mec-year=\"2026\" data-mec-month=\"06\"><i class=\"mec-sl-angle-right\"><\/i><\/div><\/div>\n        <\/div>\n        \n        <div class=\"mec-skin-daily-view-events-container\" id=\"mec_skin_events_103\">\n            <div class=\"mec-month-container mec-calendar-a-day mec-clear\" id=\"mec_daily_view_month_103_202605\">\n                \n<div class=\"mec-date-labels-container mec-calendar-d-table\"><a href=\"#\" class=\"mec-table-d-prev mec-color\"><i class=\"mec-sl-angle-left\"><\/i><\/a><a href=\"#\" class=\"mec-table-d-next mec-color\"><i class=\"mec-sl-angle-right\"><\/i><\/a><div id=\"mec-owl-calendar-d-table-103-202605\" class=\"mec-daily-view-date-labels mec-owl-carousel mec-owl-theme\"><div class=\"mec-daily-view-day mec-has-event\" id=\"mec_daily_view_day103_20260501\" data-events-count=\"1\" data-month-id=\"202605\" data-day-id=\"20260501\" data-day-weekday=\"sexta-feira\" data-day-monthday=\"1\">1<\/div><div class=\"mec-daily-view-day mec-has-event\" id=\"mec_daily_view_day103_20260502\" data-events-count=\"1\" data-month-id=\"202605\" data-day-id=\"20260502\" data-day-weekday=\"s\u00e1bado\" data-day-monthday=\"2\">2<\/div><div class=\"mec-daily-view-day mec-has-event\" id=\"mec_daily_view_day103_20260503\" data-events-count=\"1\" data-month-id=\"202605\" data-day-id=\"20260503\" data-day-weekday=\"domingo\" data-day-monthday=\"3\">3<\/div><div class=\"mec-daily-view-day mec-has-event\" id=\"mec_daily_view_day103_20260504\" data-events-count=\"1\" data-month-id=\"202605\" data-day-id=\"20260504\" data-day-weekday=\"segunda-feira\" data-day-monthday=\"4\">4<\/div><div class=\"mec-daily-view-day mec-has-event\" id=\"mec_daily_view_day103_20260505\" data-events-count=\"1\" data-month-id=\"202605\" data-day-id=\"20260505\" data-day-weekday=\"ter\u00e7a-feira\" data-day-monthday=\"5\">5<\/div><div class=\"mec-daily-view-day mec-has-event\" id=\"mec_daily_view_day103_20260506\" data-events-count=\"1\" data-month-id=\"202605\" data-day-id=\"20260506\" data-day-weekday=\"quarta-feira\" data-day-monthday=\"6\">6<\/div><div class=\"mec-daily-view-day mec-has-event\" id=\"mec_daily_view_day103_20260507\" data-events-count=\"1\" data-month-id=\"202605\" data-day-id=\"20260507\" data-day-weekday=\"quinta-feira\" data-day-monthday=\"7\">7<\/div><div class=\"mec-daily-view-day mec-has-event\" id=\"mec_daily_view_day103_20260508\" data-events-count=\"1\" data-month-id=\"202605\" data-day-id=\"20260508\" data-day-weekday=\"sexta-feira\" data-day-monthday=\"8\">8<\/div><div class=\"mec-daily-view-day mec-has-event\" id=\"mec_daily_view_day103_20260509\" data-events-count=\"1\" data-month-id=\"202605\" data-day-id=\"20260509\" data-day-weekday=\"s\u00e1bado\" data-day-monthday=\"9\">9<\/div><div class=\"mec-daily-view-day mec-has-event\" id=\"mec_daily_view_day103_20260510\" data-events-count=\"1\" data-month-id=\"202605\" data-day-id=\"20260510\" data-day-weekday=\"domingo\" data-day-monthday=\"10\">10<\/div><div class=\"mec-daily-view-day mec-has-event\" id=\"mec_daily_view_day103_20260511\" data-events-count=\"1\" data-month-id=\"202605\" data-day-id=\"20260511\" data-day-weekday=\"segunda-feira\" data-day-monthday=\"11\">11<\/div><div class=\"mec-daily-view-day mec-has-event\" id=\"mec_daily_view_day103_20260512\" data-events-count=\"1\" data-month-id=\"202605\" data-day-id=\"20260512\" data-day-weekday=\"ter\u00e7a-feira\" data-day-monthday=\"12\">12<\/div><div class=\"mec-daily-view-day mec-has-event\" id=\"mec_daily_view_day103_20260513\" data-events-count=\"1\" data-month-id=\"202605\" data-day-id=\"20260513\" data-day-weekday=\"quarta-feira\" data-day-monthday=\"13\">13<\/div><div class=\"mec-daily-view-day mec-has-event\" id=\"mec_daily_view_day103_20260514\" data-events-count=\"1\" data-month-id=\"202605\" data-day-id=\"20260514\" data-day-weekday=\"quinta-feira\" data-day-monthday=\"14\">14<\/div><div class=\"mec-daily-view-day mec-has-event\" id=\"mec_daily_view_day103_20260515\" data-events-count=\"1\" data-month-id=\"202605\" data-day-id=\"20260515\" data-day-weekday=\"sexta-feira\" data-day-monthday=\"15\">15<\/div><div class=\"mec-daily-view-day mec-has-event\" id=\"mec_daily_view_day103_20260516\" data-events-count=\"1\" data-month-id=\"202605\" data-day-id=\"20260516\" data-day-weekday=\"s\u00e1bado\" data-day-monthday=\"16\">16<\/div><div class=\"mec-daily-view-day mec-has-event\" id=\"mec_daily_view_day103_20260517\" data-events-count=\"1\" data-month-id=\"202605\" data-day-id=\"20260517\" data-day-weekday=\"domingo\" data-day-monthday=\"17\">17<\/div><div class=\"mec-daily-view-day mec-has-event\" id=\"mec_daily_view_day103_20260518\" data-events-count=\"1\" data-month-id=\"202605\" data-day-id=\"20260518\" data-day-weekday=\"segunda-feira\" data-day-monthday=\"18\">18<\/div><div class=\"mec-daily-view-day mec-has-event\" id=\"mec_daily_view_day103_20260519\" data-events-count=\"1\" data-month-id=\"202605\" data-day-id=\"20260519\" data-day-weekday=\"ter\u00e7a-feira\" data-day-monthday=\"19\">19<\/div><div class=\"mec-daily-view-day mec-has-event\" id=\"mec_daily_view_day103_20260520\" data-events-count=\"1\" data-month-id=\"202605\" data-day-id=\"20260520\" data-day-weekday=\"quarta-feira\" data-day-monthday=\"20\">20<\/div><div class=\"mec-daily-view-day mec-has-event\" id=\"mec_daily_view_day103_20260521\" data-events-count=\"1\" data-month-id=\"202605\" data-day-id=\"20260521\" data-day-weekday=\"quinta-feira\" data-day-monthday=\"21\">21<\/div><div class=\"mec-daily-view-day mec-has-event\" id=\"mec_daily_view_day103_20260522\" data-events-count=\"1\" data-month-id=\"202605\" data-day-id=\"20260522\" data-day-weekday=\"sexta-feira\" data-day-monthday=\"22\">22<\/div><div class=\"mec-daily-view-day mec-has-event\" id=\"mec_daily_view_day103_20260523\" data-events-count=\"1\" data-month-id=\"202605\" data-day-id=\"20260523\" data-day-weekday=\"s\u00e1bado\" data-day-monthday=\"23\">23<\/div><div class=\"mec-daily-view-day mec-has-event\" id=\"mec_daily_view_day103_20260524\" data-events-count=\"1\" data-month-id=\"202605\" data-day-id=\"20260524\" data-day-weekday=\"domingo\" data-day-monthday=\"24\">24<\/div><div class=\"mec-daily-view-day mec-has-event\" id=\"mec_daily_view_day103_20260525\" data-events-count=\"1\" data-month-id=\"202605\" data-day-id=\"20260525\" data-day-weekday=\"segunda-feira\" data-day-monthday=\"25\">25<\/div><div class=\"mec-daily-view-day mec-has-event\" id=\"mec_daily_view_day103_20260526\" data-events-count=\"1\" data-month-id=\"202605\" data-day-id=\"20260526\" data-day-weekday=\"ter\u00e7a-feira\" data-day-monthday=\"26\">26<\/div><div class=\"mec-daily-view-day mec-has-event\" id=\"mec_daily_view_day103_20260527\" data-events-count=\"1\" data-month-id=\"202605\" data-day-id=\"20260527\" data-day-weekday=\"quarta-feira\" data-day-monthday=\"27\">27<\/div><div class=\"mec-daily-view-day mec-has-event\" id=\"mec_daily_view_day103_20260528\" data-events-count=\"1\" data-month-id=\"202605\" data-day-id=\"20260528\" data-day-weekday=\"quinta-feira\" data-day-monthday=\"28\">28<\/div><div class=\"mec-daily-view-day mec-has-event\" id=\"mec_daily_view_day103_20260529\" data-events-count=\"1\" data-month-id=\"202605\" data-day-id=\"20260529\" data-day-weekday=\"sexta-feira\" data-day-monthday=\"29\">29<\/div><div class=\"mec-daily-view-day mec-has-event\" id=\"mec_daily_view_day103_20260530\" data-events-count=\"1\" data-month-id=\"202605\" data-day-id=\"20260530\" data-day-weekday=\"s\u00e1bado\" data-day-monthday=\"30\">30<\/div><div class=\"mec-daily-view-day mec-has-event\" id=\"mec_daily_view_day103_20260531\" data-events-count=\"1\" data-month-id=\"202605\" data-day-id=\"20260531\" data-day-weekday=\"domingo\" data-day-monthday=\"31\">31<\/div><\/div><\/div>\n<div class=\"mec-date-labels-container mec-calendar-day-events mec-clear\"><ul class=\"mec-daily-view-dates-events\">\n        <li class=\"mec-daily-view-date-events mec-util-hidden\" id=\"mec_daily_view_date_events103_20260501\">\n                                        <article>\n                <div class=\"mec-event-content\">\n\t\t\t\t\t<div style=\"width: 100%; display: inline-block; margin-top: 25px;\"><img width=\"820\" height=\"450\" src=\"https:\/\/franciscanos.org.br\/vidacrista\/wp-content\/uploads\/2019\/04\/0105-sao-jose-operario.jpg\" class=\"attachment-full size-full wp-post-image\" alt=\"\" decoding=\"async\" data-mec-postid=\"179196\" srcset=\"https:\/\/franciscanos.org.br\/vidacrista\/wp-content\/uploads\/2019\/04\/0105-sao-jose-operario.jpg 820w, https:\/\/franciscanos.org.br\/vidacrista\/wp-content\/uploads\/2019\/04\/0105-sao-jose-operario-450x247.jpg 450w, https:\/\/franciscanos.org.br\/vidacrista\/wp-content\/uploads\/2019\/04\/0105-sao-jose-operario-768x421.jpg 768w, https:\/\/franciscanos.org.br\/vidacrista\/wp-content\/uploads\/2019\/04\/0105-sao-jose-operario-150x82.jpg 150w\" sizes=\"(max-width: 820px) 100vw, 820px\" \/><\/div>\t\t\t\t\n\t\t\t\t\t<h2 class=\"mec-single-title\" style=\"margin-top: 25px;\">S\u00e3o Jos\u00e9 Oper\u00e1rio<\/h2>\n\t\t\t\t\t\n\t\t\t\t\t<ul class=\"mec-event-sharing\"><li class=\"mec-event-social-icon\"><a class=\"facebook\" href=\"https:\/\/www.facebook.com\/sharer\/sharer.php?u=https:\/\/franciscanos.org.br\/vidacrista\/calendario\/sao-jose-operario\/\" onclick=\"javascript:window.open(this.href, '', 'menubar=no,toolbar=no,resizable=yes,scrollbars=yes,height=500,width=600'); return false;\" title=\"Compartilhar no Facebook\"><i class=\"mec-fa-facebook\"><\/i><\/a><\/li><li class=\"mec-event-social-icon\"><a class=\"google\" href=\"https:\/\/plus.google.com\/share?url=https:\/\/franciscanos.org.br\/vidacrista\/calendario\/sao-jose-operario\/\" onclick=\"javascript:window.open(this.href, '', 'menubar=no,toolbar=no,resizable=yes,scrollbars=yes,height=600,width=500'); return false;\" title=\"Google Plus\"><i class=\"mec-fa-google-plus\"><\/i><\/a><\/li><li class=\"mec-event-social-icon\"><a class=\"twitter\" href=\"https:\/\/twitter.com\/share?url=https:\/\/franciscanos.org.br\/vidacrista\/calendario\/sao-jose-operario\/\" onclick=\"javascript:window.open(this.href, '', 'menubar=no,toolbar=no,resizable=yes,scrollbars=yes,height=600,width=500'); return false;\" target=\"_blank\" title=\"Tweetar\"><i class=\"mec-fa-twitter\"><\/i><\/a><\/li><li class=\"mec-event-social-icon\"><a class=\"linkedin\" href=\"https:\/\/www.linkedin.com\/shareArticle?mini=true&url=https:\/\/franciscanos.org.br\/vidacrista\/calendario\/sao-jose-operario\/\" onclick=\"javascript:window.open(this.href, '', 'menubar=no,toolbar=no,resizable=yes,scrollbars=yes,height=600,width=500'); return false;\" target=\"_blank\" title=\"Linkedin\"><i class=\"mec-fa-linkedin\"><\/i><\/a><\/li><li class=\"mec-event-social-icon\"><a class=\"email\" href=\"mailto:?subject=S\u00e3o Jos\u00e9 Oper\u00e1rio&body=https%3A%2F%2Ffranciscanos.org.br%2Fvidacrista%2Fcalendario%2Fsao-jose-operario%2F\" title=\"E-mail\"><i class=\"mec-fa-envelope\"><\/i><\/a><\/li><\/ul>\n\n\t\t\t\t\t\t\t\t\t\t\n\t\t\t\t\t<div class=\"mec-single-event-description mec-events-content\"><p>Pio XII, instituindo, em 1955, a festa de S\u00e3o Jos\u00e9 Oper\u00e1rio quis oferecer ao trabalhador crist\u00e3o um modelo e protetor. \u201cTodo trabalho possui dignidade inalien\u00e1vel e, ao mesmo tempo, liga\u00e7\u00e3o \u00edntima com a pessoa em seu aperfei\u00e7oamento: nobre dignidade e prerrogativa, que n\u00e3o s\u00e3o de modo algum aviltadas pela fadiga e pelo peso que devem ser suportados como efeito do pecado original em obedi\u00eancia e submiss\u00e3o \u00e0 vontade de Deus\u201d, disse Pio XII.<\/p>\n<p>Foi no dia 1\u00ba de maio de 1886, em Chicago, maior parque industrial dos Estados Unidos na \u00e9poca, que os oper\u00e1rios de uma f\u00e1brica se revoltaram com a situa\u00e7\u00e3o desumana a que eram submetidos e pelo total desrespeito \u00e0 pessoa que os patr\u00f5es demonstravam. Eram trezentos e quarenta em greve e a pol\u00edcia, a servi\u00e7o dos poderosos, massacrou-os sem piedade. Mais de cinquenta ficaram gravemente feridos e seis deles foram assassinados num confronto desigual. Em homenagem a eles \u00e9 que se consagrou este dia.<\/p>\n<p>S\u00e3o Jos\u00e9 \u00e9 o modelo ideal do oper\u00e1rio. Sustentou sua fam\u00edlia durante toda a vida com o trabalho de suas pr\u00f3prias m\u00e3os, cumpriu sempre seus deveres para com a comunidade, ensinou ao Filho de Deus a profiss\u00e3o de carpinteiro e, dessa maneira suada e laboriosa, permitiu que as profecias se cumprissem e seu povo fosse salvo, assim como toda a humanidade.<\/p>\n<p>Proclamando S\u00e3o Jos\u00e9 protetor dos trabalhadores, a Igreja quis demonstrar que est\u00e1 ao lado deles, os mais oprimidos, dando-lhes como patrono o mais exemplar dos seres humanos, aquele que aceitou ser o pai adotivo de Deus feito homem, mesmo sabendo o que poderia acontecer \u00e0 sua fam\u00edlia. Jos\u00e9 lutou pelos direitos da vida do ser humano e, agora, coloca-se ombro a ombro na luta pelos direitos humanos dos trabalhadores do mundo, por meio dos membros da Igreja que aumentam as fileiras dos que defendem os oper\u00e1rios e seu direito a uma vida digna.<\/p>\n<p>Muito acertada mais esta celebra\u00e7\u00e3o ao homem \u201cjusto\u201d do Evangelho, que tradicional e particularmente tamb\u00e9m \u00e9 festejado no dia 19 de mar\u00e7o, onde sua hist\u00f3ria pessoal \u00e9 relatada.<\/p>\n<p><em>A Igreja tamb\u00e9m celebra hoje a mem\u00f3ria dos santos: Grata e And\u00e9olo.<\/em><\/p>\n<\/div>\t\t\t\t\t\n            \t<\/div>\n            <\/article>\n                    <\/li>\n        <li class=\"mec-daily-view-date-events mec-util-hidden\" id=\"mec_daily_view_date_events103_20260502\">\n                                        <article>\n                <div class=\"mec-event-content\">\n\t\t\t\t\t<div style=\"width: 100%; display: inline-block; margin-top: 25px;\"><img width=\"820\" height=\"450\" src=\"https:\/\/franciscanos.org.br\/vidacrista\/wp-content\/uploads\/2019\/04\/0205-atanasio-alexandria.jpg\" class=\"attachment-full size-full wp-post-image\" alt=\"\" decoding=\"async\" data-mec-postid=\"179198\" srcset=\"https:\/\/franciscanos.org.br\/vidacrista\/wp-content\/uploads\/2019\/04\/0205-atanasio-alexandria.jpg 820w, https:\/\/franciscanos.org.br\/vidacrista\/wp-content\/uploads\/2019\/04\/0205-atanasio-alexandria-450x247.jpg 450w, https:\/\/franciscanos.org.br\/vidacrista\/wp-content\/uploads\/2019\/04\/0205-atanasio-alexandria-768x421.jpg 768w, https:\/\/franciscanos.org.br\/vidacrista\/wp-content\/uploads\/2019\/04\/0205-atanasio-alexandria-150x82.jpg 150w\" sizes=\"(max-width: 820px) 100vw, 820px\" \/><\/div>\t\t\t\t\n\t\t\t\t\t<h2 class=\"mec-single-title\" style=\"margin-top: 25px;\">Santo Atan\u00e1sio<\/h2>\n\t\t\t\t\t\n\t\t\t\t\t<ul class=\"mec-event-sharing\"><li class=\"mec-event-social-icon\"><a class=\"facebook\" href=\"https:\/\/www.facebook.com\/sharer\/sharer.php?u=https:\/\/franciscanos.org.br\/vidacrista\/calendario\/santo-atanasio\/\" onclick=\"javascript:window.open(this.href, '', 'menubar=no,toolbar=no,resizable=yes,scrollbars=yes,height=500,width=600'); return false;\" title=\"Compartilhar no Facebook\"><i class=\"mec-fa-facebook\"><\/i><\/a><\/li><li class=\"mec-event-social-icon\"><a class=\"google\" href=\"https:\/\/plus.google.com\/share?url=https:\/\/franciscanos.org.br\/vidacrista\/calendario\/santo-atanasio\/\" onclick=\"javascript:window.open(this.href, '', 'menubar=no,toolbar=no,resizable=yes,scrollbars=yes,height=600,width=500'); return false;\" title=\"Google Plus\"><i class=\"mec-fa-google-plus\"><\/i><\/a><\/li><li class=\"mec-event-social-icon\"><a class=\"twitter\" href=\"https:\/\/twitter.com\/share?url=https:\/\/franciscanos.org.br\/vidacrista\/calendario\/santo-atanasio\/\" onclick=\"javascript:window.open(this.href, '', 'menubar=no,toolbar=no,resizable=yes,scrollbars=yes,height=600,width=500'); return false;\" target=\"_blank\" title=\"Tweetar\"><i class=\"mec-fa-twitter\"><\/i><\/a><\/li><li class=\"mec-event-social-icon\"><a class=\"linkedin\" href=\"https:\/\/www.linkedin.com\/shareArticle?mini=true&url=https:\/\/franciscanos.org.br\/vidacrista\/calendario\/santo-atanasio\/\" onclick=\"javascript:window.open(this.href, '', 'menubar=no,toolbar=no,resizable=yes,scrollbars=yes,height=600,width=500'); return false;\" target=\"_blank\" title=\"Linkedin\"><i class=\"mec-fa-linkedin\"><\/i><\/a><\/li><li class=\"mec-event-social-icon\"><a class=\"email\" href=\"mailto:?subject=Santo Atan\u00e1sio&body=https%3A%2F%2Ffranciscanos.org.br%2Fvidacrista%2Fcalendario%2Fsanto-atanasio%2F\" title=\"E-mail\"><i class=\"mec-fa-envelope\"><\/i><\/a><\/li><\/ul>\n\n\t\t\t\t\t\t\t\t\t\t\n\t\t\t\t\t<div class=\"mec-single-event-description mec-events-content\"><p>Segundo os autores Mario Sgarbossa e Luigi Giovanni, no livro \u201cUm santo para cada dia\u201d, Atan\u00e1sio, nascido em Alexandria em 295, \u00e9 a figura mais dram\u00e1tica e desconcertante da galeria dos Padres da Igreja.<\/p>\n<p>Ainda adolescente, foi considerado um dos homens mais inteligentes de Alexandria entre as celebridades que ali vivam. Ingressou na Igreja por meio do bispo Alexandre. Na qualidade de seu assessor especial, embora fosse apenas di\u00e1cono, Atan\u00e1sio participou do Conc\u00edlio de Nic\u00e9ia, em 325, e passou para a hist\u00f3ria da Igreja.<\/p>\n<p>Em todos os registros sobre esse Conc\u00edlio, que definiu o arianismo como heresia, o nome de Atan\u00e1sio \u00e9 o mais citado. O arianismo negava a santidade de Jesus. Considerava-o apenas \u201cuma criatura do Pai\u201d e n\u00e3o parte dele, equivalente a ele. Atan\u00e1sio foi um dos respons\u00e1veis na luta para que a Igreja retomasse o caminho apontado e definido pelos ap\u00f3stolos. Conta-se que os seus discursos empolgantes, com uma argumenta\u00e7\u00e3o b\u00edblica brilhante e a lucidez de sua doutrina, foram essenciais na defesa e manuten\u00e7\u00e3o da ortodoxia crist\u00e3. Apontou um por um os erros hist\u00f3ricos e dogm\u00e1ticos dos hereges, conquistando a vit\u00f3ria para a causa cat\u00f3lica e, consequentemente, o \u00f3dio profundo dos arianos.<\/p>\n<p>Atan\u00e1sio foi um religioso muito atuante, disc\u00edpulo e contempor\u00e2neo de figuras muito importantes do clero que a Igreja honrou com a venera\u00e7\u00e3o nos altares. Quando morreu o bispo Alexandre, tanto o povo quanto o clero apontaram Atan\u00e1sio como seu sucessor. Seu bispado durou quarenta e seis anos, recheados de persegui\u00e7\u00e3o e sofrimento. Apoiados pelo imperador, os arianos espalharam cal\u00fanias incr\u00edveis. Atan\u00e1sio sofreu cinco ex\u00edlios seguidos, intercalados com fugas e com afastamentos por vontade pr\u00f3pria, que suportou com paci\u00eancia e determina\u00e7\u00e3o. Foi assim que conheceu santo Ant\u00e3o, de quem escreveu a biografia, contando tamb\u00e9m como era a vida mon\u00e1stica no deserto, o que atraiu muitos crist\u00e3os aos mosteiros eremitas.<\/p>\n<p>Atan\u00e1sio morreu, com 77 anos, no dia 2 de maio de 373. Logo depois, foi inserido entre os celebres \u201cPadres da Igreja\u201d, sendo canonizado e declarado \u201cdoutor da Igreja\u201d. Sua festa lit\u00fargica \u00e9 celebrada no dia de sua morte em todo o mundo crist\u00e3o.<\/p>\n<p><em>A Igreja tamb\u00e9m celebra hoje a mem\u00f3ria dos santos: Zo\u00e9 e Germano.<\/em><\/p>\n<\/div>\t\t\t\t\t\n            \t<\/div>\n            <\/article>\n                    <\/li>\n        <li class=\"mec-daily-view-date-events mec-util-hidden\" id=\"mec_daily_view_date_events103_20260503\">\n                                        <article>\n                <div class=\"mec-event-content\">\n\t\t\t\t\t<div style=\"width: 100%; display: inline-block; margin-top: 25px;\"><img width=\"820\" height=\"450\" src=\"https:\/\/franciscanos.org.br\/vidacrista\/wp-content\/uploads\/2019\/04\/0305-filipe-tiago.jpg\" class=\"attachment-full size-full wp-post-image\" alt=\"\" decoding=\"async\" data-mec-postid=\"179200\" srcset=\"https:\/\/franciscanos.org.br\/vidacrista\/wp-content\/uploads\/2019\/04\/0305-filipe-tiago.jpg 820w, https:\/\/franciscanos.org.br\/vidacrista\/wp-content\/uploads\/2019\/04\/0305-filipe-tiago-450x247.jpg 450w, https:\/\/franciscanos.org.br\/vidacrista\/wp-content\/uploads\/2019\/04\/0305-filipe-tiago-768x421.jpg 768w, https:\/\/franciscanos.org.br\/vidacrista\/wp-content\/uploads\/2019\/04\/0305-filipe-tiago-150x82.jpg 150w\" sizes=\"(max-width: 820px) 100vw, 820px\" \/><\/div>\t\t\t\t\n\t\t\t\t\t<h2 class=\"mec-single-title\" style=\"margin-top: 25px;\">S\u00e3o Filipe e S\u00e3o Tiago<\/h2>\n\t\t\t\t\t\n\t\t\t\t\t<ul class=\"mec-event-sharing\"><li class=\"mec-event-social-icon\"><a class=\"facebook\" href=\"https:\/\/www.facebook.com\/sharer\/sharer.php?u=https:\/\/franciscanos.org.br\/vidacrista\/calendario\/sao-filipe-e-sao-tiago\/\" onclick=\"javascript:window.open(this.href, '', 'menubar=no,toolbar=no,resizable=yes,scrollbars=yes,height=500,width=600'); return false;\" title=\"Compartilhar no Facebook\"><i class=\"mec-fa-facebook\"><\/i><\/a><\/li><li class=\"mec-event-social-icon\"><a class=\"google\" href=\"https:\/\/plus.google.com\/share?url=https:\/\/franciscanos.org.br\/vidacrista\/calendario\/sao-filipe-e-sao-tiago\/\" onclick=\"javascript:window.open(this.href, '', 'menubar=no,toolbar=no,resizable=yes,scrollbars=yes,height=600,width=500'); return false;\" title=\"Google Plus\"><i class=\"mec-fa-google-plus\"><\/i><\/a><\/li><li class=\"mec-event-social-icon\"><a class=\"twitter\" href=\"https:\/\/twitter.com\/share?url=https:\/\/franciscanos.org.br\/vidacrista\/calendario\/sao-filipe-e-sao-tiago\/\" onclick=\"javascript:window.open(this.href, '', 'menubar=no,toolbar=no,resizable=yes,scrollbars=yes,height=600,width=500'); return false;\" target=\"_blank\" title=\"Tweetar\"><i class=\"mec-fa-twitter\"><\/i><\/a><\/li><li class=\"mec-event-social-icon\"><a class=\"linkedin\" href=\"https:\/\/www.linkedin.com\/shareArticle?mini=true&url=https:\/\/franciscanos.org.br\/vidacrista\/calendario\/sao-filipe-e-sao-tiago\/\" onclick=\"javascript:window.open(this.href, '', 'menubar=no,toolbar=no,resizable=yes,scrollbars=yes,height=600,width=500'); return false;\" target=\"_blank\" title=\"Linkedin\"><i class=\"mec-fa-linkedin\"><\/i><\/a><\/li><li class=\"mec-event-social-icon\"><a class=\"email\" href=\"mailto:?subject=S\u00e3o Filipe e S\u00e3o Tiago&body=https%3A%2F%2Ffranciscanos.org.br%2Fvidacrista%2Fcalendario%2Fsao-filipe-e-sao-tiago%2F\" title=\"E-mail\"><i class=\"mec-fa-envelope\"><\/i><\/a><\/li><\/ul>\n\n\t\t\t\t\t\t\t\t\t\t\n\t\t\t\t\t<div class=\"mec-single-event-description mec-events-content\"><h3><strong>S\u00e3o Filipe<\/strong><\/h3>\n<p>Filipe nasceu em Betsaida, na Galileia, e foi um dos primeiros disc\u00edpulos de Jesus, tendo sido, anteriormente, disc\u00edpulo de s\u00e3o Jo\u00e3o Batista. O seu nome ocupa sempre o quinto lugar nas listas dos ap\u00f3stolos e \u00e9 mencionado mais de uma vez no Evangelho.<\/p>\n<p>Os evangelistas Mateus, Marcos e Lucas d\u00e3o-nos, de Filipe, somente o nome e o lugar do nascimento, mas Jo\u00e3o oferece-nos maiores particularidades sobre a sua personalidade. Os poucos elementos fornecidos pelo Evangelho permitem-nos esbo\u00e7ar o perfil espiritual do ap\u00f3stolo Filipe, homem simples e aberto, prim\u00e1rio e sincero, que gozou da intimidade espont\u00e2nea com Jesus.<\/p>\n<p>Ele era da mesma cidade de Pedro e Andr\u00e9, e talvez fosse tamb\u00e9m pescador. As Sagradas Escrituras nos contam que Filipe, ap\u00f3s ter sido chamado diretamente por Jesus, ao encontrar Natanael, mais tarde chamado de Bartolomeu, com certa euforia lhe comunica a not\u00edcia: \u201cAchamos aquele de quem Mois\u00e9s escreveu na lei e que os profetas anunciaram: \u00e9 Jesus de Nazar\u00e9, filho de Jos\u00e9\u201d (Jo 1,45-46).<\/p>\n<p>Em outra passagem, Jo\u00e3o nos conta que foi Filipe quem perguntou a Jesus, no dia do milagre da multiplica\u00e7\u00e3o dos p\u00e3es, como faria para alimentar tanta gente com t\u00e3o poucos p\u00e3es. Tamb\u00e9m, noutra ocasi\u00e3o, quando se aproximaram dos ap\u00f3stolos, alguns gregos que queriam ver mais de perto Jesus e recorreram diretamente a Filipe. Ent\u00e3o, junto com Andr\u00e9, transmitiram o pedido a Cristo, que os atendeu com benevol\u00eancia (Jo 12,21-23).<\/p>\n<p>A \u00faltima interven\u00e7\u00e3o dele aconteceu durante a \u00faltima ceia. Os ap\u00f3stolos escutavam, atentos, as palavras de despedida do Mestre quando Filipe lhe pediu um esclarecimento: \u201cSenhor, mostra-nos o Pai e isto nos basta\u201d. Jesus respondeu: \u201cFilipe, h\u00e1 tanto tempo que convivo convosco e ainda n\u00e3o me conheceis? Quem me viu, viu o Pai. N\u00e3o cr\u00eas que eu estou no Pai e o Pai est\u00e1 em mim?\u201d (Jo 14,8).<\/p>\n<p>Nada sabemos dele depois da ressurrei\u00e7\u00e3o. Segundo a tradi\u00e7\u00e3o, ele foi enviado para pregar o Evangelho na \u00c1sia Menor, onde patrocinou um fato prodigioso. Filipe teria sido obrigado a reverenciar o deus Marte, acendendo a ele um incenso. Naquele instante, surgiu de tr\u00e1s do altar pag\u00e3o uma cobra, que matou o filho do sacerdote-mor e mais dois comandados seus. Mas o ap\u00f3stolo, com um gesto, os fez ressuscitar e matou a cobra. Esse e outros milagres de Filipe foram respons\u00e1veis pela convers\u00e3o de muitos pag\u00e3os ao cristianismo.<\/p>\n<p>N\u00e3o se sabe, exatamente, como ou quando Filipe morreu. Mas o mais prov\u00e1vel \u00e9 que tenha sido crucificado em Ger\u00e1polis, no tempo do imperador Domiciano, talvez Trajano, aos oitenta e sete anos. Suas rel\u00edquias foram transportadas num dia 3 de maio e colocadas na igreja dos Ap\u00f3stolos, em Roma, junto com as de s\u00e3o Tiago, o Menor. Por isso s\u00e3o Filipe \u00e9 celebrado neste dia.<\/p>\n<h3><strong>S\u00e3o Tiago<\/strong><\/h3>\n<p>Tiago, filho de Alfeu, \u00e9 identificado nos evangelhos como \u201cirm\u00e3o do Senhor\u201d, termo usado para designar parentesco de primos. Governou a Igreja de Jerusal\u00e9m e foi chamado de \u201co Menor\u201d para n\u00e3o ser confundido com s\u00e3o Tiago, o Maior, que era irm\u00e3o de s\u00e3o Jo\u00e3o.<\/p>\n<p>Os evangelhos s\u00f3 falam dele nas listas dos ap\u00f3stolos. Por\u00e9m tal falta de informa\u00e7\u00e3o foi compensada pelas fartas refer\u00eancias \u00e0 sua a\u00e7\u00e3o e personalidade contidas nos Atos dos Ap\u00f3stolos e na Carta de s\u00e3o Paulo aos G\u00e1latas, que nos permitem saber que Tiago era, com s\u00e3o Pedro, a principal figura da Igreja. S\u00e3o Paulo chega a citar seu nome em primeiro lugar, dizendo: \u201cTiago, Pedro e Jo\u00e3o, considerados colunas da Igreja\u201d (Gl 2,9). Foi com ele que Paulo, depois de convertido, se encontrou em Jerusal\u00e9m.<\/p>\n<p>Dizem as Escrituras que Tiago sempre teve aten\u00e7\u00e3o e carinho especiais de Jesus Cristo. Al\u00e9m de consider\u00e1-lo um homem de grande eleva\u00e7\u00e3o espiritual, ainda era seu parente pr\u00f3ximo. Tiago foi testemunha da Ressurrei\u00e7\u00e3o de Jesus; (1Cor 15,7). Antes de subir aos c\u00e9us, Jesus, numa apari\u00e7\u00e3o, deu a ele o dom da ci\u00eancia como recompensa por sua bondade e santidade.<\/p>\n<p>No Conc\u00edlio de Jerusal\u00e9m, onde se discutiu o problema da circuncis\u00e3o e da lei mosaica a serem impostas ou n\u00e3o aos convertidos do paganismo, Tiago teve um papel importante quando deu sua opini\u00e3o, aceita por todos (At 15). Ele tamb\u00e9m escreveu uma ep\u00edstola.<\/p>\n<p>Devemos a Tiago pr\u00e1ticos, sens\u00edveis e prudentes ensinamentos. Como esta advert\u00eancia, sempre muito atual: \u201cSe algu\u00e9m pensa ser religioso, mas n\u00e3o freia sua l\u00edngua e engana seu cora\u00e7\u00e3o, ent\u00e3o \u00e9 v\u00e3 sua religi\u00e3o. A religi\u00e3o pura e sem m\u00e1cula, aos olhos de Deus, nosso Pai, \u00e9 esta: visitar os \u00f3rf\u00e3os e as vi\u00favas em suas afli\u00e7\u00f5es e conservar-se puro da corrup\u00e7\u00e3o deste mundo\u201d (Tg 1,26-27).<\/p>\n<p>Sobre a morte de Tiago, o Menor, que foi o primeiro ap\u00f3stolo a dar a vida em nome de Jesus, possu\u00edmos informa\u00e7\u00f5es de antiga data. Entre as mais prov\u00e1veis est\u00e3o as do historiador hebreu Jos\u00e9 Fl\u00e1vio, segundo o qual o ap\u00f3stolo teria sido apedrejado e pisoteado no ano 61(ou 62), pelo sumo pont\u00edfice An\u00e1s II, que se aproveitou da morte do \u00edntegro papa Festo para eliminar o bispo de Jerusal\u00e9m.<\/p>\n<p>S\u00e3o Tiago, o Menor, sempre foi considerado um homem de grande pureza, total dedica\u00e7\u00e3o e abnega\u00e7\u00e3o, vivendo, desde o nascimento, consagrado a Deus. Sua vida foi santa e de muita austeridade. Converteu muitos judeus \u00e0 f\u00e9 crist\u00e3 antes de receber a coroa do mart\u00edrio. Suas rel\u00edquias foram colocadas na igreja dos Santos Ap\u00f3stolos, em Roma, e sua festa se celebra no dia 3 de maio.<\/p>\n<p><em>A Igreja tamb\u00e9m celebra hoje a mem\u00f3ria de Santa Maura.<\/em><\/p>\n<\/div>\t\t\t\t\t\n            \t<\/div>\n            <\/article>\n                    <\/li>\n        <li class=\"mec-daily-view-date-events mec-util-hidden\" id=\"mec_daily_view_date_events103_20260504\">\n                                        <article>\n                <div class=\"mec-event-content\">\n\t\t\t\t\t<div style=\"width: 100%; display: inline-block; margin-top: 25px;\"><img width=\"820\" height=\"450\" src=\"https:\/\/franciscanos.org.br\/vidacrista\/wp-content\/uploads\/2019\/04\/0405-sao-ciriaco.jpg\" class=\"attachment-full size-full wp-post-image\" alt=\"\" decoding=\"async\" data-mec-postid=\"179202\" srcset=\"https:\/\/franciscanos.org.br\/vidacrista\/wp-content\/uploads\/2019\/04\/0405-sao-ciriaco.jpg 820w, https:\/\/franciscanos.org.br\/vidacrista\/wp-content\/uploads\/2019\/04\/0405-sao-ciriaco-450x247.jpg 450w, https:\/\/franciscanos.org.br\/vidacrista\/wp-content\/uploads\/2019\/04\/0405-sao-ciriaco-768x421.jpg 768w, https:\/\/franciscanos.org.br\/vidacrista\/wp-content\/uploads\/2019\/04\/0405-sao-ciriaco-150x82.jpg 150w\" sizes=\"(max-width: 820px) 100vw, 820px\" \/><\/div>\t\t\t\t\n\t\t\t\t\t<h2 class=\"mec-single-title\" style=\"margin-top: 25px;\">S\u00e3o Cir\u00edaco<\/h2>\n\t\t\t\t\t\n\t\t\t\t\t<ul class=\"mec-event-sharing\"><li class=\"mec-event-social-icon\"><a class=\"facebook\" href=\"https:\/\/www.facebook.com\/sharer\/sharer.php?u=https:\/\/franciscanos.org.br\/vidacrista\/calendario\/sao-ciriaco\/\" onclick=\"javascript:window.open(this.href, '', 'menubar=no,toolbar=no,resizable=yes,scrollbars=yes,height=500,width=600'); return false;\" title=\"Compartilhar no Facebook\"><i class=\"mec-fa-facebook\"><\/i><\/a><\/li><li class=\"mec-event-social-icon\"><a class=\"google\" href=\"https:\/\/plus.google.com\/share?url=https:\/\/franciscanos.org.br\/vidacrista\/calendario\/sao-ciriaco\/\" onclick=\"javascript:window.open(this.href, '', 'menubar=no,toolbar=no,resizable=yes,scrollbars=yes,height=600,width=500'); return false;\" title=\"Google Plus\"><i class=\"mec-fa-google-plus\"><\/i><\/a><\/li><li class=\"mec-event-social-icon\"><a class=\"twitter\" href=\"https:\/\/twitter.com\/share?url=https:\/\/franciscanos.org.br\/vidacrista\/calendario\/sao-ciriaco\/\" onclick=\"javascript:window.open(this.href, '', 'menubar=no,toolbar=no,resizable=yes,scrollbars=yes,height=600,width=500'); return false;\" target=\"_blank\" title=\"Tweetar\"><i class=\"mec-fa-twitter\"><\/i><\/a><\/li><li class=\"mec-event-social-icon\"><a class=\"linkedin\" href=\"https:\/\/www.linkedin.com\/shareArticle?mini=true&url=https:\/\/franciscanos.org.br\/vidacrista\/calendario\/sao-ciriaco\/\" onclick=\"javascript:window.open(this.href, '', 'menubar=no,toolbar=no,resizable=yes,scrollbars=yes,height=600,width=500'); return false;\" target=\"_blank\" title=\"Linkedin\"><i class=\"mec-fa-linkedin\"><\/i><\/a><\/li><li class=\"mec-event-social-icon\"><a class=\"email\" href=\"mailto:?subject=S\u00e3o Cir\u00edaco&body=https%3A%2F%2Ffranciscanos.org.br%2Fvidacrista%2Fcalendario%2Fsao-ciriaco%2F\" title=\"E-mail\"><i class=\"mec-fa-envelope\"><\/i><\/a><\/li><\/ul>\n\n\t\t\t\t\t\t\t\t\t\t\n\t\t\t\t\t<div class=\"mec-single-event-description mec-events-content\"><p>Segundo um antigo texto da tradi\u00e7\u00e3o crist\u00e3, do s\u00e9culo IV, um hebreu de nome Judas teria ajudado nos trabalhos para encontrar a cruz de Cristo na cidade de Jerusal\u00e9m, promovidos pelo bispo e pela rainha Helena, que era crist\u00e3 e m\u00e3e do ent\u00e3o imperador Constantino. Esse hebreu se converteu e se tornou um sacerdote, tomando o nome de Cir\u00edaco, que em grego significa \u201cPatr\u00edcio\u201d, nome comum entre os romanos.<\/p>\n<p>Mais tarde, ap\u00f3s ter percorrido as estradas da Palestina, ele foi eleito bispo de Jerusal\u00e9m, e a\u00ed teria sido martirizado, junto com sua m\u00e3e, chamada Ana, durante a persegui\u00e7\u00e3o de Juliano, o Ap\u00f3stata.<\/p>\n<p>Essa seria a hist\u00f3ria de S\u00e3o Cir\u00edaco, que comemoramos hoje, n\u00e3o fosse a marca profunda deixada por sua presen\u00e7a na cidade italiana de Ancona, em N\u00e1poles. A explica\u00e7\u00e3o para isto encontra-se no Martirol\u00f3gio Romano, que associou os textos antigos e confirmou sua presen\u00e7a em ambas as cidades. A conclus\u00e3o de sua trajet\u00f3ria exata \u00e9 o que veremos a seguir.<\/p>\n<p>Logo que se converteu, para fugir \u00e0 hostilidade dos velhos amigos pag\u00e3os, Cir\u00edaco teria abandonado a Palestina para exilar-se na It\u00e1lia, fixando-se em Ancona. Nessa cidade ele foi eleito bispo, trabalhando, arduamente, para difundir o cristianismo, pois o Edito de Mil\u00e3o dava liberdade para a expans\u00e3o da religi\u00e3o em todos os dom\u00ednios do Imp\u00e9rio.<\/p>\n<p>Ap\u00f3s uma longa vida episcopal, Cir\u00edaco, j\u00e1 idoso, fez sua \u00faltima peregrina\u00e7\u00e3o \u00e0 cidade de Jerusal\u00e9m, onde fora bispo na juventude, para rever os lugares santos. E foi nesse momento que ele sofreu o mart\u00edrio e morreu em nome de Cristo, por ordem do \u00faltimo perseguidor romano, Juliano, o Ap\u00f3stata, entre 361 e 363.<\/p>\n<p>Os devotos dizem que suas rel\u00edquias chegaram ao porto de Ancona trazidas pelas ondas do mar. Essa tradi\u00e7\u00e3o \u00e9 celebrada, no dia 4 de maio, na catedral de Ancona, onde s\u00e3o distribu\u00eddos ma\u00e7os de junco benzidos.<\/p>\n<p>Na realidade, as rel\u00edquias de s\u00e3o Cir\u00edaco retornaram \u00e0 cidade durante o governo do imperador Teod\u00f3sio, entre 379 e 395, gra\u00e7as \u00e0 sua filha, Gala Pl\u00e1cida, que interveio favoravelmente junto \u00e0s autoridades, conseguindo o que a popula\u00e7\u00e3o de Ancona tanto desejava.<\/p>\n<p>A mem\u00f3ria desse culto antiqu\u00edssimo a s\u00e3o Cir\u00edaco pode ser observada pelos monumentos, das mais remotas \u00e9pocas, que existem, em toda a cidade, com a imagem do santo. Ali\u00e1s, s\u00e3o Cir\u00edaco foi escolhido como o padroeiro de Ancona e a pr\u00f3pria catedral, no s\u00e9culo XIV, foi dedicada a ele, mudando at\u00e9 o nome. Essa majestosa igreja, que domina a cidade do alto das colinas do Guasco, \u00e9 vista por todos os que chegam em Ancona por terra ou por mar, mais um tributo \u00e0 s\u00e3o Cir\u00edaco, por seu ex\u00edlio e vida episcopal.<\/p>\n<p><em>A Igreja tamb\u00e9m celebra hoje a mem\u00f3ria dos santos: Floriano, Pel\u00e1gia e Greg\u00f3rio de Venucchio.<\/em><\/p>\n<\/div>\t\t\t\t\t\n            \t<\/div>\n            <\/article>\n                    <\/li>\n        <li class=\"mec-daily-view-date-events mec-util-hidden\" id=\"mec_daily_view_date_events103_20260505\">\n                                        <article>\n                <div class=\"mec-event-content\">\n\t\t\t\t\t<div style=\"width: 100%; display: inline-block; margin-top: 25px;\"><img width=\"820\" height=\"451\" src=\"https:\/\/franciscanos.org.br\/vidacrista\/wp-content\/uploads\/2019\/04\/0505-santo-angelo.jpg\" class=\"attachment-full size-full wp-post-image\" alt=\"\" decoding=\"async\" data-mec-postid=\"179204\" srcset=\"https:\/\/franciscanos.org.br\/vidacrista\/wp-content\/uploads\/2019\/04\/0505-santo-angelo.jpg 820w, https:\/\/franciscanos.org.br\/vidacrista\/wp-content\/uploads\/2019\/04\/0505-santo-angelo-450x248.jpg 450w, https:\/\/franciscanos.org.br\/vidacrista\/wp-content\/uploads\/2019\/04\/0505-santo-angelo-768x422.jpg 768w, https:\/\/franciscanos.org.br\/vidacrista\/wp-content\/uploads\/2019\/04\/0505-santo-angelo-150x83.jpg 150w\" sizes=\"(max-width: 820px) 100vw, 820px\" \/><\/div>\t\t\t\t\n\t\t\t\t\t<h2 class=\"mec-single-title\" style=\"margin-top: 25px;\">Santo \u00c2ngelo<\/h2>\n\t\t\t\t\t\n\t\t\t\t\t<ul class=\"mec-event-sharing\"><li class=\"mec-event-social-icon\"><a class=\"facebook\" href=\"https:\/\/www.facebook.com\/sharer\/sharer.php?u=https:\/\/franciscanos.org.br\/vidacrista\/calendario\/santo-angelo\/\" onclick=\"javascript:window.open(this.href, '', 'menubar=no,toolbar=no,resizable=yes,scrollbars=yes,height=500,width=600'); return false;\" title=\"Compartilhar no Facebook\"><i class=\"mec-fa-facebook\"><\/i><\/a><\/li><li class=\"mec-event-social-icon\"><a class=\"google\" href=\"https:\/\/plus.google.com\/share?url=https:\/\/franciscanos.org.br\/vidacrista\/calendario\/santo-angelo\/\" onclick=\"javascript:window.open(this.href, '', 'menubar=no,toolbar=no,resizable=yes,scrollbars=yes,height=600,width=500'); return false;\" title=\"Google Plus\"><i class=\"mec-fa-google-plus\"><\/i><\/a><\/li><li class=\"mec-event-social-icon\"><a class=\"twitter\" href=\"https:\/\/twitter.com\/share?url=https:\/\/franciscanos.org.br\/vidacrista\/calendario\/santo-angelo\/\" onclick=\"javascript:window.open(this.href, '', 'menubar=no,toolbar=no,resizable=yes,scrollbars=yes,height=600,width=500'); return false;\" target=\"_blank\" title=\"Tweetar\"><i class=\"mec-fa-twitter\"><\/i><\/a><\/li><li class=\"mec-event-social-icon\"><a class=\"linkedin\" href=\"https:\/\/www.linkedin.com\/shareArticle?mini=true&url=https:\/\/franciscanos.org.br\/vidacrista\/calendario\/santo-angelo\/\" onclick=\"javascript:window.open(this.href, '', 'menubar=no,toolbar=no,resizable=yes,scrollbars=yes,height=600,width=500'); return false;\" target=\"_blank\" title=\"Linkedin\"><i class=\"mec-fa-linkedin\"><\/i><\/a><\/li><li class=\"mec-event-social-icon\"><a class=\"email\" href=\"mailto:?subject=Santo \u00c2ngelo&body=https%3A%2F%2Ffranciscanos.org.br%2Fvidacrista%2Fcalendario%2Fsanto-angelo%2F\" title=\"E-mail\"><i class=\"mec-fa-envelope\"><\/i><\/a><\/li><\/ul>\n\n\t\t\t\t\t\t\t\t\t\t\n\t\t\t\t\t<div class=\"mec-single-event-description mec-events-content\"><p>Uma tradi\u00e7\u00e3o muito antiga nos tr\u00e1s a luz sobre a vida de \u00c2ngelo. Os registros indicam que ele nasceu em 1185, na cidade de Jerusal\u00e9m, de pais judeus pela religi\u00e3o, chamados Jos\u00e9 e Maria, nomes muito comuns na regi\u00e3o. E que eles se converteram ap\u00f3s Nossa Senhora ter avisado \u00c2ngelo, durante as ora\u00e7\u00f5es, que ele teria um irm\u00e3o, o que lhes parecia imposs\u00edvel, porque seus pais eram idosos. Mas isso aconteceu. Emocionados, receberam o batismo junto com a crian\u00e7a, \u00e0 qual deram o nome de Jo\u00e3o. Mais tarde, ele tamb\u00e9m vestiu o h\u00e1bito carmelita.<\/p>\n<p>\u00c2ngelo viveu em muitos conventos da Palestina e da \u00c1sia Menor. Recebeu muitas gra\u00e7as do Senhor, sobretudo o dom da profecia e dos milagres, depois de viver cinco anos no monte Carmelo, mesmo lugar onde viveu o profeta Elias. Entrou para a Ordem do Carmo quando tinha apenas dezoito anos e, em 1213, foi ordenado sacerdote.<\/p>\n<p>Ainda segundo a tradi\u00e7\u00e3o, \u00c2ngelo saiu do monte Carmelo com os primeiros carmelitas que foram para Roma a fim de obter do papa Hon\u00f3rio III a aprova\u00e7\u00e3o da Regra do Carmelo, e depois imigraram para a Sic\u00edlia.<\/p>\n<p>L\u00e1, ao visitar a bas\u00edlica de S\u00e3o Jo\u00e3o, se encontrou com os sacerdotes, que se tornaram santos, Domingos de Gusm\u00e3o e Francisco de Assis, instante em que previu e anunciou a sua morte como m\u00e1rtir de Jesus Cristo.<\/p>\n<p>Dentre seus grandes feitos, o que mais se destaca \u00e9 o trabalho de evangeliza\u00e7\u00e3o que manteve entre os hereges c\u00e1taros daquela cidade. A hist\u00f3ria narra que ele conseguiu converter at\u00e9 uma mulher que, antes disso, mantinha uma vida de pecados, at\u00e9 mesmo uma rela\u00e7\u00e3o incestuosa com um rico senhor do lugar.<\/p>\n<p>No dia 5 de maio de 1220, \u00c2ngelo fez sua \u00faltima prega\u00e7\u00e3o na igreja de S\u00e3o Tiago de Licata, na Sic\u00edlia. Nesse dia foi morto, v\u00edtima daquele rico homem, que n\u00e3o se conformou com o abandono e a convers\u00e3o de sua amante, encomendando o assassinato.<\/p>\n<p>Venerado pela popula\u00e7\u00e3o, logo uma igreja foi erguida no lugar de seu mart\u00edrio, onde foi sepultado o seu corpo. A Igreja canonizou o m\u00e1rtir santo \u00c2ngelo em 1498. Por\u00e9m somente em 1662 as suas rel\u00edquias foram transladadas para a igreja dos carmelitas. O seu culto se difundiu amplamente no meio dos fi\u00e9is e na Ordem do Carmo.<\/p>\n<p>Santo \u00c2ngelo foi nomeado padroeiro de muitas localidades, inicialmente na It\u00e1lia, depois em outras regi\u00f5es da Europa. Sua venera\u00e7\u00e3o se mant\u00e9m at\u00e9 os nossos dias, sendo invocado pelo povo e devotos nas situa\u00e7\u00f5es de suas dificuldades. Os primeiros padres carmelitas da Am\u00e9rica difundiram a sua devo\u00e7\u00e3o, construindo igrejas, nomeando as aldeias que se formavam, e expandiram o seu culto, que tamb\u00e9m chegou ao Brasil.<\/p>\n<p><em>A Igreja tamb\u00e9m celebra hoje a mem\u00f3ria dos santos: Silvano, Joviniano e Niceto.<\/em><\/p>\n<\/div>\t\t\t\t\t\n            \t<\/div>\n            <\/article>\n                    <\/li>\n        <li class=\"mec-daily-view-date-events mec-util-hidden\" id=\"mec_daily_view_date_events103_20260506\">\n                                        <article>\n                <div class=\"mec-event-content\">\n\t\t\t\t\t<div style=\"width: 100%; display: inline-block; margin-top: 25px;\"><img width=\"820\" height=\"449\" src=\"https:\/\/franciscanos.org.br\/vidacrista\/wp-content\/uploads\/2019\/04\/0605-sao-lucio-cirene.jpg\" class=\"attachment-full size-full wp-post-image\" alt=\"\" decoding=\"async\" data-mec-postid=\"179206\" srcset=\"https:\/\/franciscanos.org.br\/vidacrista\/wp-content\/uploads\/2019\/04\/0605-sao-lucio-cirene.jpg 820w, https:\/\/franciscanos.org.br\/vidacrista\/wp-content\/uploads\/2019\/04\/0605-sao-lucio-cirene-450x246.jpg 450w, https:\/\/franciscanos.org.br\/vidacrista\/wp-content\/uploads\/2019\/04\/0605-sao-lucio-cirene-768x421.jpg 768w, https:\/\/franciscanos.org.br\/vidacrista\/wp-content\/uploads\/2019\/04\/0605-sao-lucio-cirene-150x82.jpg 150w\" sizes=\"(max-width: 820px) 100vw, 820px\" \/><\/div>\t\t\t\t\n\t\t\t\t\t<h2 class=\"mec-single-title\" style=\"margin-top: 25px;\">S\u00e3o L\u00facio de Cirene<\/h2>\n\t\t\t\t\t\n\t\t\t\t\t<ul class=\"mec-event-sharing\"><li class=\"mec-event-social-icon\"><a class=\"facebook\" href=\"https:\/\/www.facebook.com\/sharer\/sharer.php?u=https:\/\/franciscanos.org.br\/vidacrista\/calendario\/sao-lucio-de-cirene\/\" onclick=\"javascript:window.open(this.href, '', 'menubar=no,toolbar=no,resizable=yes,scrollbars=yes,height=500,width=600'); return false;\" title=\"Compartilhar no Facebook\"><i class=\"mec-fa-facebook\"><\/i><\/a><\/li><li class=\"mec-event-social-icon\"><a class=\"google\" href=\"https:\/\/plus.google.com\/share?url=https:\/\/franciscanos.org.br\/vidacrista\/calendario\/sao-lucio-de-cirene\/\" onclick=\"javascript:window.open(this.href, '', 'menubar=no,toolbar=no,resizable=yes,scrollbars=yes,height=600,width=500'); return false;\" title=\"Google Plus\"><i class=\"mec-fa-google-plus\"><\/i><\/a><\/li><li class=\"mec-event-social-icon\"><a class=\"twitter\" href=\"https:\/\/twitter.com\/share?url=https:\/\/franciscanos.org.br\/vidacrista\/calendario\/sao-lucio-de-cirene\/\" onclick=\"javascript:window.open(this.href, '', 'menubar=no,toolbar=no,resizable=yes,scrollbars=yes,height=600,width=500'); return false;\" target=\"_blank\" title=\"Tweetar\"><i class=\"mec-fa-twitter\"><\/i><\/a><\/li><li class=\"mec-event-social-icon\"><a class=\"linkedin\" href=\"https:\/\/www.linkedin.com\/shareArticle?mini=true&url=https:\/\/franciscanos.org.br\/vidacrista\/calendario\/sao-lucio-de-cirene\/\" onclick=\"javascript:window.open(this.href, '', 'menubar=no,toolbar=no,resizable=yes,scrollbars=yes,height=600,width=500'); return false;\" target=\"_blank\" title=\"Linkedin\"><i class=\"mec-fa-linkedin\"><\/i><\/a><\/li><li class=\"mec-event-social-icon\"><a class=\"email\" href=\"mailto:?subject=S\u00e3o L\u00facio de Cirene&body=https%3A%2F%2Ffranciscanos.org.br%2Fvidacrista%2Fcalendario%2Fsao-lucio-de-cirene%2F\" title=\"E-mail\"><i class=\"mec-fa-envelope\"><\/i><\/a><\/li><\/ul>\n\n\t\t\t\t\t\t\t\t\t\t\n\t\t\t\t\t<div class=\"mec-single-event-description mec-events-content\"><p>Existem pelo menos 22 santos com este nome. Hoje \u00e9 festejado, segundo as indica\u00e7\u00f5es do Martirol\u00f3gio Romano, o mais antigo e mais desconhecido de todos.<\/p>\n<p>Nos Atos dos Ap\u00f3stolos, Lucas afirma que L\u00facio atuava na comunidade crist\u00e3 de Antioquia, juntamente com outros profetas e doutores, como Barnab\u00e9, Sime\u00e3o, tamb\u00e9m chamado N\u00edger, Mana\u00e9m e Saulo (At 13,1).<\/p>\n<p>Ele era de Cirene, na L\u00edbia, onde foi bispo, nos primeiros tempos do cristianismo. Esses cinco profetas, segundo o que dizem os registros de Jerusal\u00e9m, representavam o governo da primitiva Igreja de Antioquia.<\/p>\n<p>Como vimos, s\u00f3 h\u00e1 a indica\u00e7\u00e3o do lugar da origem de L\u00facio que n\u00e3o deve ser confundido com o m\u00e1rtir hom\u00f4nimo, procedente ele tamb\u00e9m de Cirene e martirizado sob o governo do imperador Diocleciano. Esse m\u00e1rtir, entretanto, n\u00e3o foi bispo e \u00e9 venerado em outra data.<\/p>\n<p><em>A Igreja tamb\u00e9m celebra hoje a mem\u00f3ria dos santos: Benta, Heliodoro e Idiberto.<\/em><\/p>\n<\/div>\t\t\t\t\t\n            \t<\/div>\n            <\/article>\n                    <\/li>\n        <li class=\"mec-daily-view-date-events mec-util-hidden\" id=\"mec_daily_view_date_events103_20260507\">\n                                        <article>\n                <div class=\"mec-event-content\">\n\t\t\t\t\t<div style=\"width: 100%; display: inline-block; margin-top: 25px;\"><img width=\"820\" height=\"450\" src=\"https:\/\/franciscanos.org.br\/vidacrista\/wp-content\/uploads\/2019\/04\/0705-santa-flavia-domitila.jpg\" class=\"attachment-full size-full wp-post-image\" alt=\"\" decoding=\"async\" data-mec-postid=\"179208\" srcset=\"https:\/\/franciscanos.org.br\/vidacrista\/wp-content\/uploads\/2019\/04\/0705-santa-flavia-domitila.jpg 820w, https:\/\/franciscanos.org.br\/vidacrista\/wp-content\/uploads\/2019\/04\/0705-santa-flavia-domitila-450x247.jpg 450w, https:\/\/franciscanos.org.br\/vidacrista\/wp-content\/uploads\/2019\/04\/0705-santa-flavia-domitila-768x421.jpg 768w, https:\/\/franciscanos.org.br\/vidacrista\/wp-content\/uploads\/2019\/04\/0705-santa-flavia-domitila-150x82.jpg 150w\" sizes=\"(max-width: 820px) 100vw, 820px\" \/><\/div>\t\t\t\t\n\t\t\t\t\t<h2 class=\"mec-single-title\" style=\"margin-top: 25px;\">Santa Fl\u00e1via Domitila<\/h2>\n\t\t\t\t\t\n\t\t\t\t\t<ul class=\"mec-event-sharing\"><li class=\"mec-event-social-icon\"><a class=\"facebook\" href=\"https:\/\/www.facebook.com\/sharer\/sharer.php?u=https:\/\/franciscanos.org.br\/vidacrista\/calendario\/santa-flavia-domitila\/\" onclick=\"javascript:window.open(this.href, '', 'menubar=no,toolbar=no,resizable=yes,scrollbars=yes,height=500,width=600'); return false;\" title=\"Compartilhar no Facebook\"><i class=\"mec-fa-facebook\"><\/i><\/a><\/li><li class=\"mec-event-social-icon\"><a class=\"google\" href=\"https:\/\/plus.google.com\/share?url=https:\/\/franciscanos.org.br\/vidacrista\/calendario\/santa-flavia-domitila\/\" onclick=\"javascript:window.open(this.href, '', 'menubar=no,toolbar=no,resizable=yes,scrollbars=yes,height=600,width=500'); return false;\" title=\"Google Plus\"><i class=\"mec-fa-google-plus\"><\/i><\/a><\/li><li class=\"mec-event-social-icon\"><a class=\"twitter\" href=\"https:\/\/twitter.com\/share?url=https:\/\/franciscanos.org.br\/vidacrista\/calendario\/santa-flavia-domitila\/\" onclick=\"javascript:window.open(this.href, '', 'menubar=no,toolbar=no,resizable=yes,scrollbars=yes,height=600,width=500'); return false;\" target=\"_blank\" title=\"Tweetar\"><i class=\"mec-fa-twitter\"><\/i><\/a><\/li><li class=\"mec-event-social-icon\"><a class=\"linkedin\" href=\"https:\/\/www.linkedin.com\/shareArticle?mini=true&url=https:\/\/franciscanos.org.br\/vidacrista\/calendario\/santa-flavia-domitila\/\" onclick=\"javascript:window.open(this.href, '', 'menubar=no,toolbar=no,resizable=yes,scrollbars=yes,height=600,width=500'); return false;\" target=\"_blank\" title=\"Linkedin\"><i class=\"mec-fa-linkedin\"><\/i><\/a><\/li><li class=\"mec-event-social-icon\"><a class=\"email\" href=\"mailto:?subject=Santa Fl\u00e1via Domitila&body=https%3A%2F%2Ffranciscanos.org.br%2Fvidacrista%2Fcalendario%2Fsanta-flavia-domitila%2F\" title=\"E-mail\"><i class=\"mec-fa-envelope\"><\/i><\/a><\/li><\/ul>\n\n\t\t\t\t\t\t\t\t\t\t\n\t\t\t\t\t<div class=\"mec-single-event-description mec-events-content\"><p>H\u00e1 muito mais tradi\u00e7\u00f5es envolvendo a exist\u00eancia de Fl\u00e1via Domitila do que documentos hist\u00f3ricos comprovados. Seu nome e santidade tanto se espalharam, nos primeiros tempos do cristianismo, que sua vida se mesclou a essas tradi\u00e7\u00f5es pela transmiss\u00e3o dos pr\u00f3prios fi\u00e9is que fixaram o seu culto.<\/p>\n<p>Fl\u00e1via Domitila teria sido convertida ao cristianismo por dois eunucos. Enquanto ela se preparava para o casamento com o filho de um c\u00f4nsul, Nereu e Aquiles lhe falaram sobre Cristo e a beleza da virgindade, \u201cirm\u00e3 dos Anjos\u201d. Ela teria abandonado o casamento e se convertido imediatamente.<\/p>\n<p>Contudo o pr\u00f3prio imperador, inconformado, tentou vencer a recusa pelo compromisso da jovem com uma tarde dan\u00e7ante em sua homenagem. A morte repentina do pr\u00f3prio noivo aconteceu em meio \u00e0s dan\u00e7as. Segundo a tradi\u00e7\u00e3o, Fl\u00e1via Domitila morreu queimada num inc\u00eandio criminoso que destruiu sua casa, sendo provocado por um irm\u00e3o do noivo.<\/p>\n<p>Mas o que existe de real sobre a vida de santa Fl\u00e1via Domitila \u00e9 que ela era uma nobre dama romana, esposa do c\u00f4nsul Fl\u00e1vio Clemente e sobrinha do imperador Vespasiano, pai de Domiciano. Esses dados foram encontrados em uma inscri\u00e7\u00e3o da \u00e9poca, conservada na bas\u00edlica dos santos Nereu e Aquiles, que tamb\u00e9m morreram decapitados pelo testemunho em Cristo.<\/p>\n<p>No primeiro s\u00e9culo, ela enfrentou a ira da corte por n\u00e3o esconder sua f\u00e9 em Cristo. Banida do conv\u00edvio social, foi depois julgada e condenada ao ex\u00edlio, sendo deportada para a ilha de Ponza.<\/p>\n<p>Sua morte aconteceu de forma lenta, cruel e dolorosa, numa ilha abandonada, sem as menores condi\u00e7\u00f5es de sobreviv\u00eancia, conforme escreveu sobre ela S\u00e3o Jer\u00f4nimo.<\/p>\n<p><em>A Igreja tamb\u00e9m celebra hoje a mem\u00f3ria dos santos: Augusto e Juvenal.<\/em><\/p>\n<\/div>\t\t\t\t\t\n            \t<\/div>\n            <\/article>\n                    <\/li>\n        <li class=\"mec-daily-view-date-events mec-util-hidden\" id=\"mec_daily_view_date_events103_20260508\">\n                                        <article>\n                <div class=\"mec-event-content\">\n\t\t\t\t\t<div style=\"width: 100%; display: inline-block; margin-top: 25px;\"><img width=\"840\" height=\"450\" src=\"https:\/\/franciscanos.org.br\/vidacrista\/wp-content\/uploads\/2018\/05\/canossa.jpg\" class=\"attachment-full size-full wp-post-image\" alt=\"\" decoding=\"async\" data-mec-postid=\"179287\" srcset=\"https:\/\/franciscanos.org.br\/vidacrista\/wp-content\/uploads\/2018\/05\/canossa.jpg 840w, https:\/\/franciscanos.org.br\/vidacrista\/wp-content\/uploads\/2018\/05\/canossa-450x241.jpg 450w, https:\/\/franciscanos.org.br\/vidacrista\/wp-content\/uploads\/2018\/05\/canossa-768x411.jpg 768w, https:\/\/franciscanos.org.br\/vidacrista\/wp-content\/uploads\/2018\/05\/canossa-150x80.jpg 150w\" sizes=\"(max-width: 840px) 100vw, 840px\" \/><\/div>\t\t\t\t\n\t\t\t\t\t<h2 class=\"mec-single-title\" style=\"margin-top: 25px;\">Santa Madalena de Canossa<\/h2>\n\t\t\t\t\t\n\t\t\t\t\t<ul class=\"mec-event-sharing\"><li class=\"mec-event-social-icon\"><a class=\"facebook\" href=\"https:\/\/www.facebook.com\/sharer\/sharer.php?u=https:\/\/franciscanos.org.br\/vidacrista\/calendario\/canossa\/\" onclick=\"javascript:window.open(this.href, '', 'menubar=no,toolbar=no,resizable=yes,scrollbars=yes,height=500,width=600'); return false;\" title=\"Compartilhar no Facebook\"><i class=\"mec-fa-facebook\"><\/i><\/a><\/li><li class=\"mec-event-social-icon\"><a class=\"google\" href=\"https:\/\/plus.google.com\/share?url=https:\/\/franciscanos.org.br\/vidacrista\/calendario\/canossa\/\" onclick=\"javascript:window.open(this.href, '', 'menubar=no,toolbar=no,resizable=yes,scrollbars=yes,height=600,width=500'); return false;\" title=\"Google Plus\"><i class=\"mec-fa-google-plus\"><\/i><\/a><\/li><li class=\"mec-event-social-icon\"><a class=\"twitter\" href=\"https:\/\/twitter.com\/share?url=https:\/\/franciscanos.org.br\/vidacrista\/calendario\/canossa\/\" onclick=\"javascript:window.open(this.href, '', 'menubar=no,toolbar=no,resizable=yes,scrollbars=yes,height=600,width=500'); return false;\" target=\"_blank\" title=\"Tweetar\"><i class=\"mec-fa-twitter\"><\/i><\/a><\/li><li class=\"mec-event-social-icon\"><a class=\"linkedin\" href=\"https:\/\/www.linkedin.com\/shareArticle?mini=true&url=https:\/\/franciscanos.org.br\/vidacrista\/calendario\/canossa\/\" onclick=\"javascript:window.open(this.href, '', 'menubar=no,toolbar=no,resizable=yes,scrollbars=yes,height=600,width=500'); return false;\" target=\"_blank\" title=\"Linkedin\"><i class=\"mec-fa-linkedin\"><\/i><\/a><\/li><li class=\"mec-event-social-icon\"><a class=\"email\" href=\"mailto:?subject=Santa Madalena de Canossa&body=https%3A%2F%2Ffranciscanos.org.br%2Fvidacrista%2Fcalendario%2Fcanossa%2F\" title=\"E-mail\"><i class=\"mec-fa-envelope\"><\/i><\/a><\/li><\/ul>\n\n\t\t\t\t\t\t\t\t\t\t\n\t\t\t\t\t<div class=\"mec-single-event-description mec-events-content\"><div id=\"block-system-main\" class=\"block block-system\">\n<div class=\"content\">\n<div class=\"node node-santo clearfix\">\n<div class=\"-content clearfix \">\n<div class=\"field field-name-field-santo-desc field-type-text-long field-label-hidden\">\n<div class=\"field-items\">\n<div class=\"field-item even\">\n<p>Madalena Gabriela Canossa nasceu no dia 1\u00ba de mar\u00e7o de 1774 na cidade italiana de Verona, que pertencia \u00e0 sua nobre e influente fam\u00edlia. Seu pai faleceu quando tinha cinco anos. Sua m\u00e3e abandonou os filhos para se casar novamente. As crian\u00e7as foram entregues aos cuidados de uma p\u00e9ssima institui\u00e7\u00e3o e Madalena adoeceu v\u00e1rias vezes. Por essas etapas dolorosas, Deus a guiou por estradas imprevis\u00edveis.<\/p>\n<p>Aos dezessete anos, desejou consagrar sua vida a Deus e por duas vezes tentou a experi\u00eancia do Carmelo. Mas sentiu que n\u00e3o era esta a sua vida. Retornou para a fam\u00edlia, guardando secretamente no cora\u00e7\u00e3o a sua voca\u00e7\u00e3o. No pal\u00e1cio, aceitou a administra\u00e7\u00e3o do vasto patrim\u00f4nio familiar, surpreendendo a todos com seu talento para os neg\u00f3cios. Entretanto, nunca se interessou pelo matrim\u00f4nio.<\/p>\n<p>Os tristes acontecimentos do s\u00e9culo, pol\u00edticos, sociais e eclesiais, marcados pelas repercuss\u00f5es da Revolu\u00e7\u00e3o Francesa, bem como as altern\u00e2ncias dos v\u00e1rios imperadores estrangeiros na regi\u00e3o italiana, deixavam os rastros na devasta\u00e7\u00e3o e no sofrimento humano, enchendo a sua cidade de pobres e menores abandonados.<\/p>\n<p>Em 1801, duas adolescentes pobres e abandonadas pediram abrigo em seu pal\u00e1cio. Ela n\u00e3o s\u00f3 as abrigou como recolheu muitas outras. Pressentiu que este era o caminho do esp\u00edrito e descobriu no Cristo Crucificado o ponto central de sua espiritualidade e de sua miss\u00e3o. Abriu o pal\u00e1cio dos Canossa e fez dele n\u00e3o uma hospedaria, mas uma comunidade de religiosas, mesmo contrariando seus familiares.<\/p>\n<p>Sete anos depois, superou as \u00faltimas resist\u00eancias de sua fam\u00edlia, deixando em definitivo o pal\u00e1cio. Madalena foi para o bairro mais pobre de Verona, para concretizar seu ideal de evangeliza\u00e7\u00e3o e de promo\u00e7\u00e3o humana, fundando a congrega\u00e7\u00e3o das Filhas da Caridade, para a forma\u00e7\u00e3o de religiosas educadoras dos pobres e necessitados. Seguindo o exemplo de Maria, a M\u00e3e Dolorosa, ela deixou que o esp\u00edrito a guiasse at\u00e9 os pobres de outras cidades italianas. Em poucos anos as funda\u00e7\u00f5es se multiplicaram, e a fam\u00edlia religiosa cresceu a servi\u00e7o de Cristo.<\/p>\n<p>Madalena escreveu as Regras da Congrega\u00e7\u00e3o das Filhas da Caridade em 1812, as quais, ap\u00f3s dezesseis anos, foram aprovadas pelo papa Le\u00e3o XII. Mas s\u00f3 depois de v\u00e1rias tentativas mal-sucedidas Madalena conseguiu dar andamento para a Congrega\u00e7\u00e3o masculina, como havia projetado inicialmente. Foi em 1831, na cidade de Veneza, o primeiro orat\u00f3rio dos Filhos da Caridade para a forma\u00e7\u00e3o crist\u00e3 dos jovens e adultos.<\/p>\n<p>Ela encerrou sua fecunda exist\u00eancia terrena numa Sexta-Feira da Paix\u00e3o. Morreu em Verona, assistida pelas Filhas, no dia 10 de abril de 1835. As congrega\u00e7\u00f5es foram para o Oriente em 1860. Atualmente, est\u00e3o presentes nos cinco continentes e s\u00e3o chamados de irm\u00e3s e irm\u00e3os canossianos. Em 1988, o papa Jo\u00e3o Paulo II proclamou-a santa Madalena de Canossa, determinando o dia de sua morte para seu culto lit\u00fargico.<\/p>\n<hr \/>\n<p>Fonte: Pia Sociedade Filhas de S\u00e3o Paulo Paulinas <a href=\"http:\/\/www.paulinas.org.br\/\" target=\"_blank\" rel=\"noopener noreferrer\">http:\/\/www.paulinas.org.br<\/a><\/p>\n<p><em>A Igreja tamb\u00e9m celebra hoje a mem\u00f3ria dos santos: Bonif\u00e1cio IV, Ag\u00e1cio, Desiderato e S\u00e3o V\u00edtor de Mil\u00e3o<\/em><\/p>\n<\/div>\n<\/div>\n<\/div>\n<\/div>\n<\/div>\n<\/div>\n<\/div>\n<\/div>\t\t\t\t\t\n            \t<\/div>\n            <\/article>\n                    <\/li>\n        <li class=\"mec-daily-view-date-events mec-util-hidden\" id=\"mec_daily_view_date_events103_20260509\">\n                                        <article>\n                <div class=\"mec-event-content\">\n\t\t\t\t\t<div style=\"width: 100%; display: inline-block; margin-top: 25px;\"><img width=\"820\" height=\"450\" src=\"https:\/\/franciscanos.org.br\/vidacrista\/wp-content\/uploads\/2019\/05\/0905-sao-pacomio.jpg\" class=\"attachment-full size-full wp-post-image\" alt=\"\" decoding=\"async\" data-mec-postid=\"179289\" srcset=\"https:\/\/franciscanos.org.br\/vidacrista\/wp-content\/uploads\/2019\/05\/0905-sao-pacomio.jpg 820w, https:\/\/franciscanos.org.br\/vidacrista\/wp-content\/uploads\/2019\/05\/0905-sao-pacomio-450x247.jpg 450w, https:\/\/franciscanos.org.br\/vidacrista\/wp-content\/uploads\/2019\/05\/0905-sao-pacomio-768x421.jpg 768w, https:\/\/franciscanos.org.br\/vidacrista\/wp-content\/uploads\/2019\/05\/0905-sao-pacomio-150x82.jpg 150w\" sizes=\"(max-width: 820px) 100vw, 820px\" \/><\/div>\t\t\t\t\n\t\t\t\t\t<h2 class=\"mec-single-title\" style=\"margin-top: 25px;\">S\u00e3o Pac\u00f4mio<\/h2>\n\t\t\t\t\t\n\t\t\t\t\t<ul class=\"mec-event-sharing\"><li class=\"mec-event-social-icon\"><a class=\"facebook\" href=\"https:\/\/www.facebook.com\/sharer\/sharer.php?u=https:\/\/franciscanos.org.br\/vidacrista\/calendario\/sao-pacomio\/\" onclick=\"javascript:window.open(this.href, '', 'menubar=no,toolbar=no,resizable=yes,scrollbars=yes,height=500,width=600'); return false;\" title=\"Compartilhar no Facebook\"><i class=\"mec-fa-facebook\"><\/i><\/a><\/li><li class=\"mec-event-social-icon\"><a class=\"google\" href=\"https:\/\/plus.google.com\/share?url=https:\/\/franciscanos.org.br\/vidacrista\/calendario\/sao-pacomio\/\" onclick=\"javascript:window.open(this.href, '', 'menubar=no,toolbar=no,resizable=yes,scrollbars=yes,height=600,width=500'); return false;\" title=\"Google Plus\"><i class=\"mec-fa-google-plus\"><\/i><\/a><\/li><li class=\"mec-event-social-icon\"><a class=\"twitter\" href=\"https:\/\/twitter.com\/share?url=https:\/\/franciscanos.org.br\/vidacrista\/calendario\/sao-pacomio\/\" onclick=\"javascript:window.open(this.href, '', 'menubar=no,toolbar=no,resizable=yes,scrollbars=yes,height=600,width=500'); return false;\" target=\"_blank\" title=\"Tweetar\"><i class=\"mec-fa-twitter\"><\/i><\/a><\/li><li class=\"mec-event-social-icon\"><a class=\"linkedin\" href=\"https:\/\/www.linkedin.com\/shareArticle?mini=true&url=https:\/\/franciscanos.org.br\/vidacrista\/calendario\/sao-pacomio\/\" onclick=\"javascript:window.open(this.href, '', 'menubar=no,toolbar=no,resizable=yes,scrollbars=yes,height=600,width=500'); return false;\" target=\"_blank\" title=\"Linkedin\"><i class=\"mec-fa-linkedin\"><\/i><\/a><\/li><li class=\"mec-event-social-icon\"><a class=\"email\" href=\"mailto:?subject=S\u00e3o Pac\u00f4mio&body=https%3A%2F%2Ffranciscanos.org.br%2Fvidacrista%2Fcalendario%2Fsao-pacomio%2F\" title=\"E-mail\"><i class=\"mec-fa-envelope\"><\/i><\/a><\/li><\/ul>\n\n\t\t\t\t\t\t\t\t\t\t\n\t\t\t\t\t<div class=\"mec-single-event-description mec-events-content\"><p>Pac\u00f4mio nasceu no Egito, em 287, na Tebaida. Filho de pais pag\u00e3os, cheios de supersti\u00e7\u00f5es e idolatrias, desde a inf\u00e2ncia mostrou grande avers\u00e3o a tudo isso. Aos vinte anos de idade foi convocado para o ex\u00e9rcito imperial e acabou ficando prisioneiro em Tebes. Foi quando fez o seu primeiro contato com os crist\u00e3os, cuja religi\u00e3o at\u00e9 ent\u00e3o lhe era desconhecida.<\/p>\n<p>\u00c0 noite, na pris\u00e3o, recebeu um pouco de alimento de alguns crist\u00e3os, que, escondidos, conseguiram entrar. Comovido com esse gesto de pessoas desconhecidas, perguntou quem havia mandado que fizessem aquilo e eles responderam: \u201cDeus que est\u00e1 no c\u00e9u\u201d. Nessa noite, Pac\u00f4mio rezou com eles para esse Deus, sentindo j\u00e1 nas primeiras palavras ouvidas que esta seria a sua doutrina. O Evangelho o tocou de tal forma que ele se converteu e voltou para o Egito, onde recebeu o batismo.<\/p>\n<p>Depois, compartilhou durante sete anos a companhia de um anci\u00e3o eremita de nome Palemon, que vivia dedicado \u00e0 ora\u00e7\u00e3o. A princ\u00edpio, o anci\u00e3o n\u00e3o quis aceit\u00e1-lo a seu lado, porque sabia que a vida de solid\u00e3o e ora\u00e7\u00f5es n\u00e3o era nada f\u00e1cil. Mas Pac\u00f4mio estava determinado e convenceu-o de que deveria ficar.<\/p>\n<p>Um dia, durante suas caminhadas, Pac\u00f4mio ouviu uma voz que lhe dizia para inaugurar ali, exatamente naquele lugar, um mosteiro onde receberia e acolheria muitos religiosos. Depois, apareceu-lhe um anjo que o ensinou como deveria organizar o mosteiro.<\/p>\n<p>Pac\u00f4mio p\u00f4s-se a trabalhar arduamente e o deixou pronto. As profecias que ele ouviu se concretizaram e muitas pessoas se juntaram a ele. Monges, eremitas e religiosos de todos os lugares pediram admiss\u00e3o no mosteiro de Pac\u00f4mio, que obteve a aprova\u00e7\u00e3o do bispo Atan\u00e1sio, santo e doutor da Igreja. At\u00e9 seu irm\u00e3o Jo\u00e3o, que distribuiu toda a sua riqueza entre os pobres, uniu-se a ele.<\/p>\n<p>Com Pac\u00f4mio nasceu a vida mon\u00e1stica, ou cenob\u00edtica, no Egito, n\u00e3o mais com um chefe carism\u00e1tico que agregava ermit\u00e3os reunidos em pequenos grupos em torno de si, mas uma comunidade de religiosos, com regras precisas de vida em comum na ora\u00e7\u00e3o, contempla\u00e7\u00e3o e trabalho, a exemplo dos primeiros ap\u00f3stolos de Jesus.<\/p>\n<p>Pac\u00f4mio ainda abriu mais oito mosteiros masculinos e um feminino. Sua fama de santidade espalhou-se pelo Egito e pela \u00c1sia Menor. Foi agraciado por Deus com o dom da profecia e morreu no ano de 347, v\u00edtima de uma peste que assolava o Egito na \u00e9poca. At\u00e9 o s\u00e9culo XII, havia, ainda, cerca de quinhentos monges da Ordem de S\u00e3o Pac\u00f4mio.<\/p>\n<p>S\u00e3o Pac\u00f4mio, o eremita, at\u00e9 hoje \u00e9 considerado um dos representantes de Deus que mais prestaram servi\u00e7o \u00e0 Igreja cat\u00f3lica. Sua festa lit\u00fargica ocorre no dia 9 de maio.<\/p>\n<p><em>A Igreja tamb\u00e9m celebra hoje a mem\u00f3ria dos santos: Hermas e Ger\u00f4ncio.<\/em><\/p>\n<\/div>\t\t\t\t\t\n            \t<\/div>\n            <\/article>\n                    <\/li>\n        <li class=\"mec-daily-view-date-events mec-util-hidden\" id=\"mec_daily_view_date_events103_20260510\">\n                                        <article>\n                <div class=\"mec-event-content\">\n\t\t\t\t\t<div style=\"width: 100%; display: inline-block; margin-top: 25px;\"><img width=\"1270\" height=\"714\" src=\"https:\/\/franciscanos.org.br\/vidacrista\/wp-content\/uploads\/2018\/05\/sao-damiao.jpg\" class=\"attachment-full size-full wp-post-image\" alt=\"\" decoding=\"async\" data-mec-postid=\"179291\" srcset=\"https:\/\/franciscanos.org.br\/vidacrista\/wp-content\/uploads\/2018\/05\/sao-damiao.jpg 1270w, https:\/\/franciscanos.org.br\/vidacrista\/wp-content\/uploads\/2018\/05\/sao-damiao-450x253.jpg 450w, https:\/\/franciscanos.org.br\/vidacrista\/wp-content\/uploads\/2018\/05\/sao-damiao-1024x576.jpg 1024w, https:\/\/franciscanos.org.br\/vidacrista\/wp-content\/uploads\/2018\/05\/sao-damiao-768x432.jpg 768w, https:\/\/franciscanos.org.br\/vidacrista\/wp-content\/uploads\/2018\/05\/sao-damiao-150x84.jpg 150w\" sizes=\"(max-width: 1270px) 100vw, 1270px\" \/><\/div>\t\t\t\t\n\t\t\t\t\t<h2 class=\"mec-single-title\" style=\"margin-top: 25px;\">S\u00e3o Dami\u00e3o de Molokai<\/h2>\n\t\t\t\t\t\n\t\t\t\t\t<ul class=\"mec-event-sharing\"><li class=\"mec-event-social-icon\"><a class=\"facebook\" href=\"https:\/\/www.facebook.com\/sharer\/sharer.php?u=https:\/\/franciscanos.org.br\/vidacrista\/calendario\/sao-damiao-de-molokai\/\" onclick=\"javascript:window.open(this.href, '', 'menubar=no,toolbar=no,resizable=yes,scrollbars=yes,height=500,width=600'); return false;\" title=\"Compartilhar no Facebook\"><i class=\"mec-fa-facebook\"><\/i><\/a><\/li><li class=\"mec-event-social-icon\"><a class=\"google\" href=\"https:\/\/plus.google.com\/share?url=https:\/\/franciscanos.org.br\/vidacrista\/calendario\/sao-damiao-de-molokai\/\" onclick=\"javascript:window.open(this.href, '', 'menubar=no,toolbar=no,resizable=yes,scrollbars=yes,height=600,width=500'); return false;\" title=\"Google Plus\"><i class=\"mec-fa-google-plus\"><\/i><\/a><\/li><li class=\"mec-event-social-icon\"><a class=\"twitter\" href=\"https:\/\/twitter.com\/share?url=https:\/\/franciscanos.org.br\/vidacrista\/calendario\/sao-damiao-de-molokai\/\" onclick=\"javascript:window.open(this.href, '', 'menubar=no,toolbar=no,resizable=yes,scrollbars=yes,height=600,width=500'); return false;\" target=\"_blank\" title=\"Tweetar\"><i class=\"mec-fa-twitter\"><\/i><\/a><\/li><li class=\"mec-event-social-icon\"><a class=\"linkedin\" href=\"https:\/\/www.linkedin.com\/shareArticle?mini=true&url=https:\/\/franciscanos.org.br\/vidacrista\/calendario\/sao-damiao-de-molokai\/\" onclick=\"javascript:window.open(this.href, '', 'menubar=no,toolbar=no,resizable=yes,scrollbars=yes,height=600,width=500'); return false;\" target=\"_blank\" title=\"Linkedin\"><i class=\"mec-fa-linkedin\"><\/i><\/a><\/li><li class=\"mec-event-social-icon\"><a class=\"email\" href=\"mailto:?subject=S\u00e3o Dami\u00e3o de Molokai&body=https%3A%2F%2Ffranciscanos.org.br%2Fvidacrista%2Fcalendario%2Fsao-damiao-de-molokai%2F\" title=\"E-mail\"><i class=\"mec-fa-envelope\"><\/i><\/a><\/li><\/ul>\n\n\t\t\t\t\t\t\t\t\t\t\n\t\t\t\t\t<div class=\"mec-single-event-description mec-events-content\"><p>O sacerdote mission\u00e1rio Josef de Veuster-Wouters , em 11 de outubro de 2009 passou a ser chamado S\u00e3o Dami\u00e3o de Molokai, canonizado pelo Papa Bento XVI em presen\u00e7a do rei e da rainha da B\u00e9lgica em meio \u00e0 imensa alegria dos irm\u00e3os e irm\u00e3s da Congrega\u00e7\u00e3o dos Sagrados Cora\u00e7\u00f5es de Jesus e de Maria e da Adora\u00e7\u00e3o Perp\u00e9tua ao Sant\u00edssimo Sacramento do Altar espalhados pelo mundo.<\/p>\n<p>Josef de Veuster-Wouters nasceu no dia 3 de janeiro de 1840, numa pequena cidade ao norte de Bruxelas, na B\u00e9lgica. Aos dezenove anos de idade, entra para a Ordem dos Padres do Sagrado Cora\u00e7\u00e3o e toma o nome de Dami\u00e3o. Em seguida, \u00e9 enviado para terminar seus estudos num col\u00e9gio teol\u00f3gico em Paris.<\/p>\n<p>A vida de Dami\u00e3o come\u00e7ou a mudar quando completou vinte e um anos de idade. Um bispo do Hava\u00ed, arquip\u00e9lago do Pac\u00edfico, estava em Paris, onde ministrava algumas palestras e pretendia conseguir mission\u00e1rios para o local. Ele expunha os problemas daquela regi\u00e3o e, especialmente, dos doentes de lepra, que eram exilados e abandonados numa ilha chamada Molokai, por determina\u00e7\u00e3o do governo.<\/p>\n<p>Dami\u00e3o logo se interessou e se colocou \u00e0 disposi\u00e7\u00e3o para ir como mission\u00e1rio \u00e0 ilha. Alguns fatos antecederam a sua ida. Uma epidemia de febre tifoide atingiu o col\u00e9gio e seu irm\u00e3o caiu doente. Dami\u00e3o ainda n\u00e3o era sacerdote, mas estava disposto a insistir que o aceitassem na miss\u00e3o rumo a Molokai. Escreveu uma carta ao superior da Ordem do Sagrado Cora\u00e7\u00e3o, que, inspirado por Deus, permitiu a sua partida. Assim, em 1863 Dami\u00e3o embarcava para o Hava\u00ed, ap\u00f3s ser ordenado sacerdote.<\/p>\n<p>Chegando ao arquip\u00e9lago, Dami\u00e3o logo se colocou a par da situa\u00e7\u00e3o. A regi\u00e3o recebera imigrantes chineses e com eles a lepra. Em 1865, temendo a dissemina\u00e7\u00e3o da doen\u00e7a, o governo local decidiu isolar os doentes na ilha de Molokai. Nessa ilha existia uma pen\u00ednsula cujo acesso era imposs\u00edvel, exceto pelo mar. Assim, aquela pen\u00ednsula, chamada Kalauapa, tornou-se a pris\u00e3o dos leprosos.<\/p>\n<p>Para l\u00e1 se dirigiu Dami\u00e3o, junto de tr\u00eas mission\u00e1rios que iriam revezar os cuidados com os leprosos. Os leprosos n\u00e3o tinham como trabalhar, roubavam-se entre si e matavam-se por um punhado de arroz. Dami\u00e3o sabia que ficaria ali para sempre, pois grande era o seu cora\u00e7\u00e3o.<\/p>\n<p>Naquele local abandonado, o padre come\u00e7ou a trabalhar. O primeiro passo foi recuperar o cemit\u00e9rio e enterrar os mortos. Com frequ\u00eancia ia \u00e0 capital, comprar faixas, rem\u00e9dios, len\u00e7\u00f3is e roupas para todos. Nesse meio tempo, escrevia para o jornal local, contando os terrores da ilha de Molokai. Essas not\u00edcias se espalharam e abalaram o mundo, todo tipo de ajuda humanit\u00e1ria come\u00e7ou a surgir. Um m\u00e9dico que contra\u00edra a lepra ao cuidar dos doentes ouviu falar de Dami\u00e3o e viajou para a ilha a fim de ajudar.<\/p>\n<p>No tempo que passou na ilha, Dami\u00e3o construiu uma igrejinha de alvenaria, onde passou a celebrar as missas. Tamb\u00e9m construiu um pequeno hospital, onde, ele e o m\u00e9dico, cuidavam dos doentes mais graves. Dois aquedutos completavam a estrutura sanit\u00e1ria t\u00e3o necess\u00e1ria \u00e0 vida daquele povoado. Por\u00e9m a obra de Dami\u00e3o abrangeu algo mais do que a melhoria f\u00edsica do local, ele trouxe nova esperan\u00e7a e al\u00edvio para os doentes. J\u00e1 era chamado ap\u00f3stolo dos leprosos.<\/p>\n<p>Numa noite de 1885, Dami\u00e3o colocou o p\u00e9 esquerdo numa bacia com \u00e1gua muito quente. Percebeu que tinha contra\u00eddo a lepra, pois n\u00e3o sentiu dor alguma. Havia passado cerca de dez anos desde que ele chegou \u00e0 ilha e, milagrosamente, n\u00e3o havia contra\u00eddo a doen\u00e7a at\u00e9 ent\u00e3o. Com o passar do tempo, a doen\u00e7a o tomou por inteiro.<\/p>\n<p>O doutor j\u00e1 havia morrido, assim como muitos dos amigos, quando, em 15 de abril de 1889, padre Dami\u00e3o de Veuster morreu. Em 1936, seu corpo foi transladado para a B\u00e9lgica, onde recebeu os solenes funerais de Estado. Em 1995, padre Dami\u00e3o de Molokai foi beatificado pelo papa S\u00e3o Jo\u00e3o Paulo II e sua festa, designada para o dia 10 de maio.<\/p>\n<p><em>A Igreja tamb\u00e9m celebra hoje a mem\u00f3ria dos santos: Blanda e Naz\u00e1rio.<\/em><\/p>\n<\/div>\t\t\t\t\t\n            \t<\/div>\n            <\/article>\n                    <\/li>\n        <li class=\"mec-daily-view-date-events mec-util-hidden\" id=\"mec_daily_view_date_events103_20260511\">\n                                        <article>\n                <div class=\"mec-event-content\">\n\t\t\t\t\t<div style=\"width: 100%; display: inline-block; margin-top: 25px;\"><img width=\"1280\" height=\"720\" src=\"https:\/\/franciscanos.org.br\/vidacrista\/wp-content\/uploads\/2018\/05\/inacio.jpg\" class=\"attachment-full size-full wp-post-image\" alt=\"\" decoding=\"async\" data-mec-postid=\"179293\" srcset=\"https:\/\/franciscanos.org.br\/vidacrista\/wp-content\/uploads\/2018\/05\/inacio.jpg 1280w, https:\/\/franciscanos.org.br\/vidacrista\/wp-content\/uploads\/2018\/05\/inacio-450x253.jpg 450w, https:\/\/franciscanos.org.br\/vidacrista\/wp-content\/uploads\/2018\/05\/inacio-1024x576.jpg 1024w, https:\/\/franciscanos.org.br\/vidacrista\/wp-content\/uploads\/2018\/05\/inacio-768x432.jpg 768w, https:\/\/franciscanos.org.br\/vidacrista\/wp-content\/uploads\/2018\/05\/inacio-150x84.jpg 150w\" sizes=\"(max-width: 1280px) 100vw, 1280px\" \/><\/div>\t\t\t\t\n\t\t\t\t\t<h2 class=\"mec-single-title\" style=\"margin-top: 25px;\">Santo In\u00e1cio de L\u00e1coni<\/h2>\n\t\t\t\t\t\n\t\t\t\t\t<ul class=\"mec-event-sharing\"><li class=\"mec-event-social-icon\"><a class=\"facebook\" href=\"https:\/\/www.facebook.com\/sharer\/sharer.php?u=https:\/\/franciscanos.org.br\/vidacrista\/calendario\/santo-inacio-de-laconi\/\" onclick=\"javascript:window.open(this.href, '', 'menubar=no,toolbar=no,resizable=yes,scrollbars=yes,height=500,width=600'); return false;\" title=\"Compartilhar no Facebook\"><i class=\"mec-fa-facebook\"><\/i><\/a><\/li><li class=\"mec-event-social-icon\"><a class=\"google\" href=\"https:\/\/plus.google.com\/share?url=https:\/\/franciscanos.org.br\/vidacrista\/calendario\/santo-inacio-de-laconi\/\" onclick=\"javascript:window.open(this.href, '', 'menubar=no,toolbar=no,resizable=yes,scrollbars=yes,height=600,width=500'); return false;\" title=\"Google Plus\"><i class=\"mec-fa-google-plus\"><\/i><\/a><\/li><li class=\"mec-event-social-icon\"><a class=\"twitter\" href=\"https:\/\/twitter.com\/share?url=https:\/\/franciscanos.org.br\/vidacrista\/calendario\/santo-inacio-de-laconi\/\" onclick=\"javascript:window.open(this.href, '', 'menubar=no,toolbar=no,resizable=yes,scrollbars=yes,height=600,width=500'); return false;\" target=\"_blank\" title=\"Tweetar\"><i class=\"mec-fa-twitter\"><\/i><\/a><\/li><li class=\"mec-event-social-icon\"><a class=\"linkedin\" href=\"https:\/\/www.linkedin.com\/shareArticle?mini=true&url=https:\/\/franciscanos.org.br\/vidacrista\/calendario\/santo-inacio-de-laconi\/\" onclick=\"javascript:window.open(this.href, '', 'menubar=no,toolbar=no,resizable=yes,scrollbars=yes,height=600,width=500'); return false;\" target=\"_blank\" title=\"Linkedin\"><i class=\"mec-fa-linkedin\"><\/i><\/a><\/li><li class=\"mec-event-social-icon\"><a class=\"email\" href=\"mailto:?subject=Santo In\u00e1cio de L\u00e1coni&body=https%3A%2F%2Ffranciscanos.org.br%2Fvidacrista%2Fcalendario%2Fsanto-inacio-de-laconi%2F\" title=\"E-mail\"><i class=\"mec-fa-envelope\"><\/i><\/a><\/li><\/ul>\n\n\t\t\t\t\t\t\t\t\t\t\n\t\t\t\t\t<div class=\"mec-single-event-description mec-events-content\"><p>Francisco In\u00e1cio Vincenzo Peis, o segundo de nove irm\u00e3os, nasceu na cidade de L\u00e1coni, It\u00e1lia, no dia 17 de novembro de 1701. Seus pais eram muito pobres, mas ricos de virtudes humanas e crist\u00e3s, educando os filhos no fiel seguimento de Jesus Cristo.<\/p>\n<p>In\u00e1cio, desde a inf\u00e2ncia, sentiu um forte chamado para a vida religiosa. Possu\u00eda dons especiais da profecia, da cura e um forte carisma. Costumava praticar severas penit\u00eancias, mantendo seu esp\u00edrito sereno e alegre, em estreita comunh\u00e3o com Cristo.<\/p>\n<p>Antes de completar os vinte anos de idade, ele adoeceu gravemente e por duas vezes quase morreu. Nessa ocasi\u00e3o, decidiu que seguiria os passos de s\u00e3o Francisco de Assis e se dedicaria aos pobres e doentes, se ficasse curado. E assim o fez. Foi para a cidade de Cagliari para viver entre os frades capuchinhos do Convento do Bom Caminho. Mas n\u00e3o p\u00f4de ser aceito, devido \u00e0 sua fr\u00e1gil sa\u00fade. Depois de totalmente recuperado, em 1721, vestiu o h\u00e1bito dos franciscanos.<\/p>\n<p>Frei In\u00e1cio de L\u00e1coni, como era chamado, foi enviado para v\u00e1rios conventos e, ap\u00f3s quinze anos, retornou ao Convento do Bom Caminho em Cagliari, onde permaneceu em definitivo. Ali, ficou encarregado da portaria, fun\u00e7\u00e3o que desempenhou at\u00e9 a morte. Tinha o verdadeiro esp\u00edrito franciscano: exemplo vivo da pobreza, entretanto de absoluta disponibilidade aos pobres, aos desamparados, aos doentes f\u00edsicos e aos doentes espirituais, ou seja, aos pecadores, muitos dos quais conseguiu recolocar no caminho crist\u00e3o.<\/p>\n<p>Durante seus \u00faltimos cinco anos de vida, In\u00e1cio ficou completamente cego. Mesmo assim continuou cumprindo com rigor a vida comum com todos os regulamentos do convento. Morreu no dia 11 de maio de 1781. Depois da morte, a fama de sua santidade se fortaleceu com a rela\u00e7\u00e3o dos milagres alcan\u00e7ados pela sua intercess\u00e3o.<\/p>\n<p>Frei In\u00e1cio de L\u00e1coni foi beatificado pelo papa Pio XII em 1940 e depois canonizado por este mesmo santo padre em 1951. O dia designado para sua celebra\u00e7\u00e3o lit\u00fargica foi o de sua morte: 11 de maio.<\/p>\n<p><em>A Igreja tamb\u00e9m celebra hoje a mem\u00f3ria dos santos: Iluminato e Alberto de B\u00e9rgamo<\/em><\/p>\n<\/div>\t\t\t\t\t\n            \t<\/div>\n            <\/article>\n                    <\/li>\n        <li class=\"mec-daily-view-date-events mec-util-hidden\" id=\"mec_daily_view_date_events103_20260512\">\n                                        <article>\n                <div class=\"mec-event-content\">\n\t\t\t\t\t<div style=\"width: 100%; display: inline-block; margin-top: 25px;\"><img width=\"1280\" height=\"720\" src=\"https:\/\/franciscanos.org.br\/vidacrista\/wp-content\/uploads\/2018\/05\/Pancracio.jpg\" class=\"attachment-full size-full wp-post-image\" alt=\"\" decoding=\"async\" data-mec-postid=\"179295\" srcset=\"https:\/\/franciscanos.org.br\/vidacrista\/wp-content\/uploads\/2018\/05\/Pancracio.jpg 1280w, https:\/\/franciscanos.org.br\/vidacrista\/wp-content\/uploads\/2018\/05\/Pancracio-450x253.jpg 450w, https:\/\/franciscanos.org.br\/vidacrista\/wp-content\/uploads\/2018\/05\/Pancracio-1024x576.jpg 1024w, https:\/\/franciscanos.org.br\/vidacrista\/wp-content\/uploads\/2018\/05\/Pancracio-768x432.jpg 768w, https:\/\/franciscanos.org.br\/vidacrista\/wp-content\/uploads\/2018\/05\/Pancracio-150x84.jpg 150w\" sizes=\"(max-width: 1280px) 100vw, 1280px\" \/><\/div>\t\t\t\t\n\t\t\t\t\t<h2 class=\"mec-single-title\" style=\"margin-top: 25px;\">S\u00e3o Pancr\u00e1cio<\/h2>\n\t\t\t\t\t\n\t\t\t\t\t<ul class=\"mec-event-sharing\"><li class=\"mec-event-social-icon\"><a class=\"facebook\" href=\"https:\/\/www.facebook.com\/sharer\/sharer.php?u=https:\/\/franciscanos.org.br\/vidacrista\/calendario\/sao-pancracio\/\" onclick=\"javascript:window.open(this.href, '', 'menubar=no,toolbar=no,resizable=yes,scrollbars=yes,height=500,width=600'); return false;\" title=\"Compartilhar no Facebook\"><i class=\"mec-fa-facebook\"><\/i><\/a><\/li><li class=\"mec-event-social-icon\"><a class=\"google\" href=\"https:\/\/plus.google.com\/share?url=https:\/\/franciscanos.org.br\/vidacrista\/calendario\/sao-pancracio\/\" onclick=\"javascript:window.open(this.href, '', 'menubar=no,toolbar=no,resizable=yes,scrollbars=yes,height=600,width=500'); return false;\" title=\"Google Plus\"><i class=\"mec-fa-google-plus\"><\/i><\/a><\/li><li class=\"mec-event-social-icon\"><a class=\"twitter\" href=\"https:\/\/twitter.com\/share?url=https:\/\/franciscanos.org.br\/vidacrista\/calendario\/sao-pancracio\/\" onclick=\"javascript:window.open(this.href, '', 'menubar=no,toolbar=no,resizable=yes,scrollbars=yes,height=600,width=500'); return false;\" target=\"_blank\" title=\"Tweetar\"><i class=\"mec-fa-twitter\"><\/i><\/a><\/li><li class=\"mec-event-social-icon\"><a class=\"linkedin\" href=\"https:\/\/www.linkedin.com\/shareArticle?mini=true&url=https:\/\/franciscanos.org.br\/vidacrista\/calendario\/sao-pancracio\/\" onclick=\"javascript:window.open(this.href, '', 'menubar=no,toolbar=no,resizable=yes,scrollbars=yes,height=600,width=500'); return false;\" target=\"_blank\" title=\"Linkedin\"><i class=\"mec-fa-linkedin\"><\/i><\/a><\/li><li class=\"mec-event-social-icon\"><a class=\"email\" href=\"mailto:?subject=S\u00e3o Pancr\u00e1cio&body=https%3A%2F%2Ffranciscanos.org.br%2Fvidacrista%2Fcalendario%2Fsao-pancracio%2F\" title=\"E-mail\"><i class=\"mec-fa-envelope\"><\/i><\/a><\/li><\/ul>\n\n\t\t\t\t\t\t\t\t\t\t\n\t\t\t\t\t<div class=\"mec-single-event-description mec-events-content\"><p>As catacumbas romanas atraem devotos e turistas de todo o mundo. Ali est\u00e3o enterrados os santos dos primeiros anos do catolicismo. Entre eles, do adolescente Pancr\u00e1cio, com as inscri\u00e7\u00f5es confirmando o seu mart\u00edrio.<\/p>\n<p>Pancr\u00e1cio nasceu em Roma, filho de pais crist\u00e3os, nobres, ricos e amigos do imperador Diocleciano. \u00d3rf\u00e3o, ainda muito crian\u00e7a, foi morar com um tio chamado Dion\u00edsio. Com o seu apoio conseguiu estudar em Roma, indo morar na mesma casa onde fazia seu retiro o papa Marcelino, que respeitava Pancr\u00e1cio por sua mod\u00e9stia, do\u00e7ura, piedade e profunda f\u00e9.<\/p>\n<p>Mas como a persegui\u00e7\u00e3o de Diocleciano n\u00e3o dava tr\u00e9guas a crist\u00e3o nenhum, Pancr\u00e1cio, ent\u00e3o com catorze anos de idade, e seu tio Dion\u00edsio foram denunciados e levados a j\u00fari.<\/p>\n<p>O tio foi imediatamente morto. Pancr\u00e1cio ainda mereceu uma certa considera\u00e7\u00e3o do imperador. Afinal, estava na flor da idade e era filho de algu\u00e9m que havia sido seu amigo. Diocleciano tentou envolver Pancr\u00e1cio com promessas, ast\u00facias e, finalmente, amea\u00e7as. Nada deu resultado. Como o adolescente respondia a tudo afirmando que n\u00e3o temia a morte, pois a levaria direto a Deus, o imperador perdeu a paci\u00eancia e mandou logo decapit\u00e1-lo. Era o dia 12 de maio de 304.<\/p>\n<p>O seu t\u00famulo se encontra numa das estradas mais famosas de Roma, a Via Aur\u00e9lia, no cemit\u00e9rio de Ottavilla, onde, no s\u00e9culo VI, o papa S\u00edmaco mandou erguer uma igreja em sua homenagem, existente at\u00e9 hoje. H\u00e1 muitas outras igrejas em louvor a s\u00e3o Pancr\u00e1cio na It\u00e1lia, Fran\u00e7a, Inglaterra e Espanha, onde seu culto se difundiu. A ele tamb\u00e9m foram dedicados os mosteiros de Roma, fundado por s\u00e3o Greg\u00f3rio Magno, e o de Londres, fundado por santo Agostinho de Canterbury.<\/p>\n<p>A fama de santidade de s\u00e3o Pancr\u00e1cio se espalhou e sua devo\u00e7\u00e3o \u00e9 muito intensa at\u00e9 hoje. Ele \u00e9 o padroeiro dos enfermos na It\u00e1lia, padroeiro dos trabalhadores na Espanha e padroeiro da Juventude da A\u00e7\u00e3o Cat\u00f3lica na Am\u00e9rica Latina.<\/p>\n<p><em>A Igreja tamb\u00e9m celebra hoje a mem\u00f3ria dos santos: Nereu, Aquiles e Leopoldo Mandic.<\/em><\/p>\n<\/div>\t\t\t\t\t\n            \t<\/div>\n            <\/article>\n                    <\/li>\n        <li class=\"mec-daily-view-date-events mec-util-hidden\" id=\"mec_daily_view_date_events103_20260513\">\n                                        <article>\n                <div class=\"mec-event-content\">\n\t\t\t\t\t<div style=\"width: 100%; display: inline-block; margin-top: 25px;\"><img width=\"820\" height=\"450\" src=\"https:\/\/franciscanos.org.br\/vidacrista\/wp-content\/uploads\/2019\/05\/1305-senhora-fatima.jpg\" class=\"attachment-full size-full wp-post-image\" alt=\"\" decoding=\"async\" data-mec-postid=\"179297\" srcset=\"https:\/\/franciscanos.org.br\/vidacrista\/wp-content\/uploads\/2019\/05\/1305-senhora-fatima.jpg 820w, https:\/\/franciscanos.org.br\/vidacrista\/wp-content\/uploads\/2019\/05\/1305-senhora-fatima-450x247.jpg 450w, https:\/\/franciscanos.org.br\/vidacrista\/wp-content\/uploads\/2019\/05\/1305-senhora-fatima-768x421.jpg 768w, https:\/\/franciscanos.org.br\/vidacrista\/wp-content\/uploads\/2019\/05\/1305-senhora-fatima-150x82.jpg 150w\" sizes=\"(max-width: 820px) 100vw, 820px\" \/><\/div>\t\t\t\t\n\t\t\t\t\t<h2 class=\"mec-single-title\" style=\"margin-top: 25px;\">Nossa Senhora de F\u00e1tima<\/h2>\n\t\t\t\t\t\n\t\t\t\t\t<ul class=\"mec-event-sharing\"><li class=\"mec-event-social-icon\"><a class=\"facebook\" href=\"https:\/\/www.facebook.com\/sharer\/sharer.php?u=https:\/\/franciscanos.org.br\/vidacrista\/calendario\/nossa-senhora-de-fatima\/\" onclick=\"javascript:window.open(this.href, '', 'menubar=no,toolbar=no,resizable=yes,scrollbars=yes,height=500,width=600'); return false;\" title=\"Compartilhar no Facebook\"><i class=\"mec-fa-facebook\"><\/i><\/a><\/li><li class=\"mec-event-social-icon\"><a class=\"google\" href=\"https:\/\/plus.google.com\/share?url=https:\/\/franciscanos.org.br\/vidacrista\/calendario\/nossa-senhora-de-fatima\/\" onclick=\"javascript:window.open(this.href, '', 'menubar=no,toolbar=no,resizable=yes,scrollbars=yes,height=600,width=500'); return false;\" title=\"Google Plus\"><i class=\"mec-fa-google-plus\"><\/i><\/a><\/li><li class=\"mec-event-social-icon\"><a class=\"twitter\" href=\"https:\/\/twitter.com\/share?url=https:\/\/franciscanos.org.br\/vidacrista\/calendario\/nossa-senhora-de-fatima\/\" onclick=\"javascript:window.open(this.href, '', 'menubar=no,toolbar=no,resizable=yes,scrollbars=yes,height=600,width=500'); return false;\" target=\"_blank\" title=\"Tweetar\"><i class=\"mec-fa-twitter\"><\/i><\/a><\/li><li class=\"mec-event-social-icon\"><a class=\"linkedin\" href=\"https:\/\/www.linkedin.com\/shareArticle?mini=true&url=https:\/\/franciscanos.org.br\/vidacrista\/calendario\/nossa-senhora-de-fatima\/\" onclick=\"javascript:window.open(this.href, '', 'menubar=no,toolbar=no,resizable=yes,scrollbars=yes,height=600,width=500'); return false;\" target=\"_blank\" title=\"Linkedin\"><i class=\"mec-fa-linkedin\"><\/i><\/a><\/li><li class=\"mec-event-social-icon\"><a class=\"email\" href=\"mailto:?subject=Nossa Senhora de F\u00e1tima&body=https%3A%2F%2Ffranciscanos.org.br%2Fvidacrista%2Fcalendario%2Fnossa-senhora-de-fatima%2F\" title=\"E-mail\"><i class=\"mec-fa-envelope\"><\/i><\/a><\/li><\/ul>\n\n\t\t\t\t\t\t\t\t\t\t\n\t\t\t\t\t<div class=\"mec-single-event-description mec-events-content\"><p>No dia 5 de maio de 1917, o mundo ainda vivia os horrores da Primeira Guerra Mundial, ent\u00e3o o papa Bento XV convidou todos os cat\u00f3licos a se unirem em uma corrente de ora\u00e7\u00f5es para obter a paz mundial com a intercess\u00e3o da Virgem Maria. Oito dias depois ela respondeu \u00e0 humanidade atrav\u00e9s das apari\u00e7\u00f5es em F\u00e1tima, Portugal.<\/p>\n<p>Foram tr\u00eas humildes pastores, filhos de fam\u00edlias pobres, simples e profundamente cat\u00f3licas, os mensageiros escolhidos por Nossa Senhora. L\u00facia, a mais velha, tinha dez anos, e os primos, Francisco e Jacinta, nove e sete anos respectivamente. Os tr\u00eas eram analfabetos.<\/p>\n<p>Contam as crian\u00e7as que brincavam enquanto as ovelhas pastavam. Ao meio-dia, rezaram o ter\u00e7o. Por\u00e9m rezaram \u00e0 moda deles, de forma r\u00e1pida, para poder voltar a brincar. Em vez de recitar as ora\u00e7\u00f5es completas, apenas diziam o nome delas: \u201cave-maria, Santa-Maria\u201d etc. Ao voltar para as brincadeiras, depararam com a Virgem Maria pairando acima de uma \u00e1rvore n\u00e3o muito alta. Assustados, Jacinta e Francisco apenas ouvem Nossa Senhora conversando com L\u00facia. Ela pede que os pequenos rezem o ter\u00e7o inteirinho e que venham \u00e0quele mesmo local todo dia 13 de cada m\u00eas, desaparecendo em seguida. O encontro acontece pelos sete meses seguintes.<\/p>\n<p>As crian\u00e7as mudam radicalmente. Passam a rezar e a fazer sacrif\u00edcios di\u00e1rios. Relatam aos pais e autoridades religiosas o que se passou. Logo, uma multid\u00e3o come\u00e7a a acompanhar o encontro das crian\u00e7as com Nossa Senhora.<\/p>\n<p>As mensagens trazidas por ela pediam ao povo ora\u00e7\u00f5es, penit\u00eancias, convers\u00e3o e f\u00e9. A press\u00e3o das autoridades sobre os meninos era intensa, pois somente eles viam a Virgem Maria e depois contavam as mensagens recebidas, at\u00e9 mesmo previs\u00f5es para o futuro, as quais foram reveladas nos anos seguintes e, a \u00faltima, o chamado \u201cterceiro segredo de F\u00e1tima\u201d, no final do segundo mil\u00eanio, provocando o surgimento de especula\u00e7\u00f5es e hist\u00f3rias fant\u00e1sticas sobre seu conte\u00fado. Agora divulgado ao mundo, soube-se que previa o atentado contra o papa Jo\u00e3o Paulo II, ocorrido em 1981.<\/p>\n<p>Na \u00e9poca, muitos duvidavam das vis\u00f5es das crian\u00e7as. As apari\u00e7\u00f5es s\u00f3 come\u00e7aram a ser reconhecidas oficialmente pela Igreja na \u00faltima delas, em 13 de outubro, quando sinais extraordin\u00e1rios e impressionantes foram vistos por todos no c\u00e9u, principalmente no disco solar. Poucos anos depois, os irm\u00e3os Francisco e Jacinta morreram. A mais velha tornou-se religiosa de clausura, tomando o nome de L\u00facia de Jesus, e permaneceu sem contato com o mundo por muitos anos.<\/p>\n<p>O local das apari\u00e7\u00f5es de Maria foi transformado num santu\u00e1rio para Nossa Senhora de F\u00e1tima. Em 1946, na presen\u00e7a do cardeal representante da Santa S\u00e9 e entre uma multid\u00e3o de cat\u00f3licos, houve a coroa\u00e7\u00e3o da est\u00e1tua da Sant\u00edssima Virgem de F\u00e1tima. Em 13 de maio de 1967, por ocasi\u00e3o do anivers\u00e1rio dos cinquenta anos das apari\u00e7\u00f5es de F\u00e1tima, o papa Paulo VI foi ao santu\u00e1rio para celebrar a santa missa a mais de um milh\u00e3o de peregrinos que o aguardavam, entre eles irm\u00e3 L\u00facia de Jesus, a pastora sobrevivente, que viu e conversou com Maria, a M\u00e3e de Deus.<\/p>\n<p>Esta mensagem de F\u00e1tima foi um apelo \u00e0 convers\u00e3o, alertando a humanidade para n\u00e3o travar a luta entre o bem e o mal deixando Deus de lado, pois n\u00e3o conseguir\u00e1 chegar \u00e0 felicidade, pois, ao contr\u00e1rio, acabar\u00e1 destruindo-se a si mesma. Na sua solicitude materna, a Sant\u00edssima Virgem foi a F\u00e1tima pedir aos homens para n\u00e3o ofender mais a Deus Nosso Pai, que j\u00e1 est\u00e1 muito ofendido. Foi a dor de m\u00e3e que a fez falar, pois o que estava em jogo era a sorte de seus filhos. Por isso ela sempre dizia aos pastorzinhos: \u201cRezai, rezai muito e fazei sacrif\u00edcios pelos pecadores, que v\u00e3o muitas almas para o inferno por n\u00e3o haver quem se sacrifique e pe\u00e7a por elas\u201d.<\/p>\n<p><em>A Igreja tamb\u00e9m celebra hoje a mem\u00f3ria dos santos: J\u00falia Billiart e Glic\u00e9ria.<\/em><\/p>\n<\/div>\t\t\t\t\t\n            \t<\/div>\n            <\/article>\n                    <\/li>\n        <li class=\"mec-daily-view-date-events mec-util-hidden\" id=\"mec_daily_view_date_events103_20260514\">\n                                        <article>\n                <div class=\"mec-event-content\">\n\t\t\t\t\t<div style=\"width: 100%; display: inline-block; margin-top: 25px;\"><img width=\"820\" height=\"450\" src=\"https:\/\/franciscanos.org.br\/vidacrista\/wp-content\/uploads\/2019\/05\/1405-sao-matias.jpg\" class=\"attachment-full size-full wp-post-image\" alt=\"\" decoding=\"async\" data-mec-postid=\"179299\" srcset=\"https:\/\/franciscanos.org.br\/vidacrista\/wp-content\/uploads\/2019\/05\/1405-sao-matias.jpg 820w, https:\/\/franciscanos.org.br\/vidacrista\/wp-content\/uploads\/2019\/05\/1405-sao-matias-450x247.jpg 450w, https:\/\/franciscanos.org.br\/vidacrista\/wp-content\/uploads\/2019\/05\/1405-sao-matias-768x421.jpg 768w, https:\/\/franciscanos.org.br\/vidacrista\/wp-content\/uploads\/2019\/05\/1405-sao-matias-150x82.jpg 150w\" sizes=\"(max-width: 820px) 100vw, 820px\" \/><\/div>\t\t\t\t\n\t\t\t\t\t<h2 class=\"mec-single-title\" style=\"margin-top: 25px;\">S\u00e3o Matias<\/h2>\n\t\t\t\t\t\n\t\t\t\t\t<ul class=\"mec-event-sharing\"><li class=\"mec-event-social-icon\"><a class=\"facebook\" href=\"https:\/\/www.facebook.com\/sharer\/sharer.php?u=https:\/\/franciscanos.org.br\/vidacrista\/calendario\/sao-matias\/\" onclick=\"javascript:window.open(this.href, '', 'menubar=no,toolbar=no,resizable=yes,scrollbars=yes,height=500,width=600'); return false;\" title=\"Compartilhar no Facebook\"><i class=\"mec-fa-facebook\"><\/i><\/a><\/li><li class=\"mec-event-social-icon\"><a class=\"google\" href=\"https:\/\/plus.google.com\/share?url=https:\/\/franciscanos.org.br\/vidacrista\/calendario\/sao-matias\/\" onclick=\"javascript:window.open(this.href, '', 'menubar=no,toolbar=no,resizable=yes,scrollbars=yes,height=600,width=500'); return false;\" title=\"Google Plus\"><i class=\"mec-fa-google-plus\"><\/i><\/a><\/li><li class=\"mec-event-social-icon\"><a class=\"twitter\" href=\"https:\/\/twitter.com\/share?url=https:\/\/franciscanos.org.br\/vidacrista\/calendario\/sao-matias\/\" onclick=\"javascript:window.open(this.href, '', 'menubar=no,toolbar=no,resizable=yes,scrollbars=yes,height=600,width=500'); return false;\" target=\"_blank\" title=\"Tweetar\"><i class=\"mec-fa-twitter\"><\/i><\/a><\/li><li class=\"mec-event-social-icon\"><a class=\"linkedin\" href=\"https:\/\/www.linkedin.com\/shareArticle?mini=true&url=https:\/\/franciscanos.org.br\/vidacrista\/calendario\/sao-matias\/\" onclick=\"javascript:window.open(this.href, '', 'menubar=no,toolbar=no,resizable=yes,scrollbars=yes,height=600,width=500'); return false;\" target=\"_blank\" title=\"Linkedin\"><i class=\"mec-fa-linkedin\"><\/i><\/a><\/li><li class=\"mec-event-social-icon\"><a class=\"email\" href=\"mailto:?subject=S\u00e3o Matias&body=https%3A%2F%2Ffranciscanos.org.br%2Fvidacrista%2Fcalendario%2Fsao-matias%2F\" title=\"E-mail\"><i class=\"mec-fa-envelope\"><\/i><\/a><\/li><\/ul>\n\n\t\t\t\t\t\t\t\t\t\t\n\t\t\t\t\t<div class=\"mec-single-event-description mec-events-content\"><p>Matias, o ap\u00f3stolo \u201cp\u00f3stumo\u201d. \u00c9 assim chamado porque surgiu depois da morte do ap\u00f3stolo Judas Iscariotes, o traidor. Alguns te\u00f3logos se referem a\u00a0ele como o d\u00e9cimo terceiro ap\u00f3stolo, pois foi eleito para ocupar esse posto, conforme consta dos Atos dos Ap\u00f3stolos, na B\u00edblia.<\/p>\n<p>A elei\u00e7\u00e3o dos onze ap\u00f3stolos deu-se dias depois da Ascens\u00e3o de Jesus e da vinda do Esp\u00edrito Santo e assim foi descrita: \u201cDepois da Ascens\u00e3o de Jesus, Pedro disse aos demais disc\u00edpulos: Irm\u00e3os, em Judas se cumpriu o que dele se havia anunciado na Sagrada Escritura: Com o pre\u00e7o de sua maldade se comprou um campo\u201d. O salmo 109 ordena \u201cQue outro receba seu cargo\u201d.<\/p>\n<p>\u2018Conv\u00e9m, ent\u00e3o, que elejamos um para o lugar de Judas. E o eleito deve ser dos que estiveram entre n\u00f3s o tempo todo em que o Senhor conviveu entre n\u00f3s, desde que foi batizado por Jo\u00e3o Batista at\u00e9 que ressuscitou e subiu aos c\u00e9us&#8217;\u201d. (At 1, 21-26)<\/p>\n<p>As outras informa\u00e7\u00f5es existentes sobre Matias fazem parte das tradi\u00e7\u00f5es e dos escritos da \u00e9poca. Esses registros, entretanto, s\u00e3o apenas fragmentos com algumas cita\u00e7\u00f5es e frases, que foram recuperadas e, segundo os te\u00f3logos, s\u00e3o de sua autoria. De fato, existe uma certa confus\u00e3o entre os ap\u00f3stolos Matias e Mateus em alguns escritos antigos.<\/p>\n<p>Segundo a tradi\u00e7\u00e3o Matias evangelizou na Jud\u00e9ia, Capad\u00f3cia e, depois, na Eti\u00f3pia. Ele sofreu persegui\u00e7\u00f5es e o mart\u00edrio, morreu apedrejado e decapitado em Colchis, Jerusal\u00e9m, testemunhando sua fidelidade a Jesus.<\/p>\n<p>H\u00e1 registros de que santa Helena, m\u00e3e do imperador Constantino, o Grande, mandou trasladar as rel\u00edquias de s\u00e3o Matias para Roma, onde uma parte est\u00e1 guardada na igreja de Santa Maria Maior. O restante delas se encontra na antiqu\u00edssima igreja de S\u00e3o Matias, em Treves, na Alemanha, cidade que a tradi\u00e7\u00e3o diz ter sido evangelizada por ele e que o tem como seu padroeiro.<\/p>\n<p>S\u00e3o Matias era comemorado no dia 24 de fevereiro, mas atualmente sua festa ocorre no dia 14 de maio.<\/p>\n<p><em>A Igreja tamb\u00e9m celebra hoje a mem\u00f3ria dos santos: Petronila de Moncel e Maria Domingas Mazzarello.<\/em><\/p>\n<\/div>\t\t\t\t\t\n            \t<\/div>\n            <\/article>\n                    <\/li>\n        <li class=\"mec-daily-view-date-events mec-util-hidden\" id=\"mec_daily_view_date_events103_20260515\">\n                                        <article>\n                <div class=\"mec-event-content\">\n\t\t\t\t\t<div style=\"width: 100%; display: inline-block; margin-top: 25px;\"><img width=\"820\" height=\"450\" src=\"https:\/\/franciscanos.org.br\/vidacrista\/wp-content\/uploads\/2019\/05\/1505-isidoro-lavrador.jpg\" class=\"attachment-full size-full wp-post-image\" alt=\"\" decoding=\"async\" data-mec-postid=\"179403\" srcset=\"https:\/\/franciscanos.org.br\/vidacrista\/wp-content\/uploads\/2019\/05\/1505-isidoro-lavrador.jpg 820w, https:\/\/franciscanos.org.br\/vidacrista\/wp-content\/uploads\/2019\/05\/1505-isidoro-lavrador-450x247.jpg 450w, https:\/\/franciscanos.org.br\/vidacrista\/wp-content\/uploads\/2019\/05\/1505-isidoro-lavrador-768x421.jpg 768w, https:\/\/franciscanos.org.br\/vidacrista\/wp-content\/uploads\/2019\/05\/1505-isidoro-lavrador-150x82.jpg 150w\" sizes=\"(max-width: 820px) 100vw, 820px\" \/><\/div>\t\t\t\t\n\t\t\t\t\t<h2 class=\"mec-single-title\" style=\"margin-top: 25px;\">Santo Isidoro Lavrador<\/h2>\n\t\t\t\t\t\n\t\t\t\t\t<ul class=\"mec-event-sharing\"><li class=\"mec-event-social-icon\"><a class=\"facebook\" href=\"https:\/\/www.facebook.com\/sharer\/sharer.php?u=https:\/\/franciscanos.org.br\/vidacrista\/calendario\/santo-isidoro-lavrador\/\" onclick=\"javascript:window.open(this.href, '', 'menubar=no,toolbar=no,resizable=yes,scrollbars=yes,height=500,width=600'); return false;\" title=\"Compartilhar no Facebook\"><i class=\"mec-fa-facebook\"><\/i><\/a><\/li><li class=\"mec-event-social-icon\"><a class=\"google\" href=\"https:\/\/plus.google.com\/share?url=https:\/\/franciscanos.org.br\/vidacrista\/calendario\/santo-isidoro-lavrador\/\" onclick=\"javascript:window.open(this.href, '', 'menubar=no,toolbar=no,resizable=yes,scrollbars=yes,height=600,width=500'); return false;\" title=\"Google Plus\"><i class=\"mec-fa-google-plus\"><\/i><\/a><\/li><li class=\"mec-event-social-icon\"><a class=\"twitter\" href=\"https:\/\/twitter.com\/share?url=https:\/\/franciscanos.org.br\/vidacrista\/calendario\/santo-isidoro-lavrador\/\" onclick=\"javascript:window.open(this.href, '', 'menubar=no,toolbar=no,resizable=yes,scrollbars=yes,height=600,width=500'); return false;\" target=\"_blank\" title=\"Tweetar\"><i class=\"mec-fa-twitter\"><\/i><\/a><\/li><li class=\"mec-event-social-icon\"><a class=\"linkedin\" href=\"https:\/\/www.linkedin.com\/shareArticle?mini=true&url=https:\/\/franciscanos.org.br\/vidacrista\/calendario\/santo-isidoro-lavrador\/\" onclick=\"javascript:window.open(this.href, '', 'menubar=no,toolbar=no,resizable=yes,scrollbars=yes,height=600,width=500'); return false;\" target=\"_blank\" title=\"Linkedin\"><i class=\"mec-fa-linkedin\"><\/i><\/a><\/li><li class=\"mec-event-social-icon\"><a class=\"email\" href=\"mailto:?subject=Santo Isidoro Lavrador&body=https%3A%2F%2Ffranciscanos.org.br%2Fvidacrista%2Fcalendario%2Fsanto-isidoro-lavrador%2F\" title=\"E-mail\"><i class=\"mec-fa-envelope\"><\/i><\/a><\/li><\/ul>\n\n\t\t\t\t\t\t\t\t\t\t\n\t\t\t\t\t<div class=\"mec-single-event-description mec-events-content\"><p>Isidoro nasceu em Madri, na Espanha, em 1070, filho de pais camponeses, simples e seguidores de Cristo. O menino cresceu sereno, bondoso e muito caridoso, trabalhando com os familiares numa propriedade arrendada. Levantava muito cedo para assistir a missa antes de seguir para o campo. Quando seus atos de f\u00e9 come\u00e7aram a se destacar, j\u00e1 era casado com Maria Tor\u00edbia e pai de um filho.<\/p>\n<p>Sua notoriedade come\u00e7ou quando foi acusado de ficar rezando pela manh\u00e3, na igreja, em vez de trabalhar. De fato, tinha o h\u00e1bito de parar o trabalho uma vez ao dia para rezar, de joelhos, o ter\u00e7o. Mas isso n\u00e3o atrapalhava a produ\u00e7\u00e3o, porque depois trabalhava com vontade e vigor, recuperando o tempo das preces. Sua bondade era tanta que o patr\u00e3o nada lhe fez.<\/p>\n<p>N\u00e3o era s\u00f3 na ora\u00e7\u00e3o que Isidoro se destacava. Era t\u00e3o solid\u00e1rio que dividia com os mais pobres tudo o que ganhava com seu trabalho, ficando apenas com o m\u00ednimo necess\u00e1rio para alimentar os seus. Quando seu filho morreu, ainda crian\u00e7a, Isidoro e Maria n\u00e3o se revoltaram, ao contr\u00e1rio, passaram a se dedicar ainda mais aos necessitados.<\/p>\n<p>Isidoro Lavrador morreu pobre e desconhecido, no dia 15 de maio de 1130, em Madri, sendo enterrado sem nenhuma distin\u00e7\u00e3o. A partir de ent\u00e3o come\u00e7ou a devo\u00e7\u00e3o popular. Muitos milagres, atribu\u00eddos \u00e0 sua intercess\u00e3o, s\u00e3o narrados pela tradi\u00e7\u00e3o do povo espanhol. Quarenta anos depois, seu corpo foi trasladado para uma igreja.<\/p>\n<p>Humilde e incans\u00e1vel foi esse homem do campo, e somente depois de sua morte, e com a devo\u00e7\u00e3o de todo o povo de sua cidade, as autoridades religiosas come\u00e7aram a reconhecer o seu valor inestim\u00e1vel: a devo\u00e7\u00e3o a Deus e o cumprimento de seus mandamentos, numa vida reta e justa, no seguimento de Jesus.<\/p>\n<p>Foi o rei da Espanha, Filipe II, que formalizou o pedido de canoniza\u00e7\u00e3o do santo lavrador, ao qual ele pr\u00f3prio atribu\u00eda a intercess\u00e3o para a cura de uma grave enfermidade. Em 1622, o papa Greg\u00f3rio XV canonizou santo Isidoro Lavrador, no mesmo dia em que santificou In\u00e1cio de Loyola, Francisco Xavier, Teresa d\u2019\u00c1vila e Filipe N\u00e9ri.<\/p>\n<p>Hoje, ele \u00e9 comemorado como protetor dos trabalhadores do campo, dos desempregados e dos \u00edndios. Enfim, de todos aqueles que acabam sendo marginalizados pela sociedade em nome do progresso. Santo Isidoro Lavrador \u00e9 o padroeiro de Madri.<\/p>\n<p><em>A Igreja tamb\u00e9m celebra hoje a mem\u00f3ria dos santos: C\u00e1ssia, Dion\u00edsia e Torquato.<\/em><\/p>\n<\/div>\t\t\t\t\t\n            \t<\/div>\n            <\/article>\n                    <\/li>\n        <li class=\"mec-daily-view-date-events mec-util-hidden\" id=\"mec_daily_view_date_events103_20260516\">\n                                        <article>\n                <div class=\"mec-event-content\">\n\t\t\t\t\t<div style=\"width: 100%; display: inline-block; margin-top: 25px;\"><img width=\"1280\" height=\"720\" src=\"https:\/\/franciscanos.org.br\/vidacrista\/wp-content\/uploads\/2018\/05\/nepo-1.jpg\" class=\"attachment-full size-full wp-post-image\" alt=\"\" decoding=\"async\" data-mec-postid=\"179405\" srcset=\"https:\/\/franciscanos.org.br\/vidacrista\/wp-content\/uploads\/2018\/05\/nepo-1.jpg 1280w, https:\/\/franciscanos.org.br\/vidacrista\/wp-content\/uploads\/2018\/05\/nepo-1-450x253.jpg 450w, https:\/\/franciscanos.org.br\/vidacrista\/wp-content\/uploads\/2018\/05\/nepo-1-1024x576.jpg 1024w, https:\/\/franciscanos.org.br\/vidacrista\/wp-content\/uploads\/2018\/05\/nepo-1-768x432.jpg 768w, https:\/\/franciscanos.org.br\/vidacrista\/wp-content\/uploads\/2018\/05\/nepo-1-150x84.jpg 150w\" sizes=\"(max-width: 1280px) 100vw, 1280px\" \/><\/div>\t\t\t\t\n\t\t\t\t\t<h2 class=\"mec-single-title\" style=\"margin-top: 25px;\">S\u00e3o Jo\u00e3o Nepomuceno<\/h2>\n\t\t\t\t\t\n\t\t\t\t\t<ul class=\"mec-event-sharing\"><li class=\"mec-event-social-icon\"><a class=\"facebook\" href=\"https:\/\/www.facebook.com\/sharer\/sharer.php?u=https:\/\/franciscanos.org.br\/vidacrista\/calendario\/sao-joao-nepomuceno\/\" onclick=\"javascript:window.open(this.href, '', 'menubar=no,toolbar=no,resizable=yes,scrollbars=yes,height=500,width=600'); return false;\" title=\"Compartilhar no Facebook\"><i class=\"mec-fa-facebook\"><\/i><\/a><\/li><li class=\"mec-event-social-icon\"><a class=\"google\" href=\"https:\/\/plus.google.com\/share?url=https:\/\/franciscanos.org.br\/vidacrista\/calendario\/sao-joao-nepomuceno\/\" onclick=\"javascript:window.open(this.href, '', 'menubar=no,toolbar=no,resizable=yes,scrollbars=yes,height=600,width=500'); return false;\" title=\"Google Plus\"><i class=\"mec-fa-google-plus\"><\/i><\/a><\/li><li class=\"mec-event-social-icon\"><a class=\"twitter\" href=\"https:\/\/twitter.com\/share?url=https:\/\/franciscanos.org.br\/vidacrista\/calendario\/sao-joao-nepomuceno\/\" onclick=\"javascript:window.open(this.href, '', 'menubar=no,toolbar=no,resizable=yes,scrollbars=yes,height=600,width=500'); return false;\" target=\"_blank\" title=\"Tweetar\"><i class=\"mec-fa-twitter\"><\/i><\/a><\/li><li class=\"mec-event-social-icon\"><a class=\"linkedin\" href=\"https:\/\/www.linkedin.com\/shareArticle?mini=true&url=https:\/\/franciscanos.org.br\/vidacrista\/calendario\/sao-joao-nepomuceno\/\" onclick=\"javascript:window.open(this.href, '', 'menubar=no,toolbar=no,resizable=yes,scrollbars=yes,height=600,width=500'); return false;\" target=\"_blank\" title=\"Linkedin\"><i class=\"mec-fa-linkedin\"><\/i><\/a><\/li><li class=\"mec-event-social-icon\"><a class=\"email\" href=\"mailto:?subject=S\u00e3o Jo\u00e3o Nepomuceno&body=https%3A%2F%2Ffranciscanos.org.br%2Fvidacrista%2Fcalendario%2Fsao-joao-nepomuceno%2F\" title=\"E-mail\"><i class=\"mec-fa-envelope\"><\/i><\/a><\/li><\/ul>\n\n\t\t\t\t\t\t\t\t\t\t\n\t\t\t\t\t<div class=\"mec-single-event-description mec-events-content\"><p>Jo\u00e3o nasceu em 1330, em Nepomuk, na Bo\u00eamia, atual Rep\u00fablica Checa. Apesar de os pais serem pobres e ter idade avan\u00e7ada, Jo\u00e3o conseguiu formar-se doutor em teologia e direito can\u00f4nico na Universidade de Praga, uma das mais modernas e avan\u00e7adas da \u00e9poca, fundada pelo rei Carlos IV. Mas desde muito cedo Jo\u00e3o sabia que sua verdadeira voca\u00e7\u00e3o era o sacerd\u00f3cio, a prega\u00e7\u00e3o.<\/p>\n<p>Quando, finalmente, recebeu a un\u00e7\u00e3o sacerdotal, p\u00f4de colocar em pr\u00e1tica o seu talento de orador sacro, e o fez de forma t\u00e3o brilhante que foi convidado a ser capel\u00e3o e confessor na corte, onde teve muito trabalho, pois o rei Venceslau IV era uma pessoa dif\u00edcil e de mau-car\u00e1ter. Mas a rainha e imperatriz Joana da Baviera era muito pia, bondosa e caridosa, e o tomou para diretor espiritual e confessor particular.<\/p>\n<p>N\u00e3o se sabe exatamente como foi seu mart\u00edrio e como tudo ocorreu, mas o rei Venceslau, que desejava controlar a Igreja, n\u00e3o estava satisfeito com a poss\u00edvel chegada de um novo bispo, enviado por Roma a pedido da rainha.<\/p>\n<p>A tradi\u00e7\u00e3o lembra, por\u00e9m, que o rei teria exigido que Jo\u00e3o violasse o segredo da confiss\u00e3o da rainha, coisa a que ele se negou e, por isso, foi torturado e morto. Depois, \u00e0s escondidas, seu corpo foi jogado nas \u00e1guas do rio Mold\u00e1via, em 16 de maio de 1383.<\/p>\n<p>No dia seguinte, a popula\u00e7\u00e3o percebeu um cad\u00e1ver boiando no rio, circundado por uma luz misteriosa com cinco estrelas. Ao recolh\u00ea-lo, reconheceram que se tratava do capel\u00e3o Jo\u00e3o. A cidade toda, ent\u00e3o, ficou sabendo o que acontecera com ele e reconheceu no rei Venceslau o autor daquela crueldade. Assim, em prociss\u00e3o, o corpo foi levado e enterrado na igreja da Santa Cruz, onde permanece at\u00e9 hoje.<\/p>\n<p>Em 1729, ele foi canonizado. Hoje s\u00e3o Jo\u00e3o Nepomuceno \u00e9 celebrado como o m\u00e1rtir da confiss\u00e3o e venerado por todos os habitantes da cidade de Praga.<\/p>\n<p><em>A Igreja tamb\u00e9m celebra hoje a mem\u00f3ria dos santos: S\u00e3o Sim\u00e3o Stock, Honorato e Lu\u00eds Orione.<\/em><\/p>\n<\/div>\t\t\t\t\t\n            \t<\/div>\n            <\/article>\n                    <\/li>\n        <li class=\"mec-daily-view-date-events mec-util-hidden\" id=\"mec_daily_view_date_events103_20260517\">\n                                        <article>\n                <div class=\"mec-event-content\">\n\t\t\t\t\t<div style=\"width: 100%; display: inline-block; margin-top: 25px;\"><img width=\"1280\" height=\"720\" src=\"https:\/\/franciscanos.org.br\/vidacrista\/wp-content\/uploads\/2018\/05\/bailao.jpg\" class=\"attachment-full size-full wp-post-image\" alt=\"\" decoding=\"async\" data-mec-postid=\"179407\" srcset=\"https:\/\/franciscanos.org.br\/vidacrista\/wp-content\/uploads\/2018\/05\/bailao.jpg 1280w, https:\/\/franciscanos.org.br\/vidacrista\/wp-content\/uploads\/2018\/05\/bailao-450x253.jpg 450w, https:\/\/franciscanos.org.br\/vidacrista\/wp-content\/uploads\/2018\/05\/bailao-1024x576.jpg 1024w, https:\/\/franciscanos.org.br\/vidacrista\/wp-content\/uploads\/2018\/05\/bailao-768x432.jpg 768w, https:\/\/franciscanos.org.br\/vidacrista\/wp-content\/uploads\/2018\/05\/bailao-150x84.jpg 150w\" sizes=\"(max-width: 1280px) 100vw, 1280px\" \/><\/div>\t\t\t\t\n\t\t\t\t\t<h2 class=\"mec-single-title\" style=\"margin-top: 25px;\">S\u00e3o Pascoal Bail\u00e3o<\/h2>\n\t\t\t\t\t\n\t\t\t\t\t<ul class=\"mec-event-sharing\"><li class=\"mec-event-social-icon\"><a class=\"facebook\" href=\"https:\/\/www.facebook.com\/sharer\/sharer.php?u=https:\/\/franciscanos.org.br\/vidacrista\/calendario\/sao-pascoal-bailao\/\" onclick=\"javascript:window.open(this.href, '', 'menubar=no,toolbar=no,resizable=yes,scrollbars=yes,height=500,width=600'); return false;\" title=\"Compartilhar no Facebook\"><i class=\"mec-fa-facebook\"><\/i><\/a><\/li><li class=\"mec-event-social-icon\"><a class=\"google\" href=\"https:\/\/plus.google.com\/share?url=https:\/\/franciscanos.org.br\/vidacrista\/calendario\/sao-pascoal-bailao\/\" onclick=\"javascript:window.open(this.href, '', 'menubar=no,toolbar=no,resizable=yes,scrollbars=yes,height=600,width=500'); return false;\" title=\"Google Plus\"><i class=\"mec-fa-google-plus\"><\/i><\/a><\/li><li class=\"mec-event-social-icon\"><a class=\"twitter\" href=\"https:\/\/twitter.com\/share?url=https:\/\/franciscanos.org.br\/vidacrista\/calendario\/sao-pascoal-bailao\/\" onclick=\"javascript:window.open(this.href, '', 'menubar=no,toolbar=no,resizable=yes,scrollbars=yes,height=600,width=500'); return false;\" target=\"_blank\" title=\"Tweetar\"><i class=\"mec-fa-twitter\"><\/i><\/a><\/li><li class=\"mec-event-social-icon\"><a class=\"linkedin\" href=\"https:\/\/www.linkedin.com\/shareArticle?mini=true&url=https:\/\/franciscanos.org.br\/vidacrista\/calendario\/sao-pascoal-bailao\/\" onclick=\"javascript:window.open(this.href, '', 'menubar=no,toolbar=no,resizable=yes,scrollbars=yes,height=600,width=500'); return false;\" target=\"_blank\" title=\"Linkedin\"><i class=\"mec-fa-linkedin\"><\/i><\/a><\/li><li class=\"mec-event-social-icon\"><a class=\"email\" href=\"mailto:?subject=S\u00e3o Pascoal Bail\u00e3o&body=https%3A%2F%2Ffranciscanos.org.br%2Fvidacrista%2Fcalendario%2Fsao-pascoal-bailao%2F\" title=\"E-mail\"><i class=\"mec-fa-envelope\"><\/i><\/a><\/li><\/ul>\n\n\t\t\t\t\t\t\t\t\t\t\n\t\t\t\t\t<div class=\"mec-single-event-description mec-events-content\"><p>Nasceu\u00a0 em\u00a0 Torre Hermosa, no reino de Arag\u00e3o,\u00a0 na Espanha, filho de\u00a0 Martinho Bail\u00e3o e Isabel Jubera,\u00a0 a 16 de maio de 1540, festa de Pentecostes, chamada de P\u00e1scoa cor de rosa, da\u00ed chamar-se Pascoal.\u00a0 Provinha de uma fam\u00edlia numerosa, pobre e humilde, na qual se vivia, no entanto, profundo esp\u00edrito religioso, devido, sobretudo, \u00e0 m\u00e3e que era devot\u00edssima da Eucaristia.<\/p>\n<p>Bi\u00f3grafos dizem tamb\u00e9m que era muito generosa em dar esmolas aos pobres. Pascoal n\u00e3o p\u00f4de frequentar a escola porque seu pai precisava que ele cuidasse do rebanho, servi\u00e7o que executou com grande dedica\u00e7\u00e3o at\u00e9 mesmo quando este encargo lhe era ocasionalmente conferido por um ou outro pastor.<\/p>\n<p>Executando seu trabalho distante do povoado e da igreja, passava horas inteiras em ora\u00e7\u00e3o, privando-se de alimentos para dominar ou adestrar seu corpo. Era desses que tinha o h\u00e1bito da flagela\u00e7\u00e3o. Longe do ru\u00eddo, nas montanhas, cuidando das ovelhas tinha tempo para rezar, meditar, louvar a Deus e venerar Maria.<\/p>\n<p>De trato am\u00e1vel nos relacionamentos, com sua do\u00e7ura e serenidade, conquistou a\u00a0 amizade de muitos pastores que encontrava nas alturas dos montes e\u00a0 nos vales da Andaluzia e entre os quais come\u00e7ou seu primeiro apostolado com simplicidade e ardor sincero.\u00a0 Procurava pastagens das quais pudesse ver uma igreja em que se conservava a Eucaristia\u00a0 para ador\u00e1-la enquanto seus rebanhos pastavam,\u00a0 como confidenciou ao companheiro de trabalho que haveria de dar este testemunho 18 anos depois de sua santa morte.<\/p>\n<p>Quando completou dezoito anos, em Monteforte del Cid, veio a conhecer os franciscanos do convento de Santa Maria de Loreto.\u00a0 Pensava em poder realizar seu sonho de se tornar religioso. Como isso ainda n\u00e3o lhe era poss\u00edvel\u00a0 aceitou de realizar o trabalho de pastor junto a um rico\u00a0 propriet\u00e1rio de ovelhas,\u00a0 Martino Garcia, que lhe dava a permiss\u00e3o de frequentar o Santu\u00e1rio Mariano e residir junto ao convento franciscano.<\/p>\n<p>Enquanto pastoreava n\u00e3o muito distante do convento ca\u00eda em \u00eaxtase\u00a0 ao som do sino que anunciava a eleva\u00e7\u00e3o no momento da consagra\u00e7\u00e3o . Por fim, a 2 de fevereiro de 1564, j\u00e1 com fama de santidade, pode vestir o h\u00e1bito\u00a0 franciscano e, no ano seguinte, fazer sua profiss\u00e3o religiosa no convento dos frades alcantarinos de Orito, onde permaneceu at\u00e9 1573,\u00a0 dedicando-se a tarefas muito humildes, de modo particular ao mister de porteiro. Muito estimado pela vida de austeridade que levava e favorecido por dons do Esp\u00edrito Santo, entre os quais do dom da sabedoria infusa, o iletrado Pascoal \u2013 que tinha aprendido a ler enquanto pastoreava o rebanho e depois conseguiu apenas escrever alguma coisa, era\u00a0 procurado por pessoas eruditas que vinham se aconselhar com ele.\u00a0 De 1573 at\u00e9 1589, sua vida transcorreu em diferentes conventos da prov\u00edncia de Alicante, passando depois\u00a0 para a Prov\u00edncia de Castellon, no convento de Vila Real.<\/p>\n<p>A obedi\u00eancia o obrigou a fazer uma longa e perigosa viagem at\u00e9 Paris.\u00a0 O Ministro Provincial da Espanha, em 1576,\u00a0 necessitava comunicar-se com urg\u00eancia com o Ministro Geral da Ordem Crist\u00f3v\u00e3o de Cheffontaines.\u00a0 O dito Ministro sabia bem que era dif\u00edcil uma tal viagem no tempo das persegui\u00e7\u00f5es calvinistas. Na verdade, Pascoal foi muito hostilizado e insultado.\u00a0 Em Orleans quase veio a morrer depois de uma discuss\u00e3o a respeito da Eucaristia. Esta n\u00e3o foi a \u00fanica investida contra o frade menor antes que ele chegasse ao seu destino e entregasse\u00a0 a correspond\u00eancia que levava para o Ministro Geral.\u00a0 Voltando desta viagem escreveu um livro com senten\u00e7as (pensamentos), um pequeno tratado ou comp\u00eandio sobre a Eucaristia. Falava, \u00e9 claro, da presen\u00e7a real de Jesus neste sacramento e tamb\u00e9m dos poderes transmitidos ao\u00a0 Papa.<\/p>\n<p>Mereceu ele receber o cognome de \u201cte\u00f3logo da eucaristia\u201d,\u00a0 n\u00e3o somente por ter resolvido as quest\u00f5es dos advers\u00e1rios na Fran\u00e7a, mas tamb\u00e9m pela colet\u00e2nea de escritos que deixou a respeito do Sacramento da Eucaristia que foi sempre o centro de sua intensa vida espiritual e a marca mais\u00a0 evidente de sua vida.\u00a0 Estando sempre \u00e0 disposi\u00e7\u00e3o dos confrades e dos que batiam \u00e0 porta do convento, Pascoal, al\u00e9m disso, continuava a infligir-se penit\u00eancias e com isto debilitou sua sa\u00fade at\u00e9 o limite de capacidade de resist\u00eancia.<\/p>\n<p>Os \u00faltimos anos de vida de Pascoal se transcorreram no convento de Vila Real, em Val\u00eancia, exercendo sempre o of\u00edcio de porteiro e de esmoler, muito estimado por toda a popula\u00e7\u00e3o, de modo especial pelos mais simples e pelas crian\u00e7as. Todos queriam receber a b\u00ean\u00e7\u00e3o do frade ao lhe darem uma pequena oferta. Tudo ia sendo assim feito at\u00e9 o dia em que exercendo seu minist\u00e9rio de esmoler perdeu as for\u00e7as.\u00a0 Compreendendo que estava pr\u00f3xima a sua morte correu ao seu encontro. De fato, veio a falecer\u00a0 no convento do Ros\u00e1rio, a\u00a0 17 de maio de 1592, solenidade de Pentecostes, com a idade de 52 anos.\u00a0 Foram muitos os que vieram dar o \u00faltimo adeus ao piedoso frade.\u00a0 Os bi\u00f3grafos contam, que durante a celebra\u00e7\u00e3o da missa de ex\u00e9quias, no momento da eleva\u00e7\u00e3o do c\u00e1lice e da patena, seu corpo j\u00e1 enrijecido pela morte reabriu os olhos para fixar o p\u00e3o e o vinho da eucaristia\u00a0 dando assim seu \u00faltimo testemunho de apre\u00e7o pelo Sant\u00edssimo Sacramento.<\/p>\n<p>Sua santidade foi confirmada por muitos milagres que espalharam sua fama por todo o mundo cat\u00f3lico.\u00a0 Vinte e seis anos depois, no dia 29 de outubro\u00a0 de 1618, era proclamado bem-aventurado (beato) por Paulo V e a 16 de outubro de 1690,\u00a0 canonizado por Alexandre VIII. O Papa Le\u00e3o XIII, no dia 26 de novembro de 1897, proclamou-o patrono das devo\u00e7\u00f5es eucar\u00edsticas e, pouco depois, tamb\u00e9m dos congressos eucar\u00edsticos internacionais.<\/p>\n<p>Os restos mortais de S\u00e3o Pascoal Bail\u00e3o, venerados em Vila Real, foram profanados e espalhados durante a guerra civil espanhola (1936-39). Parcialmente recuperados\u00a0 foram restitu\u00eddos \u00e0 cidade de Vila Real em 1952.<\/p>\n<p>As imagens do santo sempre o representam pr\u00f3ximo a um ostens\u00f3rio\u00a0 Uns vinte pequenos tratados de sua autoria falam de seu profundo amor pela Eucaristia.<\/p>\n<p><em>(Tradu\u00e7\u00e3o livre da obra\u00a0 Frati Minori Santi e Beati, publica\u00e7\u00e3o da Postula\u00e7\u00e3o Geral da Ordem dos Frades Menores, 2009, p. 253-255)<\/em><\/p>\n<p><em>A Igreja tamb\u00e9m celebra hoje a mem\u00f3ria de Santa Bas\u00edlia.<\/em><\/p>\n<\/div>\t\t\t\t\t\n            \t<\/div>\n            <\/article>\n                    <\/li>\n        <li class=\"mec-daily-view-date-events mec-util-hidden\" id=\"mec_daily_view_date_events103_20260518\">\n                                        <article>\n                <div class=\"mec-event-content\">\n\t\t\t\t\t<div style=\"width: 100%; display: inline-block; margin-top: 25px;\"><img width=\"820\" height=\"449\" src=\"https:\/\/franciscanos.org.br\/vidacrista\/wp-content\/uploads\/2019\/05\/1805-Leonardo-Murialdo.jpg\" class=\"attachment-full size-full wp-post-image\" alt=\"\" decoding=\"async\" data-mec-postid=\"179409\" srcset=\"https:\/\/franciscanos.org.br\/vidacrista\/wp-content\/uploads\/2019\/05\/1805-Leonardo-Murialdo.jpg 820w, https:\/\/franciscanos.org.br\/vidacrista\/wp-content\/uploads\/2019\/05\/1805-Leonardo-Murialdo-450x246.jpg 450w, https:\/\/franciscanos.org.br\/vidacrista\/wp-content\/uploads\/2019\/05\/1805-Leonardo-Murialdo-768x421.jpg 768w, https:\/\/franciscanos.org.br\/vidacrista\/wp-content\/uploads\/2019\/05\/1805-Leonardo-Murialdo-150x82.jpg 150w\" sizes=\"(max-width: 820px) 100vw, 820px\" \/><\/div>\t\t\t\t\n\t\t\t\t\t<h2 class=\"mec-single-title\" style=\"margin-top: 25px;\">S\u00e3o Leonardo Murialdo<\/h2>\n\t\t\t\t\t\n\t\t\t\t\t<ul class=\"mec-event-sharing\"><li class=\"mec-event-social-icon\"><a class=\"facebook\" href=\"https:\/\/www.facebook.com\/sharer\/sharer.php?u=https:\/\/franciscanos.org.br\/vidacrista\/calendario\/sao-leonardo-murialdo\/\" onclick=\"javascript:window.open(this.href, '', 'menubar=no,toolbar=no,resizable=yes,scrollbars=yes,height=500,width=600'); return false;\" title=\"Compartilhar no Facebook\"><i class=\"mec-fa-facebook\"><\/i><\/a><\/li><li class=\"mec-event-social-icon\"><a class=\"google\" href=\"https:\/\/plus.google.com\/share?url=https:\/\/franciscanos.org.br\/vidacrista\/calendario\/sao-leonardo-murialdo\/\" onclick=\"javascript:window.open(this.href, '', 'menubar=no,toolbar=no,resizable=yes,scrollbars=yes,height=600,width=500'); return false;\" title=\"Google Plus\"><i class=\"mec-fa-google-plus\"><\/i><\/a><\/li><li class=\"mec-event-social-icon\"><a class=\"twitter\" href=\"https:\/\/twitter.com\/share?url=https:\/\/franciscanos.org.br\/vidacrista\/calendario\/sao-leonardo-murialdo\/\" onclick=\"javascript:window.open(this.href, '', 'menubar=no,toolbar=no,resizable=yes,scrollbars=yes,height=600,width=500'); return false;\" target=\"_blank\" title=\"Tweetar\"><i class=\"mec-fa-twitter\"><\/i><\/a><\/li><li class=\"mec-event-social-icon\"><a class=\"linkedin\" href=\"https:\/\/www.linkedin.com\/shareArticle?mini=true&url=https:\/\/franciscanos.org.br\/vidacrista\/calendario\/sao-leonardo-murialdo\/\" onclick=\"javascript:window.open(this.href, '', 'menubar=no,toolbar=no,resizable=yes,scrollbars=yes,height=600,width=500'); return false;\" target=\"_blank\" title=\"Linkedin\"><i class=\"mec-fa-linkedin\"><\/i><\/a><\/li><li class=\"mec-event-social-icon\"><a class=\"email\" href=\"mailto:?subject=S\u00e3o Leonardo Murialdo&body=https%3A%2F%2Ffranciscanos.org.br%2Fvidacrista%2Fcalendario%2Fsao-leonardo-murialdo%2F\" title=\"E-mail\"><i class=\"mec-fa-envelope\"><\/i><\/a><\/li><\/ul>\n\n\t\t\t\t\t\t\t\t\t\t\n\t\t\t\t\t<div class=\"mec-single-event-description mec-events-content\"><h4><strong>Fundou a Congrega\u00e7\u00e3o de S\u00e3o Jos\u00e9 (1828-1900).<\/strong><\/h4>\n<p>Leonardo Murialdo nasceu na It\u00e1lia, em 26 de outubro de 1828, e, aos cinco anos, j\u00e1 era \u00f3rf\u00e3o de pai. A fam\u00edlia era abastada, numerosa, profundamente crist\u00e3 e muito tradicional em Turim, sua cidade natal. Isso lhe garantiu uma boa forma\u00e7\u00e3o acad\u00eamica e religiosa. A m\u00e3e, sua primeira educadora, o enviou para Savona, para estudar no col\u00e9gio dos padres Scolapi.<\/p>\n<p>Na adolesc\u00eancia, atravessou uma s\u00e9ria crise de identidade, ficando indeciso entre ser um oficial do rei Carlos Alberto ou engenheiro. Mas a vida dos jovens pobres e \u00f3rf\u00e3os, sem oportunidades e perspectivas, lhe trazia grandes ang\u00fastias e desejava fazer algo por eles. Por isso Leonardo escolheu o caminho do sacerd\u00f3cio e da caridade para aplacar essa grande inquieta\u00e7\u00e3o de sua alma. Com muito estudo, tornou-se doutor em teologia, em 1850, e depois foi ordenado sacerdote, em 1851.<\/p>\n<p>Seus primeiros anos de minist\u00e9rio se distinguiram pela dedica\u00e7\u00e3o \u00e0 catequese das crian\u00e7as e \u00e0 cria\u00e7\u00e3o de v\u00e1rios orfanatos dedicados aos jovens pobres da periferia, aos \u00f3rf\u00e3os e abandonados. A sua mentalidade aberta e o trabalho voltado \u00e0 juventude lhe trouxeram o convite para ser reitor do Col\u00e9gio de Jovens Artes\u00e3os, o qual aceitou com amor.<\/p>\n<p>Na dire\u00e7\u00e3o do col\u00e9gio, Leonardo instaurou um clima de moralidade, harmonia, forma\u00e7\u00e3o religiosa e disciplina familiar, apoiado por competentes colaboradores, leigos e religiosos. Com essa pol\u00edtica, assegurou a muitos jovens o acesso a uma adequada forma\u00e7\u00e3o crist\u00e3, cultural e profissional. Ali, os jovens, assistidos de perto por Leonardo, ingressavam com a idade de oito anos e recebiam forma\u00e7\u00e3o at\u00e9 os vinte e quatro anos, quando conseguiam um trabalho qualificado.<\/p>\n<p>O \u00eaxito da sua pedagogia do amor fez com que o pequeno col\u00e9gio crescesse em tamanho e em express\u00e3o. Surgiram, de v\u00e1rias partes da It\u00e1lia, solicita\u00e7\u00f5es para a cria\u00e7\u00e3o desses col\u00e9gios de apoio \u00e0 juventude. Nesse momento, Leonardo criou a Pia Sociedade Turinense de S\u00e3o Jos\u00e9, mais conhecida como Congrega\u00e7\u00e3o de S\u00e3o Jos\u00e9, que se espalhou pela Europa, \u00c1frica e Am\u00e9ricas.<\/p>\n<p>A entrega total a essa miss\u00e3o e as extenuantes horas de trabalho lhe custaram graves danos \u00e0 sa\u00fade. Em 30 de mar\u00e7o de 1900, depois de v\u00e1rias crises de pneumonia, Leonardo morreu. Em 1970, foi canonizado pelo papa S\u00e3o Paulo VI. A festa de S\u00e3o Leonardo Murialdo foi designada para o dia 18 de maio.<\/p>\n<p><em>A Igreja tamb\u00e9m celebra hoje a mem\u00f3ria dos santos:\u00a0 Jo\u00e3o I, F\u00e9lix de Cantal\u00edcio e Cl\u00e1udia.<\/em><\/p>\n<\/div>\t\t\t\t\t\n            \t<\/div>\n            <\/article>\n                    <\/li>\n        <li class=\"mec-daily-view-date-events mec-util-hidden\" id=\"mec_daily_view_date_events103_20260519\">\n                                        <article>\n                <div class=\"mec-event-content\">\n\t\t\t\t\t<div style=\"width: 100%; display: inline-block; margin-top: 25px;\"><img width=\"820\" height=\"450\" src=\"https:\/\/franciscanos.org.br\/vidacrista\/wp-content\/uploads\/2019\/05\/1905-Celestino-V.jpg\" class=\"attachment-full size-full wp-post-image\" alt=\"\" decoding=\"async\" data-mec-postid=\"179411\" srcset=\"https:\/\/franciscanos.org.br\/vidacrista\/wp-content\/uploads\/2019\/05\/1905-Celestino-V.jpg 820w, https:\/\/franciscanos.org.br\/vidacrista\/wp-content\/uploads\/2019\/05\/1905-Celestino-V-450x247.jpg 450w, https:\/\/franciscanos.org.br\/vidacrista\/wp-content\/uploads\/2019\/05\/1905-Celestino-V-768x421.jpg 768w, https:\/\/franciscanos.org.br\/vidacrista\/wp-content\/uploads\/2019\/05\/1905-Celestino-V-150x82.jpg 150w\" sizes=\"(max-width: 820px) 100vw, 820px\" \/><\/div>\t\t\t\t\n\t\t\t\t\t<h2 class=\"mec-single-title\" style=\"margin-top: 25px;\">S\u00e3o Celestino V<\/h2>\n\t\t\t\t\t\n\t\t\t\t\t<ul class=\"mec-event-sharing\"><li class=\"mec-event-social-icon\"><a class=\"facebook\" href=\"https:\/\/www.facebook.com\/sharer\/sharer.php?u=https:\/\/franciscanos.org.br\/vidacrista\/calendario\/sao-celestino-v\/\" onclick=\"javascript:window.open(this.href, '', 'menubar=no,toolbar=no,resizable=yes,scrollbars=yes,height=500,width=600'); return false;\" title=\"Compartilhar no Facebook\"><i class=\"mec-fa-facebook\"><\/i><\/a><\/li><li class=\"mec-event-social-icon\"><a class=\"google\" href=\"https:\/\/plus.google.com\/share?url=https:\/\/franciscanos.org.br\/vidacrista\/calendario\/sao-celestino-v\/\" onclick=\"javascript:window.open(this.href, '', 'menubar=no,toolbar=no,resizable=yes,scrollbars=yes,height=600,width=500'); return false;\" title=\"Google Plus\"><i class=\"mec-fa-google-plus\"><\/i><\/a><\/li><li class=\"mec-event-social-icon\"><a class=\"twitter\" href=\"https:\/\/twitter.com\/share?url=https:\/\/franciscanos.org.br\/vidacrista\/calendario\/sao-celestino-v\/\" onclick=\"javascript:window.open(this.href, '', 'menubar=no,toolbar=no,resizable=yes,scrollbars=yes,height=600,width=500'); return false;\" target=\"_blank\" title=\"Tweetar\"><i class=\"mec-fa-twitter\"><\/i><\/a><\/li><li class=\"mec-event-social-icon\"><a class=\"linkedin\" href=\"https:\/\/www.linkedin.com\/shareArticle?mini=true&url=https:\/\/franciscanos.org.br\/vidacrista\/calendario\/sao-celestino-v\/\" onclick=\"javascript:window.open(this.href, '', 'menubar=no,toolbar=no,resizable=yes,scrollbars=yes,height=600,width=500'); return false;\" target=\"_blank\" title=\"Linkedin\"><i class=\"mec-fa-linkedin\"><\/i><\/a><\/li><li class=\"mec-event-social-icon\"><a class=\"email\" href=\"mailto:?subject=S\u00e3o Celestino V&body=https%3A%2F%2Ffranciscanos.org.br%2Fvidacrista%2Fcalendario%2Fsao-celestino-v%2F\" title=\"E-mail\"><i class=\"mec-fa-envelope\"><\/i><\/a><\/li><\/ul>\n\n\t\t\t\t\t\t\t\t\t\t\n\t\t\t\t\t<div class=\"mec-single-event-description mec-events-content\"><p>Pedro nasceu em 1215, na prov\u00edncia de Isernia, It\u00e1lia, de pais camponeses com muitos filhos. Segundo os escritos, decidiu que seria religioso aos seis anos de idade, quando revelou esse desejo \u00e0 m\u00e3e. Cresceu estudando com os beneditinos de Faifoli. Assim que terminou os estudos, retirou-se para um local ermo, onde viveu por alguns anos.<\/p>\n<p>Depois foi para Roma, recebendo o sacerd\u00f3cio em 1239. Entrou para a Ordem beneditina e, com licen\u00e7a do abade, voltou para a vida de eremita. Assumiu, ent\u00e3o, o nome de Pedro de Morrone, pois foi viver no sop\u00e9 do morro do mesmo nome, onde levantou uma cela, vivendo de penit\u00eancias e ora\u00e7\u00f5es contemplativas.<\/p>\n<p>Em 1251, fundou, com a colabora\u00e7\u00e3o de dois companheiros, um convento. Rapidamente, sob a dire\u00e7\u00e3o de Pedro, o convento abrigava cada vez mais seguidores. Assim, ele fundou uma nova Ordem, mais tarde chamada \u201cdos Celestinos\u201d, conseguindo, pessoalmente, a aprova\u00e7\u00e3o do papa Le\u00e3o IX, em 1273.<\/p>\n<p>Em 1292, morreu o papa Nicolau V e, ap\u00f3s um conclave que durou dois anos, ainda n\u00e3o se tinha chegado a um consenso para sua sucess\u00e3o. Nessa ocasi\u00e3o, receberam uma carta contendo uma dura reprova\u00e7\u00e3o por esse comportamento, pois a Igreja precisava logo de um chefe. A carta era de Pedro de Morrone e os cardeais decidiram que ele seria o novo papa, sendo eleito em 1294 com o nome de Celestino V. Entretanto, a sua escolha foi pol\u00edtica e por press\u00e3o de Carlos II, rei de N\u00e1poles. Com temperamento para a vida contemplativa e n\u00e3o para a de governan\u00e7a, o erro de estrat\u00e9gia logo foi percebido pelos cardeais.<\/p>\n<p>Pedro Celestino exerceu o papado durante um per\u00edodo cheio de intrigas, crises e momentos dif\u00edceis. Reconhecendo-se deslocado, renunciou em favor do papa Bonif\u00e1cio VIII, seu sucessor. Isso gerou nova crise, com o poder civil amea\u00e7ando n\u00e3o reconhecer nem a ren\u00fancia, nem o novo sumo pont\u00edfice. Para n\u00e3o gerar um cisma na Igreja, Pedro Celestino aceitou, humildemente, ficar prisioneiro no castelo Fumone. Ali permaneceu at\u00e9 sua morte.<\/p>\n<p>Dez meses depois de seu confinamento, Pedro Celestino teve uma vis\u00e3o e ficou sabendo o dia de sua morte. Assim, recebeu os santos sacramentos e aguardou por ela, que chegou exatamente no dia e momento previstos: 19 de maio de 1296. Logo, talvez pelo desejo de uma repara\u00e7\u00e3o, a Igreja declarou santo o papa Pedro Celestino, j\u00e1 em 1313.<\/p>\n<p>A Ordem dos Celestinos continuou se espalhando e crescendo, chegando a atingir, al\u00e9m da It\u00e1lia, a Fran\u00e7a, a Alemanha e a Holanda. Mas, depois da Revolu\u00e7\u00e3o Francesa, sobraram poucos conventos da Ordem na Europa.<\/p>\n<p><em>A Igreja tamb\u00e9m celebra hoje a mem\u00f3ria dos santos: Prudenciana e Ivo.<\/em><\/p>\n<\/div>\t\t\t\t\t\n            \t<\/div>\n            <\/article>\n                    <\/li>\n        <li class=\"mec-daily-view-date-events mec-util-hidden\" id=\"mec_daily_view_date_events103_20260520\">\n                                        <article>\n                <div class=\"mec-event-content\">\n\t\t\t\t\t<div style=\"width: 100%; display: inline-block; margin-top: 25px;\"><img width=\"820\" height=\"450\" src=\"https:\/\/franciscanos.org.br\/vidacrista\/wp-content\/uploads\/2019\/05\/2005-bernardino-sena.jpg\" class=\"attachment-full size-full wp-post-image\" alt=\"\" decoding=\"async\" data-mec-postid=\"179413\" srcset=\"https:\/\/franciscanos.org.br\/vidacrista\/wp-content\/uploads\/2019\/05\/2005-bernardino-sena.jpg 820w, https:\/\/franciscanos.org.br\/vidacrista\/wp-content\/uploads\/2019\/05\/2005-bernardino-sena-450x247.jpg 450w, https:\/\/franciscanos.org.br\/vidacrista\/wp-content\/uploads\/2019\/05\/2005-bernardino-sena-768x421.jpg 768w, https:\/\/franciscanos.org.br\/vidacrista\/wp-content\/uploads\/2019\/05\/2005-bernardino-sena-150x82.jpg 150w\" sizes=\"(max-width: 820px) 100vw, 820px\" \/><\/div>\t\t\t\t\n\t\t\t\t\t<h2 class=\"mec-single-title\" style=\"margin-top: 25px;\">S\u00e3o Bernardino de Sena<\/h2>\n\t\t\t\t\t\n\t\t\t\t\t<ul class=\"mec-event-sharing\"><li class=\"mec-event-social-icon\"><a class=\"facebook\" href=\"https:\/\/www.facebook.com\/sharer\/sharer.php?u=https:\/\/franciscanos.org.br\/vidacrista\/calendario\/sao-bernardino-de-sena\/\" onclick=\"javascript:window.open(this.href, '', 'menubar=no,toolbar=no,resizable=yes,scrollbars=yes,height=500,width=600'); return false;\" title=\"Compartilhar no Facebook\"><i class=\"mec-fa-facebook\"><\/i><\/a><\/li><li class=\"mec-event-social-icon\"><a class=\"google\" href=\"https:\/\/plus.google.com\/share?url=https:\/\/franciscanos.org.br\/vidacrista\/calendario\/sao-bernardino-de-sena\/\" onclick=\"javascript:window.open(this.href, '', 'menubar=no,toolbar=no,resizable=yes,scrollbars=yes,height=600,width=500'); return false;\" title=\"Google Plus\"><i class=\"mec-fa-google-plus\"><\/i><\/a><\/li><li class=\"mec-event-social-icon\"><a class=\"twitter\" href=\"https:\/\/twitter.com\/share?url=https:\/\/franciscanos.org.br\/vidacrista\/calendario\/sao-bernardino-de-sena\/\" onclick=\"javascript:window.open(this.href, '', 'menubar=no,toolbar=no,resizable=yes,scrollbars=yes,height=600,width=500'); return false;\" target=\"_blank\" title=\"Tweetar\"><i class=\"mec-fa-twitter\"><\/i><\/a><\/li><li class=\"mec-event-social-icon\"><a class=\"linkedin\" href=\"https:\/\/www.linkedin.com\/shareArticle?mini=true&url=https:\/\/franciscanos.org.br\/vidacrista\/calendario\/sao-bernardino-de-sena\/\" onclick=\"javascript:window.open(this.href, '', 'menubar=no,toolbar=no,resizable=yes,scrollbars=yes,height=600,width=500'); return false;\" target=\"_blank\" title=\"Linkedin\"><i class=\"mec-fa-linkedin\"><\/i><\/a><\/li><li class=\"mec-event-social-icon\"><a class=\"email\" href=\"mailto:?subject=S\u00e3o Bernardino de Sena&body=https%3A%2F%2Ffranciscanos.org.br%2Fvidacrista%2Fcalendario%2Fsao-bernardino-de-sena%2F\" title=\"E-mail\"><i class=\"mec-fa-envelope\"><\/i><\/a><\/li><\/ul>\n\n\t\t\t\t\t\t\t\t\t\t\n\t\t\t\t\t<div class=\"mec-single-event-description mec-events-content\"><p>Na It\u00e1lia, Bernardino nasceu na nobre fam\u00edlia senense dos Albizzeschi, em 8 de setembro de 1380, na pequena Massa Mar\u00edtima, em Carrara. Ficou \u00f3rf\u00e3o da m\u00e3e quando tinha tr\u00eas anos e do pai aos sete, sendo criado na cidade de Sena por duas tias extremamente religiosas, que o levaram a descobrir a devo\u00e7\u00e3o a Nossa Senhora e a Jesus Cristo.<\/p>\n<p>Depois de estudar na Universidade de Sena, formando-se aos vinte e dois anos, abandonou a vida mundana e ingressou na Ordem de S\u00e3o Francisco, cujas regras abra\u00e7ou de forma entusiasmada e fiel. Apoiando o movimento chamado \u201cobserv\u00e2ncia\u201d, que se firmava entre os franciscanos, no rigor da pr\u00e1tica da pobreza vivida por s\u00e3o Francisco de Assis, acabou sendo eleito vig\u00e1rio geral de todos os conventos dos franciscanos da observ\u00e2ncia.<\/p>\n<p>Aos trinta e cinco anos de idade, come\u00e7ou o apostolado da prega\u00e7\u00e3o, exercido at\u00e9 a morte. E foi o mais brilhante de sua \u00e9poca. Viajou por toda a It\u00e1lia ensinando o Evangelho, com seus discursos sendo taquigrafados por um disc\u00edpulo com um m\u00e9todo inventado por ele. O seu legado nos chegou integralmente e seu estilo r\u00e1pido, bem acess\u00edvel, leve e contundente, se manteve atual at\u00e9 os nossos dias. Os temas frequentes sobre a caridade, humildade, conc\u00f3rdia e justi\u00e7a, traziam palavras dur\u00edssimas para os que \u201crenegam a Deus por uma cabe\u00e7a de alho\u201d e pelas \u201cferas de garras compridas que roem os ossos dos pobres\u201d.<\/p>\n<p>Naquela \u00e9poca, a Europa vivia grandes calamidades, como a peste e as divis\u00f5es das fac\u00e7\u00f5es pol\u00edticas e religiosas, que provocavam morte e destrui\u00e7\u00e3o. Por onde passava, Bernardino restitu\u00eda a paz, com sua prega\u00e7\u00e3o insuper\u00e1vel, ardente, empolgante, at\u00e9 mesmo usando de recursos dram\u00e1ticos, como as fogueiras onde queimava livros impr\u00f3prios, em pra\u00e7a p\u00fablica. Al\u00e9m disso, como era grande devoto de Jesus, ele trazia as iniciais JHS \u2013 Jesus Salvador dos Homens -, entalhadas num quadro de madeira, que oferecia para ser beijado pelos fi\u00e9is ap\u00f3s discursar.<\/p>\n<p>As prega\u00e7\u00f5es e penit\u00eancias constantes, a fraca alimenta\u00e7\u00e3o e pouco repouso enfraqueciam cada vez mais o seu f\u00edsico j\u00e1 envelhecido, mas ele nunca parava. Aos sessenta e quatro anos de idade, Bernardino morreu no convento de \u00c1quila, no dia 20 de maio de 1444. S\u00f3 assim ele parou de pregar.<\/p>\n<p>Tamanha foi a impress\u00e3o causada por essa vida fiel a Deus que, apenas seis anos depois, em 1450, foi canonizado. S\u00e3o Bernardino de Sena \u00e9 o patrono dos publicit\u00e1rios italianos e de todo o mundo.<\/p>\n<p><em>A Igreja tamb\u00e9m celebra hoje a mem\u00f3ria dos santos: Columbano de Rieti e Austreg\u00e9silo.<\/em><\/p>\n<\/div>\t\t\t\t\t\n            \t<\/div>\n            <\/article>\n                    <\/li>\n        <li class=\"mec-daily-view-date-events mec-util-hidden\" id=\"mec_daily_view_date_events103_20260521\">\n                                        <article>\n                <div class=\"mec-event-content\">\n\t\t\t\t\t<div style=\"width: 100%; display: inline-block; margin-top: 25px;\"><img width=\"820\" height=\"450\" src=\"https:\/\/franciscanos.org.br\/vidacrista\/wp-content\/uploads\/2019\/05\/2105-catarina-genova.jpg\" class=\"attachment-full size-full wp-post-image\" alt=\"\" decoding=\"async\" data-mec-postid=\"179415\" srcset=\"https:\/\/franciscanos.org.br\/vidacrista\/wp-content\/uploads\/2019\/05\/2105-catarina-genova.jpg 820w, https:\/\/franciscanos.org.br\/vidacrista\/wp-content\/uploads\/2019\/05\/2105-catarina-genova-450x247.jpg 450w, https:\/\/franciscanos.org.br\/vidacrista\/wp-content\/uploads\/2019\/05\/2105-catarina-genova-768x421.jpg 768w, https:\/\/franciscanos.org.br\/vidacrista\/wp-content\/uploads\/2019\/05\/2105-catarina-genova-150x82.jpg 150w\" sizes=\"(max-width: 820px) 100vw, 820px\" \/><\/div>\t\t\t\t\n\t\t\t\t\t<h2 class=\"mec-single-title\" style=\"margin-top: 25px;\">Santa Catarina de G\u00eanova<\/h2>\n\t\t\t\t\t\n\t\t\t\t\t<ul class=\"mec-event-sharing\"><li class=\"mec-event-social-icon\"><a class=\"facebook\" href=\"https:\/\/www.facebook.com\/sharer\/sharer.php?u=https:\/\/franciscanos.org.br\/vidacrista\/calendario\/santa-catarina-de-genova\/\" onclick=\"javascript:window.open(this.href, '', 'menubar=no,toolbar=no,resizable=yes,scrollbars=yes,height=500,width=600'); return false;\" title=\"Compartilhar no Facebook\"><i class=\"mec-fa-facebook\"><\/i><\/a><\/li><li class=\"mec-event-social-icon\"><a class=\"google\" href=\"https:\/\/plus.google.com\/share?url=https:\/\/franciscanos.org.br\/vidacrista\/calendario\/santa-catarina-de-genova\/\" onclick=\"javascript:window.open(this.href, '', 'menubar=no,toolbar=no,resizable=yes,scrollbars=yes,height=600,width=500'); return false;\" title=\"Google Plus\"><i class=\"mec-fa-google-plus\"><\/i><\/a><\/li><li class=\"mec-event-social-icon\"><a class=\"twitter\" href=\"https:\/\/twitter.com\/share?url=https:\/\/franciscanos.org.br\/vidacrista\/calendario\/santa-catarina-de-genova\/\" onclick=\"javascript:window.open(this.href, '', 'menubar=no,toolbar=no,resizable=yes,scrollbars=yes,height=600,width=500'); return false;\" target=\"_blank\" title=\"Tweetar\"><i class=\"mec-fa-twitter\"><\/i><\/a><\/li><li class=\"mec-event-social-icon\"><a class=\"linkedin\" href=\"https:\/\/www.linkedin.com\/shareArticle?mini=true&url=https:\/\/franciscanos.org.br\/vidacrista\/calendario\/santa-catarina-de-genova\/\" onclick=\"javascript:window.open(this.href, '', 'menubar=no,toolbar=no,resizable=yes,scrollbars=yes,height=600,width=500'); return false;\" target=\"_blank\" title=\"Linkedin\"><i class=\"mec-fa-linkedin\"><\/i><\/a><\/li><li class=\"mec-event-social-icon\"><a class=\"email\" href=\"mailto:?subject=Santa Catarina de G\u00eanova&body=https%3A%2F%2Ffranciscanos.org.br%2Fvidacrista%2Fcalendario%2Fsanta-catarina-de-genova%2F\" title=\"E-mail\"><i class=\"mec-fa-envelope\"><\/i><\/a><\/li><\/ul>\n\n\t\t\t\t\t\t\t\t\t\t\n\t\t\t\t\t<div class=\"mec-single-event-description mec-events-content\"><p>Catarina nasceu em G\u00eanova, em 1447; \u00faltima de cinco filhos, perdeu o pai, Giacomo Fieschi, em sua inf\u00e2ncia. A m\u00e3e, Francesca di Negro, educou seus filhos como crist\u00e3os, tanto \u00e9 assim que a filha mais velha se tornou freira aos dezesseis anos. Catarina foi casada com Giuliano Adorno, um homem que, depois de anos de experi\u00eancia na \u00e1rea do com\u00e9rcio e no mundo militar do Oriente M\u00e9dio, voltou a G\u00eanova para se casar. A vida conjugal n\u00e3o foi f\u00e1cil, especialmente pelo temperamento do marido, que gostava de jogos de azar. A pr\u00f3pria Catarina foi induzida, no come\u00e7o, a levar um tipo de vida mundana, na qual n\u00e3o conseguiu encontrar a serenidade. Depois de dez anos, em seu cora\u00e7\u00e3o havia um profundo sentimento de vazio e amargura.<\/p>\n<p>Sua convers\u00e3o come\u00e7ou em 20 de marco de 1473, gra\u00e7as a uma ins\u00f3lita experi\u00eancia. Catarina foi \u00e0 igreja de S\u00e3o Bento e ao Mosteiro de Nossa Senhora das Gra\u00e7as para confessar-se e, ajoelhando-se diante do sacerdote, \u201crecebi \u2013 escreve ela \u2013 uma ferida no cora\u00e7\u00e3o, do imenso amor de Deus\u201d; e foi t\u00e3o clara a vis\u00e3o de suas mis\u00e9rias e defeitos, e ainda, da bondade de Deus, que ela quase desmaiou. Foi ferida no cora\u00e7\u00e3o com o conhecimento de si mesma, da vida que levava e da bondade de Deus. A partir dessa experi\u00eancia, nasceu a decis\u00e3o que orientou toda a sua vida e que, expressa em palavras, foi: \u201cN\u00e3o mais mundo, n\u00e3o mais pecado\u201d (cf. Vita mirabile, 3rv). Catarina, ent\u00e3o, interrompeu a confiss\u00e3o foi embora. Quando ela voltou para casa, foi ao quarto mais distante e refletiu por um longo tempo. Nesse momento, ela foi instru\u00edda interiormente sobre a ora\u00e7\u00e3o e teve consci\u00eancia do amor de Deus por ela, de que ela era pecadora, uma experi\u00eancia espiritual que n\u00e3o conseguia expressar em palavras (cf. Vita mirabile, 4r). Foi nesse momento que Jesus lhe apareceu como sofredor, carregando a cruz, como muitas vezes foi representado na iconografia da santa. Poucos dias depois, ela voltou a buscar o sacerdote para realizar, finalmente, uma boa confiss\u00e3o. Come\u00e7ou a\u00ed a \u201cvida de purifica\u00e7\u00e3o\u201d que, durante muito tempo, fez com que ela sofresse uma dor constante pelos pecados cometidos e a levou a impor-lhe sacrif\u00edcios e penit\u00eancias para mostrar seu amor a Deus.<\/p>\n<p>Nesse caminho, Catarina ia ficando cada vez mais perto do Senhor, at\u00e9 entrar no que \u00e9 conhecido como \u201ca via unitiva\u201d, ou seja, uma rela\u00e7\u00e3o de profunda uni\u00e3o com Deus. Na Vita, est\u00e1 escrito que sua alma era guiada e amestrada somente pelo doce amor de Deus, que lhe dava tudo de que ela precisava. Catarina se abandonou de tal forma nas m\u00e3os de Deus, que viveu, durante quase 25 anos, como ela escreveu, \u201csem qualquer criatura, instru\u00edda e governada apenas por Deus\u201d (Vita, 117r-118r), nutrida principalmente pela ora\u00e7\u00e3o constante e pela Santa Comunh\u00e3o recebida todos os dias, algo incomum naquela \u00e9poca. Foi somente anos mais tarde que o Senhor deu-lhe um sacerdote para cuidar de sua alma.<\/p>\n<p>Catarina sempre relutou em confiar e expressar a sua experi\u00eancia de comunh\u00e3o m\u00edstica com Deus, sobretudo pela profunda humildade que sentia frente \u00e0s gra\u00e7as do Senhor. Foi somente a partir da perspectiva de dar-lhe gl\u00f3ria e poder ajudar os outros em seu caminho espiritual, que ela aceitou contar o que lhe tinha acontecido na \u00e9poca de sua convers\u00e3o, que \u00e9 sua experi\u00eancia original e fundamental.<\/p>\n<p>O lugar da sua ascens\u00e3o m\u00edstica aos cumes foi o hospital de Pammatone, o maior complexo hospitalar de G\u00eanova, do qual foi diretora e promotora. Portanto, Catarina viveu uma exist\u00eancia totalmente ativa, apesar da profundidade de sua vida interior. Em Pammatone, formou-se ao seu redor um grupo de seguidores, disc\u00edpulos e colaboradores, fascinados pela sua vida de f\u00e9 e por sua caridade. Ela conseguiu que seu pr\u00f3prio marido, Giuliano Adorno, deixasse a vida dissipada, se tornasse terci\u00e1rio franciscano e se transferisse para o hospital para ajudar sua esposa. A participa\u00e7\u00e3o de Catarina no cuidado dos doentes continuou at\u00e9 os \u00faltimos dias de sua jornada terrena, em 15 de setembro de 1510. De sua convers\u00e3o at\u00e9 sua morte, n\u00e3o houve acontecimentos extraordin\u00e1rios, somente dois elementos caracterizaram sua vida inteira: por um lado, a experi\u00eancia m\u00edstica, ou seja, a uni\u00e3o profunda com Deus, vivida como uma uni\u00e3o esponsal; e, por outro, a assist\u00eancia aos doentes, a organiza\u00e7\u00e3o do hospital, o servi\u00e7o ao pr\u00f3ximo, especialmente aos mais abandonados e necessitados. Esses dois polos \u2013 Deus e o pr\u00f3ximo \u2013 preencheram toda sua vida, transcorrida praticamente dentro dos muros do hospital.<\/p>\n<p>Queridos amigos, n\u00e3o devemos esquecer que, quanto mais amamos a Deus e somos constantes na ora\u00e7\u00e3o, mais amaremos verdadeiramente quem est\u00e1 ao nosso redor, quem est\u00e1 perto de n\u00f3s, porque seremos capazes de ver em cada pessoa o rosto do Senhor, que ama sem limites nem distin\u00e7\u00f5es. A m\u00edstica n\u00e3o cria dist\u00e2ncias com rela\u00e7\u00e3o ao outro, n\u00e3o cria uma vida abstrata, mas sim aproxima dos outros, porque se come\u00e7a a ver e agir com os olhos, com o cora\u00e7\u00e3o de Deus.<\/p>\n<p>O pensamento de Catarina sobre o purgat\u00f3rio, pelo qual \u00e9 particularmente conhecida, est\u00e1 condensado nas duas \u00faltimas partes do livro citado no in\u00edcio: o Tratado sobre o purgat\u00f3rio e o Di\u00e1logo entre a alma e o corpo. \u00c9 importante notar que a Catarina, em sua experi\u00eancia m\u00edstica, nunca teve revela\u00e7\u00f5es espec\u00edficas sobre o purgat\u00f3rio ou sobre as almas que est\u00e3o sendo purificadas nele. No entanto, nos escritos inspirados por nossa santa, \u00e9 um elemento central, e a maneira de descrever isso tem caracter\u00edsticas originais com rela\u00e7\u00e3o \u00e0 sua \u00e9poca. O primeiro tra\u00e7o original diz respeito ao \u201clugar\u201d da purifica\u00e7\u00e3o das almas. Em sua \u00e9poca, representava-se o purgat\u00f3rio principalmente com o uso de imagens ligadas ao espa\u00e7o: pensava-se em uma determinada \u00e1rea, onde se encontraria o purgat\u00f3rio. Em Catarina, no entanto, o purgat\u00f3rio n\u00e3o \u00e9 apresentado como um elemento da paisagem das entranhas da terra: \u00e9 um fogo interior, n\u00e3o exterior. Isso \u00e9 o purgat\u00f3rio, um fogo interior. A santa fala do caminho de purifica\u00e7\u00e3o da alma at\u00e9 a comunh\u00e3o com Deus, partindo de sua pr\u00f3pria experi\u00eancia de profunda dor pelos pecados cometidos, em contraste com o amor infinito de Deus (cf. Vita mirabile, 171v).<\/p>\n<p>Ouvimos sobre o momento da convers\u00e3o, em que Catarina sente de repente a bondade de Deus, a dist\u00e2ncia infinita de sua pr\u00f3pria vida dessa bondade e um fogo abrasador dentro dela. E este \u00e9 o fogo que purifica, \u00e9 o fogo interior do purgat\u00f3rio. Tamb\u00e9m aqui h\u00e1 uma caracter\u00edstica original com rela\u00e7\u00e3o ao pensamento da \u00e9poca. N\u00e3o se parte, de fato, do Al\u00e9m para narrar os tormentos do purgat\u00f3rio \u2013 como era costume na \u00e9poca e talvez ainda hoje \u2013 e, em seguida, apontar o caminho para a purifica\u00e7\u00e3o ou a convers\u00e3o, mas a nossa santa parte da experi\u00eancia interior e pessoal de sua vida no caminho rumo \u00e0 eternidade. A alma \u2013 diz Catarina \u2013 \u00e9 apresentada a Deus ainda vinculada aos desejos e dores decorrentes do pecado, e isso lhe torna imposs\u00edvel gozar da vis\u00e3o beat\u00edfica de Deus. Catarina afirma que Deus \u00e9 t\u00e3o puro e santo, que a alma, com as manchas do pecado, n\u00e3o pode se encontrar na presen\u00e7a da divina majestade (cf. Vita mirabile, 177r). E tamb\u00e9m n\u00f3s percebemos qu\u00e3o afastados nos encontramos, como estamos cheios de muitas coisas, de modo que n\u00e3o podemos ver Deus. A alma \u00e9 consciente do imenso amor e da perfeita justi\u00e7a de Deus e, portanto, sofre por n\u00e3o ter respondido correta e perfeitamente a esse amor e, por isso, o pr\u00f3prio amor a Deus torna-se uma chama, o pr\u00f3prio amor a purifica das suas esc\u00f3rias de pecado.<\/p>\n<p>Em Catarina se percebe a presen\u00e7a de fontes teol\u00f3gicas e m\u00edsticas \u00e0s quais era normal recorrer em sua \u00e9poca. Em particular, h\u00e1 uma imagem de Dion\u00edsio, o Areopagita, a do fio de ouro que une o cora\u00e7\u00e3o humano com o pr\u00f3prio Deus. Quando Deus purifica o homem, Ele o ata com um fio fin\u00edssimo de ouro, que \u00e9 o seu amor, e o atrai a si com um carinho t\u00e3o forte, que o homem permanece como \u201csuperado, vencido e todo fora de si mesmo\u201d. Assim, o cora\u00e7\u00e3o humano \u00e9 invadido pelo amor de Deus, que se torna o \u00fanico guia, o \u00fanico motor da sua exist\u00eancia (cf. Vita mirabile, 246rv). Essa situa\u00e7\u00e3o de eleva\u00e7\u00e3o at\u00e9 Deus e de abandono \u00e0 sua vontade, expressa na imagem do fio, \u00e9 utilizada por Catarina para exprimir a a\u00e7\u00e3o da luz divina sobre as almas do purgat\u00f3rio, luz que as purifica e as eleva aos esplendores dos raios resplandecentes de Deus (cf.Vita mirabile, 179r).<\/p>\n<p>Caros amigos, os santos, em sua experi\u00eancia de uni\u00e3o com Deus, chegaram a um \u201csaber\u201d t\u00e3o profundo dos mist\u00e9rios divinos, no qual o amor e o conhecimento se compenetram, que s\u00e3o de ajuda para os pr\u00f3prios te\u00f3logos na sua tarefa de estudo,\u00a0<em>de intelligentia fidei, de intelligentia<\/em>\u00a0dos mist\u00e9rios da f\u00e9, do aprofundamento real nos mist\u00e9rios, por exemplo, sobre o que \u00e9 o purgat\u00f3rio.<\/p>\n<p>Com sua vida, Catarina nos ensina que, quanto mais amamos a Deus e entramos em intimidade com Ele na ora\u00e7\u00e3o, mais Ele se deixa conhecer e acende nosso cora\u00e7\u00e3o com seu amor. Escrevendo sobre o purgat\u00f3rio, a santa nos recorda uma verdade fundamental da f\u00e9 que se torna para n\u00f3s um convite a rezar pelos defuntos, para que possam chegar \u00e0 vis\u00e3o beat\u00edfica de Deus, na comunh\u00e3o dos santos (cf. Catecismo da Igreja Cat\u00f3lica, 1032). O servi\u00e7o humilde, fiel e generoso, que a santa prestou durante toda a sua vida no hospital de Pammatone, tamb\u00e9m \u00e9 um brilhante exemplo de caridade para com todos e um incentivo especial para as mulheres que d\u00e3o um contributo essencial para a sociedade e para Igreja com sua bel\u00edssima obra, enriquecida por sua sensibilidade e pela aten\u00e7\u00e3o aos mais pobres e necessitados.<\/p>\n<p><strong>Papa Bento XVI<\/strong><\/p>\n<p><em>A Igreja tamb\u00e9m celebra hoje a mem\u00f3ria dos santos: Crist\u00f3foro Magalh\u00e3es, Sin\u00e9sio, Benvenuto e Valente<\/em><\/p>\n<\/div>\t\t\t\t\t\n            \t<\/div>\n            <\/article>\n                    <\/li>\n        <li class=\"mec-daily-view-date-events mec-util-hidden\" id=\"mec_daily_view_date_events103_20260522\">\n                                        <article>\n                <div class=\"mec-event-content\">\n\t\t\t\t\t<div style=\"width: 100%; display: inline-block; margin-top: 25px;\"><img width=\"1280\" height=\"720\" src=\"https:\/\/franciscanos.org.br\/vidacrista\/wp-content\/uploads\/2018\/05\/rita.jpg\" class=\"attachment-full size-full wp-post-image\" alt=\"\" decoding=\"async\" data-mec-postid=\"179472\" srcset=\"https:\/\/franciscanos.org.br\/vidacrista\/wp-content\/uploads\/2018\/05\/rita.jpg 1280w, https:\/\/franciscanos.org.br\/vidacrista\/wp-content\/uploads\/2018\/05\/rita-450x253.jpg 450w, https:\/\/franciscanos.org.br\/vidacrista\/wp-content\/uploads\/2018\/05\/rita-1024x576.jpg 1024w, https:\/\/franciscanos.org.br\/vidacrista\/wp-content\/uploads\/2018\/05\/rita-768x432.jpg 768w, https:\/\/franciscanos.org.br\/vidacrista\/wp-content\/uploads\/2018\/05\/rita-150x84.jpg 150w\" sizes=\"(max-width: 1280px) 100vw, 1280px\" \/><\/div>\t\t\t\t\n\t\t\t\t\t<h2 class=\"mec-single-title\" style=\"margin-top: 25px;\">Santa Rita de C\u00e1ssia<\/h2>\n\t\t\t\t\t\n\t\t\t\t\t<ul class=\"mec-event-sharing\"><li class=\"mec-event-social-icon\"><a class=\"facebook\" href=\"https:\/\/www.facebook.com\/sharer\/sharer.php?u=https:\/\/franciscanos.org.br\/vidacrista\/calendario\/santa-rita-de-cassia\/\" onclick=\"javascript:window.open(this.href, '', 'menubar=no,toolbar=no,resizable=yes,scrollbars=yes,height=500,width=600'); return false;\" title=\"Compartilhar no Facebook\"><i class=\"mec-fa-facebook\"><\/i><\/a><\/li><li class=\"mec-event-social-icon\"><a class=\"google\" href=\"https:\/\/plus.google.com\/share?url=https:\/\/franciscanos.org.br\/vidacrista\/calendario\/santa-rita-de-cassia\/\" onclick=\"javascript:window.open(this.href, '', 'menubar=no,toolbar=no,resizable=yes,scrollbars=yes,height=600,width=500'); return false;\" title=\"Google Plus\"><i class=\"mec-fa-google-plus\"><\/i><\/a><\/li><li class=\"mec-event-social-icon\"><a class=\"twitter\" href=\"https:\/\/twitter.com\/share?url=https:\/\/franciscanos.org.br\/vidacrista\/calendario\/santa-rita-de-cassia\/\" onclick=\"javascript:window.open(this.href, '', 'menubar=no,toolbar=no,resizable=yes,scrollbars=yes,height=600,width=500'); return false;\" target=\"_blank\" title=\"Tweetar\"><i class=\"mec-fa-twitter\"><\/i><\/a><\/li><li class=\"mec-event-social-icon\"><a class=\"linkedin\" href=\"https:\/\/www.linkedin.com\/shareArticle?mini=true&url=https:\/\/franciscanos.org.br\/vidacrista\/calendario\/santa-rita-de-cassia\/\" onclick=\"javascript:window.open(this.href, '', 'menubar=no,toolbar=no,resizable=yes,scrollbars=yes,height=600,width=500'); return false;\" target=\"_blank\" title=\"Linkedin\"><i class=\"mec-fa-linkedin\"><\/i><\/a><\/li><li class=\"mec-event-social-icon\"><a class=\"email\" href=\"mailto:?subject=Santa Rita de C\u00e1ssia&body=https%3A%2F%2Ffranciscanos.org.br%2Fvidacrista%2Fcalendario%2Fsanta-rita-de-cassia%2F\" title=\"E-mail\"><i class=\"mec-fa-envelope\"><\/i><\/a><\/li><\/ul>\n\n\t\t\t\t\t\t\t\t\t\t\n\t\t\t\t\t<div class=\"mec-single-event-description mec-events-content\"><p>Rita nasceu no ano de 1381, na prov\u00edncia de \u00dambria, It\u00e1lia, exatamente na cidade de C\u00e1ssia. Rita, ainda na inf\u00e2ncia, manifestou sua voca\u00e7\u00e3o religiosa. Diferenciando-se das outras crian\u00e7as, ao inv\u00e9s de brincar e aprontar as peraltices da idade, preferia ficar isolada em seu quarto, rezando.<\/p>\n<p>Para atender aos desejos de seus pais j\u00e1 idosos, Rita casou-se com um homem de nome Paulo Ferdinando, que, a princ\u00edpio, parecia ser bom e respons\u00e1vel. Mas, com o passar do tempo, mostrou um car\u00e1ter rude, tornando-se violento e agressivo. A tudo ela suportava com paci\u00eancia e ora\u00e7\u00e3o. Tinha certeza de que a penit\u00eancia e a abnega\u00e7\u00e3o conseguiriam convert\u00ea-lo aos preceitos de amor a Cristo. Um dia, Paulo, finalmente, se converteu sinceramente, tornando-se bom marido e pai. Entretanto suas atitudes passadas deixaram um rastro de inimizades, que culminaram com seu assassinato, trazendo grande dor e sofrimento ao cora\u00e7\u00e3o de Rita.<\/p>\n<p>Dedicou-se, ent\u00e3o, aos dois filhos ainda pequenos, que na adolesc\u00eancia descobriram a verdadeira causa da morte do pai e resolveram ving\u00e1-lo, quando adultos. Rita tentou, em v\u00e3o, impedir essa vingan\u00e7a. Desse modo, pediu a interfer\u00eancia de Deus para tirar tal ideia da cabe\u00e7a dos filhos e que, se isso n\u00e3o fosse poss\u00edvel, os levasse para junto dele. Assim foi. Em menos de um ano, os dois filhos de Rita morreram, sem concretizar a vingan\u00e7a.<\/p>\n<p>Rita ficou sozinha no mundo e decidiu dar um novo rumo \u00e0 sua vida. Determinada, resolveu seguir a voca\u00e7\u00e3o revelada ainda na inf\u00e2ncia: tornar-se monja agostiniana. As duas primeiras investidas para ingressar na Ordem foram malsucedidas. Segundo a tradi\u00e7\u00e3o, ela pediu de forma t\u00e3o fervorosa a interven\u00e7\u00e3o da gra\u00e7a divina que os seus santos de devo\u00e7\u00e3o, Agostinho, Jo\u00e3o Batista e Nicolau, apareceram e a conduziram para dentro dos port\u00f5es do convento das monjas agostinianas. A partir desse milagre ela foi aceita.<\/p>\n<p>Ela se entregou, completamente, a uma vida de ora\u00e7\u00f5es e penit\u00eancias, com humildade e obedi\u00eancia total \u00e0s regras agostinianas. Sua f\u00e9 era t\u00e3o intensa que na sua testa apareceu um espinho da coroa de Cristo, estigma que a acompanhou durante quatorze anos, mantido at\u00e9 o fim da vida em silencioso sofrimento dedicado \u00e0 salva\u00e7\u00e3o da humanidade.<\/p>\n<p>Rita morreu em 1457, aos setenta e seis anos, em C\u00e1ssia. Sua fama de santidade atravessou os muros do convento e muitos milagres foram atribu\u00eddos \u00e0 sua intercess\u00e3o. Sua canoniza\u00e7\u00e3o foi assinada pelo papa Le\u00e3o XIII em 1900.<\/p>\n<p>A vida de santa Rita de C\u00e1ssia foi uma das mais sofridas na hist\u00f3ria da Igreja cat\u00f3lica, por esse motivo os fi\u00e9is a consideram a \u201csanta das causas imposs\u00edveis\u201d. O seu culto \u00e9 celebrado em todo o mundo crist\u00e3o, sendo festejada no dia 22 de maio, tanto na Igreja do Ocidente como na do Oriente.<\/p>\n<p><em>A Igreja tamb\u00e9m celebra hoje a mem\u00f3ria dos santos: Quit\u00e9ria e Casto.<\/em><\/p>\n<\/div>\t\t\t\t\t\n            \t<\/div>\n            <\/article>\n                    <\/li>\n        <li class=\"mec-daily-view-date-events mec-util-hidden\" id=\"mec_daily_view_date_events103_20260523\">\n                                        <article>\n                <div class=\"mec-event-content\">\n\t\t\t\t\t<div style=\"width: 100%; display: inline-block; margin-top: 25px;\"><img width=\"1280\" height=\"720\" src=\"https:\/\/franciscanos.org.br\/vidacrista\/wp-content\/uploads\/2018\/05\/batista-rossi.jpg\" class=\"attachment-full size-full wp-post-image\" alt=\"\" decoding=\"async\" data-mec-postid=\"179474\" srcset=\"https:\/\/franciscanos.org.br\/vidacrista\/wp-content\/uploads\/2018\/05\/batista-rossi.jpg 1280w, https:\/\/franciscanos.org.br\/vidacrista\/wp-content\/uploads\/2018\/05\/batista-rossi-450x253.jpg 450w, https:\/\/franciscanos.org.br\/vidacrista\/wp-content\/uploads\/2018\/05\/batista-rossi-1024x576.jpg 1024w, https:\/\/franciscanos.org.br\/vidacrista\/wp-content\/uploads\/2018\/05\/batista-rossi-768x432.jpg 768w, https:\/\/franciscanos.org.br\/vidacrista\/wp-content\/uploads\/2018\/05\/batista-rossi-150x84.jpg 150w\" sizes=\"(max-width: 1280px) 100vw, 1280px\" \/><\/div>\t\t\t\t\n\t\t\t\t\t<h2 class=\"mec-single-title\" style=\"margin-top: 25px;\">S\u00e3o Jo\u00e3o Batista de Rossi<\/h2>\n\t\t\t\t\t\n\t\t\t\t\t<ul class=\"mec-event-sharing\"><li class=\"mec-event-social-icon\"><a class=\"facebook\" href=\"https:\/\/www.facebook.com\/sharer\/sharer.php?u=https:\/\/franciscanos.org.br\/vidacrista\/calendario\/sao-joao-batista-de-rossi\/\" onclick=\"javascript:window.open(this.href, '', 'menubar=no,toolbar=no,resizable=yes,scrollbars=yes,height=500,width=600'); return false;\" title=\"Compartilhar no Facebook\"><i class=\"mec-fa-facebook\"><\/i><\/a><\/li><li class=\"mec-event-social-icon\"><a class=\"google\" href=\"https:\/\/plus.google.com\/share?url=https:\/\/franciscanos.org.br\/vidacrista\/calendario\/sao-joao-batista-de-rossi\/\" onclick=\"javascript:window.open(this.href, '', 'menubar=no,toolbar=no,resizable=yes,scrollbars=yes,height=600,width=500'); return false;\" title=\"Google Plus\"><i class=\"mec-fa-google-plus\"><\/i><\/a><\/li><li class=\"mec-event-social-icon\"><a class=\"twitter\" href=\"https:\/\/twitter.com\/share?url=https:\/\/franciscanos.org.br\/vidacrista\/calendario\/sao-joao-batista-de-rossi\/\" onclick=\"javascript:window.open(this.href, '', 'menubar=no,toolbar=no,resizable=yes,scrollbars=yes,height=600,width=500'); return false;\" target=\"_blank\" title=\"Tweetar\"><i class=\"mec-fa-twitter\"><\/i><\/a><\/li><li class=\"mec-event-social-icon\"><a class=\"linkedin\" href=\"https:\/\/www.linkedin.com\/shareArticle?mini=true&url=https:\/\/franciscanos.org.br\/vidacrista\/calendario\/sao-joao-batista-de-rossi\/\" onclick=\"javascript:window.open(this.href, '', 'menubar=no,toolbar=no,resizable=yes,scrollbars=yes,height=600,width=500'); return false;\" target=\"_blank\" title=\"Linkedin\"><i class=\"mec-fa-linkedin\"><\/i><\/a><\/li><li class=\"mec-event-social-icon\"><a class=\"email\" href=\"mailto:?subject=S\u00e3o Jo\u00e3o Batista de Rossi&body=https%3A%2F%2Ffranciscanos.org.br%2Fvidacrista%2Fcalendario%2Fsao-joao-batista-de-rossi%2F\" title=\"E-mail\"><i class=\"mec-fa-envelope\"><\/i><\/a><\/li><\/ul>\n\n\t\t\t\t\t\t\t\t\t\t\n\t\t\t\t\t<div class=\"mec-single-event-description mec-events-content\"><p>Jo\u00e3o Batista de Rossi nasceu no dia 22 de fevereiro de 1698, em Voltagio, na prov\u00edncia de G\u00eanova, It\u00e1lia. Aos dez anos, foi trabalhar para uma fam\u00edlia muito rica em G\u00eanova como pajem, para poder estudar e manter-se. Tr\u00eas anos depois, transferiu-se, definitivamente, para Roma, morando na casa de um primo que j\u00e1 era sacerdote e estudando no Col\u00e9gio Romano dos jesu\u00edtas. L\u00e1 se doutorou em filosofia, convivendo com os melhores e mais preparados de sua gera\u00e7\u00e3o de cl\u00e9rigos. Depois, os cursos de teologia ele concluiu com os dominicanos de Minerva.<\/p>\n<p>A todo esse esfor\u00e7o intelectual Jo\u00e3o Batista acrescentava uma excessiva carga de atividade evangelizadora, mesmo antes de ser ordenado sacerdote, junto aos jovens e \u00e0s pessoas abandonadas e pobres. Com isso, teve um esgotamento f\u00edsico e psicol\u00f3gico t\u00e3o intenso que desencadearam os ataques epil\u00e9ticos e uma grave doen\u00e7a nos olhos. Nunca mais se recuperou e teve de conviver com essa situa\u00e7\u00e3o o resto da vida. Contudo ele nunca deixou de praticar a penit\u00eancia, concentrada na pouca alimenta\u00e7\u00e3o, minando ainda mais seu fr\u00e1gil organismo.<\/p>\n<p>Recebeu a un\u00e7\u00e3o sacerdotal em 1721. Nessa ocasi\u00e3o, devido \u00e0 experi\u00eancia adquirida na dire\u00e7\u00e3o dos grupos de estudantes, decidiu fundar a Pia Uni\u00e3o de Sacerdotes Seculares, que dirigiu durante alguns anos. Por l\u00e1, at\u00e9 o final de 1935, passaram ilustres personalidades do clero romano, alguns mais tarde a Igreja canonizou e outros foram eleitos para dirigi-la.<\/p>\n<p>Entretanto Jo\u00e3o Batista queria uma obra mais completa, por isso fundou e tamb\u00e9m dirigiu a Casa de Santa Gala, para rapazes carentes, e a Casa de S\u00e3o Luiz Gonzaga, para mo\u00e7as carentes. Ali\u00e1s, esse era seu santo preferido e exemplo que seguia no seu apostolado.<\/p>\n<p>O seu rebanho eram os mais pobres, doentes, encarcerados e pecadores. Tinha o dom do conselho, era atencioso e paciente com todos os fi\u00e9is, que formavam filas para se confessarem com ele. O tom de consola\u00e7\u00e3o, exorta\u00e7\u00e3o e orienta\u00e7\u00e3o com que tratava seus penitentes atra\u00eda crist\u00e3os de toda a cidade e de outras vizinhan\u00e7as. Jo\u00e3o Batista era incans\u00e1vel, dirigia tudo com do\u00e7ura e firmeza, e onde houvesse necessidade de algum socorro ali estava ele levando seu fervor e for\u00e7a espiritual.<\/p>\n<p>Quando seu primo c\u00f4nego morreu, ele foi eleito para suced\u00ea-lo em Santa Maria, em Cosmedin, Roma. Mas acabou sendo dispensado da obriga\u00e7\u00e3o do coro para poder dedicar-se com maior autonomia aos seus compromissos apost\u00f3licos.<\/p>\n<p>Aos sessenta e seis anos de idade, a doen\u00e7a finalmente o venceu e ele morreu no dia 23 de maio de 1764, t\u00e3o pobre que seu enterro foi custeado pela caridade dos devotos. Jo\u00e3o Batista de Rossi foi canonizado pelo papa Le\u00e3o XIII em 1881, que marcou sua celebra\u00e7\u00e3o para o dia de sua morte.<\/p>\n<p><em>A Igreja tamb\u00e9m celebra hoje a mem\u00f3ria dos santos: Epit\u00e1cio e Miguel, bispo.\u00a0<\/em><\/p>\n<\/div>\t\t\t\t\t\n            \t<\/div>\n            <\/article>\n                    <\/li>\n        <li class=\"mec-daily-view-date-events mec-util-hidden\" id=\"mec_daily_view_date_events103_20260524\">\n                                        <article>\n                <div class=\"mec-event-content\">\n\t\t\t\t\t<div style=\"width: 100%; display: inline-block; margin-top: 25px;\"><img width=\"820\" height=\"450\" src=\"https:\/\/franciscanos.org.br\/vidacrista\/wp-content\/uploads\/2019\/05\/2405-sao-vicente-lerins.jpg\" class=\"attachment-full size-full wp-post-image\" alt=\"\" decoding=\"async\" data-mec-postid=\"179476\" srcset=\"https:\/\/franciscanos.org.br\/vidacrista\/wp-content\/uploads\/2019\/05\/2405-sao-vicente-lerins.jpg 820w, https:\/\/franciscanos.org.br\/vidacrista\/wp-content\/uploads\/2019\/05\/2405-sao-vicente-lerins-450x247.jpg 450w, https:\/\/franciscanos.org.br\/vidacrista\/wp-content\/uploads\/2019\/05\/2405-sao-vicente-lerins-768x421.jpg 768w, https:\/\/franciscanos.org.br\/vidacrista\/wp-content\/uploads\/2019\/05\/2405-sao-vicente-lerins-150x82.jpg 150w\" sizes=\"(max-width: 820px) 100vw, 820px\" \/><\/div>\t\t\t\t\n\t\t\t\t\t<h2 class=\"mec-single-title\" style=\"margin-top: 25px;\">S\u00e3o Vicente de L\u00e9rins<\/h2>\n\t\t\t\t\t\n\t\t\t\t\t<ul class=\"mec-event-sharing\"><li class=\"mec-event-social-icon\"><a class=\"facebook\" href=\"https:\/\/www.facebook.com\/sharer\/sharer.php?u=https:\/\/franciscanos.org.br\/vidacrista\/calendario\/sao-vicente-de-lerins\/\" onclick=\"javascript:window.open(this.href, '', 'menubar=no,toolbar=no,resizable=yes,scrollbars=yes,height=500,width=600'); return false;\" title=\"Compartilhar no Facebook\"><i class=\"mec-fa-facebook\"><\/i><\/a><\/li><li class=\"mec-event-social-icon\"><a class=\"google\" href=\"https:\/\/plus.google.com\/share?url=https:\/\/franciscanos.org.br\/vidacrista\/calendario\/sao-vicente-de-lerins\/\" onclick=\"javascript:window.open(this.href, '', 'menubar=no,toolbar=no,resizable=yes,scrollbars=yes,height=600,width=500'); return false;\" title=\"Google Plus\"><i class=\"mec-fa-google-plus\"><\/i><\/a><\/li><li class=\"mec-event-social-icon\"><a class=\"twitter\" href=\"https:\/\/twitter.com\/share?url=https:\/\/franciscanos.org.br\/vidacrista\/calendario\/sao-vicente-de-lerins\/\" onclick=\"javascript:window.open(this.href, '', 'menubar=no,toolbar=no,resizable=yes,scrollbars=yes,height=600,width=500'); return false;\" target=\"_blank\" title=\"Tweetar\"><i class=\"mec-fa-twitter\"><\/i><\/a><\/li><li class=\"mec-event-social-icon\"><a class=\"linkedin\" href=\"https:\/\/www.linkedin.com\/shareArticle?mini=true&url=https:\/\/franciscanos.org.br\/vidacrista\/calendario\/sao-vicente-de-lerins\/\" onclick=\"javascript:window.open(this.href, '', 'menubar=no,toolbar=no,resizable=yes,scrollbars=yes,height=600,width=500'); return false;\" target=\"_blank\" title=\"Linkedin\"><i class=\"mec-fa-linkedin\"><\/i><\/a><\/li><li class=\"mec-event-social-icon\"><a class=\"email\" href=\"mailto:?subject=S\u00e3o Vicente de L\u00e9rins&body=https%3A%2F%2Ffranciscanos.org.br%2Fvidacrista%2Fcalendario%2Fsao-vicente-de-lerins%2F\" title=\"E-mail\"><i class=\"mec-fa-envelope\"><\/i><\/a><\/li><\/ul>\n\n\t\t\t\t\t\t\t\t\t\t\n\t\t\t\t\t<div class=\"mec-single-event-description mec-events-content\"><p>As not\u00edcias que temos sobre o religioso Vicente s\u00e3o poucas. Ele viveu no mosteiro de L\u00e9rins, onde foi ordenado sacerdote no s\u00e9culo V. Os dados sobre sua vida antes desse per\u00edodo tamb\u00e9m n\u00e3o s\u00e3o muitos. Tudo indica que ele era um soldado do ex\u00e9rcito romano e que sua origem seria o norte da Fran\u00e7a, hoje territ\u00f3rio da B\u00e9lgica.<\/p>\n<p>Alguns registros encontrados em L\u00e9rins, escritos por ele mesmo, induzem a crer que seu irm\u00e3o seria o bispo de Troyes. E ele decidira abandonar a vida desregrada e combativa do ex\u00e9rcito para \u201cespantar a banalidade e a soberba de sua vida e para dedicar-se somente a Deus na humildade crist\u00e3\u201d. Vicente, ent\u00e3o, optou pela vida mon\u00e1stica e nela despontou como te\u00f3logo e escritor famoso, grande reformador do mosteiro de L\u00e9rins.<\/p>\n<p>Ingressou nesse mosteiro, fundado por santo Honorato, na ilha francesa localizada defronte a Cannes, j\u00e1 em idade avan\u00e7ada. Ali se ordenou sacerdote e foi eleito abade, pela retid\u00e3o de car\u00e1ter e austeridade de vida religiosa.<\/p>\n<p>Transformou o local num florescente centro de cultura e de espiritualidade, verdadeiro celeiro de bispos e santos para a Igreja. Em 434, escreveu sua obra mais famosa, o \u201cComnitorium\u201d, tamb\u00e9m conhecido como \u201cmanual de advert\u00eancia aos hereges\u201d. Mais tarde, s\u00e3o Roberto Belarmino definiu essa obra como \u201cum livro de ouro\u201d, porque estabelece alguns crit\u00e9rios b\u00e1sicos para viver integralmente a mensagem evang\u00e9lica.<\/p>\n<p>Profundo conhecedor das Sagradas Escrituras e dotado de uma grande cultura human\u00edstica, os seus escritos s\u00e3o not\u00e1veis pelo vigor e estilo apurado, e pela clareza e precis\u00e3o de pensamento. As obras possuem grande relev\u00e2ncia contra a doutrina her\u00e9tica, e outros textos cristol\u00f3gicos e trinit\u00e1rios. Sua obra, em especial a \u201cAdvert\u00eancia aos hereges\u201d teve uma grande difus\u00e3o e repercuss\u00e3o, atingindo os nossos dias.<\/p>\n<p>Enaltecido pelos cat\u00f3licos e protestantes, porque traz toda a doutrina dos Padres analisadas nas fontes da f\u00e9 crist\u00e3 e todos os crit\u00e9rios da doutrina ortodoxa, Vicente era um grande polemista, respeitado at\u00e9 mesmo por s\u00e3o Jer\u00f4nimo, futuro doutor da Igreja, seu contempor\u00e2neo. Os dois travaram grandes debates atrav\u00e9s de uma rica corresponderia, trazendo luz sobre muitas diverg\u00eancias doutrinais.<\/p>\n<p>Vicente de L\u00e9rins teve seu reconhecimento exaltado pelo pr\u00f3prio antagonista, que fez quest\u00e3o de inclu\u00ed-lo num cap\u00edtulo da sua famosa obra \u201cHomens ilustres\u201d. Morreu no mosteiro no ano 450. A Igreja cat\u00f3lica dedica o dia 24 de maio a s\u00e3o Vicente de L\u00e9rins, celebrado na mesma data tamb\u00e9m no Oriente.<\/p>\n<p><em>A Igreja tamb\u00e9m celebra hoje a mem\u00f3ria dos santos: Nossa Senhora Auxiliadora e Rogaciano.<\/em><\/p>\n<\/div>\t\t\t\t\t\n            \t<\/div>\n            <\/article>\n                    <\/li>\n        <li class=\"mec-daily-view-date-events mec-util-hidden\" id=\"mec_daily_view_date_events103_20260525\">\n                                        <article>\n                <div class=\"mec-event-content\">\n\t\t\t\t\t<div style=\"width: 100%; display: inline-block; margin-top: 25px;\"><img width=\"1280\" height=\"720\" src=\"https:\/\/franciscanos.org.br\/vidacrista\/wp-content\/uploads\/2018\/05\/BEDA.jpg\" class=\"attachment-full size-full wp-post-image\" alt=\"\" decoding=\"async\" data-mec-postid=\"179478\" srcset=\"https:\/\/franciscanos.org.br\/vidacrista\/wp-content\/uploads\/2018\/05\/BEDA.jpg 1280w, https:\/\/franciscanos.org.br\/vidacrista\/wp-content\/uploads\/2018\/05\/BEDA-450x253.jpg 450w, https:\/\/franciscanos.org.br\/vidacrista\/wp-content\/uploads\/2018\/05\/BEDA-1024x576.jpg 1024w, https:\/\/franciscanos.org.br\/vidacrista\/wp-content\/uploads\/2018\/05\/BEDA-768x432.jpg 768w, https:\/\/franciscanos.org.br\/vidacrista\/wp-content\/uploads\/2018\/05\/BEDA-150x84.jpg 150w\" sizes=\"(max-width: 1280px) 100vw, 1280px\" \/><\/div>\t\t\t\t\n\t\t\t\t\t<h2 class=\"mec-single-title\" style=\"margin-top: 25px;\">S\u00e3o Beda<\/h2>\n\t\t\t\t\t\n\t\t\t\t\t<ul class=\"mec-event-sharing\"><li class=\"mec-event-social-icon\"><a class=\"facebook\" href=\"https:\/\/www.facebook.com\/sharer\/sharer.php?u=https:\/\/franciscanos.org.br\/vidacrista\/calendario\/sao-beda\/\" onclick=\"javascript:window.open(this.href, '', 'menubar=no,toolbar=no,resizable=yes,scrollbars=yes,height=500,width=600'); return false;\" title=\"Compartilhar no Facebook\"><i class=\"mec-fa-facebook\"><\/i><\/a><\/li><li class=\"mec-event-social-icon\"><a class=\"google\" href=\"https:\/\/plus.google.com\/share?url=https:\/\/franciscanos.org.br\/vidacrista\/calendario\/sao-beda\/\" onclick=\"javascript:window.open(this.href, '', 'menubar=no,toolbar=no,resizable=yes,scrollbars=yes,height=600,width=500'); return false;\" title=\"Google Plus\"><i class=\"mec-fa-google-plus\"><\/i><\/a><\/li><li class=\"mec-event-social-icon\"><a class=\"twitter\" href=\"https:\/\/twitter.com\/share?url=https:\/\/franciscanos.org.br\/vidacrista\/calendario\/sao-beda\/\" onclick=\"javascript:window.open(this.href, '', 'menubar=no,toolbar=no,resizable=yes,scrollbars=yes,height=600,width=500'); return false;\" target=\"_blank\" title=\"Tweetar\"><i class=\"mec-fa-twitter\"><\/i><\/a><\/li><li class=\"mec-event-social-icon\"><a class=\"linkedin\" href=\"https:\/\/www.linkedin.com\/shareArticle?mini=true&url=https:\/\/franciscanos.org.br\/vidacrista\/calendario\/sao-beda\/\" onclick=\"javascript:window.open(this.href, '', 'menubar=no,toolbar=no,resizable=yes,scrollbars=yes,height=600,width=500'); return false;\" target=\"_blank\" title=\"Linkedin\"><i class=\"mec-fa-linkedin\"><\/i><\/a><\/li><li class=\"mec-event-social-icon\"><a class=\"email\" href=\"mailto:?subject=S\u00e3o Beda&body=https%3A%2F%2Ffranciscanos.org.br%2Fvidacrista%2Fcalendario%2Fsao-beda%2F\" title=\"E-mail\"><i class=\"mec-fa-envelope\"><\/i><\/a><\/li><\/ul>\n\n\t\t\t\t\t\t\t\t\t\t\n\t\t\t\t\t<div class=\"mec-single-event-description mec-events-content\"><p>Todas as informa\u00e7\u00f5es que temos sobre o extraordin\u00e1rio Beda foram escritas por ele mesmo no livro \u201cHist\u00f3ria da Inglaterra\u201d, um dos mais raros e completos registros da forma\u00e7\u00e3o do povo ingl\u00eas antes do s\u00e9culo VIII, narradas assim: \u201cEu, Beda, servo de Cristo e sacerdote, e monge do mosteiro de S\u00e3o Pedro e S\u00e3o Paulo, da Inglaterra, nasci neste pa\u00eds. Aos\u00a07 anos, fui levado ao mosteiro para ser educado pelos monges.<\/p>\n<p>Desde ent\u00e3o, passei toda a minha vida no mosteiro, e me dediquei sobretudo ao estudo da Sagrada Escritura. Al\u00e9m de cantar e rezar na Igreja, minha maior alegria foi poder dedicar-me a aprender, a ensinar e a escrever. Aos 19 anos, recebi o diaconato e aos trinta, o sacerd\u00f3cio. Todos os momentos livres eu os dediquei a buscar explica\u00e7\u00f5es da Sagrada Escritura, especialmente extra\u00eddas dos escritos dos santos Padres\u201d.<\/p>\n<p>Al\u00e9m desses dados, podemos acrescentar ainda, com seguran\u00e7a, que Beda nasceu no ano 672, tendo sido educado e orientado espiritualmente pelo pr\u00f3prio s\u00e3o Bento Biscop, abade do mosteiro, que, impressionado com seus dons e intelig\u00eancia, o tratava como pr\u00f3prio filho, na cidade de Wearmouth.<\/p>\n<p>Cedo, Beda percebeu que um serm\u00e3o podia ser ouvido por apenas algumas pessoas, mas podia ser lido por milhares delas e por muitos s\u00e9culos. Por isso ele desejou escrever, e escreveu muito, sem se cansar, com cuidado e esmero no conte\u00fado e estilo, resultando em livros agrad\u00e1veis de ler, verdadeiras obras liter\u00e1rias, sobre os mais variados temas, indo do teol\u00f3gico ao intelectual.<\/p>\n<p>Ao todo, foram sessenta obras sobre teologia, filosofia, cronologia, aritm\u00e9tica, gram\u00e1tica, astronomia, m\u00fasica e at\u00e9 medicina. Beda gostava de aprender, por isso pesquisava e estudava; e tamb\u00e9m de ensinar, por isso escrevia e dava aulas. Ajudou a formar v\u00e1rias gera\u00e7\u00f5es de monges, que, atra\u00eddos pela linguagem simples, encantadora e acess\u00edvel, eram dirigidos, por meio dessas mat\u00e9rias, para os ensinamentos de Deus.<\/p>\n<p>O papa Greg\u00f3rio II chamou-o a Roma, para t\u00ea-lo como seu auxiliar, mas Beda implorou para permanecer na solid\u00e3o do mosteiro, onde ficou at\u00e9 seus \u00faltimos momentos de vida. S\u00f3 saiu por poucos dias para estabelecer as bases da Escola de York, na qual, depois, estudou e se formou o famoso mestre Alcu\u00edno, fundador da primeira universidade de Paris.<\/p>\n<p>Ainda em vida, era chamado de \u201cvener\u00e1vel Beda\u201d, ou \u201cBeda, o Vener\u00e1vel\u201d. Morreu com\u00a063 anos, na paz do seu mosteiro, em Jarrow, Inglaterra, no dia 25 de maio de 735. Muitos s\u00e9culos depois, pelo imensur\u00e1vel servi\u00e7o prestado \u00e0 Igreja, o papa Le\u00e3o XIII, em 1899, proclamou-o santo e doutor da Igreja. S\u00e3o Beda, \u00fanico santo ingl\u00eas que possui o t\u00edtulo de doutor da Igreja, \u00e9 celebrado no dia 25 de maio.<\/p>\n<p><em>A Igreja tamb\u00e9m celebra hoje a mem\u00f3ria dos santos: Greg\u00f3rio VII e Maria Madalena de Pazzi.<\/em><\/p>\n<\/div>\t\t\t\t\t\n            \t<\/div>\n            <\/article>\n                    <\/li>\n        <li class=\"mec-daily-view-date-events mec-util-hidden\" id=\"mec_daily_view_date_events103_20260526\">\n                                        <article>\n                <div class=\"mec-event-content\">\n\t\t\t\t\t<div style=\"width: 100%; display: inline-block; margin-top: 25px;\"><img width=\"1280\" height=\"720\" src=\"https:\/\/franciscanos.org.br\/vidacrista\/wp-content\/uploads\/2018\/05\/neri.jpg\" class=\"attachment-full size-full wp-post-image\" alt=\"\" decoding=\"async\" data-mec-postid=\"179480\" srcset=\"https:\/\/franciscanos.org.br\/vidacrista\/wp-content\/uploads\/2018\/05\/neri.jpg 1280w, https:\/\/franciscanos.org.br\/vidacrista\/wp-content\/uploads\/2018\/05\/neri-450x253.jpg 450w, https:\/\/franciscanos.org.br\/vidacrista\/wp-content\/uploads\/2018\/05\/neri-1024x576.jpg 1024w, https:\/\/franciscanos.org.br\/vidacrista\/wp-content\/uploads\/2018\/05\/neri-768x432.jpg 768w, https:\/\/franciscanos.org.br\/vidacrista\/wp-content\/uploads\/2018\/05\/neri-150x84.jpg 150w\" sizes=\"(max-width: 1280px) 100vw, 1280px\" \/><\/div>\t\t\t\t\n\t\t\t\t\t<h2 class=\"mec-single-title\" style=\"margin-top: 25px;\">S\u00e3o Filipe N\u00e9ri<\/h2>\n\t\t\t\t\t\n\t\t\t\t\t<ul class=\"mec-event-sharing\"><li class=\"mec-event-social-icon\"><a class=\"facebook\" href=\"https:\/\/www.facebook.com\/sharer\/sharer.php?u=https:\/\/franciscanos.org.br\/vidacrista\/calendario\/sao-filipe-neri\/\" onclick=\"javascript:window.open(this.href, '', 'menubar=no,toolbar=no,resizable=yes,scrollbars=yes,height=500,width=600'); return false;\" title=\"Compartilhar no Facebook\"><i class=\"mec-fa-facebook\"><\/i><\/a><\/li><li class=\"mec-event-social-icon\"><a class=\"google\" href=\"https:\/\/plus.google.com\/share?url=https:\/\/franciscanos.org.br\/vidacrista\/calendario\/sao-filipe-neri\/\" onclick=\"javascript:window.open(this.href, '', 'menubar=no,toolbar=no,resizable=yes,scrollbars=yes,height=600,width=500'); return false;\" title=\"Google Plus\"><i class=\"mec-fa-google-plus\"><\/i><\/a><\/li><li class=\"mec-event-social-icon\"><a class=\"twitter\" href=\"https:\/\/twitter.com\/share?url=https:\/\/franciscanos.org.br\/vidacrista\/calendario\/sao-filipe-neri\/\" onclick=\"javascript:window.open(this.href, '', 'menubar=no,toolbar=no,resizable=yes,scrollbars=yes,height=600,width=500'); return false;\" target=\"_blank\" title=\"Tweetar\"><i class=\"mec-fa-twitter\"><\/i><\/a><\/li><li class=\"mec-event-social-icon\"><a class=\"linkedin\" href=\"https:\/\/www.linkedin.com\/shareArticle?mini=true&url=https:\/\/franciscanos.org.br\/vidacrista\/calendario\/sao-filipe-neri\/\" onclick=\"javascript:window.open(this.href, '', 'menubar=no,toolbar=no,resizable=yes,scrollbars=yes,height=600,width=500'); return false;\" target=\"_blank\" title=\"Linkedin\"><i class=\"mec-fa-linkedin\"><\/i><\/a><\/li><li class=\"mec-event-social-icon\"><a class=\"email\" href=\"mailto:?subject=S\u00e3o Filipe N\u00e9ri&body=https%3A%2F%2Ffranciscanos.org.br%2Fvidacrista%2Fcalendario%2Fsao-filipe-neri%2F\" title=\"E-mail\"><i class=\"mec-fa-envelope\"><\/i><\/a><\/li><\/ul>\n\n\t\t\t\t\t\t\t\t\t\t\n\t\t\t\t\t<div class=\"mec-single-event-description mec-events-content\"><p>\u201cContanto que os meninos n\u00e3o pratiquem o mal, eu ficaria contente at\u00e9 se eles me quebrassem paus na cabe\u00e7a.\u201d H\u00e1 maior boa vontade em colocar no caminho correto as crian\u00e7as abandonadas do que nessa disposi\u00e7\u00e3o? A frase bem-humorada \u00e9 de Filipe N\u00e9ri, que assim respondia quando reclamavam do barulho que seus pequenos abandonados faziam, enquanto aprendiam com ele ensinamentos religiosos e sociais.<\/p>\n<p>Nascido em Floren\u00e7a, It\u00e1lia, em 21 de julho de 1515, Filipe R\u00f4molo N\u00e9ri pertencia a uma fam\u00edlia rica: o pai, Francisco, era tabeli\u00e3o e a m\u00e3e, Lucr\u00e9cia, morreu cedo. Junto com a irm\u00e3 Elisabete, foi educado pela madrasta. Filipe, na inf\u00e2ncia, surpreendia pela alegria, bondade, lealdade e intelig\u00eancia, virtudes que ele soube cultivar at\u00e9 o fim da vida. Cresceu na sua terra natal, estudando e trabalhando com o pai, sem demonstrar uma voca\u00e7\u00e3o maior, mesmo frequentando regularmente a igreja.<\/p>\n<p>Aos dezoito anos foi para S\u00e3o Germano, trabalhar com um tio comerciante, mas n\u00e3o se adaptou. Em 1535, aceitou o convite para ser o tutor dos filhos de uma nobre e rica fam\u00edlia, estabelecida em Roma. Nessa cidade foi estudar com os agostinianos, filosofia e teologia, diplomando-se em ambas com louvor. No tempo livre praticava a caridade junto aos pobres e necessitados, atividade que exercia com muito entusiasmo e alegria, principalmente com os pequenos \u00f3rf\u00e3os de filia\u00e7\u00e3o ou de moral.<\/p>\n<p>Filipe come\u00e7ou a chamar a aten\u00e7\u00e3o do seu confessor, que lhe pediu ajuda para fundar a Confraternidade da Sant\u00edssima Trindade, para assistir os pobres e peregrinos doentes. Tr\u00eas anos depois, aos trinta e seis anos de idade, ele se consagrou sacerdote, sendo designado para a igreja de S\u00e3o Jer\u00f4nimo da Caridade.<\/p>\n<p>T\u00e3o grande era a sua consci\u00eancia dos problemas da comunidade que formou um grupo de religiosos e leigos para discutir os problemas, rezar, cantar e estudar o Evangelho. A iniciativa deu t\u00e3o certo que depois o grupo, de t\u00e3o numeroso, passou \u00e0 Congrega\u00e7\u00e3o de Padres do Orat\u00f3rio, uma ordem secular sem v\u00ednculos de votos.<\/p>\n<p>Filipe se preocupou somente com a integra\u00e7\u00e3o das minorias e a educa\u00e7\u00e3o dos meninos de rua. Tudo o que fez no seu apostolado foi nessa dire\u00e7\u00e3o, at\u00e9 mesmo utilizar sua vasta e s\u00f3lida cultura para promover o estudo eclesi\u00e1stico. Com seu exemplo e orienta\u00e7\u00e3o, encaminhou e orientou v\u00e1rios sacerdotes que se destacaram na hist\u00f3ria da Igreja e depois foram inscritos no livro dos santos.<\/p>\n<p>Mas somente quando completou setenta e cinco anos passou a dedicar-se totalmente ao minist\u00e9rio do confession\u00e1rio e \u00e0 dire\u00e7\u00e3o espiritual. Viveu assim at\u00e9 morrer, no dia 26 de maio de 1595. S\u00e3o Filipe N\u00e9ri \u00e9 chamado, at\u00e9 hoje, de \u201csanto da alegria e da caridade\u201d.<\/p>\n<p><em>A Igreja tamb\u00e9m celebra hoje a mem\u00f3ria dos santos: Eva de Li\u00e9ge e Maria Ana.<\/em><\/p>\n<\/div>\t\t\t\t\t\n            \t<\/div>\n            <\/article>\n                    <\/li>\n        <li class=\"mec-daily-view-date-events mec-util-hidden\" id=\"mec_daily_view_date_events103_20260527\">\n                                        <article>\n                <div class=\"mec-event-content\">\n\t\t\t\t\t<div style=\"width: 100%; display: inline-block; margin-top: 25px;\"><img width=\"820\" height=\"449\" src=\"https:\/\/franciscanos.org.br\/vidacrista\/wp-content\/uploads\/2019\/05\/2705-agostinho-cantuaria.jpg\" class=\"attachment-full size-full wp-post-image\" alt=\"\" decoding=\"async\" data-mec-postid=\"179482\" srcset=\"https:\/\/franciscanos.org.br\/vidacrista\/wp-content\/uploads\/2019\/05\/2705-agostinho-cantuaria.jpg 820w, https:\/\/franciscanos.org.br\/vidacrista\/wp-content\/uploads\/2019\/05\/2705-agostinho-cantuaria-450x246.jpg 450w, https:\/\/franciscanos.org.br\/vidacrista\/wp-content\/uploads\/2019\/05\/2705-agostinho-cantuaria-768x421.jpg 768w, https:\/\/franciscanos.org.br\/vidacrista\/wp-content\/uploads\/2019\/05\/2705-agostinho-cantuaria-150x82.jpg 150w\" sizes=\"(max-width: 820px) 100vw, 820px\" \/><\/div>\t\t\t\t\n\t\t\t\t\t<h2 class=\"mec-single-title\" style=\"margin-top: 25px;\">Santo Agostinho de Cantu\u00e1ria<\/h2>\n\t\t\t\t\t\n\t\t\t\t\t<ul class=\"mec-event-sharing\"><li class=\"mec-event-social-icon\"><a class=\"facebook\" href=\"https:\/\/www.facebook.com\/sharer\/sharer.php?u=https:\/\/franciscanos.org.br\/vidacrista\/calendario\/santo-agostinho-da-cantuaria\/\" onclick=\"javascript:window.open(this.href, '', 'menubar=no,toolbar=no,resizable=yes,scrollbars=yes,height=500,width=600'); return false;\" title=\"Compartilhar no Facebook\"><i class=\"mec-fa-facebook\"><\/i><\/a><\/li><li class=\"mec-event-social-icon\"><a class=\"google\" href=\"https:\/\/plus.google.com\/share?url=https:\/\/franciscanos.org.br\/vidacrista\/calendario\/santo-agostinho-da-cantuaria\/\" onclick=\"javascript:window.open(this.href, '', 'menubar=no,toolbar=no,resizable=yes,scrollbars=yes,height=600,width=500'); return false;\" title=\"Google Plus\"><i class=\"mec-fa-google-plus\"><\/i><\/a><\/li><li class=\"mec-event-social-icon\"><a class=\"twitter\" href=\"https:\/\/twitter.com\/share?url=https:\/\/franciscanos.org.br\/vidacrista\/calendario\/santo-agostinho-da-cantuaria\/\" onclick=\"javascript:window.open(this.href, '', 'menubar=no,toolbar=no,resizable=yes,scrollbars=yes,height=600,width=500'); return false;\" target=\"_blank\" title=\"Tweetar\"><i class=\"mec-fa-twitter\"><\/i><\/a><\/li><li class=\"mec-event-social-icon\"><a class=\"linkedin\" href=\"https:\/\/www.linkedin.com\/shareArticle?mini=true&url=https:\/\/franciscanos.org.br\/vidacrista\/calendario\/santo-agostinho-da-cantuaria\/\" onclick=\"javascript:window.open(this.href, '', 'menubar=no,toolbar=no,resizable=yes,scrollbars=yes,height=600,width=500'); return false;\" target=\"_blank\" title=\"Linkedin\"><i class=\"mec-fa-linkedin\"><\/i><\/a><\/li><li class=\"mec-event-social-icon\"><a class=\"email\" href=\"mailto:?subject=Santo Agostinho de Cantu\u00e1ria&body=https%3A%2F%2Ffranciscanos.org.br%2Fvidacrista%2Fcalendario%2Fsanto-agostinho-da-cantuaria%2F\" title=\"E-mail\"><i class=\"mec-fa-envelope\"><\/i><\/a><\/li><\/ul>\n\n\t\t\t\t\t\t\t\t\t\t\n\t\t\t\t\t<div class=\"mec-single-event-description mec-events-content\"><p>Um s\u00e9culo ap\u00f3s s\u00e3o Patr\u00edcio ter convertido os irlandeses ao catolicismo, a atua\u00e7\u00e3o de Agostinho foi t\u00e3o importante para a Inglaterra que modificou as estruturas da regi\u00e3o da mesma forma que seu antecessor o fizera. No final do s\u00e9culo VI, o cristianismo j\u00e1 tinha chegado \u00e0 poderosa ilha havia dois s\u00e9culos, mas a invas\u00e3o dos b\u00e1rbaros sax\u00f5es da Alemanha atrasou sua propaga\u00e7\u00e3o e quase destruiu totalmente o que fora implantado.<\/p>\n<p>Pouco se sabe a respeito da vida de Agostinho antes de ser enviado \u00e0 Gr\u00e3-Bretanha. Ele nasceu em Roma, It\u00e1lia. Era um monge beneditino do mosteiro de Santo Andr\u00e9, fundado pelo papa Greg\u00f3rio Magno naquela cidade. E foi justamente esse c\u00e9lebre papa que ordenou o envio de mission\u00e1rios \u00e0s ilhas brit\u00e2nicas.<\/p>\n<p>Em 597, para l\u00e1 partiram quarenta monges, todos beneditinos, sob a dire\u00e7\u00e3o do monge Agostinho. Mas antes ele quis viajar \u00e0 Fran\u00e7a, onde se inteirou das dificuldades que a miss\u00e3o poderia encontrar, pedindo informa\u00e7\u00f5es aos v\u00e1rios bispos que evangelizaram nas ilhas e agora se encontravam naquela regi\u00e3o da Europa. Todos desaconselharam a continuidade da miss\u00e3o. Mas, tendo recebido do papa Greg\u00f3rio Magno a informa\u00e7\u00e3o de que a \u00e9poca era prop\u00edcia apesar dos perigos, pois o rei de Kent, Etelberto, havia desposado a princesa cat\u00f3lica Berta, filha do rei de Paris, ele resolveu, corajosamente, enfrentar os riscos.<\/p>\n<p>A chegada foi triunfante. Assim que desembarcaram, os monges seguiram em prociss\u00e3o ao castelo do rei, tendo a cruz \u00e0 sua frente e entoando pausadamente c\u00e2nticos sagrados. Agostinho, com a ajuda de um int\u00e9rprete, colocou ao rei as verdades crist\u00e3s e pediu permiss\u00e3o para preg\u00e1-las em seus dom\u00ednios. Impressionado com a coragem e a sinceridade do religioso, o rei, apesar de todas as expectativas em contr\u00e1rio, deu a permiss\u00e3o imediatamente.<\/p>\n<p>No Natal de 597, mais de dez mil pessoas j\u00e1 tinham recebido o batismo. Entre elas, toda a nobreza da corte, precedida pelo pr\u00f3prio rei Etelberto. Com esse resultado surpreendente, Agostinho foi nomeado arcebispo da Cantu\u00e1ria, primeira diocese fundada por ele.<\/p>\n<p>A not\u00edcia chegou ao papa Greg\u00f3rio Magno, que, com alegria, enviou mais mission\u00e1rios \u00e0 Inglaterra. Assim, Agostinho prosseguiu e ampliou o trabalho de evangeliza\u00e7\u00e3o, fundando as dioceses de Londres e de Rochester. N\u00e3o conseguiu a convers\u00e3o de toda a ilha porque a Inglaterra era dividida entre v\u00e1rios reinos rivais, mas as sementes que plantou se desenvolveram no decorrer dos s\u00e9culos.<\/p>\n<p>Agostinho morreu no dia 25 de maio de 604.\u00a0O corpo de Agostinho foi originalmente sepultado no p\u00f3rtico do que hoje \u00e9 a Abadia de Santo Agostinho, em Cantu\u00e1ria, mas foi posteriormente exumado e recolocado num t\u00famulo dentro da igreja da abadia, que se tornou um local de peregrina\u00e7\u00e3o e venera\u00e7\u00e3o. Ap\u00f3s a conquista normanda, o culto de Agostinho passou a ser ativamente promovido e o seu santu\u00e1rio passou a ter uma posi\u00e7\u00e3o central entre as capelas laterais, ladeado por santu\u00e1rios de seus sucessores, Louren\u00e7o e Melito. O rei Henrique I da Inglaterra concedeu \u00e0 abadia uma feira de seis dias a ser celebrada na \u00e9poca em que as rel\u00edquias foram transladadas para o seu novo santu\u00e1rio, de 8 a 13 de setembro, anualmente.<\/p>\n<p>O Martirol\u00f3gio Romano indica a festa lit\u00fargica de santo Agostinho da Cantu\u00e1ria no dia 27 de maio.<\/p>\n<p><em>A Igreja tamb\u00e9m celebra hoje a mem\u00f3ria dos santos: Mel\u00e2ngela, Ranulfo e Bruno de W\u00fcrzburg.<\/em><\/p>\n<\/div>\t\t\t\t\t\n            \t<\/div>\n            <\/article>\n                    <\/li>\n        <li class=\"mec-daily-view-date-events mec-util-hidden\" id=\"mec_daily_view_date_events103_20260528\">\n                                        <article>\n                <div class=\"mec-event-content\">\n\t\t\t\t\t<div style=\"width: 100%; display: inline-block; margin-top: 25px;\"><img width=\"820\" height=\"450\" src=\"https:\/\/franciscanos.org.br\/vidacrista\/wp-content\/uploads\/2019\/05\/2805-germano-paris.jpg\" class=\"attachment-full size-full wp-post-image\" alt=\"\" decoding=\"async\" data-mec-postid=\"179484\" srcset=\"https:\/\/franciscanos.org.br\/vidacrista\/wp-content\/uploads\/2019\/05\/2805-germano-paris.jpg 820w, https:\/\/franciscanos.org.br\/vidacrista\/wp-content\/uploads\/2019\/05\/2805-germano-paris-450x247.jpg 450w, https:\/\/franciscanos.org.br\/vidacrista\/wp-content\/uploads\/2019\/05\/2805-germano-paris-768x421.jpg 768w, https:\/\/franciscanos.org.br\/vidacrista\/wp-content\/uploads\/2019\/05\/2805-germano-paris-150x82.jpg 150w\" sizes=\"(max-width: 820px) 100vw, 820px\" \/><\/div>\t\t\t\t\n\t\t\t\t\t<h2 class=\"mec-single-title\" style=\"margin-top: 25px;\">S\u00e3o Germano de Paris<\/h2>\n\t\t\t\t\t\n\t\t\t\t\t<ul class=\"mec-event-sharing\"><li class=\"mec-event-social-icon\"><a class=\"facebook\" href=\"https:\/\/www.facebook.com\/sharer\/sharer.php?u=https:\/\/franciscanos.org.br\/vidacrista\/calendario\/sao-germano-de-paris\/\" onclick=\"javascript:window.open(this.href, '', 'menubar=no,toolbar=no,resizable=yes,scrollbars=yes,height=500,width=600'); return false;\" title=\"Compartilhar no Facebook\"><i class=\"mec-fa-facebook\"><\/i><\/a><\/li><li class=\"mec-event-social-icon\"><a class=\"google\" href=\"https:\/\/plus.google.com\/share?url=https:\/\/franciscanos.org.br\/vidacrista\/calendario\/sao-germano-de-paris\/\" onclick=\"javascript:window.open(this.href, '', 'menubar=no,toolbar=no,resizable=yes,scrollbars=yes,height=600,width=500'); return false;\" title=\"Google Plus\"><i class=\"mec-fa-google-plus\"><\/i><\/a><\/li><li class=\"mec-event-social-icon\"><a class=\"twitter\" href=\"https:\/\/twitter.com\/share?url=https:\/\/franciscanos.org.br\/vidacrista\/calendario\/sao-germano-de-paris\/\" onclick=\"javascript:window.open(this.href, '', 'menubar=no,toolbar=no,resizable=yes,scrollbars=yes,height=600,width=500'); return false;\" target=\"_blank\" title=\"Tweetar\"><i class=\"mec-fa-twitter\"><\/i><\/a><\/li><li class=\"mec-event-social-icon\"><a class=\"linkedin\" href=\"https:\/\/www.linkedin.com\/shareArticle?mini=true&url=https:\/\/franciscanos.org.br\/vidacrista\/calendario\/sao-germano-de-paris\/\" onclick=\"javascript:window.open(this.href, '', 'menubar=no,toolbar=no,resizable=yes,scrollbars=yes,height=600,width=500'); return false;\" target=\"_blank\" title=\"Linkedin\"><i class=\"mec-fa-linkedin\"><\/i><\/a><\/li><li class=\"mec-event-social-icon\"><a class=\"email\" href=\"mailto:?subject=S\u00e3o Germano de Paris&body=https%3A%2F%2Ffranciscanos.org.br%2Fvidacrista%2Fcalendario%2Fsao-germano-de-paris%2F\" title=\"E-mail\"><i class=\"mec-fa-envelope\"><\/i><\/a><\/li><\/ul>\n\n\t\t\t\t\t\t\t\t\t\t\n\t\t\t\t\t<div class=\"mec-single-event-description mec-events-content\"><p>Nascer e prosseguir vivendo n\u00e3o foram tarefas f\u00e1ceis para Germano. Ele veio ao mundo na cidade de Autun, Fran\u00e7a, no ano 496. Diz a tradi\u00e7\u00e3o que sua m\u00e3e n\u00e3o o desejava, por isso tentou abort\u00e1-lo, mas n\u00e3o conseguiu. Quando o menino atingiu a inf\u00e2ncia, ela atentou novamente contra a vida dele, tentando envenen\u00e1-lo, mas tamb\u00e9m foi em v\u00e3o.<\/p>\n<p>Acredita-se que ele pertencia a uma fam\u00edlia burguesa e rica, pois, depois disso, foi criado por um primo, bem mais velho, ermit\u00e3o, chamado Escapil\u00e3o, que o fez prosseguir os estudos em Avalon. Germano, com certeza, viveu como ermit\u00e3o durante quinze anos, ao lado desse parente, em Lazy, aprendendo a doutrina de Cristo.<\/p>\n<p>Decorrido esse tempo, em 531 ele foi chamado pelo bispo de Autun para trabalhar ao seu lado, sendo ordenado di\u00e1cono, e tr\u00eas anos depois, sacerdote. Quando o bispo morreu, seu sucessor entregou a dire\u00e7\u00e3o do mosteiro de S\u00e3o Sinforiano a Germano, que pela decad\u00eancia ali reinante o supervisionava com certa dificuldade. Acabou deixando o posto por intrigas e pela austeridade que desejava impor \u00e0s regras da comunidade.<\/p>\n<p>Foi, ent\u00e3o, para Paris, onde, pelos seus dons, principalmente o do conselho, ganhou a estima do rei Childeberto, que apreciava a sua sensatez. Em 536, o rei o convidou a ocupar o bispado de Paris, e Germano aceitou, exercendo grande influ\u00eancia na corte merov\u00edngia. Nessa \u00e9poca, o rei Childeberto ficou gravemente enfermo, sendo curado com as ora\u00e7\u00f5es do bispo Germano. Como agradecimento, mandou construir uma grande igreja e, bem pr\u00f3ximo, um grande convento, que mais tarde se tornou o famoso Semin\u00e1rio de Paris, centro avan\u00e7ado de estudo eclesi\u00e1stico e de vida mon\u00e1stica.<\/p>\n<p>Germano participou, ainda, de alguns importantes acontecimentos da Igreja da Fran\u00e7a: do concilio de Tours, em 567, e dos conc\u00edlios de Paris, inclusive o de 573, e a consagra\u00e7\u00e3o do bispo F\u00e9lix de Bourges em 570.<\/p>\n<p>Entrementes n\u00e3o eram apenas os nobres que o respeitavam, ele era amado pelo povo pobre da diocese. Germano era pr\u00f3digo em caridade e esmolas, dedicando ao seu rebanho um amor incondicional. Frequentemente, era visto apenas com sua t\u00fanica, pois o restante das roupas vestira um pobre; ficava feliz por sentir frio, mas tendo a certeza de que o pobre estava aquecido. Quando nada mais lhe restava, permanecia sentado, triste e inquieto, com fisionomia mais grave e conversa\u00e7\u00e3o mais severa.<\/p>\n<p>Assim viveu o bispo Germano de Paris, at\u00e9 morrer no dia 28 de maio de 576. Logo os milagres e gra\u00e7as come\u00e7aram a acontecer e o seu culto foi autorizado pela Igreja, mantendo a data de sua morte para a celebra\u00e7\u00e3o. Suas rel\u00edquias se encontram na majestosa igreja de S\u00e3o Germano de Paris, uma das mais belas constru\u00e7\u00f5es da cidade.<\/p>\n<p><em>A Igreja tamb\u00e9m celebra hoje a mem\u00f3ria dos santos: Bernardo de Novara, Em\u00edlio e Margarida Pole.<\/em><\/p>\n<\/div>\t\t\t\t\t\n            \t<\/div>\n            <\/article>\n                    <\/li>\n        <li class=\"mec-daily-view-date-events mec-util-hidden\" id=\"mec_daily_view_date_events103_20260529\">\n                                        <article>\n                <div class=\"mec-event-content\">\n\t\t\t\t\t<div style=\"width: 100%; display: inline-block; margin-top: 25px;\"><img width=\"1280\" height=\"720\" src=\"https:\/\/franciscanos.org.br\/vidacrista\/wp-content\/uploads\/2018\/05\/URSULA.jpg\" class=\"attachment-full size-full wp-post-image\" alt=\"\" decoding=\"async\" data-mec-postid=\"179486\" srcset=\"https:\/\/franciscanos.org.br\/vidacrista\/wp-content\/uploads\/2018\/05\/URSULA.jpg 1280w, https:\/\/franciscanos.org.br\/vidacrista\/wp-content\/uploads\/2018\/05\/URSULA-450x253.jpg 450w, https:\/\/franciscanos.org.br\/vidacrista\/wp-content\/uploads\/2018\/05\/URSULA-1024x576.jpg 1024w, https:\/\/franciscanos.org.br\/vidacrista\/wp-content\/uploads\/2018\/05\/URSULA-768x432.jpg 768w, https:\/\/franciscanos.org.br\/vidacrista\/wp-content\/uploads\/2018\/05\/URSULA-150x84.jpg 150w\" sizes=\"(max-width: 1280px) 100vw, 1280px\" \/><\/div>\t\t\t\t\n\t\t\t\t\t<h2 class=\"mec-single-title\" style=\"margin-top: 25px;\">Santa \u00darsula Ledochowska<\/h2>\n\t\t\t\t\t\n\t\t\t\t\t<ul class=\"mec-event-sharing\"><li class=\"mec-event-social-icon\"><a class=\"facebook\" href=\"https:\/\/www.facebook.com\/sharer\/sharer.php?u=https:\/\/franciscanos.org.br\/vidacrista\/calendario\/santa-ursula-ledochowska\/\" onclick=\"javascript:window.open(this.href, '', 'menubar=no,toolbar=no,resizable=yes,scrollbars=yes,height=500,width=600'); return false;\" title=\"Compartilhar no Facebook\"><i class=\"mec-fa-facebook\"><\/i><\/a><\/li><li class=\"mec-event-social-icon\"><a class=\"google\" href=\"https:\/\/plus.google.com\/share?url=https:\/\/franciscanos.org.br\/vidacrista\/calendario\/santa-ursula-ledochowska\/\" onclick=\"javascript:window.open(this.href, '', 'menubar=no,toolbar=no,resizable=yes,scrollbars=yes,height=600,width=500'); return false;\" title=\"Google Plus\"><i class=\"mec-fa-google-plus\"><\/i><\/a><\/li><li class=\"mec-event-social-icon\"><a class=\"twitter\" href=\"https:\/\/twitter.com\/share?url=https:\/\/franciscanos.org.br\/vidacrista\/calendario\/santa-ursula-ledochowska\/\" onclick=\"javascript:window.open(this.href, '', 'menubar=no,toolbar=no,resizable=yes,scrollbars=yes,height=600,width=500'); return false;\" target=\"_blank\" title=\"Tweetar\"><i class=\"mec-fa-twitter\"><\/i><\/a><\/li><li class=\"mec-event-social-icon\"><a class=\"linkedin\" href=\"https:\/\/www.linkedin.com\/shareArticle?mini=true&url=https:\/\/franciscanos.org.br\/vidacrista\/calendario\/santa-ursula-ledochowska\/\" onclick=\"javascript:window.open(this.href, '', 'menubar=no,toolbar=no,resizable=yes,scrollbars=yes,height=600,width=500'); return false;\" target=\"_blank\" title=\"Linkedin\"><i class=\"mec-fa-linkedin\"><\/i><\/a><\/li><li class=\"mec-event-social-icon\"><a class=\"email\" href=\"mailto:?subject=Santa \u00darsula Ledochowska&body=https%3A%2F%2Ffranciscanos.org.br%2Fvidacrista%2Fcalendario%2Fsanta-ursula-ledochowska%2F\" title=\"E-mail\"><i class=\"mec-fa-envelope\"><\/i><\/a><\/li><\/ul>\n\n\t\t\t\t\t\t\t\t\t\t\n\t\t\t\t\t<div class=\"mec-single-event-description mec-events-content\"><p>J\u00falia Ledochowska pertencia a uma fam\u00edlia especialmente aben\u00e7oada. A sua irm\u00e3 mais velha, Maria Teresa, era religiosa, fundou uma congrega\u00e7\u00e3o e foi inscrita no livro dos santos. O irm\u00e3o, o padre Vladimiro foi o vig\u00e9simo sexto preposto-geral dos jesu\u00edtas . Ela nasceu em 17 de abril de 1865 e os pais eram nobres poloneses que residiam na \u00c1ustria.<\/p>\n<p>At\u00e9 o final da adolesc\u00eancia viveu nesse pa\u00eds, onde completou os estudos, depois voltou com a fam\u00edlia para o solo polon\u00eas, estabelecendo-se na Cro\u00e1cia. Aos vinte e um anos, ingressou no Convento das Irm\u00e3s Ursulinas de Crac\u00f3via, pronunciando os votos definitivos e tomando o nome de \u00darsula em 1899.<\/p>\n<p>Ativa educadora, fundou um pensionato feminino para jovens, promovendo entre os estudantes a Associa\u00e7\u00e3o das Filhas de Maria e foi, tamb\u00e9m, superiora do seu convento por quatro anos. Foi chamada pelo p\u00e1roco da igreja de Santa Catarina em Petersburgo, na R\u00fassia, que na \u00e9poca reprimia toda atividade religiosa, inclusive as de cunho assistencial, para dirigir um internato de estudantes polonesas exiladas; nessa fun\u00e7\u00e3o teve de usar roupas civis para sua seguran\u00e7a. Em 1909, fundou, tamb\u00e9m, uma casa das ursulinas na Finl\u00e2ndia onde inovou com um pensionato e uma escola ao ar livre, para mo\u00e7as doentes, seguindo o estilo ingl\u00eas, ao mesmo tempo fundando, na mesma Petersburgo, uma casa das Ursulinas.<\/p>\n<p>A sua cidadania e origem austr\u00edaca a fizeram objeto de persegui\u00e7\u00e3o por parte da pol\u00edcia russa durante a Primeira Guerra Mundial , tanto que em 1914 se refugiou na Su\u00e9cia, onde fundou, tamb\u00e9m ali, um pensionato e uma escola. O seu grande senso de apostolado a fez fundar para os cat\u00f3licos suecos o jornal \u201cSolglimstar\u201d, editado ainda hoje sob outra dire\u00e7\u00e3o. Em 1917, foi para a Dinamarca dar assist\u00eancia aos poloneses perseguidos, onde permaneceu por dois anos, quando, ent\u00e3o, regressou para o seu convento na Pol\u00f4nia.<\/p>\n<p>Atendendo um antigo anseio interior, em 1920 separou-se da sua congrega\u00e7\u00e3o para fundar uma nova ordem: as Irm\u00e3s Ursulinas do Sagrado Cora\u00e7\u00e3o Agonizante, com a fun\u00e7\u00e3o de dar assist\u00eancia aos jovens abandonados e para cuidar dos pobres, velhos e crian\u00e7as.<\/p>\n<p>Na Pol\u00f4nia, devido \u00e0 cor do h\u00e1bito, se popularizaram como as \u201cursulinas cinzas\u201d e na It\u00e1lia, como as \u201cirm\u00e3s polonesas\u201d. A ordem foi aprovada em 1930 e se desenvolveu com rapidez. Quando sua fundadora, madre \u00darsula, morreu, j\u00e1 existiam trinta e cinco casas e mais de mil irm\u00e3s. Ela deixou v\u00e1rios livros, todos escritos em polon\u00eas, que foram traduzidos para o italiano e franc\u00eas.<\/p>\n<p>Madre \u00darsula Ledochowska faleceu em Roma no dia 29 de maio de 1939, na Casa m\u00e3e da Ordem, que conserva as suas rel\u00edquias. O papa S\u00e3o Jo\u00e3o Paulo II, em 1983, a beatificou, numa comovente cerim\u00f4nia em Poznan, quando visitava a Pol\u00f4nia. Vinte anos depois, ele mesmo a canonizou, declarando ser seu devoto. O culto em sua homenagem foi designado para o dia de sua morte.<\/p>\n<p><em>A Igreja tamb\u00e9m celebra hoje a mem\u00f3ria dos santos: Maximino, Cirilo de Cesareia e Sis\u00ednio.<\/em><\/p>\n<\/div>\t\t\t\t\t\n            \t<\/div>\n            <\/article>\n                    <\/li>\n        <li class=\"mec-daily-view-date-events mec-util-hidden\" id=\"mec_daily_view_date_events103_20260530\">\n                                        <article>\n                <div class=\"mec-event-content\">\n\t\t\t\t\t<div style=\"width: 100%; display: inline-block; margin-top: 25px;\"><img width=\"1280\" height=\"720\" src=\"https:\/\/franciscanos.org.br\/vidacrista\/wp-content\/uploads\/2018\/05\/JOANA-DARC.jpg\" class=\"attachment-full size-full wp-post-image\" alt=\"\" decoding=\"async\" data-mec-postid=\"179488\" srcset=\"https:\/\/franciscanos.org.br\/vidacrista\/wp-content\/uploads\/2018\/05\/JOANA-DARC.jpg 1280w, https:\/\/franciscanos.org.br\/vidacrista\/wp-content\/uploads\/2018\/05\/JOANA-DARC-450x253.jpg 450w, https:\/\/franciscanos.org.br\/vidacrista\/wp-content\/uploads\/2018\/05\/JOANA-DARC-1024x576.jpg 1024w, https:\/\/franciscanos.org.br\/vidacrista\/wp-content\/uploads\/2018\/05\/JOANA-DARC-768x432.jpg 768w, https:\/\/franciscanos.org.br\/vidacrista\/wp-content\/uploads\/2018\/05\/JOANA-DARC-150x84.jpg 150w\" sizes=\"(max-width: 1280px) 100vw, 1280px\" \/><\/div>\t\t\t\t\n\t\t\t\t\t<h2 class=\"mec-single-title\" style=\"margin-top: 25px;\">Santa Joana d\u2019Arc<\/h2>\n\t\t\t\t\t\n\t\t\t\t\t<ul class=\"mec-event-sharing\"><li class=\"mec-event-social-icon\"><a class=\"facebook\" href=\"https:\/\/www.facebook.com\/sharer\/sharer.php?u=https:\/\/franciscanos.org.br\/vidacrista\/calendario\/santa-joana-darc\/\" onclick=\"javascript:window.open(this.href, '', 'menubar=no,toolbar=no,resizable=yes,scrollbars=yes,height=500,width=600'); return false;\" title=\"Compartilhar no Facebook\"><i class=\"mec-fa-facebook\"><\/i><\/a><\/li><li class=\"mec-event-social-icon\"><a class=\"google\" href=\"https:\/\/plus.google.com\/share?url=https:\/\/franciscanos.org.br\/vidacrista\/calendario\/santa-joana-darc\/\" onclick=\"javascript:window.open(this.href, '', 'menubar=no,toolbar=no,resizable=yes,scrollbars=yes,height=600,width=500'); return false;\" title=\"Google Plus\"><i class=\"mec-fa-google-plus\"><\/i><\/a><\/li><li class=\"mec-event-social-icon\"><a class=\"twitter\" href=\"https:\/\/twitter.com\/share?url=https:\/\/franciscanos.org.br\/vidacrista\/calendario\/santa-joana-darc\/\" onclick=\"javascript:window.open(this.href, '', 'menubar=no,toolbar=no,resizable=yes,scrollbars=yes,height=600,width=500'); return false;\" target=\"_blank\" title=\"Tweetar\"><i class=\"mec-fa-twitter\"><\/i><\/a><\/li><li class=\"mec-event-social-icon\"><a class=\"linkedin\" href=\"https:\/\/www.linkedin.com\/shareArticle?mini=true&url=https:\/\/franciscanos.org.br\/vidacrista\/calendario\/santa-joana-darc\/\" onclick=\"javascript:window.open(this.href, '', 'menubar=no,toolbar=no,resizable=yes,scrollbars=yes,height=600,width=500'); return false;\" target=\"_blank\" title=\"Linkedin\"><i class=\"mec-fa-linkedin\"><\/i><\/a><\/li><li class=\"mec-event-social-icon\"><a class=\"email\" href=\"mailto:?subject=Santa Joana d\u2019Arc&body=https%3A%2F%2Ffranciscanos.org.br%2Fvidacrista%2Fcalendario%2Fsanta-joana-darc%2F\" title=\"E-mail\"><i class=\"mec-fa-envelope\"><\/i><\/a><\/li><\/ul>\n\n\t\t\t\t\t\t\t\t\t\t\n\t\t\t\t\t<div class=\"mec-single-event-description mec-events-content\"><p>Filha de Jaques d\u2019Arc e Isabel, camponeses muito pobres, Joana nasceu em Domr\u00e9my, na regi\u00e3o francesa de Lorena, em 6 de janeiro de 1412. Cresceu no meio rural, piedosa, devota e analfabeta, assinava seu nome utilizando uma simples, mas significativa, cruz. Significativa porque j\u00e1 aos treze anos come\u00e7ou a viver experi\u00eancias m\u00edsticas.<\/p>\n<p>Ouvia as \u201cvozes\u201d do arcanjo Miguel, das santas Catarina de Alexandria e Margarida de Antioquia, avisando que ela teria uma importante miss\u00e3o pela frente e deveria preparar-se para ela. Os pais, no in\u00edcio, n\u00e3o deram import\u00e2ncia, depois acharam que estava louca e por fim acreditaram, mas temeram por Joana.<\/p>\n<p>A Fran\u00e7a vivia a Guerra dos Cem Anos com a Inglaterra, governada por Henrique VI. Os franceses estavam enfraquecidos com o rei deposto e os ingleses tentando firmar seus ex\u00e9rcitos para tomar de vez o trono. As mensagens que Joana recebia exigiam que ela expulsasse os invasores, reconquistasse a cidade de Orleans e reconduzisse ao trono o rei Carlos VII, para ser coroado na catedral de Reims, novamente como leg\u00edtimo rei da Fran\u00e7a. A ordem para ela n\u00e3o parecia imposs\u00edvel, bastava cumpri-la, pois tinha certeza de que Deus estava a seu lado. O problema maior era conseguir falar pessoalmente com o rei deposto.<\/p>\n<p>Conseguiu aos dezoito anos de idade. Carlos VII s\u00f3 concordou em seguir seus conselhos quando percebeu que ela realmente tinha por tr\u00e1s de si o sinal de Deus. Isso porque Joana falou com o rei sobre assuntos que na verdade eram segredos militares e de Estado, que ningu\u00e9m conhecia, a n\u00e3o ser ele. Deu-lhe, ent\u00e3o, a chefia de seus ex\u00e9rcitos. Joana vestiu armadura de a\u00e7o, empunhou como \u00fanica arma uma bandeira com a cruz e os nomes de Jesus e Maria nela bordados, chamando os comandantes \u00e0 luta pela p\u00e1tria e por Deus.<\/p>\n<p>E o que aconteceu na batalha que teve aquela figura feminina, jovem e m\u00edstica, que nada entendia de t\u00e1ticas ou estrat\u00e9gias militares, \u00e0 frente dos soldados, foi inenarr\u00e1vel. Os franceses sitiados reagiram e venceram os invasores ingleses, livrando o pa\u00eds da submiss\u00e3o.<\/p>\n<p>Carlos VII foi, ent\u00e3o, coroado na catedral de Reims, como era tradi\u00e7\u00e3o na realeza francesa.<\/p>\n<p>A luta pela reconquista demorara cerca de um ano e ela desejava voltar para sua vida simples no campo. Mas o rei exigiu que ela continuasse comandando os ex\u00e9rcitos na reconquista de Paris. Ela obedeceu, mas foi ferida e tamb\u00e9m tra\u00edda, sendo vendida para os ingleses, que decidiram julg\u00e1-la por heresia. Num processo religioso grotesco, completamente ilegal, foi condenada \u00e0 fogueira como \u201cfeiticeira, blasfema e her\u00e9tica\u201d. Tinha dezenove anos e morreu murmurando os nomes de Jesus e Maria, em 30 de maio de 1431, diante da como\u00e7\u00e3o popular na pra\u00e7a do Mercado Vermelho, em Rouen.<\/p>\n<p>N\u00e3o fossem os fatos devidamente conhecidos e comprovados, seria dif\u00edcil crer na exist\u00eancia dessa jovem m\u00e1rtir, que sacrificou sua vida pela liberta\u00e7\u00e3o de sua p\u00e1tria e de seu povo. Vinte anos depois, o processo foi revisto pelo papa Calisto III, que constatou a injusti\u00e7a e a reabilitou. Joana d\u2019Arc foi canonizada em 1920 pelo papa Bento XV, sendo proclamada padroeira da Fran\u00e7a. O dia de hoje \u00e9 comemorado na Fran\u00e7a como data nacional, em mem\u00f3ria de santa Joana d\u2019Arc, m\u00e1rtir da p\u00e1tria e da f\u00e9.<\/p>\n<p><em>A Igreja tamb\u00e9m celebra hoje a mem\u00f3ria dos santos: Fernando III, Batista Varano e Jos\u00e9 Marello.<\/em><\/p>\n<\/div>\t\t\t\t\t\n            \t<\/div>\n            <\/article>\n                    <\/li>\n        <li class=\"mec-daily-view-date-events mec-util-hidden\" id=\"mec_daily_view_date_events103_20260531\">\n                                        <article>\n                <div class=\"mec-event-content\">\n\t\t\t\t\t<div style=\"width: 100%; display: inline-block; margin-top: 25px;\"><img width=\"1280\" height=\"720\" src=\"https:\/\/franciscanos.org.br\/vidacrista\/wp-content\/uploads\/2018\/05\/VISITACAO.jpg\" class=\"attachment-full size-full wp-post-image\" alt=\"\" decoding=\"async\" data-mec-postid=\"179490\" srcset=\"https:\/\/franciscanos.org.br\/vidacrista\/wp-content\/uploads\/2018\/05\/VISITACAO.jpg 1280w, https:\/\/franciscanos.org.br\/vidacrista\/wp-content\/uploads\/2018\/05\/VISITACAO-450x253.jpg 450w, https:\/\/franciscanos.org.br\/vidacrista\/wp-content\/uploads\/2018\/05\/VISITACAO-1024x576.jpg 1024w, https:\/\/franciscanos.org.br\/vidacrista\/wp-content\/uploads\/2018\/05\/VISITACAO-768x432.jpg 768w, https:\/\/franciscanos.org.br\/vidacrista\/wp-content\/uploads\/2018\/05\/VISITACAO-150x84.jpg 150w\" sizes=\"(max-width: 1280px) 100vw, 1280px\" \/><\/div>\t\t\t\t\n\t\t\t\t\t<h2 class=\"mec-single-title\" style=\"margin-top: 25px;\">Nossa Senhora da Visita\u00e7\u00e3o<\/h2>\n\t\t\t\t\t\n\t\t\t\t\t<ul class=\"mec-event-sharing\"><li class=\"mec-event-social-icon\"><a class=\"facebook\" href=\"https:\/\/www.facebook.com\/sharer\/sharer.php?u=https:\/\/franciscanos.org.br\/vidacrista\/calendario\/nossa-senhora-da-visitacao\/\" onclick=\"javascript:window.open(this.href, '', 'menubar=no,toolbar=no,resizable=yes,scrollbars=yes,height=500,width=600'); return false;\" title=\"Compartilhar no Facebook\"><i class=\"mec-fa-facebook\"><\/i><\/a><\/li><li class=\"mec-event-social-icon\"><a class=\"google\" href=\"https:\/\/plus.google.com\/share?url=https:\/\/franciscanos.org.br\/vidacrista\/calendario\/nossa-senhora-da-visitacao\/\" onclick=\"javascript:window.open(this.href, '', 'menubar=no,toolbar=no,resizable=yes,scrollbars=yes,height=600,width=500'); return false;\" title=\"Google Plus\"><i class=\"mec-fa-google-plus\"><\/i><\/a><\/li><li class=\"mec-event-social-icon\"><a class=\"twitter\" href=\"https:\/\/twitter.com\/share?url=https:\/\/franciscanos.org.br\/vidacrista\/calendario\/nossa-senhora-da-visitacao\/\" onclick=\"javascript:window.open(this.href, '', 'menubar=no,toolbar=no,resizable=yes,scrollbars=yes,height=600,width=500'); return false;\" target=\"_blank\" title=\"Tweetar\"><i class=\"mec-fa-twitter\"><\/i><\/a><\/li><li class=\"mec-event-social-icon\"><a class=\"linkedin\" href=\"https:\/\/www.linkedin.com\/shareArticle?mini=true&url=https:\/\/franciscanos.org.br\/vidacrista\/calendario\/nossa-senhora-da-visitacao\/\" onclick=\"javascript:window.open(this.href, '', 'menubar=no,toolbar=no,resizable=yes,scrollbars=yes,height=600,width=500'); return false;\" target=\"_blank\" title=\"Linkedin\"><i class=\"mec-fa-linkedin\"><\/i><\/a><\/li><li class=\"mec-event-social-icon\"><a class=\"email\" href=\"mailto:?subject=Nossa Senhora da Visita\u00e7\u00e3o&body=https%3A%2F%2Ffranciscanos.org.br%2Fvidacrista%2Fcalendario%2Fnossa-senhora-da-visitacao%2F\" title=\"E-mail\"><i class=\"mec-fa-envelope\"><\/i><\/a><\/li><\/ul>\n\n\t\t\t\t\t\t\t\t\t\t\n\t\t\t\t\t<div class=\"mec-single-event-description mec-events-content\"><p>Maio \u00e9 o m\u00eas dedicado \u00e0 particular devo\u00e7\u00e3o de Nossa Senhora. A Igreja o encerra com a Festa da Visita\u00e7\u00e3o da Virgem Maria \u00e0 santa prima Isabel, que simboliza o cumprimento dos tempos. Antes ocorria em 02 de julho, data do regresso de Maria, uma semana depois do nascimento e do rito da imposi\u00e7\u00e3o do nome de S\u00e3o Jo\u00e3o Batista.<\/p>\n<p>A refer\u00eancia mais antiga da invoca\u00e7\u00e3o de Nossa Senhora da Visita\u00e7\u00e3o pertence a Ordem franciscana, que assim a festejava desde 1263, na It\u00e1lia. Em 1441, o Papa Urbano VI instituiu esta festa, pois a Igreja do Ocidente necessitava da intercess\u00e3o de Maria, para recuperar a paz e uni\u00e3o do clero dividido pelo grande cisma.<\/p>\n<p>A B\u00edblia narra que Maria viajou para a casa da fam\u00edlia de Zacarias logo ap\u00f3s a anuncia\u00e7\u00e3o do Anjo, que lhe dissera \u201cvossa prima Isabel, tamb\u00e9m conceber\u00e1 um filho em sua idade avan\u00e7ada. E este \u00e9 agora o sexto m\u00eas dela, que foi dita est\u00e9ril; nada \u00e9 imposs\u00edvel para Deus\u201d. (Lc 1, 26, 37). J\u00e1 concebida pelo Esp\u00edrito Santo, a pur\u00edssima Virgem foi levar sua ajuda e apoio \u00e0 parenta genitora do precursor do Messias Salvador.<\/p>\n<p>O encontro das duas M\u00e3es \u00e9 a verdadeira explos\u00e3o de salva\u00e7\u00e3o, de alegria e de louvor ao Criador. Dele resultou a ora\u00e7\u00e3o da Ave Maria e o c\u00e2ntico do \u201cMagnificat\u201d, rezados e entoados por toda a cristandade aos longos destes mais de dois mil\u00eanios.<\/p>\n<p>Desde 1412, Nossa Senhora da Visita\u00e7\u00e3o \u00e9 festejada especialmente pelos italianos da Sic\u00edlia, como a Padroeira da cidade da Enna. Mas nem todo o mundo crist\u00e3o celebrava esta venera\u00e7\u00e3o, por isto foi confirmada no s\u00ednodo de Basil\u00e9ia em 1441.<\/p>\n<p>Os portugueses sempre a celebraram com muita pompa, porque rei D. Manuel I, o Venturoso, que governou entre 1495 e 1521, escolheu Nossa Senhora da Visita\u00e7\u00e3o a Padroeira da Casa de Miseric\u00f3rdia de Lisboa, e de todas as outras do reino.<\/p>\n<p>Foi assim que este culto chegou ao Brasil Col\u00f4nia, primeiro na Casa de Miseric\u00f3rdia do Rio de Janeiro, depois se disseminou por todo territ\u00f3rio brasileiro. Antigamente os fieis faziam uma enorme prociss\u00e3o at\u00e9 os Hospitais da Miseric\u00f3rdia para levar conforto aos enfermos e suas doa\u00e7\u00f5es \u00e0s institui\u00e7\u00f5es. Hoje, as par\u00f3quias enviam as doa\u00e7\u00f5es recolhidas com anteced\u00eancia, para as Pastorais dos enfermos, que atuam com os volunt\u00e1rios junto \u00e0s Casas de Sa\u00fade mais deficit\u00e1rias. Tudo para perpetuar a verdadeira caridade crist\u00e3, iniciada pela M\u00e3e de Deus ao visitar a santa prima levando sua amizade e ajuda quando mais precisava.<\/p>\n<p>Em 1978, a Madre Maria Vincenza Minet foi chamada pelo Senhor para fundar uma congrega\u00e7\u00e3o de religiosa sob o carisma de Nossa Senhora da Visita\u00e7\u00e3o. Com o apoio do Bispo de Assis, nesta cidade da It\u00e1lia nasceu as Servas da Visita\u00e7\u00e3o em 1978, para abrirem miss\u00f5es a fim de atender as necessidades dos mais pobres e marginalizados em todos os continentes. Hoje, al\u00e9m da It\u00e1lia, atuam na Pol\u00f4nia, Filipinas, \u00c1frica e Brasil.<\/p>\n<p><em>A Igreja tamb\u00e9m celebra hoje a mem\u00f3ria dos santos: C\u00e2ncio, Petronila de Roma e Pasc\u00e1sio.<\/em><\/p>\n<\/div>\t\t\t\t\t\n            \t<\/div>\n            <\/article>\n                    <\/li>\n    \t<script>\n\t\t$(document).ready(function(){\n\t\t\t$('.tabs_mp_item li:first-child').addClass('active');\n\t\t\t$('.tabs_mp_content_item:first-child').addClass('active');\n\t\t\t\n\t\t\t$('.tabs_mp').on('click', '.tabs_mp_item li', function(){\n\t\t\t\tif(!$(this).hasClass('active')){\n\t\t\t\t\t$('.tabs_mp_item li').removeClass('active');\n\t\t\t\t\t$('.tabs_mp_content_item').removeClass('active');\n\t\t\t\t\t$(this).addClass('active');\n\t\t\t\t\tvar contentAlvo = $(this).attr(\"data-tab\");\n\t\t\t\t\tvar indexContent = $(this).index();\n\t\t\t\t\t$(\".tabs_mp_content.\" + contentAlvo).find(\".\"+indexContent).addClass(\"active\");\n\t\t\t\t}\n\t\t\t});\n\t\t});\n\t<\/script>\n<\/ul>\n<div class=\"mec-event-footer\"><\/div><\/div>            <\/div>\n        <\/div>\n    <\/div>\n    \n<\/div>\n[\/vc_column][vc_column width=&#8221;1\/6&#8243;][\/vc_column][\/vc_row][\/vc_section]<\/p>\n","protected":false},"excerpt":{"rendered":"<p>[vc_section][vc_row][vc_column width=&#8221;1\/6&#8243;][\/vc_column][vc_column width=&#8221;2\/3&#8243;][\/vc_column][vc_column width=&#8221;1\/6&#8243;][\/vc_column][\/vc_row][\/vc_section]<\/p>\n","protected":false},"author":1,"featured_media":0,"parent":0,"menu_order":0,"comment_status":"closed","ping_status":"closed","template":"page-calendar.php","meta":{"footnotes":""},"yoast_head":"<!-- This site is optimized with the Yoast SEO plugin v19.4 - https:\/\/yoast.com\/wordpress\/plugins\/seo\/ -->\n<title>Santo do dia - Vida Crist\u00e3 - Franciscanos<\/title>\n<meta name=\"robots\" content=\"index, follow, max-snippet:-1, max-image-preview:large, max-video-preview:-1\" \/>\n<link rel=\"canonical\" href=\"https:\/\/franciscanos.org.br\/vidacrista\/santo-do-dia\/\" \/>\n<meta property=\"og:locale\" content=\"pt_BR\" \/>\n<meta property=\"og:type\" content=\"article\" \/>\n<meta property=\"og:title\" content=\"Santo do dia - Vida Crist\u00e3 - Franciscanos\" \/>\n<meta property=\"og:description\" content=\"[vc_section][vc_row][vc_column width=&#8221;1\/6&#8243;][\/vc_column][vc_column width=&#8221;2\/3&#8243;][\/vc_column][vc_column width=&#8221;1\/6&#8243;][\/vc_column][\/vc_row][\/vc_section]\" \/>\n<meta property=\"og:url\" content=\"https:\/\/franciscanos.org.br\/vidacrista\/santo-do-dia\/\" \/>\n<meta property=\"og:site_name\" content=\"Vida Crist\u00e3 - Franciscanos\" \/>\n<meta property=\"article:modified_time\" content=\"2018-12-10T14:23:17+00:00\" \/>\n<meta name=\"twitter:card\" content=\"summary_large_image\" \/>\n<script type=\"application\/ld+json\" class=\"yoast-schema-graph\">{\"@context\":\"https:\/\/schema.org\",\"@graph\":[{\"@type\":\"WebSite\",\"@id\":\"https:\/\/franciscanos.org.br\/vidacrista\/#website\",\"url\":\"https:\/\/franciscanos.org.br\/vidacrista\/\",\"name\":\"Vida Crist\u00e3 - Franciscanos\",\"description\":\"Prov\u00edncia Franciscana da Imaculada Concei\u00e7\u00e3o do Brasil - Ordem dos Frades Menores\",\"potentialAction\":[{\"@type\":\"SearchAction\",\"target\":{\"@type\":\"EntryPoint\",\"urlTemplate\":\"https:\/\/franciscanos.org.br\/vidacrista\/?s={search_term_string}\"},\"query-input\":\"required name=search_term_string\"}],\"inLanguage\":\"pt-BR\"},{\"@type\":\"WebPage\",\"@id\":\"https:\/\/franciscanos.org.br\/vidacrista\/santo-do-dia\/\",\"url\":\"https:\/\/franciscanos.org.br\/vidacrista\/santo-do-dia\/\",\"name\":\"Santo do dia - Vida Crist\u00e3 - Franciscanos\",\"isPartOf\":{\"@id\":\"https:\/\/franciscanos.org.br\/vidacrista\/#website\"},\"datePublished\":\"2018-10-26T02:19:23+00:00\",\"dateModified\":\"2018-12-10T14:23:17+00:00\",\"breadcrumb\":{\"@id\":\"https:\/\/franciscanos.org.br\/vidacrista\/santo-do-dia\/#breadcrumb\"},\"inLanguage\":\"pt-BR\",\"potentialAction\":[{\"@type\":\"ReadAction\",\"target\":[\"https:\/\/franciscanos.org.br\/vidacrista\/santo-do-dia\/\"]}]},{\"@type\":\"BreadcrumbList\",\"@id\":\"https:\/\/franciscanos.org.br\/vidacrista\/santo-do-dia\/#breadcrumb\",\"itemListElement\":[{\"@type\":\"ListItem\",\"position\":1,\"name\":\"Home\",\"item\":\"https:\/\/franciscanos.org.br\/vidacrista\/\"},{\"@type\":\"ListItem\",\"position\":2,\"name\":\"Santo do dia\"}]}]}<\/script>\n<!-- \/ Yoast SEO plugin. -->","yoast_head_json":{"title":"Santo do dia - Vida Crist\u00e3 - Franciscanos","robots":{"index":"index","follow":"follow","max-snippet":"max-snippet:-1","max-image-preview":"max-image-preview:large","max-video-preview":"max-video-preview:-1"},"canonical":"https:\/\/franciscanos.org.br\/vidacrista\/santo-do-dia\/","og_locale":"pt_BR","og_type":"article","og_title":"Santo do dia - Vida Crist\u00e3 - Franciscanos","og_description":"[vc_section][vc_row][vc_column width=&#8221;1\/6&#8243;][\/vc_column][vc_column width=&#8221;2\/3&#8243;][\/vc_column][vc_column width=&#8221;1\/6&#8243;][\/vc_column][\/vc_row][\/vc_section]","og_url":"https:\/\/franciscanos.org.br\/vidacrista\/santo-do-dia\/","og_site_name":"Vida Crist\u00e3 - Franciscanos","article_modified_time":"2018-12-10T14:23:17+00:00","twitter_card":"summary_large_image","schema":{"@context":"https:\/\/schema.org","@graph":[{"@type":"WebSite","@id":"https:\/\/franciscanos.org.br\/vidacrista\/#website","url":"https:\/\/franciscanos.org.br\/vidacrista\/","name":"Vida Crist\u00e3 - Franciscanos","description":"Prov\u00edncia Franciscana da Imaculada Concei\u00e7\u00e3o do Brasil - Ordem dos Frades Menores","potentialAction":[{"@type":"SearchAction","target":{"@type":"EntryPoint","urlTemplate":"https:\/\/franciscanos.org.br\/vidacrista\/?s={search_term_string}"},"query-input":"required name=search_term_string"}],"inLanguage":"pt-BR"},{"@type":"WebPage","@id":"https:\/\/franciscanos.org.br\/vidacrista\/santo-do-dia\/","url":"https:\/\/franciscanos.org.br\/vidacrista\/santo-do-dia\/","name":"Santo do dia - Vida Crist\u00e3 - Franciscanos","isPartOf":{"@id":"https:\/\/franciscanos.org.br\/vidacrista\/#website"},"datePublished":"2018-10-26T02:19:23+00:00","dateModified":"2018-12-10T14:23:17+00:00","breadcrumb":{"@id":"https:\/\/franciscanos.org.br\/vidacrista\/santo-do-dia\/#breadcrumb"},"inLanguage":"pt-BR","potentialAction":[{"@type":"ReadAction","target":["https:\/\/franciscanos.org.br\/vidacrista\/santo-do-dia\/"]}]},{"@type":"BreadcrumbList","@id":"https:\/\/franciscanos.org.br\/vidacrista\/santo-do-dia\/#breadcrumb","itemListElement":[{"@type":"ListItem","position":1,"name":"Home","item":"https:\/\/franciscanos.org.br\/vidacrista\/"},{"@type":"ListItem","position":2,"name":"Santo do dia"}]}]}},"_links":{"self":[{"href":"https:\/\/franciscanos.org.br\/vidacrista\/wp-json\/wp\/v2\/pages\/125"}],"collection":[{"href":"https:\/\/franciscanos.org.br\/vidacrista\/wp-json\/wp\/v2\/pages"}],"about":[{"href":"https:\/\/franciscanos.org.br\/vidacrista\/wp-json\/wp\/v2\/types\/page"}],"author":[{"embeddable":true,"href":"https:\/\/franciscanos.org.br\/vidacrista\/wp-json\/wp\/v2\/users\/1"}],"replies":[{"embeddable":true,"href":"https:\/\/franciscanos.org.br\/vidacrista\/wp-json\/wp\/v2\/comments?post=125"}],"version-history":[{"count":1,"href":"https:\/\/franciscanos.org.br\/vidacrista\/wp-json\/wp\/v2\/pages\/125\/revisions"}],"predecessor-version":[{"id":176533,"href":"https:\/\/franciscanos.org.br\/vidacrista\/wp-json\/wp\/v2\/pages\/125\/revisions\/176533"}],"wp:attachment":[{"href":"https:\/\/franciscanos.org.br\/vidacrista\/wp-json\/wp\/v2\/media?parent=125"}],"curies":[{"name":"wp","href":"https:\/\/api.w.org\/{rel}","templated":true}]}}