{"id":216204,"date":"2020-01-23T13:08:05","date_gmt":"2020-01-23T16:08:05","guid":{"rendered":"https:\/\/franciscanos.org.br\/noticias\/?page_id=216204"},"modified":"2020-01-23T14:36:26","modified_gmt":"2020-01-23T17:36:26","slug":"linha-do-tempo-2","status":"publish","type":"page","link":"https:\/\/franciscanos.org.br\/noticias\/linha-do-tempo-2","title":{"rendered":"Linha do Tempo"},"content":{"rendered":"    \t<div class=\"wpex-timeline-list center-tl sidebyside-tl no-end show-box-color show-icon wpex-infinite wptl-lightbox\" id=\"timeline-8877\" data-animations=\"fadeIn\">\n        \t<div class=\"wpex-loading\">\n                <div class=\"wpex-spinner\">\n                    <div class=\"rect1\"><\/div>\n                    <div class=\"rect2\"><\/div>\n                    <div class=\"rect3\"><\/div>\n                    <div class=\"rect4\"><\/div>\n                    <div class=\"rect5\"><\/div>\n                <\/div>\n            <\/div>\n        \t        \t            <ul class=\"wpex wpex-timeline style-center\">\n                \n\t\t\t\t<li class=\"filter-8877_218473 post-218473 wp-timeline type-wp-timeline status-publish has-post-thumbnail hentry wpex_category-missoes-de-xaxim wptl-customlink\" data-id=\"filter-8877_218473\">\n\t<div class=\" scroll-effect\">\n        <div class=\"wpex-timeline-label\">\n            <div class=\"tlb-time\">\n\t\t\t\t\n\t\t\t<span class=\"info-h\">20h00<\/span>\n\t\t<span class=\"tll-date\">\n\t\t\t02\/02\/2020\n\t\t<\/span>            <\/div>\n            <div class=\"clearfix\"><\/div>\n            <div class=\"timeline-details\">\n                                    <a href=\"https:\/\/franciscanos.org.br\/noticias\/wp-content\/uploads\/2020\/02\/quintodia_020220_1.jpg\" title=\"#MFJXAXIM2020 | 5\u00ba DIA #07\">\n                        <span class=\"info-img\">\n\t\t\t\t\t\t\t<img width=\"600\" height=\"450\" src=\"https:\/\/franciscanos.org.br\/noticias\/wp-content\/uploads\/2020\/02\/quintodia_020220_1-600x450.jpg\" class=\"attachment-wptl-600x450 size-wptl-600x450 wp-post-image\" alt=\"\" loading=\"lazy\" \/>                        <\/span>\n                    <\/a>\n                                <div class=\"tlct-shortdes\">\n                            <h2 >\n            <a href=\"https:\/\/youtu.be\/bwRoMD3-bPg\" title=\"#MFJXAXIM2020 | 5\u00ba DIA #07\">\n                #MFJXAXIM2020 | 5\u00ba DIA #07            <\/a>\n        <\/h2>\n                            <p>Terminou neste domingo (02\/02\/2020), a 7\u00aa edi\u00e7\u00e3o das Miss\u00f5es Franciscanas da Juventude que aconteceu em Xaxim (SC). Veja depoimentos e saiba qual cidade acolher\u00e1 a pr\u00f3xima #MFJ no ano que vem. Acompanhe na #TVFranciscanos<\/p>\n                                    <\/div>\n            <\/div>\n            <div class=\"clearfix\"><\/div>\n        <\/div>\n            <\/div>\n    <div class=\"wpex-timeline-icon\">\n    \t        <a href=\"https:\/\/youtu.be\/bwRoMD3-bPg\" title=\"#MFJXAXIM2020 | 5\u00ba DIA #07\"><i class=\"fa fa-calendar-check-o\"><\/i><\/a>\n    <\/div>\n    \t<style type=\"text\/css\">\n\t\t\t\t#timeline-8877 li.post-218473 .wpex-timeline-icon .fa,\n        #timeline-8877 .wpex-timeline > li.post-218473 .tlb-time{ background:#dd0000}\n\t\t#timeline-8877 li.post-218473 .wpex-timeline-icon .fa:after, \n\t\t#timeline-8877 li.post-218473.wptl-feature .wpex-timeline-icon i:after,\n\t\t#timeline-8877 li.post-218473:nth-child(odd) .wpex-timeline-label, \n\t\t#timeline-8877 li.post-218473 .wpex-timeline-label{border-color:#dd0000}\n\t\t#timeline-8877 li.post-218473 .wpex-timeline-time span:last-child,\n\t\t#timeline-8877 li.post-218473 .wpex-timeline-icon .fa:not(.no-icon):not(.icon-img):before{color:#dd0000;}\n\t\t    <\/style>\n            <\/li><li class=\"filter-8877_218467 post-218467 wp-timeline type-wp-timeline status-publish has-post-thumbnail hentry wpex_category-missoes-de-xaxim\" data-id=\"filter-8877_218467\">\n\t<div class=\" scroll-effect\">\n        <div class=\"wpex-timeline-label\">\n            <div class=\"tlb-time\">\n\t\t\t\t\n\t\t\t<span class=\"info-h\">18H59<\/span>\n\t\t<span class=\"tll-date\">\n\t\t\t02\/02\/2020\n\t\t<\/span>            <\/div>\n            <div class=\"clearfix\"><\/div>\n            <div class=\"timeline-details\">\n                                    <a href=\"https:\/\/franciscanos.org.br\/noticias\/wp-content\/uploads\/2020\/02\/diego_07-1.jpg\" title=\"SOBRARAM EMO\u00c7\u00d5ES NA PRA\u00c7A MATRIZ DE XAXIM\">\n                        <span class=\"info-img\">\n\t\t\t\t\t\t\t<img width=\"600\" height=\"450\" src=\"https:\/\/franciscanos.org.br\/noticias\/wp-content\/uploads\/2020\/02\/diego_07-1-600x450.jpg\" class=\"attachment-wptl-600x450 size-wptl-600x450 wp-post-image\" alt=\"\" loading=\"lazy\" \/>                        <\/span>\n                    <\/a>\n                                <div class=\"tlct-shortdes\">\n                            <h2 >\n            <a href=\"https:\/\/franciscanos.org.br\/noticias\/timeline\/sobraram-emocoes-na-praca-matriz-de-xaxim\" title=\"SOBRARAM EMO\u00c7\u00d5ES NA PRA\u00c7A MATRIZ DE XAXIM\">\n                SOBRARAM EMO\u00c7\u00d5ES NA PRA\u00c7A MATRIZ DE XAXIM            <\/a>\n        <\/h2>\n                            <p>Tanto nos depoimentos dos jovens como nos agradecimentos dos frades envolvidos diretamente com as Miss\u00f5es Franciscanas da Juventude, em Xaxim, de 29 a este domingo, 2 de fevereiro, sobraram emo\u00e7\u00f5es. A come\u00e7ar pelo respons\u00e1vel por todo este trabalho com a juventude na Prov\u00edncia Franciscana da Imaculada Concei\u00e7\u00e3o, Frei Diego Melo. Em primeiro lugar, Frei Diego [&hellip;]<\/p>\n                                    <\/div>\n            <\/div>\n            <div class=\"clearfix\"><\/div>\n        <\/div>\n                <div class=\"wptl-readmore-center\">\n            <a href=\"https:\/\/franciscanos.org.br\/noticias\/timeline\/sobraram-emocoes-na-praca-matriz-de-xaxim\" title=\"SOBRARAM EMO\u00c7\u00d5ES NA PRA\u00c7A MATRIZ DE XAXIM\">\n                Continue lendo <i class=\"fa fa-long-arrow-right\" aria-hidden=\"true\"><\/i>\n            <\/a>\n        <\/div>\n            <\/div>\n    <div class=\"wpex-timeline-icon\">\n    \t        <a href=\"https:\/\/franciscanos.org.br\/noticias\/timeline\/sobraram-emocoes-na-praca-matriz-de-xaxim\" title=\"SOBRARAM EMO\u00c7\u00d5ES NA PRA\u00c7A MATRIZ DE XAXIM\"><i class=\"fa fa-arrow-circle-o-down\"><\/i><\/a>\n    <\/div>\n    \t<style type=\"text\/css\">\n\t\t\t\t#timeline-8877 li.post-218467 .wpex-timeline-icon .fa,\n        #timeline-8877 .wpex-timeline > li.post-218467 .tlb-time{ background:#1cb27b}\n\t\t#timeline-8877 li.post-218467 .wpex-timeline-icon .fa:after, \n\t\t#timeline-8877 li.post-218467.wptl-feature .wpex-timeline-icon i:after,\n\t\t#timeline-8877 li.post-218467:nth-child(odd) .wpex-timeline-label, \n\t\t#timeline-8877 li.post-218467 .wpex-timeline-label{border-color:#1cb27b}\n\t\t#timeline-8877 li.post-218467 .wpex-timeline-time span:last-child,\n\t\t#timeline-8877 li.post-218467 .wpex-timeline-icon .fa:not(.no-icon):not(.icon-img):before{color:#1cb27b;}\n\t\t    <\/style>\n            <\/li><li class=\"filter-8877_218464 post-218464 wp-timeline type-wp-timeline status-publish has-post-thumbnail hentry wpex_category-missoes-de-xaxim\" data-id=\"filter-8877_218464\">\n\t<div class=\" scroll-effect\">\n        <div class=\"wpex-timeline-label\">\n            <div class=\"tlb-time\">\n\t\t\t\t\n\t\t\t<span class=\"info-h\">18h00<\/span>\n\t\t<span class=\"tll-date\">\n\t\t\t02\/02\/2020\n\t\t<\/span>            <\/div>\n            <div class=\"clearfix\"><\/div>\n            <div class=\"timeline-details\">\n                                    <a href=\"https:\/\/franciscanos.org.br\/noticias\/wp-content\/uploads\/2020\/02\/missa_02-1.jpg\" title=\"MISSA DE ENCERRAMENTO\">\n                        <span class=\"info-img\">\n\t\t\t\t\t\t\t<img width=\"600\" height=\"450\" src=\"https:\/\/franciscanos.org.br\/noticias\/wp-content\/uploads\/2020\/02\/missa_02-1-600x450.jpg\" class=\"attachment-wptl-600x450 size-wptl-600x450 wp-post-image\" alt=\"\" loading=\"lazy\" srcset=\"https:\/\/franciscanos.org.br\/noticias\/wp-content\/uploads\/2020\/02\/missa_02-1-600x450.jpg 600w, https:\/\/franciscanos.org.br\/noticias\/wp-content\/uploads\/2020\/02\/missa_02-1-450x338.jpg 450w, https:\/\/franciscanos.org.br\/noticias\/wp-content\/uploads\/2020\/02\/missa_02-1-1024x768.jpg 1024w, https:\/\/franciscanos.org.br\/noticias\/wp-content\/uploads\/2020\/02\/missa_02-1-768x576.jpg 768w, https:\/\/franciscanos.org.br\/noticias\/wp-content\/uploads\/2020\/02\/missa_02-1-150x113.jpg 150w, https:\/\/franciscanos.org.br\/noticias\/wp-content\/uploads\/2020\/02\/missa_02-1.jpg 1280w\" sizes=\"(max-width: 600px) 100vw, 600px\" \/>                        <\/span>\n                    <\/a>\n                                <div class=\"tlct-shortdes\">\n                            <h2 >\n            <a href=\"https:\/\/franciscanos.org.br\/noticias\/timeline\/missa-de-encerramento\" title=\"MISSA DE ENCERRAMENTO\">\n                MISSA DE ENCERRAMENTO            <\/a>\n        <\/h2>\n                            <p>A MISS\u00c3O DE VOC\u00caS \u00c9 ENXUGAR O SUOR DE QUEM DESCE E SOBE LADEIRA! Como n\u00e3o poderia deixar de ser, depois de quatro dias intensos nas Miss\u00f5es Franciscanas da Juventude, a Missa de encerramento misturou m\u00edstica, gratid\u00e3o, esperan\u00e7a, emo\u00e7\u00e3o, alegria em tr\u00eas horas de dura\u00e7\u00e3o &#8211; das 9 \u00e0s 12 horas &#8211; na imponente pra\u00e7a [&hellip;]<\/p>\n                                    <\/div>\n            <\/div>\n            <div class=\"clearfix\"><\/div>\n        <\/div>\n                <div class=\"wptl-readmore-center\">\n            <a href=\"https:\/\/franciscanos.org.br\/noticias\/timeline\/missa-de-encerramento\" title=\"MISSA DE ENCERRAMENTO\">\n                Continue lendo <i class=\"fa fa-long-arrow-right\" aria-hidden=\"true\"><\/i>\n            <\/a>\n        <\/div>\n            <\/div>\n    <div class=\"wpex-timeline-icon\">\n    \t        <a href=\"https:\/\/franciscanos.org.br\/noticias\/timeline\/missa-de-encerramento\" title=\"MISSA DE ENCERRAMENTO\"><i class=\"fa fa-angle-double-down\"><\/i><\/a>\n    <\/div>\n    \t<style type=\"text\/css\">\n\t\t\t\t#timeline-8877 li.post-218464 .wpex-timeline-icon .fa,\n        #timeline-8877 .wpex-timeline > li.post-218464 .tlb-time{ background:#1e73be}\n\t\t#timeline-8877 li.post-218464 .wpex-timeline-icon .fa:after, \n\t\t#timeline-8877 li.post-218464.wptl-feature .wpex-timeline-icon i:after,\n\t\t#timeline-8877 li.post-218464:nth-child(odd) .wpex-timeline-label, \n\t\t#timeline-8877 li.post-218464 .wpex-timeline-label{border-color:#1e73be}\n\t\t#timeline-8877 li.post-218464 .wpex-timeline-time span:last-child,\n\t\t#timeline-8877 li.post-218464 .wpex-timeline-icon .fa:not(.no-icon):not(.icon-img):before{color:#1e73be;}\n\t\t    <\/style>\n            <\/li><li class=\"filter-8877_218531 post-218531 wp-timeline type-wp-timeline status-publish has-post-thumbnail hentry wpex_category-missoes-de-xaxim\" data-id=\"filter-8877_218531\">\n\t<div class=\" scroll-effect\">\n        <div class=\"wpex-timeline-label\">\n            <div class=\"tlb-time\">\n\t\t\t\t\n\t\t\t<span class=\"info-h\">16h00<\/span>\n\t\t<span class=\"tll-date\">\n\t\t\t02\/02\/2020\n\t\t<\/span>            <\/div>\n            <div class=\"clearfix\"><\/div>\n            <div class=\"timeline-details\">\n                                    <a href=\"https:\/\/franciscanos.org.br\/noticias\/wp-content\/uploads\/2020\/02\/arilunardi-7.jpeg\" title=\"RESUM\u00c3O DAS MISS\u00d5ES NO BAIRRO ARI LUNARDI\">\n                        <span class=\"info-img\">\n\t\t\t\t\t\t\t<img width=\"600\" height=\"450\" src=\"https:\/\/franciscanos.org.br\/noticias\/wp-content\/uploads\/2020\/02\/arilunardi-7-600x450.jpeg\" class=\"attachment-wptl-600x450 size-wptl-600x450 wp-post-image\" alt=\"\" loading=\"lazy\" \/>                        <\/span>\n                    <\/a>\n                                <div class=\"tlct-shortdes\">\n                            <h2 >\n            <a href=\"https:\/\/franciscanos.org.br\/noticias\/timeline\/jovens-fazem-missoes-no-bairro-ari-lunardi\" title=\"RESUM\u00c3O DAS MISS\u00d5ES NO BAIRRO ARI LUNARDI\">\n                RESUM\u00c3O DAS MISS\u00d5ES NO BAIRRO ARI LUNARDI            <\/a>\n        <\/h2>\n                            <p>Durante os dois dias de Miss\u00e3o na Comunidade do Bairro Ari Lunardi, os jovens mission\u00e1rios viveram diferentes momentos! Na quinta feira (30\/01) \u00e0 noite os jovens foram recepcionados pelas fam\u00edlias acolhedoras na Igreja da comunidade. No local teve tamb\u00e9m um momento de confraterniza\u00e7\u00e3o com as fam\u00edlias e a comunidade. J\u00e1 na sexta-feira (31\/01), dando in\u00edcio [&hellip;]<\/p>\n                                    <\/div>\n            <\/div>\n            <div class=\"clearfix\"><\/div>\n        <\/div>\n                <div class=\"wptl-readmore-center\">\n            <a href=\"https:\/\/franciscanos.org.br\/noticias\/timeline\/jovens-fazem-missoes-no-bairro-ari-lunardi\" title=\"RESUM\u00c3O DAS MISS\u00d5ES NO BAIRRO ARI LUNARDI\">\n                Continue lendo <i class=\"fa fa-long-arrow-right\" aria-hidden=\"true\"><\/i>\n            <\/a>\n        <\/div>\n            <\/div>\n    <div class=\"wpex-timeline-icon\">\n    \t        <a href=\"https:\/\/franciscanos.org.br\/noticias\/timeline\/jovens-fazem-missoes-no-bairro-ari-lunardi\" title=\"RESUM\u00c3O DAS MISS\u00d5ES NO BAIRRO ARI LUNARDI\"><i class=\"fa fa-flag\"><\/i><\/a>\n    <\/div>\n    \t<style type=\"text\/css\">\n\t\t\t\t#timeline-8877 li.post-218531 .wpex-timeline-icon .fa,\n        #timeline-8877 .wpex-timeline > li.post-218531 .tlb-time{ background:#a36425}\n\t\t#timeline-8877 li.post-218531 .wpex-timeline-icon .fa:after, \n\t\t#timeline-8877 li.post-218531.wptl-feature .wpex-timeline-icon i:after,\n\t\t#timeline-8877 li.post-218531:nth-child(odd) .wpex-timeline-label, \n\t\t#timeline-8877 li.post-218531 .wpex-timeline-label{border-color:#a36425}\n\t\t#timeline-8877 li.post-218531 .wpex-timeline-time span:last-child,\n\t\t#timeline-8877 li.post-218531 .wpex-timeline-icon .fa:not(.no-icon):not(.icon-img):before{color:#a36425;}\n\t\t    <\/style>\n            <\/li><li class=\"filter-8877_218524 post-218524 wp-timeline type-wp-timeline status-publish has-post-thumbnail hentry wpex_category-missoes-de-xaxim\" data-id=\"filter-8877_218524\">\n\t<div class=\" scroll-effect\">\n        <div class=\"wpex-timeline-label\">\n            <div class=\"tlb-time\">\n\t\t\t\t\n\t\t\t<span class=\"info-h\">15h00<\/span>\n\t\t<span class=\"tll-date\">\n\t\t\t02\/02\/2020\n\t\t<\/span>            <\/div>\n            <div class=\"clearfix\"><\/div>\n            <div class=\"timeline-details\">\n                                    <a href=\"https:\/\/franciscanos.org.br\/noticias\/wp-content\/uploads\/2020\/02\/antonioprado-2.jpeg\" title=\"JOVENS AGITAM A COMUNIDADE DE ANT\u00d4NIO PRADO\">\n                        <span class=\"info-img\">\n\t\t\t\t\t\t\t<img width=\"600\" height=\"450\" src=\"https:\/\/franciscanos.org.br\/noticias\/wp-content\/uploads\/2020\/02\/antonioprado-2-600x450.jpeg\" class=\"attachment-wptl-600x450 size-wptl-600x450 wp-post-image\" alt=\"\" loading=\"lazy\" srcset=\"https:\/\/franciscanos.org.br\/noticias\/wp-content\/uploads\/2020\/02\/antonioprado-2-600x450.jpeg 600w, https:\/\/franciscanos.org.br\/noticias\/wp-content\/uploads\/2020\/02\/antonioprado-2-450x338.jpeg 450w, https:\/\/franciscanos.org.br\/noticias\/wp-content\/uploads\/2020\/02\/antonioprado-2-1024x768.jpeg 1024w, https:\/\/franciscanos.org.br\/noticias\/wp-content\/uploads\/2020\/02\/antonioprado-2-768x576.jpeg 768w, https:\/\/franciscanos.org.br\/noticias\/wp-content\/uploads\/2020\/02\/antonioprado-2-150x113.jpeg 150w, https:\/\/franciscanos.org.br\/noticias\/wp-content\/uploads\/2020\/02\/antonioprado-2.jpeg 1280w\" sizes=\"(max-width: 600px) 100vw, 600px\" \/>                        <\/span>\n                    <\/a>\n                                <div class=\"tlct-shortdes\">\n                            <h2 >\n            <a href=\"https:\/\/franciscanos.org.br\/noticias\/timeline\/jovens-agitam-a-comunidade-de-antonio-prado\" title=\"JOVENS AGITAM A COMUNIDADE DE ANT\u00d4NIO PRADO\">\n                JOVENS AGITAM A COMUNIDADE DE ANT\u00d4NIO PRADO            <\/a>\n        <\/h2>\n                            <p>Com muita alegria os jovens mission\u00e1rios foram acolhidos na comunidade constitu\u00edda por fam\u00edlias de migrantes italianos no Pavilh\u00e3o da Comunidade onde s\u00e3o organizadas as festas e cultos. Ap\u00f3s serem acolhidos pelas fam\u00edlias, no dia seguinte, os jovens partiram em miss\u00e3o visitando as casas com a b\u00ean\u00e7\u00e3o das fam\u00edlias que os acolheram de cora\u00e7\u00e3o aberto e [&hellip;]<\/p>\n                                    <\/div>\n            <\/div>\n            <div class=\"clearfix\"><\/div>\n        <\/div>\n                <div class=\"wptl-readmore-center\">\n            <a href=\"https:\/\/franciscanos.org.br\/noticias\/timeline\/jovens-agitam-a-comunidade-de-antonio-prado\" title=\"JOVENS AGITAM A COMUNIDADE DE ANT\u00d4NIO PRADO\">\n                Continue lendo <i class=\"fa fa-long-arrow-right\" aria-hidden=\"true\"><\/i>\n            <\/a>\n        <\/div>\n            <\/div>\n    <div class=\"wpex-timeline-icon\">\n    \t        <a href=\"https:\/\/franciscanos.org.br\/noticias\/timeline\/jovens-agitam-a-comunidade-de-antonio-prado\" title=\"JOVENS AGITAM A COMUNIDADE DE ANT\u00d4NIO PRADO\"><i class=\"fa fa-bookmark-o\"><\/i><\/a>\n    <\/div>\n    \t<style type=\"text\/css\">\n\t\t\t\t#timeline-8877 li.post-218524 .wpex-timeline-icon .fa,\n        #timeline-8877 .wpex-timeline > li.post-218524 .tlb-time{ background:#001196}\n\t\t#timeline-8877 li.post-218524 .wpex-timeline-icon .fa:after, \n\t\t#timeline-8877 li.post-218524.wptl-feature .wpex-timeline-icon i:after,\n\t\t#timeline-8877 li.post-218524:nth-child(odd) .wpex-timeline-label, \n\t\t#timeline-8877 li.post-218524 .wpex-timeline-label{border-color:#001196}\n\t\t#timeline-8877 li.post-218524 .wpex-timeline-time span:last-child,\n\t\t#timeline-8877 li.post-218524 .wpex-timeline-icon .fa:not(.no-icon):not(.icon-img):before{color:#001196;}\n\t\t    <\/style>\n            <\/li>            <\/ul>\n            \n\t\t\t\t\t\t<div class=\"wpex-loadmore lbt\">\n\t\t\t\t\t\t\t<input type=\"hidden\"  name=\"id_grid\" value=\"timeline-8877\">\n\t\t\t\t\t\t\t<input type=\"hidden\"  name=\"num_page\" value=\"31\">\n\t\t\t\t\t\t\t<input type=\"hidden\"  name=\"num_page_uu\" value=\"1\">\n\t\t\t\t\t\t\t<input type=\"hidden\"  name=\"current_page\" value=\"1\">\n\t\t\t\t\t\t\t<input type=\"hidden\"  name=\"ajax_url\" value=\"https:\/\/franciscanos.org.br\/noticias\/wp-admin\/admin-ajax.php\">\n\t\t\t\t\t\t\t<input type=\"hidden\"  name=\"param_query\" value=\"{&quot;post_type&quot;:[&quot;wp-timeline&quot;],&quot;posts_per_page&quot;:&quot;5&quot;,&quot;post_status&quot;:[&quot;publish&quot;,&quot;future&quot;],&quot;tag&quot;:&quot;&quot;,&quot;order&quot;:&quot;DESC&quot;,&quot;orderby&quot;:&quot;date&quot;,&quot;meta_key&quot;:&quot;&quot;,&quot;ignore_sticky_posts&quot;:1,&quot;tax_query&quot;:[{&quot;taxonomy&quot;:&quot;wpex_category&quot;,&quot;field&quot;:&quot;term_id&quot;,&quot;terms&quot;:[&quot;1581&quot;]}]}\">\n\t\t\t\t\t\t\t<input type=\"hidden\" id=\"param_shortcode\" name=\"param_shortcode\" value=\"{&quot;style&quot;:&quot;box-color&quot;,&quot;posttype&quot;:&quot;wp-timeline&quot;,&quot;cat&quot;:&quot;1581&quot;,&quot;tag&quot;:&quot;&quot;,&quot;taxonomy&quot;:&quot;&quot;,&quot;ids&quot;:&quot;&quot;,&quot;count&quot;:&quot;1000&quot;,&quot;posts_per_page&quot;:&quot;5&quot;,&quot;order&quot;:&quot;DESC&quot;,&quot;orderby&quot;:&quot;date&quot;,&quot;meta_key&quot;:&quot;&quot;,&quot;alignment&quot;:&quot;sidebyside&quot;,&quot;show_media&quot;:&quot;0&quot;,&quot;show_history&quot;:&quot;&quot;,&quot;feature_label&quot;:&quot;&quot;,&quot;full_content&quot;:&quot;&quot;,&quot;hide_thumb&quot;:&quot;&quot;,&quot;hide_title&quot;:&quot;&quot;,&quot;img_size&quot;:&quot;&quot;,&quot;lightbox&quot;:&quot;1&quot;,&quot;page_navi&quot;:&quot;inf&quot;,&quot;enable_back&quot;:&quot;yes&quot;,&quot;start_label&quot;:&quot;&quot;,&quot;end_label&quot;:&quot;&quot;,&quot;animations&quot;:&quot;fadeIn&quot;,&quot;filter_cat&quot;:&quot;&quot;,&quot;ID&quot;:8877,&quot;back_p&quot;:null}\">\n\t\t\t\t\t\t\t<input type=\"hidden\"  name=\"tl_language\" value=\"\">\n\t\t\t\t\t\t\t<a  href=\"javascript:void(0)\" class=\"loadmore-timeline\" data-id=\"timeline-8877\">\n\t\t\t\t\t\t\t\t<span class=\"load-tltext\">Carregar mais<\/span><span><\/span>&nbsp;<span><\/span>&nbsp;<span><\/span>\n\t\t\t\t\t\t\t<\/a><\/div>        <\/div>\n        <div class=\"clearfix\"><\/div>\n\t\t\n","protected":false},"excerpt":{"rendered":"Com muita alegria os jovens mission\u00e1rios foram acolhidos na comunidade constitu\u00edda por fam\u00edlias de migrantes italianos no Pavilh\u00e3o da Comunidade onde s\u00e3o organizadas as festas e cultos. Ap\u00f3s serem acolhidos pelas fam\u00edlias, no dia seguinte, os jovens partiram em miss\u00e3o visitando as casas com a b\u00ean\u00e7\u00e3o das fam\u00edlias que os acolheram de cora\u00e7\u00e3o aberto e [...]","protected":false},"author":2,"featured_media":216210,"parent":0,"menu_order":0,"comment_status":"closed","ping_status":"closed","template":"page-timeline.php","meta":[],"acf":[],"yoast_head":"<!-- This site is optimized with the Yoast SEO plugin v19.2 - https:\/\/yoast.com\/wordpress\/plugins\/seo\/ -->\n<title>Linha do Tempo - Not\u00edcias - Franciscanos<\/title>\n<meta name=\"robots\" content=\"index, follow, max-snippet:-1, max-image-preview:large, max-video-preview:-1\" \/>\n<link rel=\"canonical\" href=\"https:\/\/franciscanos.org.br\/noticias\/linha-do-tempo-2\" \/>\n<meta property=\"og:locale\" content=\"pt_BR\" \/>\n<meta property=\"og:type\" content=\"article\" \/>\n<meta property=\"og:title\" content=\"Linha do Tempo - Not\u00edcias - Franciscanos\" \/>\n<meta property=\"og:url\" content=\"https:\/\/franciscanos.org.br\/noticias\/linha-do-tempo-2\" \/>\n<meta property=\"og:site_name\" content=\"Not\u00edcias - Franciscanos\" \/>\n<meta property=\"article:modified_time\" content=\"2020-01-23T17:36:26+00:00\" \/>\n<meta property=\"og:image\" content=\"https:\/\/franciscanos.org.br\/noticias\/wp-content\/uploads\/2020\/01\/logo_-1.png\" \/>\n\t<meta property=\"og:image:width\" content=\"1280\" \/>\n\t<meta property=\"og:image:height\" content=\"650\" \/>\n\t<meta property=\"og:image:type\" content=\"image\/png\" \/>\n<meta name=\"author\" content=\"webmaster\" \/>\n<meta name=\"twitter:card\" content=\"summary_large_image\" \/>\n<script type=\"application\/ld+json\" class=\"yoast-schema-graph\">{\"@context\":\"https:\/\/schema.org\",\"@graph\":[{\"@type\":\"WebSite\",\"@id\":\"https:\/\/franciscanos.org.br\/noticias\/#website\",\"url\":\"https:\/\/franciscanos.org.br\/noticias\/\",\"name\":\"Not\u00edcias - Franciscanos\",\"description\":\"Prov\u00edncia Franciscana da Imaculada Concei\u00e7\u00e3o do Brasil - Ordem dos Frades Menores - OFM\",\"potentialAction\":[{\"@type\":\"SearchAction\",\"target\":{\"@type\":\"EntryPoint\",\"urlTemplate\":\"https:\/\/franciscanos.org.br\/noticias\/?s={search_term_string}\"},\"query-input\":\"required name=search_term_string\"}],\"inLanguage\":\"pt-BR\"},{\"@type\":\"ImageObject\",\"inLanguage\":\"pt-BR\",\"@id\":\"https:\/\/franciscanos.org.br\/noticias\/linha-do-tempo-2#primaryimage\",\"url\":\"https:\/\/franciscanos.org.br\/noticias\/wp-content\/uploads\/2020\/01\/logo_-1.png\",\"contentUrl\":\"https:\/\/franciscanos.org.br\/noticias\/wp-content\/uploads\/2020\/01\/logo_-1.png\",\"width\":1280,\"height\":650},{\"@type\":\"WebPage\",\"@id\":\"https:\/\/franciscanos.org.br\/noticias\/linha-do-tempo-2#webpage\",\"url\":\"https:\/\/franciscanos.org.br\/noticias\/linha-do-tempo-2\",\"name\":\"Linha do Tempo - Not\u00edcias - Franciscanos\",\"isPartOf\":{\"@id\":\"https:\/\/franciscanos.org.br\/noticias\/#website\"},\"primaryImageOfPage\":{\"@id\":\"https:\/\/franciscanos.org.br\/noticias\/linha-do-tempo-2#primaryimage\"},\"datePublished\":\"2020-01-23T16:08:05+00:00\",\"dateModified\":\"2020-01-23T17:36:26+00:00\",\"breadcrumb\":{\"@id\":\"https:\/\/franciscanos.org.br\/noticias\/linha-do-tempo-2#breadcrumb\"},\"inLanguage\":\"pt-BR\",\"potentialAction\":[{\"@type\":\"ReadAction\",\"target\":[\"https:\/\/franciscanos.org.br\/noticias\/linha-do-tempo-2\"]}]},{\"@type\":\"BreadcrumbList\",\"@id\":\"https:\/\/franciscanos.org.br\/noticias\/linha-do-tempo-2#breadcrumb\",\"itemListElement\":[{\"@type\":\"ListItem\",\"position\":1,\"name\":\"Home\",\"item\":\"https:\/\/franciscanos.org.br\/noticias\"},{\"@type\":\"ListItem\",\"position\":2,\"name\":\"Linha do Tempo\"}]}]}<\/script>\n<!-- \/ Yoast SEO plugin. -->","yoast_head_json":{"title":"Linha do Tempo - Not\u00edcias - Franciscanos","robots":{"index":"index","follow":"follow","max-snippet":"max-snippet:-1","max-image-preview":"max-image-preview:large","max-video-preview":"max-video-preview:-1"},"canonical":"https:\/\/franciscanos.org.br\/noticias\/linha-do-tempo-2","og_locale":"pt_BR","og_type":"article","og_title":"Linha do Tempo - Not\u00edcias - Franciscanos","og_url":"https:\/\/franciscanos.org.br\/noticias\/linha-do-tempo-2","og_site_name":"Not\u00edcias - Franciscanos","article_modified_time":"2020-01-23T17:36:26+00:00","og_image":[{"width":1280,"height":650,"url":"https:\/\/franciscanos.org.br\/noticias\/wp-content\/uploads\/2020\/01\/logo_-1.png","type":"image\/png"}],"author":"webmaster","twitter_card":"summary_large_image","schema":{"@context":"https:\/\/schema.org","@graph":[{"@type":"WebSite","@id":"https:\/\/franciscanos.org.br\/noticias\/#website","url":"https:\/\/franciscanos.org.br\/noticias\/","name":"Not\u00edcias - Franciscanos","description":"Prov\u00edncia Franciscana da Imaculada Concei\u00e7\u00e3o do Brasil - Ordem dos Frades Menores - OFM","potentialAction":[{"@type":"SearchAction","target":{"@type":"EntryPoint","urlTemplate":"https:\/\/franciscanos.org.br\/noticias\/?s={search_term_string}"},"query-input":"required name=search_term_string"}],"inLanguage":"pt-BR"},{"@type":"ImageObject","inLanguage":"pt-BR","@id":"https:\/\/franciscanos.org.br\/noticias\/linha-do-tempo-2#primaryimage","url":"https:\/\/franciscanos.org.br\/noticias\/wp-content\/uploads\/2020\/01\/logo_-1.png","contentUrl":"https:\/\/franciscanos.org.br\/noticias\/wp-content\/uploads\/2020\/01\/logo_-1.png","width":1280,"height":650},{"@type":"WebPage","@id":"https:\/\/franciscanos.org.br\/noticias\/linha-do-tempo-2#webpage","url":"https:\/\/franciscanos.org.br\/noticias\/linha-do-tempo-2","name":"Linha do Tempo - Not\u00edcias - Franciscanos","isPartOf":{"@id":"https:\/\/franciscanos.org.br\/noticias\/#website"},"primaryImageOfPage":{"@id":"https:\/\/franciscanos.org.br\/noticias\/linha-do-tempo-2#primaryimage"},"datePublished":"2020-01-23T16:08:05+00:00","dateModified":"2020-01-23T17:36:26+00:00","breadcrumb":{"@id":"https:\/\/franciscanos.org.br\/noticias\/linha-do-tempo-2#breadcrumb"},"inLanguage":"pt-BR","potentialAction":[{"@type":"ReadAction","target":["https:\/\/franciscanos.org.br\/noticias\/linha-do-tempo-2"]}]},{"@type":"BreadcrumbList","@id":"https:\/\/franciscanos.org.br\/noticias\/linha-do-tempo-2#breadcrumb","itemListElement":[{"@type":"ListItem","position":1,"name":"Home","item":"https:\/\/franciscanos.org.br\/noticias"},{"@type":"ListItem","position":2,"name":"Linha do Tempo"}]}]}},"_links":{"self":[{"href":"https:\/\/franciscanos.org.br\/noticias\/wp-json\/wp\/v2\/pages\/216204"}],"collection":[{"href":"https:\/\/franciscanos.org.br\/noticias\/wp-json\/wp\/v2\/pages"}],"about":[{"href":"https:\/\/franciscanos.org.br\/noticias\/wp-json\/wp\/v2\/types\/page"}],"author":[{"embeddable":true,"href":"https:\/\/franciscanos.org.br\/noticias\/wp-json\/wp\/v2\/users\/2"}],"replies":[{"embeddable":true,"href":"https:\/\/franciscanos.org.br\/noticias\/wp-json\/wp\/v2\/comments?post=216204"}],"version-history":[{"count":0,"href":"https:\/\/franciscanos.org.br\/noticias\/wp-json\/wp\/v2\/pages\/216204\/revisions"}],"wp:featuredmedia":[{"embeddable":true,"href":"https:\/\/franciscanos.org.br\/noticias\/wp-json\/wp\/v2\/media\/216210"}],"wp:attachment":[{"href":"https:\/\/franciscanos.org.br\/noticias\/wp-json\/wp\/v2\/media?parent=216204"}],"curies":[{"name":"wp","href":"https:\/\/api.w.org\/{rel}","templated":true}]}}