{"id":207265,"date":"2019-07-04T09:41:06","date_gmt":"2019-07-04T12:41:06","guid":{"rendered":"https:\/\/franciscanos.org.br\/noticias\/?page_id=207265"},"modified":"2019-07-12T00:10:40","modified_gmt":"2019-07-12T03:10:40","slug":"linha-do-tempo","status":"publish","type":"page","link":"https:\/\/franciscanos.org.br\/noticias\/linha-do-tempo","title":{"rendered":"Linha do Tempo"},"content":{"rendered":"    \t<div class=\"wpex-timeline-list center-tl sidebyside-tl no-end show-box-color show-icon wpex-infinite wptl-lightbox\" id=\"timeline-4678\" data-animations=\"fadeIn\">\n        \t<div class=\"wpex-loading\">\n                <div class=\"wpex-spinner\">\n                    <div class=\"rect1\"><\/div>\n                    <div class=\"rect2\"><\/div>\n                    <div class=\"rect3\"><\/div>\n                    <div class=\"rect4\"><\/div>\n                    <div class=\"rect5\"><\/div>\n                <\/div>\n            <\/div>\n        \t        \t            <ul class=\"wpex wpex-timeline style-center\">\n                \n\t\t\t\t<li class=\"filter-4678_208499 post-208499 wp-timeline type-wp-timeline status-publish hentry wpex_category-facebook\" data-id=\"filter-4678_208499\">\n\t<div class=\" scroll-effect\">\n        <div class=\"wpex-timeline-label\">\n            <div class=\"tlb-time\">\n\t\t\t\t\n\t\t\t<span class=\"info-h\">19h00 <\/span>\n\t\t<span class=\"tll-date\">\n\t\t\t28\/07\/2019\n\t\t<\/span>            <\/div>\n            <div class=\"clearfix\"><\/div>\n            <div class=\"timeline-details\">\n                <div class=\"wptl-embed\"><div class='ratio'><iframe title=\"Miss\u00f5es Franciscanas da Juventude | Rio de Janeiro 2019\" width=\"500\" height=\"281\" src=\"https:\/\/www.youtube.com\/embed\/dwyWwjaoOeY?feature=oembed\" frameborder=\"0\" allow=\"accelerometer; autoplay; clipboard-write; encrypted-media; gyroscope; picture-in-picture; web-share\" referrerpolicy=\"strict-origin-when-cross-origin\" allowfullscreen><\/iframe><\/div><\/div>                <div class=\"tlct-shortdes\">\n                            <h2 >\n            <a href=\"https:\/\/franciscanos.org.br\/noticias\/timeline\/video-oficial-das-missoes-franciscanas-da-juventude-no-rio-de-janeiro\" title=\"V\u00cdDEO OFICIAL DAS MISS\u00d5ES FRANCISCANAS DA JUVENTUDE NO RIO DE JANEIRO\">\n                V\u00cdDEO OFICIAL DAS MISS\u00d5ES FRANCISCANAS DA JUVENTUDE NO RIO DE JANEIRO            <\/a>\n        <\/h2>\n                            <p>Confira o v\u00eddeo oficial da VI edi\u00e7\u00e3o das Miss\u00f5es Franciscanas da Juventude que aconteceu no estado do Rio de Janeiro (RJ), entre os dias 17 a 21 de julho de 2019.<\/p>\n                                    <\/div>\n            <\/div>\n            <div class=\"clearfix\"><\/div>\n        <\/div>\n            <\/div>\n    <div class=\"wpex-timeline-icon\">\n    \t        <a href=\"https:\/\/franciscanos.org.br\/noticias\/timeline\/video-oficial-das-missoes-franciscanas-da-juventude-no-rio-de-janeiro\" title=\"V\u00cdDEO OFICIAL DAS MISS\u00d5ES FRANCISCANAS DA JUVENTUDE NO RIO DE JANEIRO\"><i class=\"fa fa-play-circle-o\"><\/i><\/a>\n    <\/div>\n            <\/li><li class=\"filter-4678_208451 post-208451 wp-timeline type-wp-timeline status-publish has-post-thumbnail hentry wpex_category-facebook wptl-customlink\" data-id=\"filter-4678_208451\">\n\t<div class=\" scroll-effect\">\n        <div class=\"wpex-timeline-label\">\n            <div class=\"tlb-time\">\n\t\t\t\t\n\t\t\t<span class=\"info-h\">20h00<\/span>\n\t\t<span class=\"tll-date\">\n\t\t\t24\/07\/2019\n\t\t<\/span>            <\/div>\n            <div class=\"clearfix\"><\/div>\n            <div class=\"timeline-details\">\n                                    <a href=\"https:\/\/franciscanos.org.br\/noticias\/wp-content\/uploads\/2019\/07\/dsc_0064.jpg\" title=\"CONEX\u00c3O FRATERNA: ACOLHENDO A PAZ, SUPERANDO A VIOL\u00caNCIA\">\n                        <span class=\"info-img\">\n\t\t\t\t\t\t\t<img width=\"600\" height=\"450\" src=\"https:\/\/franciscanos.org.br\/noticias\/wp-content\/uploads\/2019\/07\/dsc_0064-600x450.jpg\" class=\"attachment-wptl-600x450 size-wptl-600x450 wp-post-image\" alt=\"\" loading=\"lazy\" \/>                        <\/span>\n                    <\/a>\n                                <div class=\"tlct-shortdes\">\n                            <h2 >\n            <a href=\"https:\/\/conexaofraterna.com.br\/2019\/07\/24\/mfj-rio-acolhendo-a-paz-superando-a-violencia\/\" title=\"CONEX\u00c3O FRATERNA: ACOLHENDO A PAZ, SUPERANDO A VIOL\u00caNCIA\">\n                CONEX\u00c3O FRATERNA: ACOLHENDO A PAZ, SUPERANDO A VIOL\u00caNCIA            <\/a>\n        <\/h2>\n                            <p>A MFJ Rio acabou, mas ainda estamos sentindo a energia que rondou todos os cantos do estado, da cidade imperial at\u00e9 o outro lado da po\u00e7a. Entre os dias 17 a 21 de julho, foram tantos sentimentos vividos que hoje \u00e9 dif\u00edcil a gente olhar para as nossas par\u00f3quias e nossos campos de miss\u00e3o com [&hellip;]<\/p>\n                                    <\/div>\n            <\/div>\n            <div class=\"clearfix\"><\/div>\n        <\/div>\n                <div class=\"wptl-readmore-center\">\n            <a href=\"https:\/\/conexaofraterna.com.br\/2019\/07\/24\/mfj-rio-acolhendo-a-paz-superando-a-violencia\/\" title=\"CONEX\u00c3O FRATERNA: ACOLHENDO A PAZ, SUPERANDO A VIOL\u00caNCIA\">\n                Continue lendo <i class=\"fa fa-long-arrow-right\" aria-hidden=\"true\"><\/i>\n            <\/a>\n        <\/div>\n            <\/div>\n    <div class=\"wpex-timeline-icon\">\n    \t        <a href=\"https:\/\/conexaofraterna.com.br\/2019\/07\/24\/mfj-rio-acolhendo-a-paz-superando-a-violencia\/\" title=\"CONEX\u00c3O FRATERNA: ACOLHENDO A PAZ, SUPERANDO A VIOL\u00caNCIA\"><i class=\"fa fa-arrow-circle-right\"><\/i><\/a>\n    <\/div>\n    \t<style type=\"text\/css\">\n\t\t\t\t#timeline-4678 li.post-208451 .wpex-timeline-icon .fa,\n        #timeline-4678 .wpex-timeline > li.post-208451 .tlb-time{ background:#ff0090}\n\t\t#timeline-4678 li.post-208451 .wpex-timeline-icon .fa:after, \n\t\t#timeline-4678 li.post-208451.wptl-feature .wpex-timeline-icon i:after,\n\t\t#timeline-4678 li.post-208451:nth-child(odd) .wpex-timeline-label, \n\t\t#timeline-4678 li.post-208451 .wpex-timeline-label{border-color:#ff0090}\n\t\t#timeline-4678 li.post-208451 .wpex-timeline-time span:last-child,\n\t\t#timeline-4678 li.post-208451 .wpex-timeline-icon .fa:not(.no-icon):not(.icon-img):before{color:#ff0090;}\n\t\t    <\/style>\n            <\/li><li class=\"filter-4678_208447 post-208447 wp-timeline type-wp-timeline status-publish has-post-thumbnail hentry wpex_category-facebook wptl-customlink\" data-id=\"filter-4678_208447\">\n\t<div class=\" scroll-effect\">\n        <div class=\"wpex-timeline-label\">\n            <div class=\"tlb-time\">\n\t\t\t\t\n\t\t\t<span class=\"info-h\">10h00<\/span>\n\t\t<span class=\"tll-date\">\n\t\t\t24\/07\/2019\n\t\t<\/span>            <\/div>\n            <div class=\"clearfix\"><\/div>\n            <div class=\"timeline-details\">\n                                    <a href=\"https:\/\/franciscanos.org.br\/noticias\/wp-content\/uploads\/2019\/07\/Curvas_logo_jovens_conectados.png\" title=\"JOVENS CONECTADOS: EXPERI\u00caNCIA MISSION\u00c1RIA NO RIO DE JANEIRO\">\n                        <span class=\"info-img\">\n\t\t\t\t\t\t\t<img width=\"500\" height=\"353\" src=\"https:\/\/franciscanos.org.br\/noticias\/wp-content\/uploads\/2019\/07\/Curvas_logo_jovens_conectados.png\" class=\"attachment-wptl-600x450 size-wptl-600x450 wp-post-image\" alt=\"\" loading=\"lazy\" srcset=\"https:\/\/franciscanos.org.br\/noticias\/wp-content\/uploads\/2019\/07\/Curvas_logo_jovens_conectados.png 500w, https:\/\/franciscanos.org.br\/noticias\/wp-content\/uploads\/2019\/07\/Curvas_logo_jovens_conectados-450x318.png 450w, https:\/\/franciscanos.org.br\/noticias\/wp-content\/uploads\/2019\/07\/Curvas_logo_jovens_conectados-150x106.png 150w\" sizes=\"(max-width: 500px) 100vw, 500px\" \/>                        <\/span>\n                    <\/a>\n                                <div class=\"tlct-shortdes\">\n                            <h2 >\n            <a href=\"https:\/\/jovensconectados.org.br\/mfj-rio-de-janeiro.html%20\" title=\"JOVENS CONECTADOS: EXPERI\u00caNCIA MISSION\u00c1RIA NO RIO DE JANEIRO\">\n                JOVENS CONECTADOS: EXPERI\u00caNCIA MISSION\u00c1RIA NO RIO DE JANEIRO            <\/a>\n        <\/h2>\n                            <p>Aconteceu entre os dias 17 e 21 de julho, no Rio de Janeiro\/RJ a 6\u00aa edi\u00e7\u00e3o das Miss\u00f5es Franciscanas da Juventude com o tema \u201cProfetas do di\u00e1logo e do respeito: ternura que acolhe a paz, com o vigor que supera a viol\u00eancia\u201d. Veja a mat\u00e9ria do site Jovens Conectados da Comiss\u00e3o para a Juventude da [&hellip;]<\/p>\n                                    <\/div>\n            <\/div>\n            <div class=\"clearfix\"><\/div>\n        <\/div>\n            <\/div>\n    <div class=\"wpex-timeline-icon\">\n    \t        <a href=\"https:\/\/jovensconectados.org.br\/mfj-rio-de-janeiro.html%20\" title=\"JOVENS CONECTADOS: EXPERI\u00caNCIA MISSION\u00c1RIA NO RIO DE JANEIRO\"><i class=\"fa fa-send-o\"><\/i><\/a>\n    <\/div>\n    \t<style type=\"text\/css\">\n\t\t\t\t#timeline-4678 li.post-208447 .wpex-timeline-icon .fa,\n        #timeline-4678 .wpex-timeline > li.post-208447 .tlb-time{ background:#7a2800}\n\t\t#timeline-4678 li.post-208447 .wpex-timeline-icon .fa:after, \n\t\t#timeline-4678 li.post-208447.wptl-feature .wpex-timeline-icon i:after,\n\t\t#timeline-4678 li.post-208447:nth-child(odd) .wpex-timeline-label, \n\t\t#timeline-4678 li.post-208447 .wpex-timeline-label{border-color:#7a2800}\n\t\t#timeline-4678 li.post-208447 .wpex-timeline-time span:last-child,\n\t\t#timeline-4678 li.post-208447 .wpex-timeline-icon .fa:not(.no-icon):not(.icon-img):before{color:#7a2800;}\n\t\t    <\/style>\n            <\/li><li class=\"filter-4678_208428 post-208428 wp-timeline type-wp-timeline status-publish has-post-thumbnail hentry wpex_category-facebook\" data-id=\"filter-4678_208428\">\n\t<div class=\" scroll-effect\">\n        <div class=\"wpex-timeline-label\">\n            <div class=\"tlb-time\">\n\t\t\t\t\n\t\t\t<span class=\"info-h\">10h00<\/span>\n\t\t<span class=\"tll-date\">\n\t\t\t23\/07\/2019\n\t\t<\/span>            <\/div>\n            <div class=\"clearfix\"><\/div>\n            <div class=\"timeline-details\">\n                                    <a href=\"https:\/\/franciscanos.org.br\/noticias\/wp-content\/uploads\/2019\/07\/usf.jpg\" title=\"PASTORAL UNIVERSIT\u00c1RIA DA USF TAMB\u00c9M ESTEVE NAS MISS\u00d5ES\">\n                        <span class=\"info-img\">\n\t\t\t\t\t\t\t<img width=\"600\" height=\"450\" src=\"https:\/\/franciscanos.org.br\/noticias\/wp-content\/uploads\/2019\/07\/usf-600x450.jpg\" class=\"attachment-wptl-600x450 size-wptl-600x450 wp-post-image\" alt=\"\" loading=\"lazy\" srcset=\"https:\/\/franciscanos.org.br\/noticias\/wp-content\/uploads\/2019\/07\/usf-600x450.jpg 600w, https:\/\/franciscanos.org.br\/noticias\/wp-content\/uploads\/2019\/07\/usf-450x338.jpg 450w, https:\/\/franciscanos.org.br\/noticias\/wp-content\/uploads\/2019\/07\/usf-768x576.jpg 768w, https:\/\/franciscanos.org.br\/noticias\/wp-content\/uploads\/2019\/07\/usf-1024x768.jpg 1024w, https:\/\/franciscanos.org.br\/noticias\/wp-content\/uploads\/2019\/07\/usf-150x113.jpg 150w, https:\/\/franciscanos.org.br\/noticias\/wp-content\/uploads\/2019\/07\/usf.jpg 1040w\" sizes=\"(max-width: 600px) 100vw, 600px\" \/>                        <\/span>\n                    <\/a>\n                                <div class=\"tlct-shortdes\">\n                            <h2 >\n            <a href=\"https:\/\/franciscanos.org.br\/noticias\/timeline\/pastoral-universitaria-da-usf-tambem-esteve-nas-missoes\" title=\"PASTORAL UNIVERSIT\u00c1RIA DA USF TAMB\u00c9M ESTEVE NAS MISS\u00d5ES\">\n                PASTORAL UNIVERSIT\u00c1RIA DA USF TAMB\u00c9M ESTEVE NAS MISS\u00d5ES            <\/a>\n        <\/h2>\n                            <p>A Universidade S\u00e3o Francisco (USF), atrav\u00e9s da Pastoral Universit\u00e1ria, tamb\u00e9m esteve presente nas Miss\u00f5es Franciscanas da Juventude. Veja os depoimentos: \u201cNa miss\u00e3o pude experimentar a experi\u00eancia de viver como mission\u00e1ria por cinco dias, onde conheci pessoas incr\u00edveis e consegui ver Jesus atrav\u00e9s do pouco e em uma realidade totalmente diferente da que vivo. N\u00e3o tenho [&hellip;]<\/p>\n                                    <\/div>\n            <\/div>\n            <div class=\"clearfix\"><\/div>\n        <\/div>\n                <div class=\"wptl-readmore-center\">\n            <a href=\"https:\/\/franciscanos.org.br\/noticias\/timeline\/pastoral-universitaria-da-usf-tambem-esteve-nas-missoes\" title=\"PASTORAL UNIVERSIT\u00c1RIA DA USF TAMB\u00c9M ESTEVE NAS MISS\u00d5ES\">\n                Continue lendo <i class=\"fa fa-long-arrow-right\" aria-hidden=\"true\"><\/i>\n            <\/a>\n        <\/div>\n            <\/div>\n    <div class=\"wpex-timeline-icon\">\n    \t        <a href=\"https:\/\/franciscanos.org.br\/noticias\/timeline\/pastoral-universitaria-da-usf-tambem-esteve-nas-missoes\" title=\"PASTORAL UNIVERSIT\u00c1RIA DA USF TAMB\u00c9M ESTEVE NAS MISS\u00d5ES\"><i class=\"fa fa-adjust\"><\/i><\/a>\n    <\/div>\n    \t<style type=\"text\/css\">\n\t\t\t\t#timeline-4678 li.post-208428 .wpex-timeline-icon .fa,\n        #timeline-4678 .wpex-timeline > li.post-208428 .tlb-time{ background:#39a533}\n\t\t#timeline-4678 li.post-208428 .wpex-timeline-icon .fa:after, \n\t\t#timeline-4678 li.post-208428.wptl-feature .wpex-timeline-icon i:after,\n\t\t#timeline-4678 li.post-208428:nth-child(odd) .wpex-timeline-label, \n\t\t#timeline-4678 li.post-208428 .wpex-timeline-label{border-color:#39a533}\n\t\t#timeline-4678 li.post-208428 .wpex-timeline-time span:last-child,\n\t\t#timeline-4678 li.post-208428 .wpex-timeline-icon .fa:not(.no-icon):not(.icon-img):before{color:#39a533;}\n\t\t    <\/style>\n            <\/li><li class=\"filter-4678_208435 post-208435 wp-timeline type-wp-timeline status-publish has-post-thumbnail hentry wpex_category-facebook\" data-id=\"filter-4678_208435\">\n\t<div class=\" scroll-effect\">\n        <div class=\"wpex-timeline-label\">\n            <div class=\"tlb-time\">\n\t\t\t\t\n\t\t\t<span class=\"info-h\">22h00<\/span>\n\t\t<span class=\"tll-date\">\n\t\t\t22\/07\/2019\n\t\t<\/span>            <\/div>\n            <div class=\"clearfix\"><\/div>\n            <div class=\"timeline-details\">\n                                    <a href=\"https:\/\/franciscanos.org.br\/noticias\/wp-content\/uploads\/2019\/07\/WhatsApp-Image-2019-07-22-at-21.25.35.jpeg\" title=\"FESTA FRANCISCANA NA CHEGADA DOS MISSION\u00c1RIOS XAXINENSES\">\n                        <span class=\"info-img\">\n\t\t\t\t\t\t\t<img width=\"600\" height=\"450\" src=\"https:\/\/franciscanos.org.br\/noticias\/wp-content\/uploads\/2019\/07\/WhatsApp-Image-2019-07-22-at-21.25.35-600x450.jpeg\" class=\"attachment-wptl-600x450 size-wptl-600x450 wp-post-image\" alt=\"\" loading=\"lazy\" \/>                        <\/span>\n                    <\/a>\n                                <div class=\"tlct-shortdes\">\n                            <h2 >\n            <a href=\"https:\/\/franciscanos.org.br\/noticias\/timeline\/festa-franciscana-na-chegada-dos-missionarios-xaxinenses\" title=\"FESTA FRANCISCANA NA CHEGADA DOS MISSION\u00c1RIOS XAXINENSES\">\n                FESTA FRANCISCANA NA CHEGADA DOS MISSION\u00c1RIOS XAXINENSES            <\/a>\n        <\/h2>\n                            <p>0Com festa a cidade de Xaxim &#8211; SC, acolheu os Mission\u00e1rios Franciscanos que participaram da 6\u00aa Edi\u00e7\u00e3o das Miss\u00f5es Franciscanas da Juventude no Rio de Janeiro e que agora sediar\u00e3o a pr\u00f3xima Miss\u00e3o Franciscana de 29 de janeiro a 02 de fevereiro de 2020! Xaxim acolhe os Mission\u00e1rios Franciscanos Com festa a cidade de Xaxim [&hellip;]<\/p>\n                                    <\/div>\n            <\/div>\n            <div class=\"clearfix\"><\/div>\n        <\/div>\n            <\/div>\n    <div class=\"wpex-timeline-icon\">\n    \t        <a href=\"https:\/\/franciscanos.org.br\/noticias\/timeline\/festa-franciscana-na-chegada-dos-missionarios-xaxinenses\" title=\"FESTA FRANCISCANA NA CHEGADA DOS MISSION\u00c1RIOS XAXINENSES\"><i class=\"fa fa-angle-double-right\"><\/i><\/a>\n    <\/div>\n    \t<style type=\"text\/css\">\n\t\t\t\t#timeline-4678 li.post-208435 .wpex-timeline-icon .fa,\n        #timeline-4678 .wpex-timeline > li.post-208435 .tlb-time{ background:#ff0000}\n\t\t#timeline-4678 li.post-208435 .wpex-timeline-icon .fa:after, \n\t\t#timeline-4678 li.post-208435.wptl-feature .wpex-timeline-icon i:after,\n\t\t#timeline-4678 li.post-208435:nth-child(odd) .wpex-timeline-label, \n\t\t#timeline-4678 li.post-208435 .wpex-timeline-label{border-color:#ff0000}\n\t\t#timeline-4678 li.post-208435 .wpex-timeline-time span:last-child,\n\t\t#timeline-4678 li.post-208435 .wpex-timeline-icon .fa:not(.no-icon):not(.icon-img):before{color:#ff0000;}\n\t\t    <\/style>\n            <\/li>            <\/ul>\n            \n\t\t\t\t\t\t<div class=\"wpex-loadmore lbt\">\n\t\t\t\t\t\t\t<input type=\"hidden\"  name=\"id_grid\" value=\"timeline-4678\">\n\t\t\t\t\t\t\t<input type=\"hidden\"  name=\"num_page\" value=\"34\">\n\t\t\t\t\t\t\t<input type=\"hidden\"  name=\"num_page_uu\" value=\"1\">\n\t\t\t\t\t\t\t<input type=\"hidden\"  name=\"current_page\" value=\"1\">\n\t\t\t\t\t\t\t<input type=\"hidden\"  name=\"ajax_url\" value=\"https:\/\/franciscanos.org.br\/noticias\/wp-admin\/admin-ajax.php\">\n\t\t\t\t\t\t\t<input type=\"hidden\"  name=\"param_query\" value=\"{&quot;post_type&quot;:[&quot;wp-timeline&quot;],&quot;posts_per_page&quot;:&quot;5&quot;,&quot;post_status&quot;:[&quot;publish&quot;,&quot;future&quot;],&quot;tag&quot;:&quot;&quot;,&quot;order&quot;:&quot;DESC&quot;,&quot;orderby&quot;:&quot;date&quot;,&quot;meta_key&quot;:&quot;&quot;,&quot;ignore_sticky_posts&quot;:1,&quot;tax_query&quot;:[{&quot;taxonomy&quot;:&quot;wpex_category&quot;,&quot;field&quot;:&quot;term_id&quot;,&quot;terms&quot;:[&quot;1487&quot;]}]}\">\n\t\t\t\t\t\t\t<input type=\"hidden\" id=\"param_shortcode\" name=\"param_shortcode\" value=\"{&quot;style&quot;:&quot;box-color&quot;,&quot;posttype&quot;:&quot;wp-timeline&quot;,&quot;cat&quot;:&quot;1487&quot;,&quot;tag&quot;:&quot;&quot;,&quot;taxonomy&quot;:&quot;&quot;,&quot;ids&quot;:&quot;&quot;,&quot;count&quot;:&quot;1000&quot;,&quot;posts_per_page&quot;:&quot;5&quot;,&quot;order&quot;:&quot;DESC&quot;,&quot;orderby&quot;:&quot;date&quot;,&quot;meta_key&quot;:&quot;&quot;,&quot;alignment&quot;:&quot;sidebyside&quot;,&quot;show_media&quot;:&quot;1&quot;,&quot;show_history&quot;:&quot;&quot;,&quot;feature_label&quot;:&quot;&quot;,&quot;full_content&quot;:&quot;&quot;,&quot;hide_thumb&quot;:&quot;&quot;,&quot;hide_title&quot;:&quot;&quot;,&quot;img_size&quot;:&quot;&quot;,&quot;lightbox&quot;:&quot;1&quot;,&quot;page_navi&quot;:&quot;inf&quot;,&quot;enable_back&quot;:&quot;yes&quot;,&quot;start_label&quot;:&quot;&quot;,&quot;end_label&quot;:&quot;&quot;,&quot;animations&quot;:&quot;fadeIn&quot;,&quot;filter_cat&quot;:&quot;&quot;,&quot;ID&quot;:4678,&quot;back_p&quot;:null}\">\n\t\t\t\t\t\t\t<input type=\"hidden\"  name=\"tl_language\" value=\"\">\n\t\t\t\t\t\t\t<a  href=\"javascript:void(0)\" class=\"loadmore-timeline\" data-id=\"timeline-4678\">\n\t\t\t\t\t\t\t\t<span class=\"load-tltext\">Carregar mais<\/span><span><\/span>&nbsp;<span><\/span>&nbsp;<span><\/span>\n\t\t\t\t\t\t\t<\/a><\/div>        <\/div>\n        <div class=\"clearfix\"><\/div>\n\t\t\n","protected":false},"excerpt":{"rendered":"0Com festa a cidade de Xaxim - SC, acolheu os Mission\u00e1rios Franciscanos que participaram da 6\u00aa Edi\u00e7\u00e3o das Miss\u00f5es Franciscanas da Juventude no Rio de Janeiro e que agora sediar\u00e3o a pr\u00f3xima Miss\u00e3o Franciscana de 29 de janeiro a 02 de fevereiro de 2020! https:\/\/www.facebook.com\/missoesfranciscanasjuventude\/videos\/346215302981704\/","protected":false},"author":2,"featured_media":207543,"parent":0,"menu_order":0,"comment_status":"closed","ping_status":"closed","template":"page-timeline.php","meta":[],"acf":[],"yoast_head":"<!-- This site is optimized with the Yoast SEO plugin v19.2 - https:\/\/yoast.com\/wordpress\/plugins\/seo\/ -->\n<title>Linha do Tempo - Not\u00edcias - Franciscanos<\/title>\n<meta name=\"robots\" content=\"index, follow, max-snippet:-1, max-image-preview:large, max-video-preview:-1\" \/>\n<link rel=\"canonical\" href=\"https:\/\/franciscanos.org.br\/noticias\/linha-do-tempo\" \/>\n<meta property=\"og:locale\" content=\"pt_BR\" \/>\n<meta property=\"og:type\" content=\"article\" \/>\n<meta property=\"og:title\" content=\"Linha do Tempo - Not\u00edcias - Franciscanos\" \/>\n<meta property=\"og:url\" content=\"https:\/\/franciscanos.org.br\/noticias\/linha-do-tempo\" \/>\n<meta property=\"og:site_name\" content=\"Not\u00edcias - Franciscanos\" \/>\n<meta property=\"article:modified_time\" content=\"2019-07-12T03:10:40+00:00\" \/>\n<meta property=\"og:image\" content=\"https:\/\/franciscanos.org.br\/noticias\/wp-content\/uploads\/2019\/07\/slide_missao-1200x470-1.jpg\" \/>\n\t<meta property=\"og:image:width\" content=\"1200\" \/>\n\t<meta property=\"og:image:height\" content=\"470\" \/>\n\t<meta property=\"og:image:type\" content=\"image\/jpeg\" \/>\n<meta name=\"author\" content=\"webmaster\" \/>\n<meta name=\"twitter:card\" content=\"summary_large_image\" \/>\n<script type=\"application\/ld+json\" class=\"yoast-schema-graph\">{\"@context\":\"https:\/\/schema.org\",\"@graph\":[{\"@type\":\"WebSite\",\"@id\":\"https:\/\/franciscanos.org.br\/noticias\/#website\",\"url\":\"https:\/\/franciscanos.org.br\/noticias\/\",\"name\":\"Not\u00edcias - Franciscanos\",\"description\":\"Prov\u00edncia Franciscana da Imaculada Concei\u00e7\u00e3o do Brasil - Ordem dos Frades Menores - OFM\",\"potentialAction\":[{\"@type\":\"SearchAction\",\"target\":{\"@type\":\"EntryPoint\",\"urlTemplate\":\"https:\/\/franciscanos.org.br\/noticias\/?s={search_term_string}\"},\"query-input\":\"required name=search_term_string\"}],\"inLanguage\":\"pt-BR\"},{\"@type\":\"ImageObject\",\"inLanguage\":\"pt-BR\",\"@id\":\"https:\/\/franciscanos.org.br\/noticias\/linha-do-tempo#primaryimage\",\"url\":\"https:\/\/franciscanos.org.br\/noticias\/wp-content\/uploads\/2019\/07\/slide_missao-1200x470-1.jpg\",\"contentUrl\":\"https:\/\/franciscanos.org.br\/noticias\/wp-content\/uploads\/2019\/07\/slide_missao-1200x470-1.jpg\",\"width\":1200,\"height\":470},{\"@type\":\"WebPage\",\"@id\":\"https:\/\/franciscanos.org.br\/noticias\/linha-do-tempo#webpage\",\"url\":\"https:\/\/franciscanos.org.br\/noticias\/linha-do-tempo\",\"name\":\"Linha do Tempo - Not\u00edcias - Franciscanos\",\"isPartOf\":{\"@id\":\"https:\/\/franciscanos.org.br\/noticias\/#website\"},\"primaryImageOfPage\":{\"@id\":\"https:\/\/franciscanos.org.br\/noticias\/linha-do-tempo#primaryimage\"},\"datePublished\":\"2019-07-04T12:41:06+00:00\",\"dateModified\":\"2019-07-12T03:10:40+00:00\",\"breadcrumb\":{\"@id\":\"https:\/\/franciscanos.org.br\/noticias\/linha-do-tempo#breadcrumb\"},\"inLanguage\":\"pt-BR\",\"potentialAction\":[{\"@type\":\"ReadAction\",\"target\":[\"https:\/\/franciscanos.org.br\/noticias\/linha-do-tempo\"]}]},{\"@type\":\"BreadcrumbList\",\"@id\":\"https:\/\/franciscanos.org.br\/noticias\/linha-do-tempo#breadcrumb\",\"itemListElement\":[{\"@type\":\"ListItem\",\"position\":1,\"name\":\"Home\",\"item\":\"https:\/\/franciscanos.org.br\/noticias\"},{\"@type\":\"ListItem\",\"position\":2,\"name\":\"Linha do Tempo\"}]}]}<\/script>\n<!-- \/ Yoast SEO plugin. -->","yoast_head_json":{"title":"Linha do Tempo - Not\u00edcias - Franciscanos","robots":{"index":"index","follow":"follow","max-snippet":"max-snippet:-1","max-image-preview":"max-image-preview:large","max-video-preview":"max-video-preview:-1"},"canonical":"https:\/\/franciscanos.org.br\/noticias\/linha-do-tempo","og_locale":"pt_BR","og_type":"article","og_title":"Linha do Tempo - Not\u00edcias - Franciscanos","og_url":"https:\/\/franciscanos.org.br\/noticias\/linha-do-tempo","og_site_name":"Not\u00edcias - Franciscanos","article_modified_time":"2019-07-12T03:10:40+00:00","og_image":[{"width":1200,"height":470,"url":"https:\/\/franciscanos.org.br\/noticias\/wp-content\/uploads\/2019\/07\/slide_missao-1200x470-1.jpg","type":"image\/jpeg"}],"author":"webmaster","twitter_card":"summary_large_image","schema":{"@context":"https:\/\/schema.org","@graph":[{"@type":"WebSite","@id":"https:\/\/franciscanos.org.br\/noticias\/#website","url":"https:\/\/franciscanos.org.br\/noticias\/","name":"Not\u00edcias - Franciscanos","description":"Prov\u00edncia Franciscana da Imaculada Concei\u00e7\u00e3o do Brasil - Ordem dos Frades Menores - OFM","potentialAction":[{"@type":"SearchAction","target":{"@type":"EntryPoint","urlTemplate":"https:\/\/franciscanos.org.br\/noticias\/?s={search_term_string}"},"query-input":"required name=search_term_string"}],"inLanguage":"pt-BR"},{"@type":"ImageObject","inLanguage":"pt-BR","@id":"https:\/\/franciscanos.org.br\/noticias\/linha-do-tempo#primaryimage","url":"https:\/\/franciscanos.org.br\/noticias\/wp-content\/uploads\/2019\/07\/slide_missao-1200x470-1.jpg","contentUrl":"https:\/\/franciscanos.org.br\/noticias\/wp-content\/uploads\/2019\/07\/slide_missao-1200x470-1.jpg","width":1200,"height":470},{"@type":"WebPage","@id":"https:\/\/franciscanos.org.br\/noticias\/linha-do-tempo#webpage","url":"https:\/\/franciscanos.org.br\/noticias\/linha-do-tempo","name":"Linha do Tempo - Not\u00edcias - Franciscanos","isPartOf":{"@id":"https:\/\/franciscanos.org.br\/noticias\/#website"},"primaryImageOfPage":{"@id":"https:\/\/franciscanos.org.br\/noticias\/linha-do-tempo#primaryimage"},"datePublished":"2019-07-04T12:41:06+00:00","dateModified":"2019-07-12T03:10:40+00:00","breadcrumb":{"@id":"https:\/\/franciscanos.org.br\/noticias\/linha-do-tempo#breadcrumb"},"inLanguage":"pt-BR","potentialAction":[{"@type":"ReadAction","target":["https:\/\/franciscanos.org.br\/noticias\/linha-do-tempo"]}]},{"@type":"BreadcrumbList","@id":"https:\/\/franciscanos.org.br\/noticias\/linha-do-tempo#breadcrumb","itemListElement":[{"@type":"ListItem","position":1,"name":"Home","item":"https:\/\/franciscanos.org.br\/noticias"},{"@type":"ListItem","position":2,"name":"Linha do Tempo"}]}]}},"_links":{"self":[{"href":"https:\/\/franciscanos.org.br\/noticias\/wp-json\/wp\/v2\/pages\/207265"}],"collection":[{"href":"https:\/\/franciscanos.org.br\/noticias\/wp-json\/wp\/v2\/pages"}],"about":[{"href":"https:\/\/franciscanos.org.br\/noticias\/wp-json\/wp\/v2\/types\/page"}],"author":[{"embeddable":true,"href":"https:\/\/franciscanos.org.br\/noticias\/wp-json\/wp\/v2\/users\/2"}],"replies":[{"embeddable":true,"href":"https:\/\/franciscanos.org.br\/noticias\/wp-json\/wp\/v2\/comments?post=207265"}],"version-history":[{"count":0,"href":"https:\/\/franciscanos.org.br\/noticias\/wp-json\/wp\/v2\/pages\/207265\/revisions"}],"wp:featuredmedia":[{"embeddable":true,"href":"https:\/\/franciscanos.org.br\/noticias\/wp-json\/wp\/v2\/media\/207543"}],"wp:attachment":[{"href":"https:\/\/franciscanos.org.br\/noticias\/wp-json\/wp\/v2\/media?parent=207265"}],"curies":[{"name":"wp","href":"https:\/\/api.w.org\/{rel}","templated":true}]}}