{"version":"1.0","provider_name":"Not\u00edcias - Franciscanos","provider_url":"https:\/\/franciscanos.org.br\/noticias","author_name":"jovenal","author_url":"https:\/\/franciscanos.org.br\/noticias\/author\/jovenal","title":"Mensagem da Prov\u00edncia: \"E o Verbo se faz carne em n\u00f3s!\" - Not\u00edcias - Franciscanos","type":"rich","width":600,"height":338,"html":"<blockquote class=\"wp-embedded-content\" data-secret=\"0j3QUe9Egm\"><a href=\"https:\/\/franciscanos.org.br\/noticias\/e-o-verbo-se-faz-carne-em-nos.html\">Mensagem da Prov\u00edncia: &#8220;E o Verbo se faz carne em n\u00f3s!&#8221;<\/a><\/blockquote><iframe sandbox=\"allow-scripts\" security=\"restricted\" src=\"https:\/\/franciscanos.org.br\/noticias\/e-o-verbo-se-faz-carne-em-nos.html\/embed#?secret=0j3QUe9Egm\" width=\"600\" height=\"338\" title=\"&#8220;Mensagem da Prov\u00edncia: &#8220;E o Verbo se faz carne em n\u00f3s!&#8221;&#8221; &#8212; Not\u00edcias - Franciscanos\" data-secret=\"0j3QUe9Egm\" frameborder=\"0\" marginwidth=\"0\" marginheight=\"0\" scrolling=\"no\" class=\"wp-embedded-content\"><\/iframe><script type=\"text\/javascript\">\n\/*! This file is auto-generated *\/\n!function(c,l){\"use strict\";var e=!1,o=!1;if(l.querySelector)if(c.addEventListener)e=!0;if(c.wp=c.wp||{},c.wp.receiveEmbedMessage);else if(c.wp.receiveEmbedMessage=function(e){var t=e.data;if(!t);else if(!(t.secret||t.message||t.value));else if(\/[^a-zA-Z0-9]\/.test(t.secret));else{for(var r,s,a,i=l.querySelectorAll('iframe[data-secret=\"'+t.secret+'\"]'),n=l.querySelectorAll('blockquote[data-secret=\"'+t.secret+'\"]'),o=0;o<n.length;o++)n[o].style.display=\"none\";for(o=0;o<i.length;o++)if(r=i[o],e.source!==r.contentWindow);else{if(r.removeAttribute(\"style\"),\"height\"===t.message){if(1e3<(s=parseInt(t.value,10)))s=1e3;else if(~~s<200)s=200;r.height=s}if(\"link\"===t.message)if(s=l.createElement(\"a\"),a=l.createElement(\"a\"),s.href=r.getAttribute(\"src\"),a.href=t.value,a.host===s.host)if(l.activeElement===r)c.top.location.href=t.value}}},e)c.addEventListener(\"message\",c.wp.receiveEmbedMessage,!1),l.addEventListener(\"DOMContentLoaded\",t,!1),c.addEventListener(\"load\",t,!1);function t(){if(o);else{o=!0;for(var e,t,r,s=-1!==navigator.appVersion.indexOf(\"MSIE 10\"),a=!!navigator.userAgent.match(\/Trident.*rv:11\\.\/),i=l.querySelectorAll(\"iframe.wp-embedded-content\"),n=0;n<i.length;n++){if(!(r=(t=i[n]).getAttribute(\"data-secret\")))r=Math.random().toString(36).substr(2,10),t.src+=\"#?secret=\"+r,t.setAttribute(\"data-secret\",r);if(s||a)(e=t.cloneNode(!0)).removeAttribute(\"security\"),t.parentNode.replaceChild(e,t);t.contentWindow.postMessage({message:\"ready\",secret:r},\"*\")}}}}(window,document);\n<\/script>\n","thumbnail_url":"https:\/\/franciscanos.org.br\/noticias\/wp-content\/uploads\/2018\/12\/mensagem_191218-1200-1.jpg","thumbnail_width":273,"thumbnail_height":181,"description":"Paz e Bem! \u201cE o Verbo se fez carne e habitou entre n\u00f3s\u201d (Jo 1,14). A afirma\u00e7\u00e3o b\u00edblica de S\u00e3o Jo\u00e3o \u00e9, ao mesmo tempo, relato e atualiza\u00e7\u00e3o do mesmo e \u00fanico Mist\u00e9rio. O Verbo se fez carne, \u00e9 verdade! Mas tamb\u00e9m \u00e9 verdadeiro que o Verbo se faz carne, no presente. Atualizar o Mist\u00e9rio [&hellip;]"}