{"id":188696,"date":"2023-04-28T11:40:24","date_gmt":"2023-04-28T14:40:24","guid":{"rendered":"https:\/\/franciscanos.org.br\/hospedaria\/?page_id=188696"},"modified":"2023-04-28T11:59:08","modified_gmt":"2023-04-28T14:59:08","slug":"rondinha-entre-em-contato","status":"publish","type":"page","link":"https:\/\/franciscanos.org.br\/hospedaria\/rondinha-entre-em-contato\/","title":{"rendered":"Entre em contato"},"content":{"rendered":"<p>[vc_row][vc_column width=&#8221;1\/2&#8243;][vc_column_text css_animation=&#8221;fadeInLeft&#8221;]<em>Para mais informa\u00e7\u00f5es e or\u00e7amentos para realiza\u00e7\u00e3o de eventos em grupos, contate-nos atrav\u00e9s dos canais:<\/em><\/p>\n<h4>Convento S\u00e3o Boaventura<\/h4>\n<p>Rua Aldeia Franciscana, 1100<br \/>\nRondinha<br \/>\nCampo Largo \u2013 PR<br \/>\n83607-285<\/p>\n<p><strong>Telefone:<\/strong> (41) 3291-6000 e (41) 3555-1730<\/p>\n<p><strong>E-mail:<\/strong> fradesrondinha@gmail.com<\/p>\n<p><strong>Redes Sociais:<\/strong><br \/>\nfacebook.com\/fradesrondinha<br \/>\ninstagram.com\/franciscanosrondinha\/<br \/>\nyoutube.com\/fradesrondinha[\/vc_column_text][\/vc_column][vc_column width=&#8221;1\/2&#8243;][vc_gmaps link=&#8221;#E-8_JTNDaWZyYW1lJTIwc3JjJTNEJTIyaHR0cHMlM0ElMkYlMkZ3d3cuZ29vZ2xlLmNvbSUyRm1hcHMlMkZlbWJlZCUzRnBiJTNEJTIxMW0xOCUyMTFtMTIlMjExbTMlMjExZDEyNzMuODAxMDMwODQ4OTk5NyUyMTJkLTQ5LjQ3MjAxOTAxMDYzMTgwNCUyMTNkLTI1LjQ0MzE2NDcxMjYzODYzNCUyMTJtMyUyMTFmMCUyMTJmMCUyMTNmMCUyMTNtMiUyMTFpMTAyNCUyMTJpNzY4JTIxNGYxMy4xJTIxM20zJTIxMW0yJTIxMXMweDk0ZGQxOTFlZjY5YzYxZjklMjUzQTB4ZmM0ODI5ZmJkNjFiNDNiOSUyMTJzRnJhdGVybmlkYWRlJTI1MjBGcmFuY2lzY2FuYSUyNTIwUyUyNUMzJTI1QTNvJTI1MjBCb2F2ZW50dXJhJTIxNWUwJTIxM20yJTIxMXNwdC1CUiUyMTJzYnIlMjE0djE2ODI2OTI2NDMyMzIlMjE1bTIlMjExc3B0LUJSJTIxMnNiciUyMiUyMHdpZHRoJTNEJTIyNjAwJTIyJTIwaGVpZ2h0JTNEJTIyNDUwJTIyJTIwc3R5bGUlM0QlMjJib3JkZXIlM0EwJTNCJTIyJTIwYWxsb3dmdWxsc2NyZWVuJTNEJTIyJTIyJTIwbG9hZGluZyUzRCUyMmxhenklMjIlMjByZWZlcnJlcnBvbGljeSUzRCUyMm5vLXJlZmVycmVyLXdoZW4tZG93bmdyYWRlJTIyJTNFJTNDJTJGaWZyYW1lJTNF&#8221; css_animation=&#8221;fadeInRight&#8221;][\/vc_column][\/vc_row][vc_row][vc_column][vc_single_image image=&#8221;188697&#8243; img_size=&#8221;full&#8221; alignment=&#8221;center&#8221; css_animation=&#8221;bounceIn&#8221;][\/vc_column][\/vc_row]<\/p>\n","protected":false},"excerpt":{"rendered":"<p>[vc_row][vc_column width=&#8221;1\/2&#8243;][vc_column_text css_animation=&#8221;fadeInLeft&#8221;]Para mais informa\u00e7\u00f5es e or\u00e7amentos para realiza\u00e7\u00e3o de eventos em grupos, contate-nos atrav\u00e9s dos canais: Convento S\u00e3o Boaventura Rua Aldeia Franciscana, 1100 Rondinha Campo Largo \u2013 PR 83607-285 Telefone: (41) 3291-6000 e (41) 3555-1730 E-mail: fradesrondinha@gmail.com Redes Sociais: facebook.com\/fradesrondinha instagram.com\/franciscanosrondinha\/ youtube.com\/fradesrondinha[\/vc_column_text][\/vc_column][vc_column width=&#8221;1\/2&#8243;][vc_gmaps link=&#8221;#E-8_JTNDaWZyYW1lJTIwc3JjJTNEJTIyaHR0cHMlM0ElMkYlMkZ3d3cuZ29vZ2xlLmNvbSUyRm1hcHMlMkZlbWJlZCUzRnBiJTNEJTIxMW0xOCUyMTFtMTIlMjExbTMlMjExZDEyNzMuODAxMDMwODQ4OTk5NyUyMTJkLTQ5LjQ3MjAxOTAxMDYzMTgwNCUyMTNkLTI1LjQ0MzE2NDcxMjYzODYzNCUyMTJtMyUyMTFmMCUyMTJmMCUyMTNmMCUyMTNtMiUyMTFpMTAyNCUyMTJpNzY4JTIxNGYxMy4xJTIxM20zJTIxMW0yJTIxMXMweDk0ZGQxOTFlZjY5YzYxZjklMjUzQTB4ZmM0ODI5ZmJkNjFiNDNiOSUyMTJzRnJhdGVybmlkYWRlJTI1MjBGcmFuY2lzY2FuYSUyNTIwUyUyNUMzJTI1QTNvJTI1MjBCb2F2ZW50dXJhJTIxNWUwJTIxM20yJTIxMXNwdC1CUiUyMTJzYnIlMjE0djE2ODI2OTI2NDMyMzIlMjE1bTIlMjExc3B0LUJSJTIxMnNiciUyMiUyMHdpZHRoJTNEJTIyNjAwJTIyJTIwaGVpZ2h0JTNEJTIyNDUwJTIyJTIwc3R5bGUlM0QlMjJib3JkZXIlM0EwJTNCJTIyJTIwYWxsb3dmdWxsc2NyZWVuJTNEJTIyJTIyJTIwbG9hZGluZyUzRCUyMmxhenklMjIlMjByZWZlcnJlcnBvbGljeSUzRCUyMm5vLXJlZmVycmVyLXdoZW4tZG93bmdyYWRlJTIyJTNFJTNDJTJGaWZyYW1lJTNF&#8221; css_animation=&#8221;fadeInRight&#8221;][\/vc_column][\/vc_row][vc_row][vc_column][vc_single_image image=&#8221;188697&#8243; img_size=&#8221;full&#8221; alignment=&#8221;center&#8221; css_animation=&#8221;bounceIn&#8221;][\/vc_column][\/vc_row]<\/p>\n","protected":false},"author":1,"featured_media":0,"parent":0,"menu_order":0,"comment_status":"closed","ping_status":"closed","template":"","meta":[],"yoast_head":"<!-- This site is optimized with the Yoast SEO plugin v19.4 - https:\/\/yoast.com\/wordpress\/plugins\/seo\/ -->\n<title>Entre em contato - Hospedaria - Franciscanos<\/title>\n<meta name=\"robots\" content=\"index, follow, max-snippet:-1, max-image-preview:large, max-video-preview:-1\" \/>\n<link rel=\"canonical\" href=\"https:\/\/franciscanos.org.br\/hospedaria\/rondinha-entre-em-contato\/\" \/>\n<meta property=\"og:locale\" content=\"pt_BR\" \/>\n<meta property=\"og:type\" content=\"article\" \/>\n<meta property=\"og:title\" content=\"Entre em contato - Hospedaria - Franciscanos\" \/>\n<meta property=\"og:description\" content=\"[vc_row][vc_column width=&#8221;1\/2&#8243;][vc_column_text css_animation=&#8221;fadeInLeft&#8221;]Para mais informa\u00e7\u00f5es e or\u00e7amentos para realiza\u00e7\u00e3o de eventos em grupos, contate-nos atrav\u00e9s dos canais: Convento S\u00e3o Boaventura Rua Aldeia Franciscana, 1100 Rondinha Campo Largo \u2013 PR 83607-285 Telefone: (41) 3291-6000 e (41) 3555-1730 E-mail: fradesrondinha@gmail.com Redes Sociais: facebook.com\/fradesrondinha instagram.com\/franciscanosrondinha\/ youtube.com\/fradesrondinha[\/vc_column_text][\/vc_column][vc_column width=&#8221;1\/2&#8243;][vc_gmaps link=&#8221;#E-8_JTNDaWZyYW1lJTIwc3JjJTNEJTIyaHR0cHMlM0ElMkYlMkZ3d3cuZ29vZ2xlLmNvbSUyRm1hcHMlMkZlbWJlZCUzRnBiJTNEJTIxMW0xOCUyMTFtMTIlMjExbTMlMjExZDEyNzMuODAxMDMwODQ4OTk5NyUyMTJkLTQ5LjQ3MjAxOTAxMDYzMTgwNCUyMTNkLTI1LjQ0MzE2NDcxMjYzODYzNCUyMTJtMyUyMTFmMCUyMTJmMCUyMTNmMCUyMTNtMiUyMTFpMTAyNCUyMTJpNzY4JTIxNGYxMy4xJTIxM20zJTIxMW0yJTIxMXMweDk0ZGQxOTFlZjY5YzYxZjklMjUzQTB4ZmM0ODI5ZmJkNjFiNDNiOSUyMTJzRnJhdGVybmlkYWRlJTI1MjBGcmFuY2lzY2FuYSUyNTIwUyUyNUMzJTI1QTNvJTI1MjBCb2F2ZW50dXJhJTIxNWUwJTIxM20yJTIxMXNwdC1CUiUyMTJzYnIlMjE0djE2ODI2OTI2NDMyMzIlMjE1bTIlMjExc3B0LUJSJTIxMnNiciUyMiUyMHdpZHRoJTNEJTIyNjAwJTIyJTIwaGVpZ2h0JTNEJTIyNDUwJTIyJTIwc3R5bGUlM0QlMjJib3JkZXIlM0EwJTNCJTIyJTIwYWxsb3dmdWxsc2NyZWVuJTNEJTIyJTIyJTIwbG9hZGluZyUzRCUyMmxhenklMjIlMjByZWZlcnJlcnBvbGljeSUzRCUyMm5vLXJlZmVycmVyLXdoZW4tZG93bmdyYWRlJTIyJTNFJTNDJTJGaWZyYW1lJTNF&#8221; css_animation=&#8221;fadeInRight&#8221;][\/vc_column][\/vc_row][vc_row][vc_column][vc_single_image image=&#8221;188697&#8243; img_size=&#8221;full&#8221; alignment=&#8221;center&#8221; css_animation=&#8221;bounceIn&#8221;][\/vc_column][\/vc_row]\" \/>\n<meta property=\"og:url\" content=\"https:\/\/franciscanos.org.br\/hospedaria\/rondinha-entre-em-contato\/\" \/>\n<meta property=\"og:site_name\" content=\"Hospedaria - Franciscanos\" \/>\n<meta property=\"article:modified_time\" content=\"2023-04-28T14:59:08+00:00\" \/>\n<meta name=\"twitter:card\" content=\"summary_large_image\" \/>\n<meta name=\"twitter:label1\" content=\"Est. tempo de leitura\" \/>\n\t<meta name=\"twitter:data1\" content=\"1 minuto\" \/>\n<script type=\"application\/ld+json\" class=\"yoast-schema-graph\">{\"@context\":\"https:\/\/schema.org\",\"@graph\":[{\"@type\":\"WebSite\",\"@id\":\"https:\/\/franciscanos.org.br\/hospedaria\/#website\",\"url\":\"https:\/\/franciscanos.org.br\/hospedaria\/\",\"name\":\"Hospedaria - Franciscanos\",\"description\":\"Prov\u00edncia Franciscana da Imaculada Concei\u00e7\u00e3o do Brasil - Ordem dos Frades Menores\",\"potentialAction\":[{\"@type\":\"SearchAction\",\"target\":{\"@type\":\"EntryPoint\",\"urlTemplate\":\"https:\/\/franciscanos.org.br\/hospedaria\/?s={search_term_string}\"},\"query-input\":\"required name=search_term_string\"}],\"inLanguage\":\"pt-BR\"},{\"@type\":\"WebPage\",\"@id\":\"https:\/\/franciscanos.org.br\/hospedaria\/rondinha-entre-em-contato\/\",\"url\":\"https:\/\/franciscanos.org.br\/hospedaria\/rondinha-entre-em-contato\/\",\"name\":\"Entre em contato - Hospedaria - Franciscanos\",\"isPartOf\":{\"@id\":\"https:\/\/franciscanos.org.br\/hospedaria\/#website\"},\"datePublished\":\"2023-04-28T14:40:24+00:00\",\"dateModified\":\"2023-04-28T14:59:08+00:00\",\"breadcrumb\":{\"@id\":\"https:\/\/franciscanos.org.br\/hospedaria\/rondinha-entre-em-contato\/#breadcrumb\"},\"inLanguage\":\"pt-BR\",\"potentialAction\":[{\"@type\":\"ReadAction\",\"target\":[\"https:\/\/franciscanos.org.br\/hospedaria\/rondinha-entre-em-contato\/\"]}]},{\"@type\":\"BreadcrumbList\",\"@id\":\"https:\/\/franciscanos.org.br\/hospedaria\/rondinha-entre-em-contato\/#breadcrumb\",\"itemListElement\":[{\"@type\":\"ListItem\",\"position\":1,\"name\":\"Home\",\"item\":\"https:\/\/franciscanos.org.br\/hospedaria\/\"},{\"@type\":\"ListItem\",\"position\":2,\"name\":\"Entre em contato\"}]}]}<\/script>\n<!-- \/ Yoast SEO plugin. -->","yoast_head_json":{"title":"Entre em contato - Hospedaria - Franciscanos","robots":{"index":"index","follow":"follow","max-snippet":"max-snippet:-1","max-image-preview":"max-image-preview:large","max-video-preview":"max-video-preview:-1"},"canonical":"https:\/\/franciscanos.org.br\/hospedaria\/rondinha-entre-em-contato\/","og_locale":"pt_BR","og_type":"article","og_title":"Entre em contato - Hospedaria - Franciscanos","og_description":"[vc_row][vc_column width=&#8221;1\/2&#8243;][vc_column_text css_animation=&#8221;fadeInLeft&#8221;]Para mais informa\u00e7\u00f5es e or\u00e7amentos para realiza\u00e7\u00e3o de eventos em grupos, contate-nos atrav\u00e9s dos canais: Convento S\u00e3o Boaventura Rua Aldeia Franciscana, 1100 Rondinha Campo Largo \u2013 PR 83607-285 Telefone: (41) 3291-6000 e (41) 3555-1730 E-mail: fradesrondinha@gmail.com Redes Sociais: facebook.com\/fradesrondinha instagram.com\/franciscanosrondinha\/ youtube.com\/fradesrondinha[\/vc_column_text][\/vc_column][vc_column width=&#8221;1\/2&#8243;][vc_gmaps link=&#8221;#E-8_JTNDaWZyYW1lJTIwc3JjJTNEJTIyaHR0cHMlM0ElMkYlMkZ3d3cuZ29vZ2xlLmNvbSUyRm1hcHMlMkZlbWJlZCUzRnBiJTNEJTIxMW0xOCUyMTFtMTIlMjExbTMlMjExZDEyNzMuODAxMDMwODQ4OTk5NyUyMTJkLTQ5LjQ3MjAxOTAxMDYzMTgwNCUyMTNkLTI1LjQ0MzE2NDcxMjYzODYzNCUyMTJtMyUyMTFmMCUyMTJmMCUyMTNmMCUyMTNtMiUyMTFpMTAyNCUyMTJpNzY4JTIxNGYxMy4xJTIxM20zJTIxMW0yJTIxMXMweDk0ZGQxOTFlZjY5YzYxZjklMjUzQTB4ZmM0ODI5ZmJkNjFiNDNiOSUyMTJzRnJhdGVybmlkYWRlJTI1MjBGcmFuY2lzY2FuYSUyNTIwUyUyNUMzJTI1QTNvJTI1MjBCb2F2ZW50dXJhJTIxNWUwJTIxM20yJTIxMXNwdC1CUiUyMTJzYnIlMjE0djE2ODI2OTI2NDMyMzIlMjE1bTIlMjExc3B0LUJSJTIxMnNiciUyMiUyMHdpZHRoJTNEJTIyNjAwJTIyJTIwaGVpZ2h0JTNEJTIyNDUwJTIyJTIwc3R5bGUlM0QlMjJib3JkZXIlM0EwJTNCJTIyJTIwYWxsb3dmdWxsc2NyZWVuJTNEJTIyJTIyJTIwbG9hZGluZyUzRCUyMmxhenklMjIlMjByZWZlcnJlcnBvbGljeSUzRCUyMm5vLXJlZmVycmVyLXdoZW4tZG93bmdyYWRlJTIyJTNFJTNDJTJGaWZyYW1lJTNF&#8221; css_animation=&#8221;fadeInRight&#8221;][\/vc_column][\/vc_row][vc_row][vc_column][vc_single_image image=&#8221;188697&#8243; img_size=&#8221;full&#8221; alignment=&#8221;center&#8221; css_animation=&#8221;bounceIn&#8221;][\/vc_column][\/vc_row]","og_url":"https:\/\/franciscanos.org.br\/hospedaria\/rondinha-entre-em-contato\/","og_site_name":"Hospedaria - Franciscanos","article_modified_time":"2023-04-28T14:59:08+00:00","twitter_card":"summary_large_image","twitter_misc":{"Est. tempo de leitura":"1 minuto"},"schema":{"@context":"https:\/\/schema.org","@graph":[{"@type":"WebSite","@id":"https:\/\/franciscanos.org.br\/hospedaria\/#website","url":"https:\/\/franciscanos.org.br\/hospedaria\/","name":"Hospedaria - Franciscanos","description":"Prov\u00edncia Franciscana da Imaculada Concei\u00e7\u00e3o do Brasil - Ordem dos Frades Menores","potentialAction":[{"@type":"SearchAction","target":{"@type":"EntryPoint","urlTemplate":"https:\/\/franciscanos.org.br\/hospedaria\/?s={search_term_string}"},"query-input":"required name=search_term_string"}],"inLanguage":"pt-BR"},{"@type":"WebPage","@id":"https:\/\/franciscanos.org.br\/hospedaria\/rondinha-entre-em-contato\/","url":"https:\/\/franciscanos.org.br\/hospedaria\/rondinha-entre-em-contato\/","name":"Entre em contato - Hospedaria - Franciscanos","isPartOf":{"@id":"https:\/\/franciscanos.org.br\/hospedaria\/#website"},"datePublished":"2023-04-28T14:40:24+00:00","dateModified":"2023-04-28T14:59:08+00:00","breadcrumb":{"@id":"https:\/\/franciscanos.org.br\/hospedaria\/rondinha-entre-em-contato\/#breadcrumb"},"inLanguage":"pt-BR","potentialAction":[{"@type":"ReadAction","target":["https:\/\/franciscanos.org.br\/hospedaria\/rondinha-entre-em-contato\/"]}]},{"@type":"BreadcrumbList","@id":"https:\/\/franciscanos.org.br\/hospedaria\/rondinha-entre-em-contato\/#breadcrumb","itemListElement":[{"@type":"ListItem","position":1,"name":"Home","item":"https:\/\/franciscanos.org.br\/hospedaria\/"},{"@type":"ListItem","position":2,"name":"Entre em contato"}]}]}},"_links":{"self":[{"href":"https:\/\/franciscanos.org.br\/hospedaria\/wp-json\/wp\/v2\/pages\/188696"}],"collection":[{"href":"https:\/\/franciscanos.org.br\/hospedaria\/wp-json\/wp\/v2\/pages"}],"about":[{"href":"https:\/\/franciscanos.org.br\/hospedaria\/wp-json\/wp\/v2\/types\/page"}],"author":[{"embeddable":true,"href":"https:\/\/franciscanos.org.br\/hospedaria\/wp-json\/wp\/v2\/users\/1"}],"replies":[{"embeddable":true,"href":"https:\/\/franciscanos.org.br\/hospedaria\/wp-json\/wp\/v2\/comments?post=188696"}],"version-history":[{"count":11,"href":"https:\/\/franciscanos.org.br\/hospedaria\/wp-json\/wp\/v2\/pages\/188696\/revisions"}],"predecessor-version":[{"id":188709,"href":"https:\/\/franciscanos.org.br\/hospedaria\/wp-json\/wp\/v2\/pages\/188696\/revisions\/188709"}],"wp:attachment":[{"href":"https:\/\/franciscanos.org.br\/hospedaria\/wp-json\/wp\/v2\/media?parent=188696"}],"curies":[{"name":"wp","href":"https:\/\/api.w.org\/{rel}","templated":true}]}}