{"id":187216,"date":"2020-09-08T15:30:13","date_gmt":"2020-09-08T18:30:13","guid":{"rendered":"https:\/\/franciscanos.org.br\/hospedaria\/?page_id=187216"},"modified":"2023-04-24T16:52:06","modified_gmt":"2023-04-24T19:52:06","slug":"agudos-hospedaria","status":"publish","type":"page","link":"https:\/\/franciscanos.org.br\/hospedaria\/agudos-hospedaria\/","title":{"rendered":"Hospedaria e Casa de Encontros"},"content":{"rendered":"<p>[vc_row][vc_column][vc_single_image image=&#8221;188627&#8243; img_size=&#8221;full&#8221; alignment=&#8221;center&#8221; css_animation=&#8221;fadeInDown&#8221;][vc_empty_space][vc_column_text]<\/p>\n<h2>Conhe\u00e7a a infraestrutura do Semin\u00e1rio Santo Ant\u00f4nio!<\/h2>\n<p>[\/vc_column_text][vc_empty_space][vc_tta_tabs][vc_tta_section title=&#8221;Igreja&#8221; tab_id=&#8221;1681846989323-9edd9b87-faf0&#8243;][vc_column_text]Inaugurada em 11 de setembro de 1955 e foi dedicada \u00e0 Imaculada Concei\u00e7\u00e3o. Foi constru\u00edda com m\u00e1rmores da It\u00e1lia. Atualmente, todos os domingos, \u00e0s 10h, celebra-se a Santa Missa com a comunidade local.<\/p>\n<p>O \u00d3rg\u00e3o de Tubos foi constru\u00eddo pelo Sr. Siegfried Sch\u00fcrle e seu auxiliar August Pfau, ambos de S\u00e3o Bento do Sul, Santa Catarina. Os estudos para a constru\u00e7\u00e3o remontam a maio de 1959, a constru\u00e7\u00e3o teve in\u00edcio no ano de 1961 e em 28 de Junho de 1962 o \u00f3rg\u00e3o foi inaugurado. \u00c9 o maior do interior do estado de S\u00e3o Paulo, com 25 registros reais e 2.062 tubos.[\/vc_column_text][vc_images_carousel images=&#8221;188629,188633&#8243; img_size=&#8221;full&#8221;][\/vc_tta_section][vc_tta_section title=&#8221;Salas&#8221; tab_id=&#8221;1681846825522-a05d2431-9f26&#8243;][vc_column_text]<strong>Salas para palestras e eventos corporativos<\/strong><br \/>\n\u00c9 poss\u00edvel escolher entre as 8 salas especiais e equipadas para os eventos, salas com maior e menor capacidades e com total conforto que deixam os eventos mais interessantes. Sala multim\u00eddia e climatizada, que pode receber at\u00e9 150 pessoas. Moderna, ampla e equipada com ar-condicionado, som, parede especial para proje\u00e7\u00f5es e cadeiras confort\u00e1veis.<\/p>\n<p><strong>Sal\u00e3o Nobre<\/strong><br \/>\nSendo ele um dos espa\u00e7os mais sofisticados da casa, um audit\u00f3rio com capacidade para 500 pessoas sentadas, dispon\u00edvel para festivais, concertos e formaturas. A sua infraestrutura obt\u00e9m um palco de 188,5m\u00b2, tela de cinema, camarins, recursos de ilumina\u00e7\u00e3o, sonoriza\u00e7\u00e3o, estacionamento com seguran\u00e7a 24 horas e ilumina\u00e7\u00e3o, luzes de emerg\u00eancia e sa\u00eddas de emerg\u00eancia.[\/vc_column_text][vc_images_carousel images=&#8221;188621,188619,188620,188625&#8243; img_size=&#8221;full&#8221;][\/vc_tta_section][vc_tta_section title=&#8221;Apartamentos&#8221; tab_id=&#8221;1681846867332-ed63fef2-9bb4&#8243;][vc_column_text]Durante a estadia, o h\u00f3spede pode desfrutar de salas de estar com <em>wi-fi<\/em>, mais de 100 apartamentos com duas camas, guarda-roupas, abajour, <em>wi-fi<\/em>, banheiro com chuveiro e frigobar para melhor conforto de todos os h\u00f3spedes. Mais de 35 dormit\u00f3rios, com 3 e 4 camas para comportar confortavelmente um total de 250 pessoas, com vista para os jardins internos do semin\u00e1rio.[\/vc_column_text][vc_images_carousel images=&#8221;188650,188651,188652,188653&#8243; img_size=&#8221;full&#8221;][\/vc_tta_section][vc_tta_section title=&#8221;Museu&#8221; tab_id=&#8221;1681846825530-372bf2d7-c5a0&#8243;][vc_column_text]Baseado na teoria da evolu\u00e7\u00e3o, o museu come\u00e7a com a cria\u00e7\u00e3o do mundo at\u00e9 a era at\u00f4mica e espacial. Contendo rochas, insetos, aves, animais empalhados, moedas armas de guerra e muito mais\u2026 Um outro espa\u00e7o, que est\u00e1 a disposi\u00e7\u00e3o dos encontros.<\/p>\n<p>Quando o Semin\u00e1rio foi planejado foi decidido reservar uma \u00e1rea de 350 metros quadrados para instala\u00e7\u00f5es de um Museu Escolar. Frei Jo\u00e3o da Cruz Schumacher come\u00e7ou o trabalho de organiza\u00e7\u00e3o, juntamente com outros frades e alunos que moravam no Semin\u00e1rio no ano de 1955. Mais tarde, Frei Greg\u00f3rio Johnscher foi quem assumiu a organiza\u00e7\u00e3o e o cuidado do museu.<br \/>\nFoi um trabalho cansativo, mas gratificante, com ajuda de muitas institui\u00e7\u00f5es e pessoas temos o que \u00e9 hoje o Museu Escolar do semin\u00e1rio. Seria importante elencar tr\u00eas pessoas que ajudaram na constru\u00e7\u00e3o: frei Geraldo Roderfeld: pintor dos 24 quadros do museu e frei Jos\u00e9 Lino Zimmermann e frei Jorge Schelbauer: construtores dos mostru\u00e1rios do museu.<\/p>\n<p>Temos hoje um Museu baseado na teoria evolutiva. Come\u00e7a na cria\u00e7\u00e3o do mundo e vamos at\u00e9 a \u201cera\u201d at\u00f4mica e espacial, contendo rochas, insetos, aves, animais empalhados, fauna da regi\u00e3o de Agudos, materiais ind\u00edgenas, moedas, armas de guerras e alguns quadros pintados a m\u00e3o. Todos esses materiais foram doados. Algumas locais s\u00e3o: Rio Negro (PR), Par\u00e1, Amaz\u00f4nia, Esp\u00edrito Santo, Norte do Paran\u00e1, Agudos (SP), Rio de Janeiro, Museu de mineralogia de SP, Curitiba (PR), Cambori\u00fa (SC).<\/p>\n<p>No dia 5 de outubro de 1975, \u00e0s 9h da manh\u00e3 foi celebrada uma solene missa com v\u00e1rios bispos franciscanos, o Padre Geral Frei Constantino Koser onde deu a ben\u00e7\u00e3o inaugural do atual espa\u00e7o.<\/p>\n<p>O museu \u00e9 um v\u00ednculo de cultura e conhecimentos cient\u00edficos, para estudantes e povo em geral. O museu procura p\u00f4r em evid\u00eancia que Deus \u00e9 o Criador de tudo, deixando claro, que n\u00e3o h\u00e1, nem precisa haver contradi\u00e7\u00e3o, entre Deus e os postulados da ci\u00eancia moderna, entre a hist\u00f3ria b\u00edblica da cria\u00e7\u00e3o. \u00c9 considerado um dos museus mais completos da regi\u00e3o.[\/vc_column_text][vc_images_carousel images=&#8221;188655,188656&#8243; img_size=&#8221;full&#8221;][\/vc_tta_section][vc_tta_section title=&#8221;Cozinha industrial&#8221; tab_id=&#8221;1681846880782-b3e6c52f-4fee&#8221;][vc_column_text]Moderna e espa\u00e7osa, a cozinha industrial \u00e9 totalmente equipada para atender as necessidades de qualquer encontro ou evento. Todos os equipamentos s\u00e3o resistente e de qualidade profissional, funcionais e produzido pelo melhor fabricante de equipamentos para cozinhas profissionais.<\/p>\n<p>O refeit\u00f3rio do semin\u00e1rio tem capacidade para mais de 300 pessoas e pode ser utilizado de acordo com a tem\u00e1tica do grupo que est\u00e1 realizando o evento. O espa\u00e7o e bem iluminado e com muitas janelas, e em todas elas \u00e9 poss\u00edvel ter a vista dos encantadores jardins internos, tornando assim a sua refei\u00e7\u00e3o mais agrad\u00e1vel.[\/vc_column_text][vc_images_carousel images=&#8221;188657,188658&#8243; img_size=&#8221;full&#8221;][\/vc_tta_section][vc_tta_section title=&#8221;\u00c1rea verde&#8221; tab_id=&#8221;1681846920756-5575170d-9675&#8243;][vc_column_text]O verde em uma gama imensur\u00e1vel de tons est\u00e1 presente interna e externamente. Bosques convidam \u00e0 caminhada por trilhas naturais e atividades prazerosas ao ar livre.<\/p>\n<p>O Semin\u00e1rio disp\u00f5e de uma pra\u00e7a de alimenta\u00e7\u00e3o ao ar livre, cercada de jardins e bosques, um lugar ideal para se reunir com os amigos ou familiares para eventos corporativos eu familiares.[\/vc_column_text][vc_images_carousel images=&#8221;188643&#8243; img_size=&#8221;720&#215;1280&#8243;][\/vc_tta_section][vc_tta_section title=&#8221;Espa\u00e7o para esportes&#8221; tab_id=&#8221;1681846934327-6ccad74d-4f97&#8243;][vc_column_text]<strong>Campos de gramado e quadras para a pr\u00e1tica de atividades esportivas<\/strong><br \/>\nTamb\u00e9m \u00e9 poss\u00edvel desfrutar de qualquer um dos 3 campos de futebol sendo um deles com as medidas oficiais de um campo profissional. Eles ficam \u00e0 disposi\u00e7\u00e3o dos encontros para serem utilizados de acordo com a tem\u00e1tica do mesmo, e tamb\u00e9m s\u00e3o alugados nos finais de semanas, para grupos de amigos, empresas e times da regi\u00e3o.<\/p>\n<p><strong>Piscina ol\u00edmpica para divers\u00e3o<\/strong><br \/>\nO semin\u00e1rio possui uma \u00e1rea de lazer composta por 2 piscinas ol\u00edmpicas de 250m\u00b2 de 1,5 milh\u00f5es de litro de \u00e1gua com trampolim e plataforma para salto, tornando a sua estadia mais divertida e agrad\u00e1vel.[\/vc_column_text][vc_images_carousel images=&#8221;188642,188623&#8243; img_size=&#8221;full&#8221;][\/vc_tta_section][\/vc_tta_tabs][\/vc_column][\/vc_row]<\/p>\n","protected":false},"excerpt":{"rendered":"<p>[vc_row][vc_column][vc_single_image image=&#8221;188627&#8243; img_size=&#8221;full&#8221; alignment=&#8221;center&#8221; css_animation=&#8221;fadeInDown&#8221;][vc_empty_space][vc_column_text] Conhe\u00e7a a infraestrutura do Semin\u00e1rio Santo Ant\u00f4nio! [\/vc_column_text][vc_empty_space][vc_tta_tabs][vc_tta_section title=&#8221;Igreja&#8221; tab_id=&#8221;1681846989323-9edd9b87-faf0&#8243;][vc_column_text]Inaugurada em 11 de setembro de 1955 e foi dedicada \u00e0 Imaculada Concei\u00e7\u00e3o. Foi constru\u00edda com m\u00e1rmores da It\u00e1lia. Atualmente, todos os domingos, \u00e0s 10h, celebra-se a Santa Missa com a comunidade local. O \u00d3rg\u00e3o de Tubos foi constru\u00eddo pelo Sr. [&hellip;]<\/p>\n","protected":false},"author":2,"featured_media":0,"parent":0,"menu_order":0,"comment_status":"closed","ping_status":"closed","template":"","meta":[],"yoast_head":"<!-- This site is optimized with the Yoast SEO plugin v19.4 - https:\/\/yoast.com\/wordpress\/plugins\/seo\/ -->\n<title>Hospedaria e Casa de Encontros - Hospedaria - Franciscanos<\/title>\n<meta name=\"robots\" content=\"index, follow, max-snippet:-1, max-image-preview:large, max-video-preview:-1\" \/>\n<link rel=\"canonical\" href=\"https:\/\/franciscanos.org.br\/hospedaria\/agudos-hospedaria\/\" \/>\n<meta property=\"og:locale\" content=\"pt_BR\" \/>\n<meta property=\"og:type\" content=\"article\" \/>\n<meta property=\"og:title\" content=\"Hospedaria e Casa de Encontros - Hospedaria - Franciscanos\" \/>\n<meta property=\"og:description\" content=\"[vc_row][vc_column][vc_single_image image=&#8221;188627&#8243; img_size=&#8221;full&#8221; alignment=&#8221;center&#8221; css_animation=&#8221;fadeInDown&#8221;][vc_empty_space][vc_column_text] Conhe\u00e7a a infraestrutura do Semin\u00e1rio Santo Ant\u00f4nio! [\/vc_column_text][vc_empty_space][vc_tta_tabs][vc_tta_section title=&#8221;Igreja&#8221; tab_id=&#8221;1681846989323-9edd9b87-faf0&#8243;][vc_column_text]Inaugurada em 11 de setembro de 1955 e foi dedicada \u00e0 Imaculada Concei\u00e7\u00e3o. Foi constru\u00edda com m\u00e1rmores da It\u00e1lia. Atualmente, todos os domingos, \u00e0s 10h, celebra-se a Santa Missa com a comunidade local. O \u00d3rg\u00e3o de Tubos foi constru\u00eddo pelo Sr. [&hellip;]\" \/>\n<meta property=\"og:url\" content=\"https:\/\/franciscanos.org.br\/hospedaria\/agudos-hospedaria\/\" \/>\n<meta property=\"og:site_name\" content=\"Hospedaria - Franciscanos\" \/>\n<meta property=\"article:modified_time\" content=\"2023-04-24T19:52:06+00:00\" \/>\n<meta name=\"twitter:card\" content=\"summary_large_image\" \/>\n<meta name=\"twitter:label1\" content=\"Est. tempo de leitura\" \/>\n\t<meta name=\"twitter:data1\" content=\"5 minutos\" \/>\n<script type=\"application\/ld+json\" class=\"yoast-schema-graph\">{\"@context\":\"https:\/\/schema.org\",\"@graph\":[{\"@type\":\"WebSite\",\"@id\":\"https:\/\/franciscanos.org.br\/hospedaria\/#website\",\"url\":\"https:\/\/franciscanos.org.br\/hospedaria\/\",\"name\":\"Hospedaria - Franciscanos\",\"description\":\"Prov\u00edncia Franciscana da Imaculada Concei\u00e7\u00e3o do Brasil - Ordem dos Frades Menores\",\"potentialAction\":[{\"@type\":\"SearchAction\",\"target\":{\"@type\":\"EntryPoint\",\"urlTemplate\":\"https:\/\/franciscanos.org.br\/hospedaria\/?s={search_term_string}\"},\"query-input\":\"required name=search_term_string\"}],\"inLanguage\":\"pt-BR\"},{\"@type\":\"WebPage\",\"@id\":\"https:\/\/franciscanos.org.br\/hospedaria\/agudos-hospedaria\/\",\"url\":\"https:\/\/franciscanos.org.br\/hospedaria\/agudos-hospedaria\/\",\"name\":\"Hospedaria e Casa de Encontros - Hospedaria - Franciscanos\",\"isPartOf\":{\"@id\":\"https:\/\/franciscanos.org.br\/hospedaria\/#website\"},\"datePublished\":\"2020-09-08T18:30:13+00:00\",\"dateModified\":\"2023-04-24T19:52:06+00:00\",\"breadcrumb\":{\"@id\":\"https:\/\/franciscanos.org.br\/hospedaria\/agudos-hospedaria\/#breadcrumb\"},\"inLanguage\":\"pt-BR\",\"potentialAction\":[{\"@type\":\"ReadAction\",\"target\":[\"https:\/\/franciscanos.org.br\/hospedaria\/agudos-hospedaria\/\"]}]},{\"@type\":\"BreadcrumbList\",\"@id\":\"https:\/\/franciscanos.org.br\/hospedaria\/agudos-hospedaria\/#breadcrumb\",\"itemListElement\":[{\"@type\":\"ListItem\",\"position\":1,\"name\":\"Home\",\"item\":\"https:\/\/franciscanos.org.br\/hospedaria\/\"},{\"@type\":\"ListItem\",\"position\":2,\"name\":\"Hospedaria e Casa de Encontros\"}]}]}<\/script>\n<!-- \/ Yoast SEO plugin. -->","yoast_head_json":{"title":"Hospedaria e Casa de Encontros - Hospedaria - Franciscanos","robots":{"index":"index","follow":"follow","max-snippet":"max-snippet:-1","max-image-preview":"max-image-preview:large","max-video-preview":"max-video-preview:-1"},"canonical":"https:\/\/franciscanos.org.br\/hospedaria\/agudos-hospedaria\/","og_locale":"pt_BR","og_type":"article","og_title":"Hospedaria e Casa de Encontros - Hospedaria - Franciscanos","og_description":"[vc_row][vc_column][vc_single_image image=&#8221;188627&#8243; img_size=&#8221;full&#8221; alignment=&#8221;center&#8221; css_animation=&#8221;fadeInDown&#8221;][vc_empty_space][vc_column_text] Conhe\u00e7a a infraestrutura do Semin\u00e1rio Santo Ant\u00f4nio! [\/vc_column_text][vc_empty_space][vc_tta_tabs][vc_tta_section title=&#8221;Igreja&#8221; tab_id=&#8221;1681846989323-9edd9b87-faf0&#8243;][vc_column_text]Inaugurada em 11 de setembro de 1955 e foi dedicada \u00e0 Imaculada Concei\u00e7\u00e3o. Foi constru\u00edda com m\u00e1rmores da It\u00e1lia. Atualmente, todos os domingos, \u00e0s 10h, celebra-se a Santa Missa com a comunidade local. O \u00d3rg\u00e3o de Tubos foi constru\u00eddo pelo Sr. [&hellip;]","og_url":"https:\/\/franciscanos.org.br\/hospedaria\/agudos-hospedaria\/","og_site_name":"Hospedaria - Franciscanos","article_modified_time":"2023-04-24T19:52:06+00:00","twitter_card":"summary_large_image","twitter_misc":{"Est. tempo de leitura":"5 minutos"},"schema":{"@context":"https:\/\/schema.org","@graph":[{"@type":"WebSite","@id":"https:\/\/franciscanos.org.br\/hospedaria\/#website","url":"https:\/\/franciscanos.org.br\/hospedaria\/","name":"Hospedaria - Franciscanos","description":"Prov\u00edncia Franciscana da Imaculada Concei\u00e7\u00e3o do Brasil - Ordem dos Frades Menores","potentialAction":[{"@type":"SearchAction","target":{"@type":"EntryPoint","urlTemplate":"https:\/\/franciscanos.org.br\/hospedaria\/?s={search_term_string}"},"query-input":"required name=search_term_string"}],"inLanguage":"pt-BR"},{"@type":"WebPage","@id":"https:\/\/franciscanos.org.br\/hospedaria\/agudos-hospedaria\/","url":"https:\/\/franciscanos.org.br\/hospedaria\/agudos-hospedaria\/","name":"Hospedaria e Casa de Encontros - Hospedaria - Franciscanos","isPartOf":{"@id":"https:\/\/franciscanos.org.br\/hospedaria\/#website"},"datePublished":"2020-09-08T18:30:13+00:00","dateModified":"2023-04-24T19:52:06+00:00","breadcrumb":{"@id":"https:\/\/franciscanos.org.br\/hospedaria\/agudos-hospedaria\/#breadcrumb"},"inLanguage":"pt-BR","potentialAction":[{"@type":"ReadAction","target":["https:\/\/franciscanos.org.br\/hospedaria\/agudos-hospedaria\/"]}]},{"@type":"BreadcrumbList","@id":"https:\/\/franciscanos.org.br\/hospedaria\/agudos-hospedaria\/#breadcrumb","itemListElement":[{"@type":"ListItem","position":1,"name":"Home","item":"https:\/\/franciscanos.org.br\/hospedaria\/"},{"@type":"ListItem","position":2,"name":"Hospedaria e Casa de Encontros"}]}]}},"_links":{"self":[{"href":"https:\/\/franciscanos.org.br\/hospedaria\/wp-json\/wp\/v2\/pages\/187216"}],"collection":[{"href":"https:\/\/franciscanos.org.br\/hospedaria\/wp-json\/wp\/v2\/pages"}],"about":[{"href":"https:\/\/franciscanos.org.br\/hospedaria\/wp-json\/wp\/v2\/types\/page"}],"author":[{"embeddable":true,"href":"https:\/\/franciscanos.org.br\/hospedaria\/wp-json\/wp\/v2\/users\/2"}],"replies":[{"embeddable":true,"href":"https:\/\/franciscanos.org.br\/hospedaria\/wp-json\/wp\/v2\/comments?post=187216"}],"version-history":[{"count":20,"href":"https:\/\/franciscanos.org.br\/hospedaria\/wp-json\/wp\/v2\/pages\/187216\/revisions"}],"predecessor-version":[{"id":187419,"href":"https:\/\/franciscanos.org.br\/hospedaria\/wp-json\/wp\/v2\/pages\/187216\/revisions\/187419"}],"wp:attachment":[{"href":"https:\/\/franciscanos.org.br\/hospedaria\/wp-json\/wp\/v2\/media?parent=187216"}],"curies":[{"name":"wp","href":"https:\/\/api.w.org\/{rel}","templated":true}]}}