{"id":187212,"date":"2020-09-08T15:29:51","date_gmt":"2020-09-08T18:29:51","guid":{"rendered":"https:\/\/franciscanos.org.br\/hospedaria\/?page_id=187212"},"modified":"2023-04-18T16:51:10","modified_gmt":"2023-04-18T19:51:10","slug":"agudos-conjarq","status":"publish","type":"page","link":"https:\/\/franciscanos.org.br\/hospedaria\/agudos-conjarq\/","title":{"rendered":"Conjunto Arquitet\u00f4nico"},"content":{"rendered":"<p>[vc_row][vc_column][vc_single_image image=&#8221;188616&#8243; img_size=&#8221;full&#8221; alignment=&#8221;center&#8221; css_animation=&#8221;flipInX&#8221;][vc_column_text]O Semin\u00e1rio Santo Ant\u00f4nio oferece uma infraestrutura completa para Retiros, Encontros, Simp\u00f3sio, entre outros eventos. Possui xm\u00b2, divididos entre tr\u00eas alas, igreja, salas de encontro, su\u00edtes e quartos coletivos para acomoda\u00e7\u00f5es, audit\u00f3rio e um boque. \u00c9 o maior semin\u00e1rio da Am\u00e9rica Latina.[\/vc_column_text][vc_empty_space][vc_images_carousel images=&#8221;188621,188623,188624,188625,188607&#8243; img_size=&#8221;full&#8221;][\/vc_column][\/vc_row]<\/p>\n","protected":false},"excerpt":{"rendered":"<p>[vc_row][vc_column][vc_single_image image=&#8221;188616&#8243; img_size=&#8221;full&#8221; alignment=&#8221;center&#8221; css_animation=&#8221;flipInX&#8221;][vc_column_text]O Semin\u00e1rio Santo Ant\u00f4nio oferece uma infraestrutura completa para Retiros, Encontros, Simp\u00f3sio, entre outros eventos. Possui xm\u00b2, divididos entre tr\u00eas alas, igreja, salas de encontro, su\u00edtes e quartos coletivos para acomoda\u00e7\u00f5es, audit\u00f3rio e um boque. \u00c9 o maior semin\u00e1rio da Am\u00e9rica Latina.[\/vc_column_text][vc_empty_space][vc_images_carousel images=&#8221;188621,188623,188624,188625,188607&#8243; img_size=&#8221;full&#8221;][\/vc_column][\/vc_row]<\/p>\n","protected":false},"author":2,"featured_media":0,"parent":0,"menu_order":0,"comment_status":"closed","ping_status":"closed","template":"","meta":[],"yoast_head":"<!-- This site is optimized with the Yoast SEO plugin v19.4 - https:\/\/yoast.com\/wordpress\/plugins\/seo\/ -->\n<title>Conjunto Arquitet\u00f4nico - Hospedaria - Franciscanos<\/title>\n<meta name=\"robots\" content=\"index, follow, max-snippet:-1, max-image-preview:large, max-video-preview:-1\" \/>\n<link rel=\"canonical\" href=\"https:\/\/franciscanos.org.br\/hospedaria\/agudos-conjarq\/\" \/>\n<meta property=\"og:locale\" content=\"pt_BR\" \/>\n<meta property=\"og:type\" content=\"article\" \/>\n<meta property=\"og:title\" content=\"Conjunto Arquitet\u00f4nico - Hospedaria - Franciscanos\" \/>\n<meta property=\"og:description\" content=\"[vc_row][vc_column][vc_single_image image=&#8221;188616&#8243; img_size=&#8221;full&#8221; alignment=&#8221;center&#8221; css_animation=&#8221;flipInX&#8221;][vc_column_text]O Semin\u00e1rio Santo Ant\u00f4nio oferece uma infraestrutura completa para Retiros, Encontros, Simp\u00f3sio, entre outros eventos. Possui xm\u00b2, divididos entre tr\u00eas alas, igreja, salas de encontro, su\u00edtes e quartos coletivos para acomoda\u00e7\u00f5es, audit\u00f3rio e um boque. \u00c9 o maior semin\u00e1rio da Am\u00e9rica Latina.[\/vc_column_text][vc_empty_space][vc_images_carousel images=&#8221;188621,188623,188624,188625,188607&#8243; img_size=&#8221;full&#8221;][\/vc_column][\/vc_row]\" \/>\n<meta property=\"og:url\" content=\"https:\/\/franciscanos.org.br\/hospedaria\/agudos-conjarq\/\" \/>\n<meta property=\"og:site_name\" content=\"Hospedaria - Franciscanos\" \/>\n<meta property=\"article:modified_time\" content=\"2023-04-18T19:51:10+00:00\" \/>\n<meta name=\"twitter:card\" content=\"summary_large_image\" \/>\n<meta name=\"twitter:label1\" content=\"Est. tempo de leitura\" \/>\n\t<meta name=\"twitter:data1\" content=\"1 minuto\" \/>\n<script type=\"application\/ld+json\" class=\"yoast-schema-graph\">{\"@context\":\"https:\/\/schema.org\",\"@graph\":[{\"@type\":\"WebSite\",\"@id\":\"https:\/\/franciscanos.org.br\/hospedaria\/#website\",\"url\":\"https:\/\/franciscanos.org.br\/hospedaria\/\",\"name\":\"Hospedaria - Franciscanos\",\"description\":\"Prov\u00edncia Franciscana da Imaculada Concei\u00e7\u00e3o do Brasil - Ordem dos Frades Menores\",\"potentialAction\":[{\"@type\":\"SearchAction\",\"target\":{\"@type\":\"EntryPoint\",\"urlTemplate\":\"https:\/\/franciscanos.org.br\/hospedaria\/?s={search_term_string}\"},\"query-input\":\"required name=search_term_string\"}],\"inLanguage\":\"pt-BR\"},{\"@type\":\"WebPage\",\"@id\":\"https:\/\/franciscanos.org.br\/hospedaria\/agudos-conjarq\/\",\"url\":\"https:\/\/franciscanos.org.br\/hospedaria\/agudos-conjarq\/\",\"name\":\"Conjunto Arquitet\u00f4nico - Hospedaria - Franciscanos\",\"isPartOf\":{\"@id\":\"https:\/\/franciscanos.org.br\/hospedaria\/#website\"},\"datePublished\":\"2020-09-08T18:29:51+00:00\",\"dateModified\":\"2023-04-18T19:51:10+00:00\",\"breadcrumb\":{\"@id\":\"https:\/\/franciscanos.org.br\/hospedaria\/agudos-conjarq\/#breadcrumb\"},\"inLanguage\":\"pt-BR\",\"potentialAction\":[{\"@type\":\"ReadAction\",\"target\":[\"https:\/\/franciscanos.org.br\/hospedaria\/agudos-conjarq\/\"]}]},{\"@type\":\"BreadcrumbList\",\"@id\":\"https:\/\/franciscanos.org.br\/hospedaria\/agudos-conjarq\/#breadcrumb\",\"itemListElement\":[{\"@type\":\"ListItem\",\"position\":1,\"name\":\"Home\",\"item\":\"https:\/\/franciscanos.org.br\/hospedaria\/\"},{\"@type\":\"ListItem\",\"position\":2,\"name\":\"Conjunto Arquitet\u00f4nico\"}]}]}<\/script>\n<!-- \/ Yoast SEO plugin. -->","yoast_head_json":{"title":"Conjunto Arquitet\u00f4nico - Hospedaria - Franciscanos","robots":{"index":"index","follow":"follow","max-snippet":"max-snippet:-1","max-image-preview":"max-image-preview:large","max-video-preview":"max-video-preview:-1"},"canonical":"https:\/\/franciscanos.org.br\/hospedaria\/agudos-conjarq\/","og_locale":"pt_BR","og_type":"article","og_title":"Conjunto Arquitet\u00f4nico - Hospedaria - Franciscanos","og_description":"[vc_row][vc_column][vc_single_image image=&#8221;188616&#8243; img_size=&#8221;full&#8221; alignment=&#8221;center&#8221; css_animation=&#8221;flipInX&#8221;][vc_column_text]O Semin\u00e1rio Santo Ant\u00f4nio oferece uma infraestrutura completa para Retiros, Encontros, Simp\u00f3sio, entre outros eventos. Possui xm\u00b2, divididos entre tr\u00eas alas, igreja, salas de encontro, su\u00edtes e quartos coletivos para acomoda\u00e7\u00f5es, audit\u00f3rio e um boque. \u00c9 o maior semin\u00e1rio da Am\u00e9rica Latina.[\/vc_column_text][vc_empty_space][vc_images_carousel images=&#8221;188621,188623,188624,188625,188607&#8243; img_size=&#8221;full&#8221;][\/vc_column][\/vc_row]","og_url":"https:\/\/franciscanos.org.br\/hospedaria\/agudos-conjarq\/","og_site_name":"Hospedaria - Franciscanos","article_modified_time":"2023-04-18T19:51:10+00:00","twitter_card":"summary_large_image","twitter_misc":{"Est. tempo de leitura":"1 minuto"},"schema":{"@context":"https:\/\/schema.org","@graph":[{"@type":"WebSite","@id":"https:\/\/franciscanos.org.br\/hospedaria\/#website","url":"https:\/\/franciscanos.org.br\/hospedaria\/","name":"Hospedaria - Franciscanos","description":"Prov\u00edncia Franciscana da Imaculada Concei\u00e7\u00e3o do Brasil - Ordem dos Frades Menores","potentialAction":[{"@type":"SearchAction","target":{"@type":"EntryPoint","urlTemplate":"https:\/\/franciscanos.org.br\/hospedaria\/?s={search_term_string}"},"query-input":"required name=search_term_string"}],"inLanguage":"pt-BR"},{"@type":"WebPage","@id":"https:\/\/franciscanos.org.br\/hospedaria\/agudos-conjarq\/","url":"https:\/\/franciscanos.org.br\/hospedaria\/agudos-conjarq\/","name":"Conjunto Arquitet\u00f4nico - Hospedaria - Franciscanos","isPartOf":{"@id":"https:\/\/franciscanos.org.br\/hospedaria\/#website"},"datePublished":"2020-09-08T18:29:51+00:00","dateModified":"2023-04-18T19:51:10+00:00","breadcrumb":{"@id":"https:\/\/franciscanos.org.br\/hospedaria\/agudos-conjarq\/#breadcrumb"},"inLanguage":"pt-BR","potentialAction":[{"@type":"ReadAction","target":["https:\/\/franciscanos.org.br\/hospedaria\/agudos-conjarq\/"]}]},{"@type":"BreadcrumbList","@id":"https:\/\/franciscanos.org.br\/hospedaria\/agudos-conjarq\/#breadcrumb","itemListElement":[{"@type":"ListItem","position":1,"name":"Home","item":"https:\/\/franciscanos.org.br\/hospedaria\/"},{"@type":"ListItem","position":2,"name":"Conjunto Arquitet\u00f4nico"}]}]}},"_links":{"self":[{"href":"https:\/\/franciscanos.org.br\/hospedaria\/wp-json\/wp\/v2\/pages\/187212"}],"collection":[{"href":"https:\/\/franciscanos.org.br\/hospedaria\/wp-json\/wp\/v2\/pages"}],"about":[{"href":"https:\/\/franciscanos.org.br\/hospedaria\/wp-json\/wp\/v2\/types\/page"}],"author":[{"embeddable":true,"href":"https:\/\/franciscanos.org.br\/hospedaria\/wp-json\/wp\/v2\/users\/2"}],"replies":[{"embeddable":true,"href":"https:\/\/franciscanos.org.br\/hospedaria\/wp-json\/wp\/v2\/comments?post=187212"}],"version-history":[{"count":13,"href":"https:\/\/franciscanos.org.br\/hospedaria\/wp-json\/wp\/v2\/pages\/187212\/revisions"}],"predecessor-version":[{"id":188626,"href":"https:\/\/franciscanos.org.br\/hospedaria\/wp-json\/wp\/v2\/pages\/187212\/revisions\/188626"}],"wp:attachment":[{"href":"https:\/\/franciscanos.org.br\/hospedaria\/wp-json\/wp\/v2\/media?parent=187212"}],"curies":[{"name":"wp","href":"https:\/\/api.w.org\/{rel}","templated":true}]}}