{"id":187208,"date":"2020-09-08T15:29:28","date_gmt":"2020-09-08T18:29:28","guid":{"rendered":"https:\/\/franciscanos.org.br\/hospedaria\/?page_id=187208"},"modified":"2023-04-14T10:05:56","modified_gmt":"2023-04-14T13:05:56","slug":"sf-hospedaria","status":"publish","type":"page","link":"https:\/\/franciscanos.org.br\/hospedaria\/sf-hospedaria\/","title":{"rendered":"Pousada S\u00e3o Francisco"},"content":{"rendered":"<p>[vc_row][vc_column][vc_column_text css_animation=&#8221;fadeIn&#8221;]<\/p>\n<h3 style=\"text-align: center;\">Hospede-se no Convento S\u00e3o Francisco. Localizado no centro de S\u00e3o Paulo, a duas quadras da Pra\u00e7a da S\u00e9, pertinho do Metr\u00f4.<br \/>\nSinta-se bem num ambiente m\u00edstico que remonta aos anos de 1647.<\/h3>\n<p>A\u00a0<strong>Pousada S\u00e3o Francisco<\/strong>\u00a0oferece hospedagens a voc\u00ea que est\u00e1 de passagem em S\u00e3o Paulo ou para seu grupo, que precisa de um local para realizar retiro ou reuni\u00f5es. Para hospedagens em grupos disponibilizamos refei\u00e7\u00f5es, com um card\u00e1pio delicioso preparado com muito carinho e dedica\u00e7\u00e3o. Os quartos s\u00e3o individuais, duplos ou triplos. Para maior conforto e comodidade, contamos com alguns quartos equipados com televis\u00e3o e frigobar.[\/vc_column_text][vc_images_carousel images=&#8221;188493,188494,188496,188497,188498,188499,188500,188501,188502&#8243; img_size=&#8221;full&#8221; autoplay=&#8221;yes&#8221;][vc_empty_space][vc_zigzag][\/vc_column][\/vc_row][vc_row][vc_column][vc_empty_space][vc_column_text]<\/p>\n<h1>Su\u00edtes<\/h1>\n<p>[\/vc_column_text][vc_tta_tabs style=&#8221;modern&#8221; active_section=&#8221;1&#8243;][vc_tta_section tab_id=&#8221;1681416043688-e6666030-bf0d&#8221; title=&#8221;Su\u00edte I&#8221;][vc_column_text css_animation=&#8221;none&#8221;]<\/p>\n<h4>Esta su\u00edte \u00e9 equipada com uma cama de casal, guarda-roupa, poltrona, escrivaninha, televis\u00e3o e frigobar.<\/h4>\n<p>[\/vc_column_text][vc_images_carousel images=&#8221;188511,188512,188513&#8243; img_size=&#8221;full&#8221; onclick=&#8221;link_no&#8221; autoplay=&#8221;yes&#8221; wrap=&#8221;yes&#8221; css_animation=&#8221;none&#8221;][\/vc_tta_section][vc_tta_section title=&#8221;Su\u00edte II&#8221; tab_id=&#8221;1681416043706-d2122e95-0cd0&#8243;][vc_column_text]<\/p>\n<h4>Esta su\u00edte \u00e9 equipada com duas camas de solteiro, televis\u00e3o, frigobar e escrivaninha.<\/h4>\n<p>[\/vc_column_text][vc_images_carousel images=&#8221;188526,188527,188528,188529&#8243; img_size=&#8221;full&#8221; css_animation=&#8221;none&#8221;][\/vc_tta_section][vc_tta_section title=&#8221;Su\u00edte III&#8221; tab_id=&#8221;1681476128994-8c93dd4c-c125&#8243;][vc_column_text]<\/p>\n<h4>Esta su\u00edte \u00e9 equipada com cama de solteiro, escrivaninha, televis\u00e3o e frigobar.<\/h4>\n<p>[\/vc_column_text][vc_images_carousel images=&#8221;188533,188534,188535&#8243; img_size=&#8221;full&#8221;][\/vc_tta_section][vc_tta_section title=&#8221;Su\u00edte IV&#8221; tab_id=&#8221;1681476298682-0ad0bb0b-601b&#8221;][vc_column_text]<\/p>\n<h4>Esta su\u00edte \u00e9 equipada com cama de casal, escrivaninha, guarda-roupa e televis\u00e3o.<\/h4>\n<p>[\/vc_column_text][vc_images_carousel images=&#8221;188537,188538,188539,188540&#8243; img_size=&#8221;full&#8221;][\/vc_tta_section][\/vc_tta_tabs][vc_empty_space][vc_zigzag][\/vc_column][\/vc_row][vc_row][vc_column][vc_column_text]<em>Para mais informa\u00e7\u00f5es e or\u00e7amentos para realiza\u00e7\u00e3o de eventos em grupos, contate-nos atrav\u00e9s dos canais:<\/em><\/p>\n<h4>Convento S\u00e3o Francisco de Assis<\/h4>\n<p>Largo S\u00e3o Francisco, 133<br \/>\nCentro Hist\u00f3rico de S\u00e3o Paulo<br \/>\nS\u00e3o Paulo \u2013 SP<br \/>\n01005-010<\/p>\n<p><strong>Telefone:<\/strong>\u00a0(11) 3291-2436<\/p>\n<p><strong>WhatsApp:<\/strong>\u00a0(11) 3291-2436 ou clique aqui<\/p>\n<p><strong>E-mail:<\/strong>\u00a0sfcentro@franciscanos.org.br[\/vc_column_text][\/vc_column][\/vc_row]<\/p>\n","protected":false},"excerpt":{"rendered":"<p>[vc_row][vc_column][vc_column_text css_animation=&#8221;fadeIn&#8221;] Hospede-se no Convento S\u00e3o Francisco. Localizado no centro de S\u00e3o Paulo, a duas quadras da Pra\u00e7a da S\u00e9, pertinho do Metr\u00f4. Sinta-se bem num ambiente m\u00edstico que remonta aos anos de 1647. A\u00a0Pousada S\u00e3o Francisco\u00a0oferece hospedagens a voc\u00ea que est\u00e1 de passagem em S\u00e3o Paulo ou para seu grupo, que precisa de um [&hellip;]<\/p>\n","protected":false},"author":2,"featured_media":0,"parent":0,"menu_order":0,"comment_status":"closed","ping_status":"closed","template":"","meta":[],"yoast_head":"<!-- This site is optimized with the Yoast SEO plugin v19.4 - https:\/\/yoast.com\/wordpress\/plugins\/seo\/ -->\n<title>Pousada S\u00e3o Francisco - Hospedaria - Franciscanos<\/title>\n<meta name=\"robots\" content=\"index, follow, max-snippet:-1, max-image-preview:large, max-video-preview:-1\" \/>\n<link rel=\"canonical\" href=\"https:\/\/franciscanos.org.br\/hospedaria\/sf-hospedaria\/\" \/>\n<meta property=\"og:locale\" content=\"pt_BR\" \/>\n<meta property=\"og:type\" content=\"article\" \/>\n<meta property=\"og:title\" content=\"Pousada S\u00e3o Francisco - Hospedaria - Franciscanos\" \/>\n<meta property=\"og:description\" content=\"[vc_row][vc_column][vc_column_text css_animation=&#8221;fadeIn&#8221;] Hospede-se no Convento S\u00e3o Francisco. Localizado no centro de S\u00e3o Paulo, a duas quadras da Pra\u00e7a da S\u00e9, pertinho do Metr\u00f4. Sinta-se bem num ambiente m\u00edstico que remonta aos anos de 1647. A\u00a0Pousada S\u00e3o Francisco\u00a0oferece hospedagens a voc\u00ea que est\u00e1 de passagem em S\u00e3o Paulo ou para seu grupo, que precisa de um [&hellip;]\" \/>\n<meta property=\"og:url\" content=\"https:\/\/franciscanos.org.br\/hospedaria\/sf-hospedaria\/\" \/>\n<meta property=\"og:site_name\" content=\"Hospedaria - Franciscanos\" \/>\n<meta property=\"article:modified_time\" content=\"2023-04-14T13:05:56+00:00\" \/>\n<meta name=\"twitter:card\" content=\"summary_large_image\" \/>\n<meta name=\"twitter:label1\" content=\"Est. tempo de leitura\" \/>\n\t<meta name=\"twitter:data1\" content=\"2 minutos\" \/>\n<script type=\"application\/ld+json\" class=\"yoast-schema-graph\">{\"@context\":\"https:\/\/schema.org\",\"@graph\":[{\"@type\":\"WebSite\",\"@id\":\"https:\/\/franciscanos.org.br\/hospedaria\/#website\",\"url\":\"https:\/\/franciscanos.org.br\/hospedaria\/\",\"name\":\"Hospedaria - Franciscanos\",\"description\":\"Prov\u00edncia Franciscana da Imaculada Concei\u00e7\u00e3o do Brasil - Ordem dos Frades Menores\",\"potentialAction\":[{\"@type\":\"SearchAction\",\"target\":{\"@type\":\"EntryPoint\",\"urlTemplate\":\"https:\/\/franciscanos.org.br\/hospedaria\/?s={search_term_string}\"},\"query-input\":\"required name=search_term_string\"}],\"inLanguage\":\"pt-BR\"},{\"@type\":\"WebPage\",\"@id\":\"https:\/\/franciscanos.org.br\/hospedaria\/sf-hospedaria\/\",\"url\":\"https:\/\/franciscanos.org.br\/hospedaria\/sf-hospedaria\/\",\"name\":\"Pousada S\u00e3o Francisco - Hospedaria - Franciscanos\",\"isPartOf\":{\"@id\":\"https:\/\/franciscanos.org.br\/hospedaria\/#website\"},\"datePublished\":\"2020-09-08T18:29:28+00:00\",\"dateModified\":\"2023-04-14T13:05:56+00:00\",\"breadcrumb\":{\"@id\":\"https:\/\/franciscanos.org.br\/hospedaria\/sf-hospedaria\/#breadcrumb\"},\"inLanguage\":\"pt-BR\",\"potentialAction\":[{\"@type\":\"ReadAction\",\"target\":[\"https:\/\/franciscanos.org.br\/hospedaria\/sf-hospedaria\/\"]}]},{\"@type\":\"BreadcrumbList\",\"@id\":\"https:\/\/franciscanos.org.br\/hospedaria\/sf-hospedaria\/#breadcrumb\",\"itemListElement\":[{\"@type\":\"ListItem\",\"position\":1,\"name\":\"Home\",\"item\":\"https:\/\/franciscanos.org.br\/hospedaria\/\"},{\"@type\":\"ListItem\",\"position\":2,\"name\":\"Pousada S\u00e3o Francisco\"}]}]}<\/script>\n<!-- \/ Yoast SEO plugin. -->","yoast_head_json":{"title":"Pousada S\u00e3o Francisco - Hospedaria - Franciscanos","robots":{"index":"index","follow":"follow","max-snippet":"max-snippet:-1","max-image-preview":"max-image-preview:large","max-video-preview":"max-video-preview:-1"},"canonical":"https:\/\/franciscanos.org.br\/hospedaria\/sf-hospedaria\/","og_locale":"pt_BR","og_type":"article","og_title":"Pousada S\u00e3o Francisco - Hospedaria - Franciscanos","og_description":"[vc_row][vc_column][vc_column_text css_animation=&#8221;fadeIn&#8221;] Hospede-se no Convento S\u00e3o Francisco. Localizado no centro de S\u00e3o Paulo, a duas quadras da Pra\u00e7a da S\u00e9, pertinho do Metr\u00f4. Sinta-se bem num ambiente m\u00edstico que remonta aos anos de 1647. A\u00a0Pousada S\u00e3o Francisco\u00a0oferece hospedagens a voc\u00ea que est\u00e1 de passagem em S\u00e3o Paulo ou para seu grupo, que precisa de um [&hellip;]","og_url":"https:\/\/franciscanos.org.br\/hospedaria\/sf-hospedaria\/","og_site_name":"Hospedaria - Franciscanos","article_modified_time":"2023-04-14T13:05:56+00:00","twitter_card":"summary_large_image","twitter_misc":{"Est. tempo de leitura":"2 minutos"},"schema":{"@context":"https:\/\/schema.org","@graph":[{"@type":"WebSite","@id":"https:\/\/franciscanos.org.br\/hospedaria\/#website","url":"https:\/\/franciscanos.org.br\/hospedaria\/","name":"Hospedaria - Franciscanos","description":"Prov\u00edncia Franciscana da Imaculada Concei\u00e7\u00e3o do Brasil - Ordem dos Frades Menores","potentialAction":[{"@type":"SearchAction","target":{"@type":"EntryPoint","urlTemplate":"https:\/\/franciscanos.org.br\/hospedaria\/?s={search_term_string}"},"query-input":"required name=search_term_string"}],"inLanguage":"pt-BR"},{"@type":"WebPage","@id":"https:\/\/franciscanos.org.br\/hospedaria\/sf-hospedaria\/","url":"https:\/\/franciscanos.org.br\/hospedaria\/sf-hospedaria\/","name":"Pousada S\u00e3o Francisco - Hospedaria - Franciscanos","isPartOf":{"@id":"https:\/\/franciscanos.org.br\/hospedaria\/#website"},"datePublished":"2020-09-08T18:29:28+00:00","dateModified":"2023-04-14T13:05:56+00:00","breadcrumb":{"@id":"https:\/\/franciscanos.org.br\/hospedaria\/sf-hospedaria\/#breadcrumb"},"inLanguage":"pt-BR","potentialAction":[{"@type":"ReadAction","target":["https:\/\/franciscanos.org.br\/hospedaria\/sf-hospedaria\/"]}]},{"@type":"BreadcrumbList","@id":"https:\/\/franciscanos.org.br\/hospedaria\/sf-hospedaria\/#breadcrumb","itemListElement":[{"@type":"ListItem","position":1,"name":"Home","item":"https:\/\/franciscanos.org.br\/hospedaria\/"},{"@type":"ListItem","position":2,"name":"Pousada S\u00e3o Francisco"}]}]}},"_links":{"self":[{"href":"https:\/\/franciscanos.org.br\/hospedaria\/wp-json\/wp\/v2\/pages\/187208"}],"collection":[{"href":"https:\/\/franciscanos.org.br\/hospedaria\/wp-json\/wp\/v2\/pages"}],"about":[{"href":"https:\/\/franciscanos.org.br\/hospedaria\/wp-json\/wp\/v2\/types\/page"}],"author":[{"embeddable":true,"href":"https:\/\/franciscanos.org.br\/hospedaria\/wp-json\/wp\/v2\/users\/2"}],"replies":[{"embeddable":true,"href":"https:\/\/franciscanos.org.br\/hospedaria\/wp-json\/wp\/v2\/comments?post=187208"}],"version-history":[{"count":46,"href":"https:\/\/franciscanos.org.br\/hospedaria\/wp-json\/wp\/v2\/pages\/187208\/revisions"}],"predecessor-version":[{"id":188547,"href":"https:\/\/franciscanos.org.br\/hospedaria\/wp-json\/wp\/v2\/pages\/187208\/revisions\/188547"}],"wp:attachment":[{"href":"https:\/\/franciscanos.org.br\/hospedaria\/wp-json\/wp\/v2\/media?parent=187208"}],"curies":[{"name":"wp","href":"https:\/\/api.w.org\/{rel}","templated":true}]}}