{"id":187204,"date":"2020-09-08T15:29:00","date_gmt":"2020-09-08T18:29:00","guid":{"rendered":"https:\/\/franciscanos.org.br\/hospedaria\/?page_id=187204"},"modified":"2023-04-14T11:32:42","modified_gmt":"2023-04-14T14:32:42","slug":"sf-conjarq","status":"publish","type":"page","link":"https:\/\/franciscanos.org.br\/hospedaria\/sf-conjarq\/","title":{"rendered":"Conjunto Arquitet\u00f4nico"},"content":{"rendered":"<p>[vc_row][vc_column][vc_single_image image=&#8221;188457&#8243; img_size=&#8221;full&#8221; alignment=&#8221;center&#8221; css_animation=&#8221;fadeInDown&#8221;][\/vc_column][\/vc_row][vc_section][vc_row][vc_column][vc_empty_space][vc_column_text]<\/p>\n<h1>Convento S\u00e3o Francisco<\/h1>\n<p>[\/vc_column_text][vc_column_text]A Igreja e o Convento antigo \u2013 onde hoje est\u00e1 a faculdade de Direito \u2013 formavam uma \u00fanica edifica\u00e7\u00e3o. Destacava-se o imponente claustro, com seus cinco arcos sobre pilastras.<\/p>\n<p>As funda\u00e7\u00f5es chegavam a 3 metros de profundidade e sua constru\u00e7\u00e3o era em taipas, atingindo at\u00e9 2 metros de espessura em certos pontos.<\/p>\n<p>A estrutura atual do Convento S\u00e3o Francisco, na parte dos fundos da secular igreja, foi constru\u00edda em 1941 pelo guardi\u00e3o Frei Damaso Venker.<\/p>\n<p>At\u00e9 2004 foi a sede da Prov\u00edncia Franciscana da Imaculada Concei\u00e7\u00e3o do Brasil, fundada em 15 de julho de 1675 e presente nos estados de Esp\u00edrito Santo, Rio de Janeiro, S\u00e3o Paulo, Paran\u00e1 e Santa Catarina e Sul de Minas.<\/p>\n<p>No dia 6 de junho de 1997, o Cardeal Dom Paulo Evaristo Arns, declarou que o Convento de S\u00e3o Francisco passaria a ser tamb\u00e9m Santu\u00e1rio S\u00e3o Francisco, j\u00e1 que recebia fi\u00e9is de toda a Grande S\u00e3o Paulo.<\/p>\n<p>Por ser um Santu\u00e1rio, oferece atendimento espiritual ininterruptamente durante todo o dia.[\/vc_column_text][\/vc_column][\/vc_row][vc_row][vc_column][vc_single_image image=&#8221;188487&#8243; img_size=&#8221;full&#8221; css_animation=&#8221;flipInX&#8221;][vc_empty_space][vc_row_inner][vc_column_inner][vc_column_text]<\/p>\n<h3>A REFORMA MAIS RECENTE<\/h3>\n<p>A \u00faltima e uma das maiores aconteceu recentemente, em 2017, para garantir uma vida mais longa a esta casa que \u00e9 refer\u00eancia e s\u00edmbolo da Prov\u00edncia Franciscana da Imaculada Concei\u00e7\u00e3o do Brasil.<\/p>\n<p>\u201cH\u00e1 mais de 20 anos se falava e se pensava em fazer uma grande reforma do Convento S\u00e3o Francisco. E isso ficou mais forte depois que o Provincialado saiu daqui. Havia um grande n\u00famero de quartos da casa em condi\u00e7\u00f5es muito prec\u00e1rias para acolhimento e para encontros, principalmente no caso dos banheiros, que s\u00e3o poucos por andar e limitados para uso\u201d, explicou Frei M\u00e1rio Luiz Tagliari, que recebeu a transfer\u00eancia para a guardiania da casa no in\u00edcio de 2016 sabendo que teria pela frente esta miss\u00e3o.<\/p>\n<p>Com a reforma, o Convento tamb\u00e9m se tornou uma casa de encontros e retiros para grupos menores de 40 pessoas, j\u00e1 que disponibiliza 30 su\u00edtes nos 3\u00ba e 4\u00ba andares, para hospedagem individual ou em grupos. A Fraternidade local ocupa o sexto e quinto andares com 19 su\u00edtes.<\/p>\n<p>&nbsp;<\/p>\n<h3>COMO FICOU<\/h3>\n<p>Come\u00e7ando de cima para baixo, no 7\u00ba andar do edif\u00edcio, onde funcionava o Arquivo Morto da Prov\u00edncia, fica a Casa de M\u00e1quinas. Esse espa\u00e7o abriga dois grandes geradores (VRF) que levam o ar condicionado (frio e quente) para toda a casa e os boilers do sistema de aquecimento de \u00e1gua atrav\u00e9s de energia solar. Para isso, todo o telhado foi trocado por pain\u00e9is solares. \u201cEssa casa, por ser muito alta e em um pr\u00e9dio antigo, o ver\u00e3o \u00e9 extremamente quente, diria uma sauna, e o inverno \u00e9 extremamente frio. Por isso, em cada quarto h\u00e1 possibilidade de ar quente e ar condicionado. Outro desafio era como colocar chuveiro el\u00e9trico em 53 apartamentos? Ent\u00e3o foi feita a op\u00e7\u00e3o pela energia solar\u201d, explicou Frei M\u00e1rio.<\/p>\n<p>Descendo, o 6\u00ba andar \u00e9 o ponto de encontro dos frades. O espa\u00e7o que j\u00e1 sediou os escrit\u00f3rios da Sede Provincial, os escrit\u00f3rios do Sefras, etc, hoje recebe a nova Capela, a biblioteca, a sala de TV, a cozinha (localizada bem no espa\u00e7o que era a antiga Sala Capitular) e um grande sal\u00e3o com espa\u00e7o conjunto para sala de recreio e refeit\u00f3rio. J\u00e1 no quinto andar est\u00e3o as 19 su\u00edtes para a Fraternidade local. Cada quarto, ent\u00e3o, ganhou m\u00f3veis novos, banheiro, ar condicionado, cabeamento para TV, internet e telefone. Cada andar tem um quarto para portador de necessidades especiais.<\/p>\n<p>\u00c9 importante lembrar que entre o pr\u00e9dio da Faculdade e o pr\u00e9dio do Convento constru\u00eddo em 1941, existe a constru\u00e7\u00e3o do Convento antigo, onde est\u00e3o alguns quartos de frades, a lavanderia etc. Este espa\u00e7o tamb\u00e9m ser\u00e1 reformado.<\/p>\n<p>Abaixo, nos 4\u00ba e 3\u00ba andares ficam as 30 su\u00edtes que s\u00e3o disponibilizadas para encontros, retiros e hospedagem. Todos os quartos t\u00eam a mesma estrutura dos quartos preparados para os frades. No terceiro andar, na parte velha, onde ficavam as salas de TV e Leitura, a capela interna e a sala de Recreio Santa Clara, foram disponibilizadas para encontros e retiros, assim como o segundo andar com o refeit\u00f3rio atual (o Largo S\u00e3o Francisco est\u00e1 num plano completamente diferente da Rua Riachuelo, onde se situam os fundos do Convento, que na verdade \u00e9 o t\u00e9rreo se a entrada foi feita pela frente da Igreja).<\/p>\n<p>Ainda no terceiro andar, no trajeto que leva ao coro da Igreja, h\u00e1 tr\u00eas altares com pinturas de Frei Geraldo Roderfeld. Neste andar est\u00e1 a Capela do Batismo, reformulada para este prop\u00f3sito em mar\u00e7o de 2022, o Sal\u00e3o Santa Clara e Espa\u00e7o Cultural Franciscano, que abriga exposi\u00e7\u00f5es e outras a\u00e7\u00f5es culturais.<\/p>\n<p>A antiga sacristia se tornou uma sala penitencial. A nova sacristia fica atr\u00e1s da igreja e ocupa tamb\u00e9m a sala que era usada pela Pia Uni\u00e3o de Santo Ant\u00f4nio.<\/p>\n<p>Esta reforma tamb\u00e9m investiu na constru\u00e7\u00e3o de um novo elevador. \u201cO nosso elevador antigo tem capacidade para 4 pessoas. Quando entra mais uma, ele desliga. Ele \u00e9 de 1940 quando o convento foi inaugurado. Estamos trazendo mais movimento para a casa, com encontros e retiros, ent\u00e3o foi preciso construir um novo elevador\u201d, observou Frei M\u00e1rio.<\/p>\n<p>Fora da antiga clausura, o pr\u00e9dio conta com diversas depend\u00eancias. Come\u00e7ando na parte mais baixa desta rua, temos, no por\u00e3o, a padaria e a marcenaria, que serve simultaneamente de garagem e dep\u00f3sito. No andar t\u00e9rreo est\u00e1 o grande sal\u00e3o S\u00e3o Francisco, com capacidade para mais de 1.000 pessoas, onde foi teatro e cinema at\u00e9 1955. Hoje, faz parte do complexo do Sefras para a popula\u00e7\u00e3o em situa\u00e7\u00e3o de rua.<\/p>\n<p>Ainda no Segundo andar se encontram o sal\u00e3o S\u00e3o D\u00e2maso e Sal\u00e3o Frei Galv\u00e3o, onde acontecem encontros e eventos da Par\u00f3quia, secretaria paroquial e salas de reuni\u00f5es. Todos esses espa\u00e7os foram revitalizados.[\/vc_column_text][\/vc_column_inner][\/vc_row_inner][vc_images_carousel images=&#8221;188463,188464,188465,188466,188467&#8243; img_size=&#8221;full&#8221; autoplay=&#8221;yes&#8221;][\/vc_column][\/vc_row][vc_row][vc_column][vc_zigzag][vc_empty_space][vc_column_text]<\/p>\n<h1>Igreja das Chagas<\/h1>\n<p>[\/vc_column_text][\/vc_column][\/vc_row][vc_row][vc_column width=&#8221;1\/2&#8243;][vc_column_text]A Igreja da Ordem Terceira de S\u00e3o Francisco fica anexa ao antigo convento, onde hoje est\u00e1 estabelecida a Faculdade de Direito da USP e foi recentemente reformada, tendo sido reaberta recentemente \u00e0 visita\u00e7\u00e3o. Junto com o Mosteiro de S. Bento e a Igreja do Carmo (no atual Poupatempo), o Conjunto Franciscano \u00e9 um dos v\u00e9rtices do &#8220;Tri\u00e2ngulo&#8221;, regi\u00e3o do atual Centro velho que lembrava um tri\u00e2ngulo e que concentrava o n\u00facleo da cidade de S\u00e3o Paulo nos seus prim\u00f3rdios.<\/p>\n<p>A Igreja das Chagas do Ser\u00e1fico Pai S\u00e3o Francisco da Vener\u00e1vel Ordem Terceira de S\u00e3o Francisco da Penit\u00eancia, foi inaugurada em 11\/9\/1787. Em 1676, frei Jo\u00e3o de S\u00e3o Francisco, comiss\u00e1rio dos terceiros, iniciou a constru\u00e7\u00e3o da capela da Ordem Terceira, que durou d\u00e9cadas, at\u00e9 ser ampliada e se tornar uma igreja independente. Na fase final das obras, decidiu-se que a fachada seria um prolongamento da igreja conventual e que a antiga capela, com planta octogonal, seria transformada em transepto. A t\u00e9cnica construtiva utilizada \u00e9 a taipa de pil\u00e3o com embasamento de pedra. O seu interior encontra-se bem conservado, com v\u00e1rios ret\u00e1bulos laterais em talhas de estilo rococ\u00f3. A c\u00fapula octogonal ostenta pinturas do final do s\u00e9culo XVIII e, em outras depend\u00eancias, trabalhos do mesmo per\u00edodo. Abriga, ainda, na Capela de Nossa Senhora da Concei\u00e7\u00e3o, o antigo ret\u00e1bulo executado por Luiz Rodrigues Lisboa, entre os anos de 1736 e 1740.[\/vc_column_text][\/vc_column][vc_column width=&#8221;1\/2&#8243;][vc_single_image image=&#8221;188461&#8243; img_size=&#8221;full&#8221; css_animation=&#8221;none&#8221;][\/vc_column][\/vc_row][vc_row][vc_column][vc_zigzag][vc_empty_space][vc_column_text]<\/p>\n<h1>Faculdade de Direito de S\u00e3o Paulo<\/h1>\n<p>[\/vc_column_text][\/vc_column][\/vc_row][vc_row][vc_column width=&#8221;1\/2&#8243;][vc_column_text]Ap\u00f3s o Brasil conquistar sua independ\u00eancia em rela\u00e7\u00e3o a Portugal, em 1822, ficou evidente a necessidade do estabelecimento do ensino do Direito em terras brasileiras. Assim, deu-se in\u00edcio a discuss\u00e3o que resultou na lei de 11 de agosto de 1827 que cria os cursos jur\u00eddicos de S\u00e3o Paulo e Olinda.<\/p>\n<p>Os estudantes brasileiros que antes precisavam atravessar o Atl\u00e2ntico para estudar em Coimbra, agora poderiam fazer seus cursos aqui mesmo. Em S\u00e3o Paulo, o local escolhido para abrigar a Curso de Direito foi o antigo Convento Franciscano que, na \u00e9poca e devido ao momento pol\u00edtico, contava com apenas cinco Frades na Fraternidade. Assim, o espa\u00e7o foi ocupado e a aula inaugural aconteceu no dia 1\u00ba de mar\u00e7o de 1828.<\/p>\n<h4>A demoli\u00e7\u00e3o do antigo Convento<\/h4>\n<p>Pouco a pouco todos os espa\u00e7os do antigo Convento foram sendo ocupados e readequados para o uso do Curso Jur\u00eddico. Os frades foram encaminhados para outras fraternidades e a Igreja ficou aos cuidados da Ordem Terceira e da Irmandade de S\u00e3o Benedito. At\u00e9 mesmo a biblioteca \u2013 que j\u00e1 contava com um valioso acervo de 5000 livros \u2013 ficou sob os cuidados da Faculdade. O pr\u00f3prio entorno do Largo S\u00e3o Francisco foi se modificando e ruas foram abertas. Na d\u00e9cada de 1920, o edif\u00edcio n\u00e3o comportava mais as necessidades do curso e o antigo Convento foi completamente demolido.<\/p>\n<h4>Um novo edif\u00edcio neocolonial<\/h4>\n<p>Na d\u00e9cada de 1930 um novo edif\u00edcio foi constru\u00eddo. O projeto do arquiteto Ricardo Severo do escrit\u00f3rio de Ramos de Azevedo, em estilo neocolonial , manteve as tradicionais arcadas do claustro dos Franciscanos. Os alunos j\u00e1 eram conhecidos como os alunos das arcadas e esta \u00e9 uma refer\u00eancia que continua viva at\u00e9 os dias atuais. Assim, o projeto agregava \u00e0 moderna arquitetura, elementos do barroco luso-brasileiro, evocando a tradi\u00e7\u00e3o cultural do pa\u00eds e do antigo Convento que, naquele mesmo lugar e por mais de cem anos, acolhera a Academia. Nos vitrais da escadaria, logo no t\u00e9rreo, podemos encontrar uma mem\u00f3ria do s\u00e9c. XIX com a imagem do antigo Convento ao lado das igrejas franciscanas.<\/p>\n<h4>Disputa judicial<\/h4>\n<p>Com apenas tr\u00eas meses de exist\u00eancia do curso de Direito, o seu diretor, Jos\u00e9 Arouche Toledo Rondon, sugeriu ao governo Imperial a requisi\u00e7\u00e3o de todo o Convento. Desde ent\u00e3o, travou-se uma disputa judicial entre Faculdade e a Prov\u00edncia Franciscana.<\/p>\n<p>Em 1932, a Faculdade j\u00e1 estava iniciando obras que iriam mudar toda a configura\u00e7\u00e3o arquitet\u00f4nica do pr\u00e9dio, quando teve in\u00edcio uma outra disputa judicial, j\u00e1 que estavam atingindo uma \u00e1rea que n\u00e3o havia sido cedida pelos religiosos. Os religiosos venceram a causa em 1933, mas a senten\u00e7a foi reformulada em 37, julgando prescrita a a\u00e7\u00e3o da Ordem para o reconhecimento de qualquer direito de dom\u00ednio quanto ao edif\u00edcio da Faculdade de Direito.<\/p>\n<p>Nem s\u00f3 de disputas judiciais viveram o Convento e a Faculdade. Nos anos de 1860 e 1971, a Irmandade Acad\u00eamica de S\u00e3o Francisco, composta por professores, doutores e alunos da Faculdade, residentes na Capital, ajudou a manter o patrim\u00f4nio cultural e religioso do Convento.[\/vc_column_text][\/vc_column][vc_column width=&#8221;1\/2&#8243;][vc_single_image image=&#8221;188431&#8243; img_size=&#8221;full&#8221; css_animation=&#8221;none&#8221;][vc_single_image image=&#8221;188490&#8243; img_size=&#8221;full&#8221;][\/vc_column][\/vc_row][\/vc_section][vc_row][vc_column][vc_single_image image=&#8221;188483&#8243; img_size=&#8221;full&#8221;][\/vc_column][\/vc_row]<\/p>\n","protected":false},"excerpt":{"rendered":"<p>[vc_row][vc_column][vc_single_image image=&#8221;188457&#8243; img_size=&#8221;full&#8221; alignment=&#8221;center&#8221; css_animation=&#8221;fadeInDown&#8221;][\/vc_column][\/vc_row][vc_section][vc_row][vc_column][vc_empty_space][vc_column_text] Convento S\u00e3o Francisco [\/vc_column_text][vc_column_text]A Igreja e o Convento antigo \u2013 onde hoje est\u00e1 a faculdade de Direito \u2013 formavam uma \u00fanica edifica\u00e7\u00e3o. Destacava-se o imponente claustro, com seus cinco arcos sobre pilastras. As funda\u00e7\u00f5es chegavam a 3 metros de profundidade e sua constru\u00e7\u00e3o era em taipas, atingindo at\u00e9 2 metros [&hellip;]<\/p>\n","protected":false},"author":2,"featured_media":187721,"parent":0,"menu_order":0,"comment_status":"closed","ping_status":"closed","template":"","meta":[],"yoast_head":"<!-- This site is optimized with the Yoast SEO plugin v19.4 - https:\/\/yoast.com\/wordpress\/plugins\/seo\/ -->\n<title>Conjunto Arquitet\u00f4nico - Hospedaria - Franciscanos<\/title>\n<meta name=\"robots\" content=\"index, follow, max-snippet:-1, max-image-preview:large, max-video-preview:-1\" \/>\n<link rel=\"canonical\" href=\"https:\/\/franciscanos.org.br\/hospedaria\/sf-conjarq\/\" \/>\n<meta property=\"og:locale\" content=\"pt_BR\" \/>\n<meta property=\"og:type\" content=\"article\" \/>\n<meta property=\"og:title\" content=\"Conjunto Arquitet\u00f4nico - Hospedaria - Franciscanos\" \/>\n<meta property=\"og:description\" content=\"[vc_row][vc_column][vc_single_image image=&#8221;188457&#8243; img_size=&#8221;full&#8221; alignment=&#8221;center&#8221; css_animation=&#8221;fadeInDown&#8221;][\/vc_column][\/vc_row][vc_section][vc_row][vc_column][vc_empty_space][vc_column_text] Convento S\u00e3o Francisco [\/vc_column_text][vc_column_text]A Igreja e o Convento antigo \u2013 onde hoje est\u00e1 a faculdade de Direito \u2013 formavam uma \u00fanica edifica\u00e7\u00e3o. Destacava-se o imponente claustro, com seus cinco arcos sobre pilastras. As funda\u00e7\u00f5es chegavam a 3 metros de profundidade e sua constru\u00e7\u00e3o era em taipas, atingindo at\u00e9 2 metros [&hellip;]\" \/>\n<meta property=\"og:url\" content=\"https:\/\/franciscanos.org.br\/hospedaria\/sf-conjarq\/\" \/>\n<meta property=\"og:site_name\" content=\"Hospedaria - Franciscanos\" \/>\n<meta property=\"article:modified_time\" content=\"2023-04-14T14:32:42+00:00\" \/>\n<meta property=\"og:image\" content=\"https:\/\/franciscanos.org.br\/hospedaria\/wp-content\/uploads\/2020\/09\/convento_210921_2.jpg\" \/>\n\t<meta property=\"og:image:width\" content=\"800\" \/>\n\t<meta property=\"og:image:height\" content=\"729\" \/>\n\t<meta property=\"og:image:type\" content=\"image\/jpeg\" \/>\n<meta name=\"twitter:card\" content=\"summary_large_image\" \/>\n<meta name=\"twitter:label1\" content=\"Est. tempo de leitura\" \/>\n\t<meta name=\"twitter:data1\" content=\"10 minutos\" \/>\n<script type=\"application\/ld+json\" class=\"yoast-schema-graph\">{\"@context\":\"https:\/\/schema.org\",\"@graph\":[{\"@type\":\"WebSite\",\"@id\":\"https:\/\/franciscanos.org.br\/hospedaria\/#website\",\"url\":\"https:\/\/franciscanos.org.br\/hospedaria\/\",\"name\":\"Hospedaria - Franciscanos\",\"description\":\"Prov\u00edncia Franciscana da Imaculada Concei\u00e7\u00e3o do Brasil - Ordem dos Frades Menores\",\"potentialAction\":[{\"@type\":\"SearchAction\",\"target\":{\"@type\":\"EntryPoint\",\"urlTemplate\":\"https:\/\/franciscanos.org.br\/hospedaria\/?s={search_term_string}\"},\"query-input\":\"required name=search_term_string\"}],\"inLanguage\":\"pt-BR\"},{\"@type\":\"WebPage\",\"@id\":\"https:\/\/franciscanos.org.br\/hospedaria\/sf-conjarq\/\",\"url\":\"https:\/\/franciscanos.org.br\/hospedaria\/sf-conjarq\/\",\"name\":\"Conjunto Arquitet\u00f4nico - Hospedaria - Franciscanos\",\"isPartOf\":{\"@id\":\"https:\/\/franciscanos.org.br\/hospedaria\/#website\"},\"datePublished\":\"2020-09-08T18:29:00+00:00\",\"dateModified\":\"2023-04-14T14:32:42+00:00\",\"breadcrumb\":{\"@id\":\"https:\/\/franciscanos.org.br\/hospedaria\/sf-conjarq\/#breadcrumb\"},\"inLanguage\":\"pt-BR\",\"potentialAction\":[{\"@type\":\"ReadAction\",\"target\":[\"https:\/\/franciscanos.org.br\/hospedaria\/sf-conjarq\/\"]}]},{\"@type\":\"BreadcrumbList\",\"@id\":\"https:\/\/franciscanos.org.br\/hospedaria\/sf-conjarq\/#breadcrumb\",\"itemListElement\":[{\"@type\":\"ListItem\",\"position\":1,\"name\":\"Home\",\"item\":\"https:\/\/franciscanos.org.br\/hospedaria\/\"},{\"@type\":\"ListItem\",\"position\":2,\"name\":\"Conjunto Arquitet\u00f4nico\"}]}]}<\/script>\n<!-- \/ Yoast SEO plugin. -->","yoast_head_json":{"title":"Conjunto Arquitet\u00f4nico - Hospedaria - Franciscanos","robots":{"index":"index","follow":"follow","max-snippet":"max-snippet:-1","max-image-preview":"max-image-preview:large","max-video-preview":"max-video-preview:-1"},"canonical":"https:\/\/franciscanos.org.br\/hospedaria\/sf-conjarq\/","og_locale":"pt_BR","og_type":"article","og_title":"Conjunto Arquitet\u00f4nico - Hospedaria - Franciscanos","og_description":"[vc_row][vc_column][vc_single_image image=&#8221;188457&#8243; img_size=&#8221;full&#8221; alignment=&#8221;center&#8221; css_animation=&#8221;fadeInDown&#8221;][\/vc_column][\/vc_row][vc_section][vc_row][vc_column][vc_empty_space][vc_column_text] Convento S\u00e3o Francisco [\/vc_column_text][vc_column_text]A Igreja e o Convento antigo \u2013 onde hoje est\u00e1 a faculdade de Direito \u2013 formavam uma \u00fanica edifica\u00e7\u00e3o. Destacava-se o imponente claustro, com seus cinco arcos sobre pilastras. As funda\u00e7\u00f5es chegavam a 3 metros de profundidade e sua constru\u00e7\u00e3o era em taipas, atingindo at\u00e9 2 metros [&hellip;]","og_url":"https:\/\/franciscanos.org.br\/hospedaria\/sf-conjarq\/","og_site_name":"Hospedaria - Franciscanos","article_modified_time":"2023-04-14T14:32:42+00:00","og_image":[{"width":800,"height":729,"url":"https:\/\/franciscanos.org.br\/hospedaria\/wp-content\/uploads\/2020\/09\/convento_210921_2.jpg","type":"image\/jpeg"}],"twitter_card":"summary_large_image","twitter_misc":{"Est. tempo de leitura":"10 minutos"},"schema":{"@context":"https:\/\/schema.org","@graph":[{"@type":"WebSite","@id":"https:\/\/franciscanos.org.br\/hospedaria\/#website","url":"https:\/\/franciscanos.org.br\/hospedaria\/","name":"Hospedaria - Franciscanos","description":"Prov\u00edncia Franciscana da Imaculada Concei\u00e7\u00e3o do Brasil - Ordem dos Frades Menores","potentialAction":[{"@type":"SearchAction","target":{"@type":"EntryPoint","urlTemplate":"https:\/\/franciscanos.org.br\/hospedaria\/?s={search_term_string}"},"query-input":"required name=search_term_string"}],"inLanguage":"pt-BR"},{"@type":"WebPage","@id":"https:\/\/franciscanos.org.br\/hospedaria\/sf-conjarq\/","url":"https:\/\/franciscanos.org.br\/hospedaria\/sf-conjarq\/","name":"Conjunto Arquitet\u00f4nico - Hospedaria - Franciscanos","isPartOf":{"@id":"https:\/\/franciscanos.org.br\/hospedaria\/#website"},"datePublished":"2020-09-08T18:29:00+00:00","dateModified":"2023-04-14T14:32:42+00:00","breadcrumb":{"@id":"https:\/\/franciscanos.org.br\/hospedaria\/sf-conjarq\/#breadcrumb"},"inLanguage":"pt-BR","potentialAction":[{"@type":"ReadAction","target":["https:\/\/franciscanos.org.br\/hospedaria\/sf-conjarq\/"]}]},{"@type":"BreadcrumbList","@id":"https:\/\/franciscanos.org.br\/hospedaria\/sf-conjarq\/#breadcrumb","itemListElement":[{"@type":"ListItem","position":1,"name":"Home","item":"https:\/\/franciscanos.org.br\/hospedaria\/"},{"@type":"ListItem","position":2,"name":"Conjunto Arquitet\u00f4nico"}]}]}},"_links":{"self":[{"href":"https:\/\/franciscanos.org.br\/hospedaria\/wp-json\/wp\/v2\/pages\/187204"}],"collection":[{"href":"https:\/\/franciscanos.org.br\/hospedaria\/wp-json\/wp\/v2\/pages"}],"about":[{"href":"https:\/\/franciscanos.org.br\/hospedaria\/wp-json\/wp\/v2\/types\/page"}],"author":[{"embeddable":true,"href":"https:\/\/franciscanos.org.br\/hospedaria\/wp-json\/wp\/v2\/users\/2"}],"replies":[{"embeddable":true,"href":"https:\/\/franciscanos.org.br\/hospedaria\/wp-json\/wp\/v2\/comments?post=187204"}],"version-history":[{"count":45,"href":"https:\/\/franciscanos.org.br\/hospedaria\/wp-json\/wp\/v2\/pages\/187204\/revisions"}],"predecessor-version":[{"id":188557,"href":"https:\/\/franciscanos.org.br\/hospedaria\/wp-json\/wp\/v2\/pages\/187204\/revisions\/188557"}],"wp:featuredmedia":[{"embeddable":true,"href":"https:\/\/franciscanos.org.br\/hospedaria\/wp-json\/wp\/v2\/media\/187721"}],"wp:attachment":[{"href":"https:\/\/franciscanos.org.br\/hospedaria\/wp-json\/wp\/v2\/media?parent=187204"}],"curies":[{"name":"wp","href":"https:\/\/api.w.org\/{rel}","templated":true}]}}