{"id":187202,"date":"2023-04-14T06:00:49","date_gmt":"2023-04-14T09:00:49","guid":{"rendered":"https:\/\/franciscanos.org.br\/hospedaria\/?page_id=187202"},"modified":"2023-04-28T10:46:41","modified_gmt":"2023-04-28T13:46:41","slug":"rondinha-historia","status":"publish","type":"page","link":"https:\/\/franciscanos.org.br\/hospedaria\/rondinha-historia\/","title":{"rendered":"Hist\u00f3ria"},"content":{"rendered":"<p>[vc_row][vc_column][vc_column_text]<\/p>\n<h1>Convento S\u00e3o Boaventura<\/h1>\n<p>[\/vc_column_text][vc_single_image image=&#8221;188664&#8243; img_size=&#8221;full&#8221; alignment=&#8221;center&#8221; css_animation=&#8221;flipInX&#8221;][vc_empty_space][\/vc_column][\/vc_row][vc_row][vc_column width=&#8221;1\/2&#8243;][vc_column_text css_animation=&#8221;fadeInLeft&#8221;]Uma das decis\u00f5es mais importantes do Cap\u00edtulo Provincial de 1979 foi a aprova\u00e7\u00e3o da separa\u00e7\u00e3o f\u00edsica dos cursos de Filosofia e Teologia, que eram integrados no Instituto Franciscano de Petr\u00f3polis (ITF).<\/p>\n<p>Para dar in\u00edcio a este ambicioso projeto, em 1980 foi constitu\u00edda uma comiss\u00e3o, que elaborou o Projeto Educacional visando esta nova empreitada.<\/p>\n<p>Uma nova Comiss\u00e3o foi nomeada para dar continuidade aos trabalhos. Durante os contatos, a Comiss\u00e3o foi a Rondinha, no munic\u00edpio de Campo Largo, onde a Associa\u00e7\u00e3o Franciscana de Ensino Senhor Bom Jesus estava construindo um grandioso projeto.<\/p>\n<p>Frei Jo\u00e3o Cris\u00f3stomo Arns, presidente desta Associa\u00e7\u00e3o, apresentou \u00e0 Comiss\u00e3o o projeto e manifestou interesse fraterno em doar parte da \u00e1rea para a instala\u00e7\u00e3o da nova casa de forma\u00e7\u00e3o.<\/p>\n<p>Reunida no dia 3 de setembro de 1980, a Comiss\u00e3o recebeu a confirma\u00e7\u00e3o oficial da doa\u00e7\u00e3o do terreno. No dia 11 de novembro deste ano, o Definit\u00f3rio se reuniu em S\u00e3o Paulo e aprovou por unanimidade a proposta.<\/p>\n<p>No ano seguinte, durante o m\u00eas de maio, o Definit\u00f3rio escolheu o nome da nova casa: S\u00e3o Boaventura. Logo em seguida, no in\u00edcio de agosto, come\u00e7ou-se a constru\u00e7\u00e3o da casa. Foram iniciadas tr\u00eas resid\u00eancias.<\/p>\n<p>No dia 5 de novembro de 1981 foi feita a b\u00ean\u00e7\u00e3o das obras, com a participa\u00e7\u00e3o do Arcebispo de Curitiba, Dom Pedro Fedalto. Nos dias 14, 15 e 16 de mar\u00e7o, o Definit\u00f3rio Provincial se reuniu em Rondinha, colocando na pauta da reuni\u00e3o tamb\u00e9m os \u00faltimos detalhes para a festa de inaugura\u00e7\u00e3o.<\/p>\n<p>Frei Jos\u00e9 Fernando Eberhardt, ofm, que acompanhou de perto as obras, descreve assim a inaugura\u00e7\u00e3o: \u201cO dia 17 de mar\u00e7o amanheceu claro e ensolarado, compartilhando a nossa alegria. Logo cedo foram chegando os primeiros confrades dos pontos mais distantes da Prov\u00edncia. Mais tarde foram chegando os convidados dos locais mais pr\u00f3ximos. \u00c0s 10 horas, come\u00e7amos a celebra\u00e7\u00e3o da Liturgia da Palavra, com a b\u00ean\u00e7\u00e3o das constru\u00e7\u00f5es, presidida pelo Ministro Provincial Frei Bas\u00edlio Prim: acolhida e ato penitencial, na entrada do terreno; prociss\u00e3o com c\u00e2nticos e salmos e paradas em cada pr\u00e9dio, para b\u00ean\u00e7\u00e3os e leituras. Assim, ap\u00f3s havermos percorridos as tr\u00eas resid\u00eancias (duas dos confrades estudantes e uma da comunidade formadora), as obras da capela, os p\u00e1tios e jardins e as depend\u00eancias do Centro Comunit\u00e1rio, detivemo-nos no sal\u00e3o, onde encerramos a Liturgia da Palavra, com a b\u00ean\u00e7\u00e3o da imagem de S\u00e3o Boaventura, seguida da homilia do Ministro Provincial e da alocu\u00e7\u00e3o do Arcebispo Metropolitano Dom Pedro Fedalto. Coube tamb\u00e9m a este a presid\u00eancia da liturgia eucar\u00edstica, ladeado por Dom Jer\u00f4nimo Mazarotto e Dom Carlos Schmidt. Pouco mais de 200 pessoas participaram da celebra\u00e7\u00e3o \u2013 quase todos religiosos e religiosas \u2013 sendo que mais de 80 eram concelebrantes\u201d.[\/vc_column_text][\/vc_column][vc_column width=&#8221;1\/2&#8243;][vc_single_image image=&#8221;188666&#8243; img_size=&#8221;full&#8221; css_animation=&#8221;fadeInRight&#8221;][\/vc_column][\/vc_row][vc_row][vc_column][vc_empty_space][vc_zigzag][vc_empty_space][vc_column_text]<\/p>\n<h1>Monastery St. Boaventura<\/h1>\n<p>[\/vc_column_text][\/vc_column][\/vc_row][vc_row][vc_column width=&#8221;1\/2&#8243;][vc_column_text css_animation=&#8221;fadeInLeft&#8221;]One of the most important decisions of the 1979 Provincial Chapter was the approval of the physical separation of the Philosophy and Theology courses, which were integrated into the Instituto Franciscano de Teologia de Petr\u00f3polis\u00a0 (ITF).<\/p>\n<p>To start this ambitious project, in 1980 a commission was set up, which prepared the Educational Project aiming at this new endeavor.<\/p>\n<p>A new Commission was appointed to continue the work. During the contacts, the Commission went to Rondinha, in the municipality of Campo Largo, where the Franciscan Teaching Association Senhor Bom Jesus was building a grandiose project.<\/p>\n<p>Friar Jo\u00e3o Cris\u00f3stomo Arns, president of this Association, presented the project to the Commission and expressed fraternal interest in donating part of the area for the installation of the new formation house.<\/p>\n<p>Meeting on September 3, 1980, the Commission received official confirmation of the donation of the land. On November 11 of this year, the Definitory met in S\u00e3o Paulo and unanimously approved the proposal.<\/p>\n<p>The following year, during the month of May, the Definitory chose the name for the new house: S\u00e3o Boaventura. Soon after, in early August, construction began on the house. Three residences were started.<\/p>\n<p>On November 5, 1981, the works were blessed, with the participation of the Archbishop of Curitiba, Dom Pedro Fedalto. On the 14th, 15th and 16th of March, the Provincial Definitory met in Rondinha, putting on the meeting&#8217;s agenda the last details for the inauguration party.<\/p>\n<p>Friar Jos\u00e9 Fernando Eberhardt, ofm, who closely followed the works, describes the inauguration as follows: \u201cThe 17th of March dawned clear and sunny, sharing our joy. Early in the morning, the first confreres arrived from the most distant parts of the Province. Later, guests from the nearest places started to arrive. At 10 am, we began the celebration of the Liturgy of the Word, with the blessing of the buildings, presided over by the Provincial Minister Friar Bas\u00edlio Prim: welcome and penitential act, at the entrance to the land; procession with songs and psalms and stops at each building for blessings and readings. So, after having visited the three residences (two of the fellow students and one of the formation community), the works of the chapel, the courtyards and gardens and the premises of the Community Center, we stopped in the hall, where we ended the Liturgy of the Word, with the blessing of the image of Saint Bonaventure, followed by the homily of the Provincial Minister and the address of the Metropolitan Archbishop Dom Pedro Fedalto. He also presided over the Eucharistic liturgy, flanked by Dom Jer\u00f4nimo Mazarotto and Dom Carlos Schmidt. Just over 200 people participated in the celebration \u2013 almost all men and women religious \u2013 with more than 80 concelebrants\u201d.[\/vc_column_text][\/vc_column][vc_column width=&#8221;1\/2&#8243;][vc_single_image image=&#8221;188667&#8243; img_size=&#8221;full&#8221; css_animation=&#8221;fadeInRight&#8221;][vc_single_image image=&#8221;188668&#8243; img_size=&#8221;full&#8221; css_animation=&#8221;fadeInRight&#8221;][vc_single_image image=&#8221;188669&#8243; img_size=&#8221;full&#8221; css_animation=&#8221;fadeInRight&#8221;][\/vc_column][\/vc_row]<\/p>\n","protected":false},"excerpt":{"rendered":"<p>[vc_row][vc_column][vc_column_text] Convento S\u00e3o Boaventura [\/vc_column_text][vc_single_image image=&#8221;188664&#8243; img_size=&#8221;full&#8221; alignment=&#8221;center&#8221; css_animation=&#8221;flipInX&#8221;][vc_empty_space][\/vc_column][\/vc_row][vc_row][vc_column width=&#8221;1\/2&#8243;][vc_column_text css_animation=&#8221;fadeInLeft&#8221;]Uma das decis\u00f5es mais importantes do Cap\u00edtulo Provincial de 1979 foi a aprova\u00e7\u00e3o da separa\u00e7\u00e3o f\u00edsica dos cursos de Filosofia e Teologia, que eram integrados no Instituto Franciscano de Petr\u00f3polis (ITF). Para dar in\u00edcio a este ambicioso projeto, em 1980 foi constitu\u00edda uma comiss\u00e3o, que [&hellip;]<\/p>\n","protected":false},"author":2,"featured_media":0,"parent":0,"menu_order":0,"comment_status":"closed","ping_status":"closed","template":"","meta":[],"yoast_head":"<!-- This site is optimized with the Yoast SEO plugin v19.4 - https:\/\/yoast.com\/wordpress\/plugins\/seo\/ -->\n<title>Hist\u00f3ria - Hospedaria - Franciscanos<\/title>\n<meta name=\"robots\" content=\"index, follow, max-snippet:-1, max-image-preview:large, max-video-preview:-1\" \/>\n<link rel=\"canonical\" href=\"https:\/\/franciscanos.org.br\/hospedaria\/rondinha-historia\/\" \/>\n<meta property=\"og:locale\" content=\"pt_BR\" \/>\n<meta property=\"og:type\" content=\"article\" \/>\n<meta property=\"og:title\" content=\"Hist\u00f3ria - Hospedaria - Franciscanos\" \/>\n<meta property=\"og:description\" content=\"[vc_row][vc_column][vc_column_text] Convento S\u00e3o Boaventura [\/vc_column_text][vc_single_image image=&#8221;188664&#8243; img_size=&#8221;full&#8221; alignment=&#8221;center&#8221; css_animation=&#8221;flipInX&#8221;][vc_empty_space][\/vc_column][\/vc_row][vc_row][vc_column width=&#8221;1\/2&#8243;][vc_column_text css_animation=&#8221;fadeInLeft&#8221;]Uma das decis\u00f5es mais importantes do Cap\u00edtulo Provincial de 1979 foi a aprova\u00e7\u00e3o da separa\u00e7\u00e3o f\u00edsica dos cursos de Filosofia e Teologia, que eram integrados no Instituto Franciscano de Petr\u00f3polis (ITF). Para dar in\u00edcio a este ambicioso projeto, em 1980 foi constitu\u00edda uma comiss\u00e3o, que [&hellip;]\" \/>\n<meta property=\"og:url\" content=\"https:\/\/franciscanos.org.br\/hospedaria\/rondinha-historia\/\" \/>\n<meta property=\"og:site_name\" content=\"Hospedaria - Franciscanos\" \/>\n<meta property=\"article:modified_time\" content=\"2023-04-28T13:46:41+00:00\" \/>\n<meta name=\"twitter:card\" content=\"summary_large_image\" \/>\n<meta name=\"twitter:label1\" content=\"Est. tempo de leitura\" \/>\n\t<meta name=\"twitter:data1\" content=\"6 minutos\" \/>\n<script type=\"application\/ld+json\" class=\"yoast-schema-graph\">{\"@context\":\"https:\/\/schema.org\",\"@graph\":[{\"@type\":\"WebSite\",\"@id\":\"https:\/\/franciscanos.org.br\/hospedaria\/#website\",\"url\":\"https:\/\/franciscanos.org.br\/hospedaria\/\",\"name\":\"Hospedaria - Franciscanos\",\"description\":\"Prov\u00edncia Franciscana da Imaculada Concei\u00e7\u00e3o do Brasil - Ordem dos Frades Menores\",\"potentialAction\":[{\"@type\":\"SearchAction\",\"target\":{\"@type\":\"EntryPoint\",\"urlTemplate\":\"https:\/\/franciscanos.org.br\/hospedaria\/?s={search_term_string}\"},\"query-input\":\"required name=search_term_string\"}],\"inLanguage\":\"pt-BR\"},{\"@type\":\"WebPage\",\"@id\":\"https:\/\/franciscanos.org.br\/hospedaria\/rondinha-historia\/\",\"url\":\"https:\/\/franciscanos.org.br\/hospedaria\/rondinha-historia\/\",\"name\":\"Hist\u00f3ria - Hospedaria - Franciscanos\",\"isPartOf\":{\"@id\":\"https:\/\/franciscanos.org.br\/hospedaria\/#website\"},\"datePublished\":\"2023-04-14T09:00:49+00:00\",\"dateModified\":\"2023-04-28T13:46:41+00:00\",\"breadcrumb\":{\"@id\":\"https:\/\/franciscanos.org.br\/hospedaria\/rondinha-historia\/#breadcrumb\"},\"inLanguage\":\"pt-BR\",\"potentialAction\":[{\"@type\":\"ReadAction\",\"target\":[\"https:\/\/franciscanos.org.br\/hospedaria\/rondinha-historia\/\"]}]},{\"@type\":\"BreadcrumbList\",\"@id\":\"https:\/\/franciscanos.org.br\/hospedaria\/rondinha-historia\/#breadcrumb\",\"itemListElement\":[{\"@type\":\"ListItem\",\"position\":1,\"name\":\"Home\",\"item\":\"https:\/\/franciscanos.org.br\/hospedaria\/\"},{\"@type\":\"ListItem\",\"position\":2,\"name\":\"Hist\u00f3ria\"}]}]}<\/script>\n<!-- \/ Yoast SEO plugin. -->","yoast_head_json":{"title":"Hist\u00f3ria - Hospedaria - Franciscanos","robots":{"index":"index","follow":"follow","max-snippet":"max-snippet:-1","max-image-preview":"max-image-preview:large","max-video-preview":"max-video-preview:-1"},"canonical":"https:\/\/franciscanos.org.br\/hospedaria\/rondinha-historia\/","og_locale":"pt_BR","og_type":"article","og_title":"Hist\u00f3ria - Hospedaria - Franciscanos","og_description":"[vc_row][vc_column][vc_column_text] Convento S\u00e3o Boaventura [\/vc_column_text][vc_single_image image=&#8221;188664&#8243; img_size=&#8221;full&#8221; alignment=&#8221;center&#8221; css_animation=&#8221;flipInX&#8221;][vc_empty_space][\/vc_column][\/vc_row][vc_row][vc_column width=&#8221;1\/2&#8243;][vc_column_text css_animation=&#8221;fadeInLeft&#8221;]Uma das decis\u00f5es mais importantes do Cap\u00edtulo Provincial de 1979 foi a aprova\u00e7\u00e3o da separa\u00e7\u00e3o f\u00edsica dos cursos de Filosofia e Teologia, que eram integrados no Instituto Franciscano de Petr\u00f3polis (ITF). Para dar in\u00edcio a este ambicioso projeto, em 1980 foi constitu\u00edda uma comiss\u00e3o, que [&hellip;]","og_url":"https:\/\/franciscanos.org.br\/hospedaria\/rondinha-historia\/","og_site_name":"Hospedaria - Franciscanos","article_modified_time":"2023-04-28T13:46:41+00:00","twitter_card":"summary_large_image","twitter_misc":{"Est. tempo de leitura":"6 minutos"},"schema":{"@context":"https:\/\/schema.org","@graph":[{"@type":"WebSite","@id":"https:\/\/franciscanos.org.br\/hospedaria\/#website","url":"https:\/\/franciscanos.org.br\/hospedaria\/","name":"Hospedaria - Franciscanos","description":"Prov\u00edncia Franciscana da Imaculada Concei\u00e7\u00e3o do Brasil - Ordem dos Frades Menores","potentialAction":[{"@type":"SearchAction","target":{"@type":"EntryPoint","urlTemplate":"https:\/\/franciscanos.org.br\/hospedaria\/?s={search_term_string}"},"query-input":"required name=search_term_string"}],"inLanguage":"pt-BR"},{"@type":"WebPage","@id":"https:\/\/franciscanos.org.br\/hospedaria\/rondinha-historia\/","url":"https:\/\/franciscanos.org.br\/hospedaria\/rondinha-historia\/","name":"Hist\u00f3ria - Hospedaria - Franciscanos","isPartOf":{"@id":"https:\/\/franciscanos.org.br\/hospedaria\/#website"},"datePublished":"2023-04-14T09:00:49+00:00","dateModified":"2023-04-28T13:46:41+00:00","breadcrumb":{"@id":"https:\/\/franciscanos.org.br\/hospedaria\/rondinha-historia\/#breadcrumb"},"inLanguage":"pt-BR","potentialAction":[{"@type":"ReadAction","target":["https:\/\/franciscanos.org.br\/hospedaria\/rondinha-historia\/"]}]},{"@type":"BreadcrumbList","@id":"https:\/\/franciscanos.org.br\/hospedaria\/rondinha-historia\/#breadcrumb","itemListElement":[{"@type":"ListItem","position":1,"name":"Home","item":"https:\/\/franciscanos.org.br\/hospedaria\/"},{"@type":"ListItem","position":2,"name":"Hist\u00f3ria"}]}]}},"_links":{"self":[{"href":"https:\/\/franciscanos.org.br\/hospedaria\/wp-json\/wp\/v2\/pages\/187202"}],"collection":[{"href":"https:\/\/franciscanos.org.br\/hospedaria\/wp-json\/wp\/v2\/pages"}],"about":[{"href":"https:\/\/franciscanos.org.br\/hospedaria\/wp-json\/wp\/v2\/types\/page"}],"author":[{"embeddable":true,"href":"https:\/\/franciscanos.org.br\/hospedaria\/wp-json\/wp\/v2\/users\/2"}],"replies":[{"embeddable":true,"href":"https:\/\/franciscanos.org.br\/hospedaria\/wp-json\/wp\/v2\/comments?post=187202"}],"version-history":[{"count":21,"href":"https:\/\/franciscanos.org.br\/hospedaria\/wp-json\/wp\/v2\/pages\/187202\/revisions"}],"predecessor-version":[{"id":188671,"href":"https:\/\/franciscanos.org.br\/hospedaria\/wp-json\/wp\/v2\/pages\/187202\/revisions\/188671"}],"wp:attachment":[{"href":"https:\/\/franciscanos.org.br\/hospedaria\/wp-json\/wp\/v2\/media?parent=187202"}],"curies":[{"name":"wp","href":"https:\/\/api.w.org\/{rel}","templated":true}]}}