{"id":188279,"date":"2022-07-18T11:40:04","date_gmt":"2022-07-18T14:40:04","guid":{"rendered":"https:\/\/franciscanos.org.br\/conventosantoantonio\/?page_id=188279"},"modified":"2022-07-18T11:43:21","modified_gmt":"2022-07-18T14:43:21","slug":"seja-um-frade-franciscano","status":"publish","type":"page","link":"https:\/\/franciscanos.org.br\/conventosantoantonio\/seja-um-frade-franciscano\/","title":{"rendered":"Seja um frade franciscano"},"content":{"rendered":"<p>[vc_row][vc_column width=&#8221;1\/2&#8243;][vc_column_text][\/vc_column_text][vc_column_text]<\/p>\n<h1>VOCACIONAL<\/h1>\n<p>[\/vc_column_text][vc_single_image image=&#8221;188263&#8243; img_size=&#8221;full&#8221; css_animation=&#8221;flipInX&#8221;][vc_column_text]<strong>Como buscar orienta\u00e7\u00e3o no Convento Santo Ant\u00f4nio<\/strong><\/p>\n<p>O Servi\u00e7o de Anima\u00e7\u00e3o Vocacional, coordenado pelos animadores provinciais, num trabalho colegiado com os animadores vocacionais regionais e locais, auxilia as fraternidades a anunciarem e a proporem o projeto de vida do frade menor hoje e prepara as mesmas para acolherem aqueles que se mostram interessados pelo carisma franciscano.[\/vc_column_text][vc_column_text][\/vc_column_text][\/vc_column][vc_column width=&#8221;1\/2&#8243;][vc_single_image image=&#8221;188260&#8243; img_size=&#8221;full&#8221; css_animation=&#8221;flipInX&#8221;][vc_column_text]Cada fraternidade \u00e9 respons\u00e1vel por promover momentos de ora\u00e7\u00e3o, encontros, tr\u00edduos ou miss\u00f5es populares nos tempos fortes vocacionais, nas festas franciscanas, na celebra\u00e7\u00e3o de jubileus, profiss\u00f5es, ordena\u00e7\u00f5es e outros eventos, de tal modo que a sua prepara\u00e7\u00e3o torna-se ocasi\u00e3o apropriada para despertar voca\u00e7\u00f5es franciscanas .<\/p>\n<p>O Animador Local das Voca\u00e7\u00f5es nomeado pelo Governo Provincial tem a tarefa de dinamizar este trabalho, promover, com a colabora\u00e7\u00e3o de leigos, o contato e o di\u00e1logo com os jovens e adolescentes, e acompanhar os que se preparam para ingressar na forma\u00e7\u00e3o da Prov\u00edncia.<\/p>\n<p>A miss\u00e3o do Servi\u00e7o de Anima\u00e7\u00e3o Vocacional \u2013 SAV \u2013 \u00e9 \u201ccoordenar e animar o trabalho vocacional nas diferentes frentes da Fraternidade Provincial\u201d. Entre os seus objetivos, est\u00e3o: despertar voca\u00e7\u00f5es para o servi\u00e7o do Evangelho; apresentar aos jovens o carisma franciscano.<\/p>\n<p>Os candidatos que desejarem conhecer a Ordem dos Frades Menores (Franciscanos) e a Prov\u00edncia Franciscana da Imaculada Concei\u00e7\u00e3o do Brasil \u2013 presente nos estados do Esp\u00edrito Santo, Rio de Janeiro, S\u00e3o Paulo, Santa Catarina e Paran\u00e1 \u2013 devem entrar em contato o animador vocacional do Convento Santo Ant\u00f4nio.<\/p>\n<p>Este servi\u00e7o tem como sede o Centro Vocacional Franciscano, que fica em S\u00e3o Paulo, Largo S\u00e3o Francisco, 133, CEP 01005-010. Telefone: (11) 3291-2415.<\/p>\n<p><a href=\"https:\/\/franciscanos.org.br\/vocacional\/\"><strong>CLIQUE AQUI E VEJA MAIS INFORMA\u00c7\u00d5ES NO SITE\u00a0<\/strong><\/a><\/p>\n<table border=\"0\" width=\"100%\" cellspacing=\"3\" cellpadding=\"3\">\n<tbody>\n<tr bgcolor=\"#FFE8D9\">\n<td bgcolor=\"#FFE8D9\" width=\"45%\">\n<table border=\"0\" width=\"100%\" cellspacing=\"5\" cellpadding=\"5\">\n<tbody>\n<tr>\n<td valign=\"top\" bgcolor=\"#FFFFFF\" width=\"50%\"><em>Frei\u00a0R\u00f3ger Brunorio<br \/>\nfrroger@franciscanos.org.br<br \/>\n<\/em><strong>Fraternidade Franciscana Santo Ant\u00f4nio<\/strong><br \/>\n<strong>Regional: Rio de Janeiro<\/strong><br \/>\n<strong>Telefone:<\/strong>\u00a0(21) 2262 0129<br \/>\nLargo da Carioca, S\/N<br \/>\nRio de Janeiro \u2013 RJ<br \/>\nCEP: 20050-020<\/td>\n<td valign=\"top\" bgcolor=\"#FFFFFF\" width=\"50%\"><strong>Fraternidade Franciscana<br \/>\n<\/strong><strong>Nossa Senhora da Boa Viagem<\/strong><strong><br \/>\n<\/strong>Telefone: (21) 3322-5525<br \/>\nEstrada da G\u00e1vea, 445<br \/>\nRocinha \u2013 Rio de Janeiro \u2013 RJ<br \/>\nCEP: 22451-265<\/td>\n<\/tr>\n<\/tbody>\n<\/table>\n<\/td>\n<\/tr>\n<\/tbody>\n<\/table>\n<p>[\/vc_column_text][vc_column_text][\/vc_column_text][vc_column_text]<\/p>\n<hr \/>\n<p>[\/vc_column_text][\/vc_column][\/vc_row]<\/p>\n","protected":false},"excerpt":{"rendered":"<p>[vc_row][vc_column width=&#8221;1\/2&#8243;][vc_column_text][\/vc_column_text][vc_column_text] VOCACIONAL [\/vc_column_text][vc_single_image image=&#8221;188263&#8243; img_size=&#8221;full&#8221; css_animation=&#8221;flipInX&#8221;][vc_column_text]Como buscar orienta\u00e7\u00e3o no Convento Santo Ant\u00f4nio O Servi\u00e7o de Anima\u00e7\u00e3o Vocacional, coordenado pelos animadores provinciais, num trabalho colegiado com os animadores vocacionais regionais e locais, auxilia as fraternidades a anunciarem e a proporem o projeto de vida do frade menor hoje e prepara as mesmas para acolherem aqueles [&hellip;]<\/p>\n","protected":false},"author":3,"featured_media":188263,"parent":0,"menu_order":0,"comment_status":"closed","ping_status":"closed","template":"","meta":[],"yoast_head":"<!-- This site is optimized with the Yoast SEO plugin v19.4 - https:\/\/yoast.com\/wordpress\/plugins\/seo\/ -->\n<title>Seja um frade franciscano - Convento Santo Ant\u00f4nio- Franciscanos<\/title>\n<meta name=\"robots\" content=\"index, follow, max-snippet:-1, max-image-preview:large, max-video-preview:-1\" \/>\n<link rel=\"canonical\" href=\"https:\/\/franciscanos.org.br\/conventosantoantonio\/seja-um-frade-franciscano\/\" \/>\n<meta property=\"og:locale\" content=\"pt_BR\" \/>\n<meta property=\"og:type\" content=\"article\" \/>\n<meta property=\"og:title\" content=\"Seja um frade franciscano - Convento Santo Ant\u00f4nio- Franciscanos\" \/>\n<meta property=\"og:description\" content=\"[vc_row][vc_column width=&#8221;1\/2&#8243;][vc_column_text][\/vc_column_text][vc_column_text] VOCACIONAL [\/vc_column_text][vc_single_image image=&#8221;188263&#8243; img_size=&#8221;full&#8221; css_animation=&#8221;flipInX&#8221;][vc_column_text]Como buscar orienta\u00e7\u00e3o no Convento Santo Ant\u00f4nio O Servi\u00e7o de Anima\u00e7\u00e3o Vocacional, coordenado pelos animadores provinciais, num trabalho colegiado com os animadores vocacionais regionais e locais, auxilia as fraternidades a anunciarem e a proporem o projeto de vida do frade menor hoje e prepara as mesmas para acolherem aqueles [&hellip;]\" \/>\n<meta property=\"og:url\" content=\"https:\/\/franciscanos.org.br\/conventosantoantonio\/seja-um-frade-franciscano\/\" \/>\n<meta property=\"og:site_name\" content=\"Convento Santo Ant\u00f4nio- Franciscanos\" \/>\n<meta property=\"article:modified_time\" content=\"2022-07-18T14:43:21+00:00\" \/>\n<meta property=\"og:image\" content=\"https:\/\/franciscanos.org.br\/conventosantoantonio\/wp-content\/uploads\/2022\/07\/vocacional_franciscanos-scaled.jpg\" \/>\n\t<meta property=\"og:image:width\" content=\"863\" \/>\n\t<meta property=\"og:image:height\" content=\"1080\" \/>\n\t<meta property=\"og:image:type\" content=\"image\/jpeg\" \/>\n<meta name=\"twitter:card\" content=\"summary_large_image\" \/>\n<meta name=\"twitter:label1\" content=\"Est. tempo de leitura\" \/>\n\t<meta name=\"twitter:data1\" content=\"2 minutos\" \/>\n<script type=\"application\/ld+json\" class=\"yoast-schema-graph\">{\"@context\":\"https:\/\/schema.org\",\"@graph\":[{\"@type\":\"WebSite\",\"@id\":\"https:\/\/franciscanos.org.br\/conventosantoantonio\/#website\",\"url\":\"https:\/\/franciscanos.org.br\/conventosantoantonio\/\",\"name\":\"Convento Santo Ant\u00f4nio- Franciscanos\",\"description\":\"Prov\u00edncia Franciscana da Imaculada Concei\u00e7\u00e3o do Brasil - Ordem dos Frades Menores\",\"potentialAction\":[{\"@type\":\"SearchAction\",\"target\":{\"@type\":\"EntryPoint\",\"urlTemplate\":\"https:\/\/franciscanos.org.br\/conventosantoantonio\/?s={search_term_string}\"},\"query-input\":\"required name=search_term_string\"}],\"inLanguage\":\"pt-BR\"},{\"@type\":\"WebPage\",\"@id\":\"https:\/\/franciscanos.org.br\/conventosantoantonio\/seja-um-frade-franciscano\/\",\"url\":\"https:\/\/franciscanos.org.br\/conventosantoantonio\/seja-um-frade-franciscano\/\",\"name\":\"Seja um frade franciscano - Convento Santo Ant\u00f4nio- Franciscanos\",\"isPartOf\":{\"@id\":\"https:\/\/franciscanos.org.br\/conventosantoantonio\/#website\"},\"datePublished\":\"2022-07-18T14:40:04+00:00\",\"dateModified\":\"2022-07-18T14:43:21+00:00\",\"breadcrumb\":{\"@id\":\"https:\/\/franciscanos.org.br\/conventosantoantonio\/seja-um-frade-franciscano\/#breadcrumb\"},\"inLanguage\":\"pt-BR\",\"potentialAction\":[{\"@type\":\"ReadAction\",\"target\":[\"https:\/\/franciscanos.org.br\/conventosantoantonio\/seja-um-frade-franciscano\/\"]}]},{\"@type\":\"BreadcrumbList\",\"@id\":\"https:\/\/franciscanos.org.br\/conventosantoantonio\/seja-um-frade-franciscano\/#breadcrumb\",\"itemListElement\":[{\"@type\":\"ListItem\",\"position\":1,\"name\":\"Home\",\"item\":\"https:\/\/franciscanos.org.br\/conventosantoantonio\/\"},{\"@type\":\"ListItem\",\"position\":2,\"name\":\"Seja um frade franciscano\"}]}]}<\/script>\n<!-- \/ Yoast SEO plugin. -->","yoast_head_json":{"title":"Seja um frade franciscano - Convento Santo Ant\u00f4nio- Franciscanos","robots":{"index":"index","follow":"follow","max-snippet":"max-snippet:-1","max-image-preview":"max-image-preview:large","max-video-preview":"max-video-preview:-1"},"canonical":"https:\/\/franciscanos.org.br\/conventosantoantonio\/seja-um-frade-franciscano\/","og_locale":"pt_BR","og_type":"article","og_title":"Seja um frade franciscano - Convento Santo Ant\u00f4nio- Franciscanos","og_description":"[vc_row][vc_column width=&#8221;1\/2&#8243;][vc_column_text][\/vc_column_text][vc_column_text] VOCACIONAL [\/vc_column_text][vc_single_image image=&#8221;188263&#8243; img_size=&#8221;full&#8221; css_animation=&#8221;flipInX&#8221;][vc_column_text]Como buscar orienta\u00e7\u00e3o no Convento Santo Ant\u00f4nio O Servi\u00e7o de Anima\u00e7\u00e3o Vocacional, coordenado pelos animadores provinciais, num trabalho colegiado com os animadores vocacionais regionais e locais, auxilia as fraternidades a anunciarem e a proporem o projeto de vida do frade menor hoje e prepara as mesmas para acolherem aqueles [&hellip;]","og_url":"https:\/\/franciscanos.org.br\/conventosantoantonio\/seja-um-frade-franciscano\/","og_site_name":"Convento Santo Ant\u00f4nio- Franciscanos","article_modified_time":"2022-07-18T14:43:21+00:00","og_image":[{"width":863,"height":1080,"url":"https:\/\/franciscanos.org.br\/conventosantoantonio\/wp-content\/uploads\/2022\/07\/vocacional_franciscanos-scaled.jpg","type":"image\/jpeg"}],"twitter_card":"summary_large_image","twitter_misc":{"Est. tempo de leitura":"2 minutos"},"schema":{"@context":"https:\/\/schema.org","@graph":[{"@type":"WebSite","@id":"https:\/\/franciscanos.org.br\/conventosantoantonio\/#website","url":"https:\/\/franciscanos.org.br\/conventosantoantonio\/","name":"Convento Santo Ant\u00f4nio- Franciscanos","description":"Prov\u00edncia Franciscana da Imaculada Concei\u00e7\u00e3o do Brasil - Ordem dos Frades Menores","potentialAction":[{"@type":"SearchAction","target":{"@type":"EntryPoint","urlTemplate":"https:\/\/franciscanos.org.br\/conventosantoantonio\/?s={search_term_string}"},"query-input":"required name=search_term_string"}],"inLanguage":"pt-BR"},{"@type":"WebPage","@id":"https:\/\/franciscanos.org.br\/conventosantoantonio\/seja-um-frade-franciscano\/","url":"https:\/\/franciscanos.org.br\/conventosantoantonio\/seja-um-frade-franciscano\/","name":"Seja um frade franciscano - Convento Santo Ant\u00f4nio- Franciscanos","isPartOf":{"@id":"https:\/\/franciscanos.org.br\/conventosantoantonio\/#website"},"datePublished":"2022-07-18T14:40:04+00:00","dateModified":"2022-07-18T14:43:21+00:00","breadcrumb":{"@id":"https:\/\/franciscanos.org.br\/conventosantoantonio\/seja-um-frade-franciscano\/#breadcrumb"},"inLanguage":"pt-BR","potentialAction":[{"@type":"ReadAction","target":["https:\/\/franciscanos.org.br\/conventosantoantonio\/seja-um-frade-franciscano\/"]}]},{"@type":"BreadcrumbList","@id":"https:\/\/franciscanos.org.br\/conventosantoantonio\/seja-um-frade-franciscano\/#breadcrumb","itemListElement":[{"@type":"ListItem","position":1,"name":"Home","item":"https:\/\/franciscanos.org.br\/conventosantoantonio\/"},{"@type":"ListItem","position":2,"name":"Seja um frade franciscano"}]}]}},"_links":{"self":[{"href":"https:\/\/franciscanos.org.br\/conventosantoantonio\/wp-json\/wp\/v2\/pages\/188279"}],"collection":[{"href":"https:\/\/franciscanos.org.br\/conventosantoantonio\/wp-json\/wp\/v2\/pages"}],"about":[{"href":"https:\/\/franciscanos.org.br\/conventosantoantonio\/wp-json\/wp\/v2\/types\/page"}],"author":[{"embeddable":true,"href":"https:\/\/franciscanos.org.br\/conventosantoantonio\/wp-json\/wp\/v2\/users\/3"}],"replies":[{"embeddable":true,"href":"https:\/\/franciscanos.org.br\/conventosantoantonio\/wp-json\/wp\/v2\/comments?post=188279"}],"version-history":[{"count":5,"href":"https:\/\/franciscanos.org.br\/conventosantoantonio\/wp-json\/wp\/v2\/pages\/188279\/revisions"}],"predecessor-version":[{"id":188284,"href":"https:\/\/franciscanos.org.br\/conventosantoantonio\/wp-json\/wp\/v2\/pages\/188279\/revisions\/188284"}],"wp:featuredmedia":[{"embeddable":true,"href":"https:\/\/franciscanos.org.br\/conventosantoantonio\/wp-json\/wp\/v2\/media\/188263"}],"wp:attachment":[{"href":"https:\/\/franciscanos.org.br\/conventosantoantonio\/wp-json\/wp\/v2\/media?parent=188279"}],"curies":[{"name":"wp","href":"https:\/\/api.w.org\/{rel}","templated":true}]}}