{"id":187904,"date":"2021-09-24T09:55:45","date_gmt":"2021-09-24T12:55:45","guid":{"rendered":"https:\/\/franciscanos.org.br\/conventosantoantonio\/?page_id=187904"},"modified":"2021-09-24T13:46:37","modified_gmt":"2021-09-24T16:46:37","slug":"frei-joao-do-amor-divino-costa","status":"publish","type":"page","link":"https:\/\/franciscanos.org.br\/conventosantoantonio\/frei-joao-do-amor-divino-costa\/","title":{"rendered":"Frei Jo\u00e3o do Amor Divino Costa"},"content":{"rendered":"<p>[vc_row][vc_column width=&#8221;1\/2&#8243;][vc_column_text]<strong>* Rio de Janeiro, RJ, 20\/09\/1830<\/strong><br \/>\n<strong>\u2020 Rio de Janeiro, RJ, 07\/12\/1909<\/strong><\/p>\n<p>Frei Jo\u00e3o do Amor Divino Costa, \u00faltimo remanescente da gera\u00e7\u00e3o antiga da Prov\u00edncia da Imaculada Concei\u00e7\u00e3o, faleceu em 1909,\u00a08\u00a0anos depois da restaura\u00e7\u00e3o can\u00f4nica das duas Prov\u00edncias brasileiras: Santo Ant\u00f4nio e Imaculada Concei\u00e7\u00e3o, ocorrida a 14 de setembro de 1901.<\/p>\n<p>Carioca da gema, nasceu Jo\u00e3o Eust\u00e1quio da Costa na freguesia de Santana, na data de 20 de setembro de 1830.Aos 14 anos ingressou, como pupilo, no convento de Santo Ant\u00f4nio, e em 17 de maio de 1845 tomou o h\u00e1bito religioso, professando somente a 20 de setembro de 1846, ao completar 16 anos.<\/p>\n<p>Ordenou-se padre em 18 de junho de 1852.Como era um dos poucos sobreviventes da antiga Prov\u00edncia da Imaculada Concei\u00e7\u00e3o, ocupou quase todos os cargos e of\u00edcios: mestre de novi\u00e7os, guardi\u00e3o, definidor, secret\u00e1rio da Prov\u00edncia, procurador geral, cust\u00f3dio. Com a morte do Provincial Frei Ant\u00f4nio do Cora\u00e7\u00e3o de Maria e Almeida, ocorrida a 19 de junho de 1870, quatro, dos seis sobreviventes da Prov\u00edncia o elegeram Vig\u00e1rio Provincial, em 02 de julho de 1870.<\/p>\n<p>Ocupou este cargo durante 39 anos. Frei Diogo de Freitas assim o descreveu pelo ano de 1899: \u201cApesar da idade (quase 70 anos), a sua apar\u00eancia era a de um homem forte, musculoso e sadio. Era o velho frade, de porte agigantado, robusto, apressado no andar, de cor morena e cabelos lisos e finos, sem ind\u00edcios de calv\u00edcie; a sua voz era cava e retumbante como a do trov\u00e3o; o seu semblante, sereno e concentrado; n\u00e3o ria, se bem que muito conversador e contador de anedotas. No todo, era uma figura impressionante, e seu f\u00edsico combinava perfeitamente com a rigidez do seu temperamento, \u00e0s vezes violento, o que o tornava tem\u00edvel, por\u00e9m sempre justo e inclinado a transigir\u2026 Cedia \u00e0 reflex\u00e3o e \u00e0 voz da consci\u00eancia\u201d.<\/p>\n<p>Infelizmente Frei Jo\u00e3o s\u00f3 veio a conhecer a Prov\u00edncia da Imaculada Concei\u00e7\u00e3o j\u00e1 na \u00e9poca de sua completa e total decad\u00eancia e desagrega\u00e7\u00e3o.<\/p>\n<p>Em 1871, fez a visita a alguns dos conventos do sul: Itanha\u00e9m, Taubat\u00e9, S\u00e3o Sebasti\u00e3o e Itu, todos eles na ent\u00e3o Prov\u00edncia de S\u00e3o Paulo. Esteve mais vezes e demorou-se mais tempo nos conventos de Vit\u00f3ria e da Penha, estes no Esp\u00edrito Santo.<\/p>\n<p>Pode-se dizer que no in\u00edcio de sua gest\u00e3o fez o que p\u00f4de para salvar da ru\u00edna completa os conventos abandonados e os destro\u00e7os do elemento humano de que ainda dispunha.<br \/>\nNo mesmo ano de 1871 fez apelo ao Imperador, pedindo a reabertura do noviciado (o decreto de fechamento datava de 19\/05\/1855). N\u00e3o foi atendido.<\/p>\n<p>Por ocasi\u00e3o da assinatura do decreto de 13 de maio de 1888, dando liberdade aos escravos, dirigiu carta ao conselheiro Jo\u00e3o Alfredo, pedindo: \u201cque se decretasse tamb\u00e9m a liberdade espiritual escravizada\u201d. Baldados esfor\u00e7os.<\/p>\n<p>De 1872 h\u00e1 dele um relat\u00f3rio detalhado do estado das casas e do pessoal. Totalmente desanimador.[\/vc_column_text][\/vc_column][vc_column width=&#8221;1\/2&#8243;][vc_column_text]Tanto mais \u00e9 de se estranhar a atitude de Frei Jo\u00e3o, quando depois da proclama\u00e7\u00e3o da Rep\u00fablica (15\/11\/1889) e a Santa S\u00e9 urgindo a revitaliza\u00e7\u00e3o das ordens religiosas no Brasil, ele n\u00e3o mais se interessou e contentou-se apenas com palavras evasivas.<\/p>\n<p>Quando em 1893, foi-lhe citado o exemplo do Provincial da Prov\u00edncia de Santo Ant\u00f4nio, que nela frades sax\u00f5es, ele s\u00f3 afirmou \u201cque mais de uma vez pedira ao Padre Geral que o socorresse no seu isolamento\u201d.<\/p>\n<p>Em 1899 veio ordem expressa da Santa S\u00e9, para a incorpora\u00e7\u00e3o de novos religiosos e conseq\u00fcente continuidade da exist\u00eancia da Prov\u00edncia Franciscana da Imaculada Concei\u00e7\u00e3o. Isto conseguiu-o com, muito jeito e diplomacia o encarregado dos Neg\u00f3cios da Santa S\u00e9, monsenhor Enrico Sibilia. Dia 26 de abril de 1899, apresentarem-se a ele Frei Diogo de Freitas, Frei Cris\u00f3logo Kampmann e o irm\u00e3o Frei Patr\u00edcio Tuschen. Frei Jo\u00e3o declarou-os agregados \u00e0 sua Prov\u00edncia. Aos 05 de junho do mesmo ano, foi assinado ato p\u00fablico da aceita\u00e7\u00e3o dos dois primeiros e publicado no Di\u00e1rio Oficial, no dia seguinte.<\/p>\n<p>Em 19 de mar\u00e7o de 1901, recebeu ele ainda a profiss\u00e3o solene de Frei Patr\u00edcio, todavia tratava-os somente como h\u00f3spedes, n\u00e3o interferindo em nada, \u00e9 verdade, mas totalmente desinteressado de qualquer iniciativa ou colabora\u00e7\u00e3o. O certo \u00e9 que ele n\u00e3o sentia nenhuma simpatia pelos franciscanos alem\u00e3es que o Padre Geral tinha conseguido para a sua Prov\u00edncia.<\/p>\n<p>Apesar disso, por este seu gesto de condescend\u00eancia, foi Frei Jo\u00e3o nomeado Protonot\u00e1rio Apost\u00f3lico, com pontificais de b\u00e1culo e mitra. Recebeu ainda o t\u00edtulo honor\u00edfico de Cust\u00f3dio da Terra Santa. O rei de Portugal, Dom Carlos I, conferiu-lhe a comenda da Ordem de Cristo.<\/p>\n<p>Pelo ano de 1907, a sa\u00fade do outrora t\u00e3o vigoroso Frei Jo\u00e3o come\u00e7ou a declinar rapidamente. Foi residir em Copacabana, mas os males se agravaram. Veio depois para ma casa na rua da Carioca, mas poucos dias lhe restaram.<\/p>\n<p>Faleceu em quase total abandono, dia 07 de dezembro de 1909, cerca de 17:30 horas. J\u00e1 agonizante, Frei Diogo de Freitas lhe administrou os Santos \u00d3leos, depois de ter durante todo o dia o acesso barrado ao doente.<\/p>\n<p>A vener\u00e1vel Ordem Terceira da Penit\u00eancia, da qual foi Comiss\u00e1rio desde 1885, mandou embalsamar o corpo e \u00e0s suas expensas o sepultou no seu cemit\u00e9rio da praia do Caju.<\/p>\n<p>Com ele encerrou-se melancolicamente o destino da outrora gloriosa falange dos religiosos da Prov\u00edncia da Imaculada Concei\u00e7\u00e3o da Senhora.[\/vc_column_text][\/vc_column][\/vc_row]<\/p>\n","protected":false},"excerpt":{"rendered":"<p>[vc_row][vc_column width=&#8221;1\/2&#8243;][vc_column_text]* Rio de Janeiro, RJ, 20\/09\/1830 \u2020 Rio de Janeiro, RJ, 07\/12\/1909 Frei Jo\u00e3o do Amor Divino Costa, \u00faltimo remanescente da gera\u00e7\u00e3o antiga da Prov\u00edncia da Imaculada Concei\u00e7\u00e3o, faleceu em 1909,\u00a08\u00a0anos depois da restaura\u00e7\u00e3o can\u00f4nica das duas Prov\u00edncias brasileiras: Santo Ant\u00f4nio e Imaculada Concei\u00e7\u00e3o, ocorrida a 14 de setembro de 1901. Carioca da gema, [&hellip;]<\/p>\n","protected":false},"author":3,"featured_media":0,"parent":0,"menu_order":0,"comment_status":"closed","ping_status":"closed","template":"","meta":[],"yoast_head":"<!-- This site is optimized with the Yoast SEO plugin v19.4 - https:\/\/yoast.com\/wordpress\/plugins\/seo\/ -->\n<title>Frei Jo\u00e3o do Amor Divino Costa - Convento Santo Ant\u00f4nio- Franciscanos<\/title>\n<meta name=\"robots\" content=\"index, follow, max-snippet:-1, max-image-preview:large, max-video-preview:-1\" \/>\n<link rel=\"canonical\" href=\"https:\/\/franciscanos.org.br\/conventosantoantonio\/frei-joao-do-amor-divino-costa\/\" \/>\n<meta property=\"og:locale\" content=\"pt_BR\" \/>\n<meta property=\"og:type\" content=\"article\" \/>\n<meta property=\"og:title\" content=\"Frei Jo\u00e3o do Amor Divino Costa - Convento Santo Ant\u00f4nio- Franciscanos\" \/>\n<meta property=\"og:description\" content=\"[vc_row][vc_column width=&#8221;1\/2&#8243;][vc_column_text]* Rio de Janeiro, RJ, 20\/09\/1830 \u2020 Rio de Janeiro, RJ, 07\/12\/1909 Frei Jo\u00e3o do Amor Divino Costa, \u00faltimo remanescente da gera\u00e7\u00e3o antiga da Prov\u00edncia da Imaculada Concei\u00e7\u00e3o, faleceu em 1909,\u00a08\u00a0anos depois da restaura\u00e7\u00e3o can\u00f4nica das duas Prov\u00edncias brasileiras: Santo Ant\u00f4nio e Imaculada Concei\u00e7\u00e3o, ocorrida a 14 de setembro de 1901. Carioca da gema, [&hellip;]\" \/>\n<meta property=\"og:url\" content=\"https:\/\/franciscanos.org.br\/conventosantoantonio\/frei-joao-do-amor-divino-costa\/\" \/>\n<meta property=\"og:site_name\" content=\"Convento Santo Ant\u00f4nio- Franciscanos\" \/>\n<meta property=\"article:modified_time\" content=\"2021-09-24T16:46:37+00:00\" \/>\n<meta name=\"twitter:card\" content=\"summary_large_image\" \/>\n<meta name=\"twitter:label1\" content=\"Est. tempo de leitura\" \/>\n\t<meta name=\"twitter:data1\" content=\"5 minutos\" \/>\n<script type=\"application\/ld+json\" class=\"yoast-schema-graph\">{\"@context\":\"https:\/\/schema.org\",\"@graph\":[{\"@type\":\"WebSite\",\"@id\":\"https:\/\/franciscanos.org.br\/conventosantoantonio\/#website\",\"url\":\"https:\/\/franciscanos.org.br\/conventosantoantonio\/\",\"name\":\"Convento Santo Ant\u00f4nio- Franciscanos\",\"description\":\"Prov\u00edncia Franciscana da Imaculada Concei\u00e7\u00e3o do Brasil - Ordem dos Frades Menores\",\"potentialAction\":[{\"@type\":\"SearchAction\",\"target\":{\"@type\":\"EntryPoint\",\"urlTemplate\":\"https:\/\/franciscanos.org.br\/conventosantoantonio\/?s={search_term_string}\"},\"query-input\":\"required name=search_term_string\"}],\"inLanguage\":\"pt-BR\"},{\"@type\":\"WebPage\",\"@id\":\"https:\/\/franciscanos.org.br\/conventosantoantonio\/frei-joao-do-amor-divino-costa\/\",\"url\":\"https:\/\/franciscanos.org.br\/conventosantoantonio\/frei-joao-do-amor-divino-costa\/\",\"name\":\"Frei Jo\u00e3o do Amor Divino Costa - Convento Santo Ant\u00f4nio- Franciscanos\",\"isPartOf\":{\"@id\":\"https:\/\/franciscanos.org.br\/conventosantoantonio\/#website\"},\"datePublished\":\"2021-09-24T12:55:45+00:00\",\"dateModified\":\"2021-09-24T16:46:37+00:00\",\"breadcrumb\":{\"@id\":\"https:\/\/franciscanos.org.br\/conventosantoantonio\/frei-joao-do-amor-divino-costa\/#breadcrumb\"},\"inLanguage\":\"pt-BR\",\"potentialAction\":[{\"@type\":\"ReadAction\",\"target\":[\"https:\/\/franciscanos.org.br\/conventosantoantonio\/frei-joao-do-amor-divino-costa\/\"]}]},{\"@type\":\"BreadcrumbList\",\"@id\":\"https:\/\/franciscanos.org.br\/conventosantoantonio\/frei-joao-do-amor-divino-costa\/#breadcrumb\",\"itemListElement\":[{\"@type\":\"ListItem\",\"position\":1,\"name\":\"Home\",\"item\":\"https:\/\/franciscanos.org.br\/conventosantoantonio\/\"},{\"@type\":\"ListItem\",\"position\":2,\"name\":\"Frei Jo\u00e3o do Amor Divino Costa\"}]}]}<\/script>\n<!-- \/ Yoast SEO plugin. -->","yoast_head_json":{"title":"Frei Jo\u00e3o do Amor Divino Costa - Convento Santo Ant\u00f4nio- Franciscanos","robots":{"index":"index","follow":"follow","max-snippet":"max-snippet:-1","max-image-preview":"max-image-preview:large","max-video-preview":"max-video-preview:-1"},"canonical":"https:\/\/franciscanos.org.br\/conventosantoantonio\/frei-joao-do-amor-divino-costa\/","og_locale":"pt_BR","og_type":"article","og_title":"Frei Jo\u00e3o do Amor Divino Costa - Convento Santo Ant\u00f4nio- Franciscanos","og_description":"[vc_row][vc_column width=&#8221;1\/2&#8243;][vc_column_text]* Rio de Janeiro, RJ, 20\/09\/1830 \u2020 Rio de Janeiro, RJ, 07\/12\/1909 Frei Jo\u00e3o do Amor Divino Costa, \u00faltimo remanescente da gera\u00e7\u00e3o antiga da Prov\u00edncia da Imaculada Concei\u00e7\u00e3o, faleceu em 1909,\u00a08\u00a0anos depois da restaura\u00e7\u00e3o can\u00f4nica das duas Prov\u00edncias brasileiras: Santo Ant\u00f4nio e Imaculada Concei\u00e7\u00e3o, ocorrida a 14 de setembro de 1901. Carioca da gema, [&hellip;]","og_url":"https:\/\/franciscanos.org.br\/conventosantoantonio\/frei-joao-do-amor-divino-costa\/","og_site_name":"Convento Santo Ant\u00f4nio- Franciscanos","article_modified_time":"2021-09-24T16:46:37+00:00","twitter_card":"summary_large_image","twitter_misc":{"Est. tempo de leitura":"5 minutos"},"schema":{"@context":"https:\/\/schema.org","@graph":[{"@type":"WebSite","@id":"https:\/\/franciscanos.org.br\/conventosantoantonio\/#website","url":"https:\/\/franciscanos.org.br\/conventosantoantonio\/","name":"Convento Santo Ant\u00f4nio- Franciscanos","description":"Prov\u00edncia Franciscana da Imaculada Concei\u00e7\u00e3o do Brasil - Ordem dos Frades Menores","potentialAction":[{"@type":"SearchAction","target":{"@type":"EntryPoint","urlTemplate":"https:\/\/franciscanos.org.br\/conventosantoantonio\/?s={search_term_string}"},"query-input":"required name=search_term_string"}],"inLanguage":"pt-BR"},{"@type":"WebPage","@id":"https:\/\/franciscanos.org.br\/conventosantoantonio\/frei-joao-do-amor-divino-costa\/","url":"https:\/\/franciscanos.org.br\/conventosantoantonio\/frei-joao-do-amor-divino-costa\/","name":"Frei Jo\u00e3o do Amor Divino Costa - Convento Santo Ant\u00f4nio- Franciscanos","isPartOf":{"@id":"https:\/\/franciscanos.org.br\/conventosantoantonio\/#website"},"datePublished":"2021-09-24T12:55:45+00:00","dateModified":"2021-09-24T16:46:37+00:00","breadcrumb":{"@id":"https:\/\/franciscanos.org.br\/conventosantoantonio\/frei-joao-do-amor-divino-costa\/#breadcrumb"},"inLanguage":"pt-BR","potentialAction":[{"@type":"ReadAction","target":["https:\/\/franciscanos.org.br\/conventosantoantonio\/frei-joao-do-amor-divino-costa\/"]}]},{"@type":"BreadcrumbList","@id":"https:\/\/franciscanos.org.br\/conventosantoantonio\/frei-joao-do-amor-divino-costa\/#breadcrumb","itemListElement":[{"@type":"ListItem","position":1,"name":"Home","item":"https:\/\/franciscanos.org.br\/conventosantoantonio\/"},{"@type":"ListItem","position":2,"name":"Frei Jo\u00e3o do Amor Divino Costa"}]}]}},"_links":{"self":[{"href":"https:\/\/franciscanos.org.br\/conventosantoantonio\/wp-json\/wp\/v2\/pages\/187904"}],"collection":[{"href":"https:\/\/franciscanos.org.br\/conventosantoantonio\/wp-json\/wp\/v2\/pages"}],"about":[{"href":"https:\/\/franciscanos.org.br\/conventosantoantonio\/wp-json\/wp\/v2\/types\/page"}],"author":[{"embeddable":true,"href":"https:\/\/franciscanos.org.br\/conventosantoantonio\/wp-json\/wp\/v2\/users\/3"}],"replies":[{"embeddable":true,"href":"https:\/\/franciscanos.org.br\/conventosantoantonio\/wp-json\/wp\/v2\/comments?post=187904"}],"version-history":[{"count":6,"href":"https:\/\/franciscanos.org.br\/conventosantoantonio\/wp-json\/wp\/v2\/pages\/187904\/revisions"}],"predecessor-version":[{"id":187916,"href":"https:\/\/franciscanos.org.br\/conventosantoantonio\/wp-json\/wp\/v2\/pages\/187904\/revisions\/187916"}],"wp:attachment":[{"href":"https:\/\/franciscanos.org.br\/conventosantoantonio\/wp-json\/wp\/v2\/media?parent=187904"}],"curies":[{"name":"wp","href":"https:\/\/api.w.org\/{rel}","templated":true}]}}