{"id":187214,"date":"2020-09-08T15:30:02","date_gmt":"2020-09-08T18:30:02","guid":{"rendered":"https:\/\/franciscanos.org.br\/conventosantoantonio\/?page_id=187214"},"modified":"2021-09-24T08:45:05","modified_gmt":"2021-09-24T11:45:05","slug":"agende-sua-romaria","status":"publish","type":"page","link":"https:\/\/franciscanos.org.br\/conventosantoantonio\/agende-sua-romaria\/","title":{"rendered":"OFS"},"content":{"rendered":"<p>[vc_row][vc_column width=&#8221;1\/2&#8243;][vc_column_text]<\/p>\n<h1>OFS<\/h1>\n<h3><img loading=\"lazy\" src=\"http:\/\/conventosantoantonio.org.br\/wp-content\/uploads\/2013\/05\/stoantonio4.jpg\" alt=\"stoantonio4\" width=\"944\" height=\"352\" \/><\/h3>\n<h2>Voc\u00ea conhece a Ordem Franciscana Secular?<\/h2>\n<h4><strong>Regra e vida da OFS<\/strong><br \/>\n<strong>Regra da Ordem Franciscana Secular<\/strong><\/h4>\n<h4><strong>Cap\u00edtulo I \u2013 A ORDEM FRANCISCANA SECULAR (OFS)\u00a0<\/strong><\/h4>\n<p>Entre as fam\u00edlias espirituais, suscitadas pelo Esp\u00edrito Santo na Igreja, a Fam\u00edlia Franciscana re\u00fane todos aqueles membros do Povo de Deus, leigos, religiosos e sacerdotes, que se sentem chamados ao seguimento do Cristo, \u00e0 maneira de S\u00e3o Francisco de Assis. Por modos e formas diversas, mas em rec\u00edproca comunh\u00e3o vital, eles querem tornar presente o carisma do comum Pai Ser\u00e1fico na vida e na miss\u00e3o da Igreja.\u00a0No seio da dita fam\u00edlia, ocupa posi\u00e7\u00e3o espec\u00edfica a Ordem Franciscana Secular que se configura como uma uni\u00e3o org\u00e2nica de todas as fraternidades cat\u00f3licas espalhadas pelo mundo e abertas a todos os grupos e fi\u00e9is. Nelas, os irm\u00e3os e as irm\u00e3s, impulsionados pelo Esp\u00edrito a atingir a perfei\u00e7\u00e3o da caridade no pr\u00f3prio estado secular, s\u00e3o empenhados pela Profiss\u00e3o a viver o Evangelho \u00e0 maneira de S\u00e3o Francisco e mediante esta Regra confirmada pela Igreja.\u00a0A presente Regra, ap\u00f3s o \u201cMemoriale Propositi\u201d (1221) e ap\u00f3s as Regras aprovadas pelos Sumos Pont\u00edfices Nicolau IV e Le\u00e3o XIII, adapta a Ordem Franciscana Secular \u00e0s exig\u00eancias e expectativas da santa Igreja nestes tempos de acentuadas mudan\u00e7as. A sua interpreta\u00e7\u00e3o compete \u00e0 Santa S\u00e9 e a aplica\u00e7\u00e3o ser\u00e1 feita pelas Constitui\u00e7\u00f5es Gerais e por Estatutos particulares.<\/p>\n<h4><strong>Cap\u00edtulo II \u2013 A FORMA DE VIDA<\/strong><\/h4>\n<p>A Regra e a vida dos franciscanos seculares \u00e9 esta: observar o Evangelho de Nosso Senhor Jesus Cristo segundo o exemplo de S\u00e3o Francisco de Assis, que fez do Cristo o inspirador e o centro da sua vida com Deus e com os homens. Cristo, dom do Amor do Pai, \u00e9 o caminho para Ele, \u00e9 a verdade na qual o Esp\u00edrito Santo nos introduz, \u00e9 a vida que Ele veio dar em superabund\u00e2ncia. Os franciscanos seculares se empenhem, sobretudo na leitura ass\u00eddua do Evangelho, passando do Evangelho \u00e0 vida e da vida ao Evangelho.\u00a0Os franciscanos seculares, portanto, procurem a pessoa vivente e operante do Cristo nos irm\u00e3os, na Sagrada Escritura, na Igreja e nas a\u00e7\u00f5es lit\u00fargicas. A f\u00e9 de S\u00e3o Francisco, que ditou estas palavras: \u201cNada vejo corporalmente neste mundo do alt\u00edssimo Filho de Deus, sen\u00e3o o seu sant\u00edssimo Corpo e o sant\u00edssimo Sangue\u201d, seja para eles a inspira\u00e7\u00e3o e o caminho da sua vida eucar\u00edstica.<\/p>\n<p>Sepultados e ressuscitados com Cristo no Batismo, que os torna membros vivos da Igreja, e a ela mais fortemente ligados pela Profiss\u00e3o, tornem-se testemunhas e instrumentos da sua miss\u00e3o entre os homens, anunciando Cristo pela vida e pela palavra. Inspirados por S\u00e3o Francisco e com ele chamados a restaurar a Igreja, empenhem-se em viver em comunh\u00e3o plena com o Papa, os Bispos e os Sacerdotes, promovendo um confiante e aberto di\u00e1logo de fecundidade e de riqueza apost\u00f3licas.<\/p>\n<p><strong>\u00a0<\/strong>Como \u201cirm\u00e3os e irm\u00e3s da penit\u00eancia\u201d, em virtude de sua voca\u00e7\u00e3o, impulsionados pela din\u00e2mica do Evangelho, conformem o seu modo de pensar e de agir ao de Cristo, mediante uma radical transforma\u00e7\u00e3o interior que o pr\u00f3prio Evangelho designa pelo nome de \u201cconvers\u00e3o\u201d, a qual, devido \u00e0 fragilidade humana, deve ser realizada todos os dias. Neste caminho de renova\u00e7\u00e3o, o sacramento da Reconcilia\u00e7\u00e3o \u00e9 sinal privilegiado da miseric\u00f3rdia do Pai e fonte de gra\u00e7as.<strong>\u00a0<\/strong>Assim como Jesus foi o verdadeiro adorador do Pai, fa\u00e7am da ora\u00e7\u00e3o e da contempla\u00e7\u00e3o a alma do pr\u00f3prio ser e do pr\u00f3prio agir. Participem da vida sacramental da Igreja, principalmente da Eucaristia, e se associem \u00e0 ora\u00e7\u00e3o lit\u00fargica em uma das formas propostas pela mesma Igreja, revivendo assim os mist\u00e9rios da vida de Cristo.<\/p>\n<p>A Virgem Maria, humilde serva do Senhor, dispon\u00edvel \u00e0 sua palavra e a todos os seus apelos, foi cercada por Francisco de indiz\u00edvel amor e foi por elo designada Protetora e Advogada da sua fam\u00edlia. Que os franciscanos seculares testemunhem a Ela seu ardente amor pela imita\u00e7\u00e3o de sua incondicionada disponibilidade e pela pr\u00e1tica de uma ora\u00e7\u00e3o confiante e consciente.\u00a0Unindo-se \u00e0 obedi\u00eancia redentora de Jesus que dep\u00f4s sua vontade nas m\u00e3os do Pai, cumpram fielmente as obriga\u00e7\u00f5es pr\u00f3prias da condi\u00e7\u00e3o de cada um nas diversas situa\u00e7\u00f5es da vida, e sigam o Cristo, pobre e crucificado, testemunhando-o, mesmo nas dificuldades e persegui\u00e7\u00f5es.<\/p>\n<p>Cristo, pondo toda a sua confian\u00e7a no Pai, embora apreciasse atenta e amorosamente as realidades criadas, escolheu para Si e para sua M\u00e3e uma vida pobre e humilde; assim, os franciscanos seculares procurem, no desapego e no uso, um justo relacionamento com os bens temporais, simplificando as pr\u00f3prias exig\u00eancias materiais; estejam, pois, conscientes de que, segundo o Evangelho, s\u00e3o administradores dos bens recebidos em favor dos filhos de Deus. Assim, no esp\u00edrito das \u201cBem-aventuran\u00e7as\u201d, se esforcem para purificar o cora\u00e7\u00e3o de toda inclina\u00e7\u00e3o e avidez de posse e de domina\u00e7\u00e3o, como \u201cperegrinos e forasteiros\u201d a caminho da casa do Pai.<\/p>\n<p>Testemunhas dos bens futuros e empenhados pela voca\u00e7\u00e3o abra\u00e7ada em adquirir a pureza do cora\u00e7\u00e3o, desse modo tornar-se-\u00e3o livres para o amor de Deus e dos irm\u00e3os.\u00a0Assim como o Pai v\u00ea em cada ser humano os tra\u00e7os do seu Filho, Primog\u00eanito entre muitos irm\u00e3os, os franciscanos seculares acolham todos os homens com esp\u00edrito humilde e benevolente, como um dom do Senhor e imagem de Cristo. O sentido da fraternidade os tornar\u00e1 dispostos a igualar-se com alegria a todos os homens, especialmente aos mais pequeninos, para os quais procurar\u00e3o criar condi\u00e7\u00f5es de vida dignas de criaturas remidas por Cristo.<\/p>\n<p>Chamados, juntamente com todos os homens de boa vontade, a constru\u00edrem um mundo mais fraterno e evang\u00e9lico para a realiza\u00e7\u00e3o do Reino de Deus e conscientes de que \u201cquem segue a Cristo, Homem perfeito, tamb\u00e9m se torna mais homem\u201d, assumam as pr\u00f3prias responsabilidades com compet\u00eancia e em esp\u00edrito crist\u00e3o de servi\u00e7o.\u00a0Estejam presentes pelo testemunho da pr\u00f3pria vida humana, bem como por iniciativas corajosas, quer individuais quer comunit\u00e1rias, na promo\u00e7\u00e3o da justi\u00e7a, particularmente no \u00e2mbito da vida p\u00fablica, comprometendo-se com op\u00e7\u00f5es concretas e coerentes com sua f\u00e9.\u00a0Estimem o trabalho como um dom e como participa\u00e7\u00e3o na cria\u00e7\u00e3o, na reden\u00e7\u00e3o e no servi\u00e7o da comunidade humanas.<\/p>\n<p>Em sua fam\u00edlia vivam o esp\u00edrito franciscano de paz, de fidelidade e de respeito \u00e0 vida, esfor\u00e7ando-se para fazer dela o sinal de um mundo j\u00e1 renovado em Cristo.\u00a0Os esposos, em particular, vivendo as gra\u00e7as do matrim\u00f4nio, testemunhem, no mundo, o amor de Cristo por sua Igreja. Mediante uma educa\u00e7\u00e3o crist\u00e3 simples e aberta de seus filhos, atentos \u00e0 voca\u00e7\u00e3o de cada um, caminhem alegremente com eles em seu itiner\u00e1rio humano e espiritual.<\/p>\n<p>Tenham, al\u00e9m disso, respeito pelas outras criaturas, animadas e inanimadas, que \u201cdo Alt\u00edssimo trazem um sinal\u201d e procurem, com afinco, passar da tenta\u00e7\u00e3o de sua explora\u00e7\u00e3o ao conceito franciscano da fraternidade universal.<strong>\u00a0<\/strong>Como portadores de paz e lembrando-se de que ela deve ser constru\u00edda incessantemente, procurem os caminhos da unidade e dos entendimentos fraternos mediante o di\u00e1logo, confiantes na presen\u00e7a do germe divino que existe no homem e na for\u00e7a transformadora do amor e do perd\u00e3o. Mensageiros da perfeita alegria, procurem, em qualquer circunstancia, levar aos outros a alegria e a esperan\u00e7a. Inseridos na Ressurrei\u00e7\u00e3o de Cristo, que d\u00e1 o verdadeiro sentido \u00e0 Irm\u00e3 Morte, encaminhem-se serenamente ao encontro definitivo com o Pai.<\/p>\n<h4><strong>Cap\u00edtulo III \u2013 A VIDA EM FRATERNIDADE\u00a0<\/strong><\/h4>\n<p>A Ordem Franciscana Secular se articula em Fraternidades de v\u00e1rios n\u00edveis: local, regional, nacional e internacional, que t\u00eam na Igreja a sua pr\u00f3pria personalidade moral. Essas Fraternidades dos diversos n\u00edveis est\u00e3o coordenadas e ligadas entre si segundo a norma desta Regra e das Constitui\u00e7\u00f5es.<\/p>\n<p>Nos diversos n\u00edveis, cada Fraternidade \u00e9 animada e conduzida por um Conselho e um Ministro (ou Presidente) que s\u00e3o eleitos pelos Professos, de acordo com as Constitui\u00e7\u00f5es. Seu servi\u00e7o, que \u00e9 tempor\u00e1rio, \u00e9 um cargo de disponibilidade e de responsabilidade em favor de cada membro e dos grupos. As Fraternidades, internamente, se estruturam de modo diverso, de acordo com as Constitui\u00e7\u00f5es, segundo as variadas necessidades dos seus membros e das suas regi\u00f5es, sob a modera\u00e7\u00e3o do respectivo Conselho.\u00a0A Fraternidade local deve ser erigida canonicamente, e assim ela se torna a c\u00e9lula primeira de toda a Ordem e um sinal vis\u00edvel da Igreja, comunidade de amor. Ela dever\u00e1 ser o ambiente privilegiado para desenvolver o sentido eclesial e a voca\u00e7\u00e3o franciscana e ainda para animar a vida apost\u00f3lica de seus membros.<\/p>\n<p>Os pedidos de admiss\u00e3o \u00e0 Ordem Franciscana Secular s\u00e3o apresentados a uma Fraternidade local, cujo Conselho decide sobre a aceita\u00e7\u00e3o dos novos irm\u00e3os. A incorpora\u00e7\u00e3o na Fraternidade se realiza mediante um per\u00edodo de inicia\u00e7\u00e3o, um tempo de forma\u00e7\u00e3o de, ao menos, um ano e pela Profiss\u00e3o da Regra. Em tal itiner\u00e1rio gradual est\u00e1 empenhada toda a Fraternidade, tamb\u00e9m no seu modo de viver. Quanto \u00e0 idade para a Profiss\u00e3o e ao sinal distintivo franciscano, \u00e9 assunto a ser regulado pelos Estatutos. A Profiss\u00e3o, por sua natureza, \u00e9 um compromisso perp\u00e9tuo. Os membros que se encontrem em dificuldades particulares, cuidar\u00e3o de tratar dos seus problemas com o Conselho em di\u00e1logo fraterno. O afastamento ou a exclus\u00e3o definitiva da Ordem, se realmente necess\u00e1ria, \u00e9 ato de compet\u00eancia do Conselho da Fraternidade, de acordo com a norma das Constitui\u00e7\u00f5es.<\/p>\n<p>Para fomentar a comunh\u00e3o entre os membros, o Conselho organize reuni\u00f5es peri\u00f3dicas e encontros freq\u00fcentes, inclusive com outros grupos franciscanos, especialmente de jovens, adotando os meios mais apropriados para um crescimento na vida franciscana e eclesial, estimulando cada um \u00e0 vida de fraternidade. Uma tal comunh\u00e3o prossegue com os irm\u00e3os falecidos mediante o oferecimento de sufr\u00e1gios por suas almas.\u00a0Para as despesas que ocorrem na vida da Fraternidade e para as necess\u00e1rias \u00e0s obras do culto, do apostolado e da caridade, todos os irm\u00e3os e irm\u00e3s ofere\u00e7am uma contribui\u00e7\u00e3o na medida de suas pr\u00f3prias possibilidades. Cuidem as Fraternidades locais de contribuir, por sua vez, para saldar as despesas dos Conselhos das Fraternidades de grau superior.<\/p>\n<p>Em sinal concreto de comunh\u00e3o e de co-responsabilidade, os Conselhos, nos diversos n\u00edveis, de acordo com as Constitui\u00e7\u00f5es, solicitar\u00e3o aos Superiores das quatro Fam\u00edlias Religiosas Franciscanas, \u00e0s quais desde s\u00e9culos a Fraternidade Secular est\u00e1 ligada, religiosos id\u00f4neos e preparados para a assist\u00eancia espiritual. Para favorecer a fidelidade ao carisma e a observ\u00e2ncia da Regra e para se ter maiores aux\u00edlios na vida da Fraternidade, o Ministro ou Presidente, de acordo com seu Conselho, seja sol\u00edcito em pedir, periodicamente, a visita pastoral aos competentes Superiores religiosos e tamb\u00e9m a visita fraterna aos respons\u00e1veis de n\u00edvel superior, segundo as Constitui\u00e7\u00f5es.<\/p>\n<p><em>\u201cE todo aquele que isto observar,<br \/>\nseja repleto no c\u00e9u da b\u00ean\u00e7\u00e3o<br \/>\ndo alt\u00edssimo Pai, e seja, na terra,<br \/>\ncumulado com a b\u00ean\u00e7\u00e3o do seu<br \/>\ndileto Filho, juntamente com o<br \/>\nsant\u00edssimo Esp\u00edrito Par\u00e1clito.\u201d<\/em><\/p>\n<p>(B\u00ean\u00e7\u00e3o de S\u00e3o Francisco)[\/vc_column_text][\/vc_column][vc_column width=&#8221;1\/2&#8243;][vc_column_text]<\/p>\n<h3><strong>A Institui\u00e7\u00e3o OFS<\/strong><\/h3>\n<p>A Ordem Franciscana Secular tem suas origens no s\u00e9culo XIII, quando leigos manifestaram o desejo de seguir os passos de S\u00e3o Francisco de Assis, seu fundador e fonte de inspira\u00e7\u00e3o. No in\u00edcio de sua hist\u00f3ria v\u00ea-se reconhecida pela Igreja como irm\u00e3os e irm\u00e3s da penitencia. O Papa Greg\u00f3rio IX em 20 de maio de 1221 aprova a primeira Regra \u201cMemoriale Propositi\u201d com a primeira denomina\u00e7\u00e3o Ordem da Penit\u00eancia. Em 18 de agosto de 1289 o Papa franciscano Nicolau IV, com a Bula \u201cSupra Montem\u201d reconhecia S\u00e3o Francisco como fundador da Ordem da Penit\u00eancia e a denominava de Ordem Terceira de S\u00e3o Francisco.\u00a0No s\u00e9culo XVIII a Ordem Terceira foi duramente atingida com a supress\u00e3o da Ordem decretada por Jos\u00e9 II, Napole\u00e3o e outros. Com a Revolu\u00e7\u00e3o Francesa os terceiros viram-se fragilizados e pagaram com a pr\u00f3pria vida sua fidelidade a Igreja. Na segunda metade de s\u00e9culo XIX a Ordem Terceira ressurgiu com nova for\u00e7a, fazendo uso da impressa e grandes personalidades, e muitos santos. O Papa Le\u00e3o XIII com a Constitui\u00e7\u00e3o Misericors Dei Filius promulgou uma nova Regra em 1884. Ele colocou na Ordem suas esperan\u00e7as e prefer\u00eancias e exortou calorosamente que a propagassem por toda a parte, e novamente a Ordem floresceu. Em 1966 a Sagrada Congrega\u00e7\u00e3o dos Religiosos concedeu a Ordem Terceira a \u201cfaculdade de atualizar-se\u201d.<\/p>\n<h3><strong>UNIFICA\u00c7\u00c3O<\/strong><\/h3>\n<p>No Brasil, a partir de 1972 a OFS foi unificada sob uma \u00fanica obedi\u00eancia, constitu\u00eddo Conselhos de n\u00edvel Nacional, Regional e Local. Isto s\u00f3 foi poss\u00edvel gra\u00e7as aos trabalhos incans\u00e1vel de Frei Mateus Hoepers, OFM que trabalhou pela unifica\u00e7\u00e3o das obedi\u00eancias e\u00a0 irm\u00e3o Paulo Machado da Costa e Silva, na elabora\u00e7\u00e3o da Regra at\u00e9 a reforma das Constitui\u00e7\u00f5es Gerais em car\u00e1ter experimental.\u00a0 O acontecimento m\u00e1ximo da renova\u00e7\u00e3o da OFS foi o surgimento da Regra renovada, confirmada por Paulo VI, em 24 de junho de 1978. Esta Regra foi elaborada pelos Franciscanos Seculares de todos os Pa\u00edses, em textos breves, simples, profundamente evang\u00e9licos e legitimamente Franciscanos, tendo com caracter\u00edstica principal \u00e0 secularidade. E desde ent\u00e3o a Ordem Terceira passou a chamar-se Ordem Franciscana Secular. \u201camai, estudai e vivei, esta nova Regra\u201d recomendou-nos o Papa Jo\u00e3o Paulo II.<\/p>\n<p>Hoje a OFS configura como uma uni\u00e3o org\u00e2nica de todas as Fraternidades cat\u00f3licas espalhadas pelo mundo e abertas a todos os grupos e fi\u00e9is cat\u00f3licos (jovens, solteiros, casados). Nelas, os irm\u00e3os e as irm\u00e3s, impulsionados pelo Esp\u00edrito a atingir a perfei\u00e7\u00e3o da caridade no pr\u00f3prio estado secular, s\u00e3o empenhados pela Profiss\u00e3o a viver o Evangelho \u00e0 maneira de S\u00e3o Francisco e mediante uma Regra confirmada pela igreja.\u00a0No Brasil, a OFS historicamente est\u00e1 ligada aos Frades da primeira Ordem e abrange todo o territ\u00f3rio nacional. Ela est\u00e1 organizada em dezesseis Regi\u00f5es, com cerca de 582 Fraternidades, e aproximadamente 18.000 Franciscanos Seculares em todo o pa\u00eds. No mundo a OFS est\u00e1 presente em 72 pa\u00edses com cerca de 430.000 Franciscanos Seculares Professos e mais de 50.000 inscritos na Juventude Franciscana (JUFRA) presentes em mais de cem pa\u00edses nos cinco continentes:<\/p>\n<p><strong>Europa:\u00a0<\/strong>Alb\u00e2nia, Alemanha, \u00c1ustria, Bielorr\u00fassia, B\u00e9lgica, B\u00f3snia, Bulg\u00e1ria, Cro\u00e1cia, Chipre, Rep\u00fablica Checa, Dinamarca, Est\u00f4nia, Fran\u00e7a, Inglaterra, Irlanda, It\u00e1lia, Cazaquist\u00e3o, Let\u00f4nia, Litu\u00e2nia, Malta, Noruega, Holanda, Pol\u00f4nia, Portugal, Rom\u00e2nia, R\u00fassia, Rep\u00fablica Eslov\u00e1quia, Eslov\u00eania, Espanha, Su\u00e9cia, Su\u00ed\u00e7a, Ucr\u00e2nia, Hungria.<\/p>\n<p><strong>\u00c1frica:\u00a0<\/strong>Angola, \u00c1frica do Sul, Benin, Burundi, Camar\u00f5es, Rep\u00fablica Centro Africana, Chade, Rep\u00fablica Democr\u00e1tica do Congo, Costa do Marfim, Egito, Eritr\u00e9ia, Madagascar, Malawi, Ilhas Maur\u00edcio, Mo\u00e7ambique, Nig\u00e9ria, Qu\u00eania, Ruanda, Tanz\u00e2nia, Togo, Uganda, Z\u00e2mbia, Zimb\u00e1bue.<\/p>\n<p><strong>Am\u00e9rica:\u00a0<\/strong>Argentina, Bol\u00edvia, Brasil, Canad\u00e1, Chile, Col\u00f4mbia, Costa Rica, Cuba, Rep\u00fablica Dominicana, Equador, El Salvador, Estados Unidos, Guatemala, Haiti, Honduras, M\u00e9xico, Nicar\u00e1gua, Panam\u00e1, Paraguai, Peru, Porto Rico, Uruguai e Venezuela.<\/p>\n<p><strong>Oceania:\u00a0<\/strong>Austr\u00e1lia, Nova Zel\u00e2ndia<\/p>\n<p><strong>\u00c1sia:\u00a0<\/strong>Cor\u00e9ia, Filipinas, Jap\u00e3o, Hong Kong, \u00cdndia, Indon\u00e9sia, L\u00edbano, Mal\u00e1sia, Paquist\u00e3o, Singapura, Sri Lanka, Tail\u00e2ndia, Taiwan e Vietnam.<\/p>\n<h3><strong>O Carisma<\/strong><\/h3>\n<p><strong>Cristo:<\/strong>\u00a0\u00e9 o centro da Fraternidade. \u00c9 ele que nos re\u00fane e nos faz sentir irm\u00e3os, levando-nos a nos amar como irm\u00e3os.\u00a0Evangelho: no Evangelho, a fraternidade encontra a pessoa de Cristo e sua Palavra. O modo concreto para viver o Evangelho \u00e9 passar do Evangelho \u00e0 vida e da vida ao Evangelho (Regra 4)<\/p>\n<p><strong>Francisco:<\/strong>\u00a0\u00e9 o modelo que nos ensina como fazer do Cristo o centro de nossa vida, imitando sua vida e vivendo a sua Palavra.<\/p>\n<h3><strong>O que \u00e9 JUFRA?<\/strong><\/h3>\n<p>Juventude Franciscana, uma organiza\u00e7\u00e3o de cariz religioso, cat\u00f3lica, que se destina a jovens que desejam seguir o Evangelho de Jesus Cristo tendo como exemplo S. Francisco de Assis.<br \/>\nNasceu da Ordem Franciscana Secular em 1950 porque era necess\u00e1rio criar um espa\u00e7o jovem dentro da fam\u00edlia franciscana. Faz parte da OFS, e conta ainda com a colabora\u00e7\u00e3o das outras ordens franciscanas.\u00a0Assim como na OFS, os integrantes da Jufra, os jufristas, n\u00e3o precisam viver em mosteiros, conventos ou claustros. Devem, por voca\u00e7\u00e3o e escolha, viver normalmente entre as outras pessoas( ou no S\u00e9culo, como se diz) e podendo casar e ter filhos. Por\u00e9m, o jufrista deve procurar viver em obedi\u00eancia ao Evangelho, como o fez S\u00e3o Francisco.<\/p>\n<h3><strong>Como tornar-se franciscano\/a secular?<\/strong><\/h3>\n<p>\u00c9 simples: entre em contato informando o seu nome completo, e-mail, endere\u00e7o postal e, opcionalmente, seu telefone de contato. A OFS retornar\u00e1 uma mensagem com todas as orienta\u00e7\u00f5es necess\u00e1rias assim como informar\u00e1 o endere\u00e7o da Fraternidade Franciscana mais pr\u00f3xima, caso exista, onde voc\u00ea poder\u00e1 fazer uma visita, conhecer os seus novos irm\u00e3os e matar todas as curiosidades para tornar-se franciscano\/a secular (leigo\/a casado\/a ou solteiro\/a) e praticar um jeito diferente de evangelizar a si pr\u00f3prio\/a, a sua fam\u00edlia e os irm\u00e3os e irm\u00e3s do seu conv\u00edvio. Clique aqui e veja\u00a0 onde a OFS est\u00e1 presente aqui no Brasil!<\/p>\n<h3><strong>Ordem Franciscana Secular do Brasil<\/strong><\/h3>\n<p>Av. 13 de Maio, 23, Edif\u00edcio Darke, sala 2233, Centro<br \/>\n20031-902 Rio de Janeiro, RJ \u2013 Brasil<br \/>\n<strong>Fone:<\/strong>\u00a055 (21) 2240-4565<br \/>\n<strong>E-mail:<\/strong>\u00a0ofsbr@terra.com.br[\/vc_column_text][\/vc_column][\/vc_row]<\/p>\n","protected":false},"excerpt":{"rendered":"<p>[vc_row][vc_column width=&#8221;1\/2&#8243;][vc_column_text] OFS Voc\u00ea conhece a Ordem Franciscana Secular? Regra e vida da OFS Regra da Ordem Franciscana Secular Cap\u00edtulo I \u2013 A ORDEM FRANCISCANA SECULAR (OFS)\u00a0 Entre as fam\u00edlias espirituais, suscitadas pelo Esp\u00edrito Santo na Igreja, a Fam\u00edlia Franciscana re\u00fane todos aqueles membros do Povo de Deus, leigos, religiosos e sacerdotes, que se sentem [&hellip;]<\/p>\n","protected":false},"author":2,"featured_media":0,"parent":0,"menu_order":0,"comment_status":"closed","ping_status":"closed","template":"","meta":[],"yoast_head":"<!-- This site is optimized with the Yoast SEO plugin v19.4 - https:\/\/yoast.com\/wordpress\/plugins\/seo\/ -->\n<title>OFS - Convento Santo Ant\u00f4nio- Franciscanos<\/title>\n<meta name=\"robots\" content=\"index, follow, max-snippet:-1, max-image-preview:large, max-video-preview:-1\" \/>\n<link rel=\"canonical\" href=\"https:\/\/franciscanos.org.br\/conventosantoantonio\/agende-sua-romaria\/\" \/>\n<meta property=\"og:locale\" content=\"pt_BR\" \/>\n<meta property=\"og:type\" content=\"article\" \/>\n<meta property=\"og:title\" content=\"OFS - Convento Santo Ant\u00f4nio- Franciscanos\" \/>\n<meta property=\"og:description\" content=\"[vc_row][vc_column width=&#8221;1\/2&#8243;][vc_column_text] OFS Voc\u00ea conhece a Ordem Franciscana Secular? Regra e vida da OFS Regra da Ordem Franciscana Secular Cap\u00edtulo I \u2013 A ORDEM FRANCISCANA SECULAR (OFS)\u00a0 Entre as fam\u00edlias espirituais, suscitadas pelo Esp\u00edrito Santo na Igreja, a Fam\u00edlia Franciscana re\u00fane todos aqueles membros do Povo de Deus, leigos, religiosos e sacerdotes, que se sentem [&hellip;]\" \/>\n<meta property=\"og:url\" content=\"https:\/\/franciscanos.org.br\/conventosantoantonio\/agende-sua-romaria\/\" \/>\n<meta property=\"og:site_name\" content=\"Convento Santo Ant\u00f4nio- Franciscanos\" \/>\n<meta property=\"article:modified_time\" content=\"2021-09-24T11:45:05+00:00\" \/>\n<meta property=\"og:image\" content=\"http:\/\/conventosantoantonio.org.br\/wp-content\/uploads\/2013\/05\/stoantonio4.jpg\" \/>\n<meta name=\"twitter:card\" content=\"summary_large_image\" \/>\n<meta name=\"twitter:label1\" content=\"Est. tempo de leitura\" \/>\n\t<meta name=\"twitter:data1\" content=\"15 minutos\" \/>\n<script type=\"application\/ld+json\" class=\"yoast-schema-graph\">{\"@context\":\"https:\/\/schema.org\",\"@graph\":[{\"@type\":\"WebSite\",\"@id\":\"https:\/\/franciscanos.org.br\/conventosantoantonio\/#website\",\"url\":\"https:\/\/franciscanos.org.br\/conventosantoantonio\/\",\"name\":\"Convento Santo Ant\u00f4nio- Franciscanos\",\"description\":\"Prov\u00edncia Franciscana da Imaculada Concei\u00e7\u00e3o do Brasil - Ordem dos Frades Menores\",\"potentialAction\":[{\"@type\":\"SearchAction\",\"target\":{\"@type\":\"EntryPoint\",\"urlTemplate\":\"https:\/\/franciscanos.org.br\/conventosantoantonio\/?s={search_term_string}\"},\"query-input\":\"required name=search_term_string\"}],\"inLanguage\":\"pt-BR\"},{\"@type\":\"WebPage\",\"@id\":\"https:\/\/franciscanos.org.br\/conventosantoantonio\/agende-sua-romaria\/\",\"url\":\"https:\/\/franciscanos.org.br\/conventosantoantonio\/agende-sua-romaria\/\",\"name\":\"OFS - Convento Santo Ant\u00f4nio- Franciscanos\",\"isPartOf\":{\"@id\":\"https:\/\/franciscanos.org.br\/conventosantoantonio\/#website\"},\"datePublished\":\"2020-09-08T18:30:02+00:00\",\"dateModified\":\"2021-09-24T11:45:05+00:00\",\"breadcrumb\":{\"@id\":\"https:\/\/franciscanos.org.br\/conventosantoantonio\/agende-sua-romaria\/#breadcrumb\"},\"inLanguage\":\"pt-BR\",\"potentialAction\":[{\"@type\":\"ReadAction\",\"target\":[\"https:\/\/franciscanos.org.br\/conventosantoantonio\/agende-sua-romaria\/\"]}]},{\"@type\":\"BreadcrumbList\",\"@id\":\"https:\/\/franciscanos.org.br\/conventosantoantonio\/agende-sua-romaria\/#breadcrumb\",\"itemListElement\":[{\"@type\":\"ListItem\",\"position\":1,\"name\":\"Home\",\"item\":\"https:\/\/franciscanos.org.br\/conventosantoantonio\/\"},{\"@type\":\"ListItem\",\"position\":2,\"name\":\"OFS\"}]}]}<\/script>\n<!-- \/ Yoast SEO plugin. -->","yoast_head_json":{"title":"OFS - Convento Santo Ant\u00f4nio- Franciscanos","robots":{"index":"index","follow":"follow","max-snippet":"max-snippet:-1","max-image-preview":"max-image-preview:large","max-video-preview":"max-video-preview:-1"},"canonical":"https:\/\/franciscanos.org.br\/conventosantoantonio\/agende-sua-romaria\/","og_locale":"pt_BR","og_type":"article","og_title":"OFS - Convento Santo Ant\u00f4nio- Franciscanos","og_description":"[vc_row][vc_column width=&#8221;1\/2&#8243;][vc_column_text] OFS Voc\u00ea conhece a Ordem Franciscana Secular? Regra e vida da OFS Regra da Ordem Franciscana Secular Cap\u00edtulo I \u2013 A ORDEM FRANCISCANA SECULAR (OFS)\u00a0 Entre as fam\u00edlias espirituais, suscitadas pelo Esp\u00edrito Santo na Igreja, a Fam\u00edlia Franciscana re\u00fane todos aqueles membros do Povo de Deus, leigos, religiosos e sacerdotes, que se sentem [&hellip;]","og_url":"https:\/\/franciscanos.org.br\/conventosantoantonio\/agende-sua-romaria\/","og_site_name":"Convento Santo Ant\u00f4nio- Franciscanos","article_modified_time":"2021-09-24T11:45:05+00:00","og_image":[{"url":"http:\/\/conventosantoantonio.org.br\/wp-content\/uploads\/2013\/05\/stoantonio4.jpg"}],"twitter_card":"summary_large_image","twitter_misc":{"Est. tempo de leitura":"15 minutos"},"schema":{"@context":"https:\/\/schema.org","@graph":[{"@type":"WebSite","@id":"https:\/\/franciscanos.org.br\/conventosantoantonio\/#website","url":"https:\/\/franciscanos.org.br\/conventosantoantonio\/","name":"Convento Santo Ant\u00f4nio- Franciscanos","description":"Prov\u00edncia Franciscana da Imaculada Concei\u00e7\u00e3o do Brasil - Ordem dos Frades Menores","potentialAction":[{"@type":"SearchAction","target":{"@type":"EntryPoint","urlTemplate":"https:\/\/franciscanos.org.br\/conventosantoantonio\/?s={search_term_string}"},"query-input":"required name=search_term_string"}],"inLanguage":"pt-BR"},{"@type":"WebPage","@id":"https:\/\/franciscanos.org.br\/conventosantoantonio\/agende-sua-romaria\/","url":"https:\/\/franciscanos.org.br\/conventosantoantonio\/agende-sua-romaria\/","name":"OFS - Convento Santo Ant\u00f4nio- Franciscanos","isPartOf":{"@id":"https:\/\/franciscanos.org.br\/conventosantoantonio\/#website"},"datePublished":"2020-09-08T18:30:02+00:00","dateModified":"2021-09-24T11:45:05+00:00","breadcrumb":{"@id":"https:\/\/franciscanos.org.br\/conventosantoantonio\/agende-sua-romaria\/#breadcrumb"},"inLanguage":"pt-BR","potentialAction":[{"@type":"ReadAction","target":["https:\/\/franciscanos.org.br\/conventosantoantonio\/agende-sua-romaria\/"]}]},{"@type":"BreadcrumbList","@id":"https:\/\/franciscanos.org.br\/conventosantoantonio\/agende-sua-romaria\/#breadcrumb","itemListElement":[{"@type":"ListItem","position":1,"name":"Home","item":"https:\/\/franciscanos.org.br\/conventosantoantonio\/"},{"@type":"ListItem","position":2,"name":"OFS"}]}]}},"_links":{"self":[{"href":"https:\/\/franciscanos.org.br\/conventosantoantonio\/wp-json\/wp\/v2\/pages\/187214"}],"collection":[{"href":"https:\/\/franciscanos.org.br\/conventosantoantonio\/wp-json\/wp\/v2\/pages"}],"about":[{"href":"https:\/\/franciscanos.org.br\/conventosantoantonio\/wp-json\/wp\/v2\/types\/page"}],"author":[{"embeddable":true,"href":"https:\/\/franciscanos.org.br\/conventosantoantonio\/wp-json\/wp\/v2\/users\/2"}],"replies":[{"embeddable":true,"href":"https:\/\/franciscanos.org.br\/conventosantoantonio\/wp-json\/wp\/v2\/comments?post=187214"}],"version-history":[{"count":12,"href":"https:\/\/franciscanos.org.br\/conventosantoantonio\/wp-json\/wp\/v2\/pages\/187214\/revisions"}],"predecessor-version":[{"id":187889,"href":"https:\/\/franciscanos.org.br\/conventosantoantonio\/wp-json\/wp\/v2\/pages\/187214\/revisions\/187889"}],"wp:attachment":[{"href":"https:\/\/franciscanos.org.br\/conventosantoantonio\/wp-json\/wp\/v2\/media?parent=187214"}],"curies":[{"name":"wp","href":"https:\/\/api.w.org\/{rel}","templated":true}]}}