{"id":187204,"date":"2020-09-08T15:29:00","date_gmt":"2020-09-08T18:29:00","guid":{"rendered":"https:\/\/franciscanos.org.br\/conventosantoantonio\/?page_id=187204"},"modified":"2023-07-11T16:37:23","modified_gmt":"2023-07-11T19:37:23","slug":"provincia","status":"publish","type":"page","link":"https:\/\/franciscanos.org.br\/conventosantoantonio\/provincia\/","title":{"rendered":"Prov\u00edncia"},"content":{"rendered":"<p>[vc_row][vc_column width=&#8221;1\/2&#8243;][vc_column_text]<\/p>\n<h1>Uma hist\u00f3ria de 348 anos<\/h1>\n<p>[\/vc_column_text][vc_single_image image=&#8221;187386&#8243; img_size=&#8221;full&#8221; css_animation=&#8221;flipInX&#8221;][vc_column_text]No dia 15 de julho de 2022, quando a Ordem dos Frades Menores celebra a festa lit\u00fargica de S\u00e3o Boaventura de Bagnoregio (1217-1274), a nossa Prov\u00edncia Franciscana da Imaculada Concei\u00e7\u00e3o do Brasil celebra seus 347 anos de exist\u00eancia.<\/p>\n<p>Foi no dia 15 de julho de 1675 que o Papa Clemente X, mediante a Bula\u00a0<em>Pastoralis Officii,<\/em>\u00a0erigiu oficialmente a Prov\u00edncia da Imaculada Concei\u00e7\u00e3o do Brasil, desmembrada da Prov\u00edncia de Santo Ant\u00f4nio do Brasil, esta erigida como Prov\u00edncia no dia 24 de agosto de 1657.<\/p>\n<p>A Prov\u00edncia da Imaculada Concei\u00e7\u00e3o do Brasil, ao ser criada, contava com 10 conventos. O mais antigo era o convento S\u00e3o Francisco, em Vit\u00f3ria (ES), constru\u00eddo em 1591. Desse convento s\u00f3 permanece parte da fachada e algumas ru\u00ednas, local da atual C\u00faria da Arquidiocese de Vit\u00f3ria. O segundo convento, sem d\u00favida o mais importante da nova Prov\u00edncia da Imaculada Concei\u00e7\u00e3o do Brasil, \u00e9 o Convento de Santo Ant\u00f4nio do Rio de Janeiro, constru\u00eddo em 1608. Este convento foi a sede provincial por dois s\u00e9culos, bem como o principal centro de forma\u00e7\u00e3o dos frades nos estudos da filosofia e da teologia, chegando a ter uma das mais ricas bibliotecas do Brasil.<\/p>\n<p>Os demais conventos da nova Prov\u00edncia, por ordem de sequ\u00eancia, foram: Convento Santo Ant\u00f4nio de Santos, SP, 1640; Convento S\u00e3o Francisco em S\u00e3o Paulo, SP, 1642 <strong>(foto acima)<\/strong>; Convento S\u00e3o Boaventura em Macacu, RJ, 1649 (em ru\u00ednas); Convento de Nossa Senhora da Penha, ES, 1650; Convento S\u00e3o Bernardino em Angra dos Reis, RJ, 1650 (ru\u00ednas); Convento Nossa Senhora da Concei\u00e7\u00e3o em Itanha\u00e9m, SP, 1654 (ru\u00ednas); Convento Nossa Senhora do Amparo em S\u00e3o Sebasti\u00e3o, SP, 1658, e Convento Santa Clara em Taubat\u00e9, SP, 1674, convento que atualmente pertence aos Frades Capuchinhos.<\/p>\n<p>A Prov\u00edncia Franciscana da Imaculada Concei\u00e7\u00e3o est\u00e1 presente no Brasil e em Angola. No Brasil, temos fraternidades nos Estados de Santa Catarina, Paran\u00e1, S\u00e3o Paulo, Rio de Janeiro e Esp\u00edrito Santo, agrupadas em Regionais. Em Angola, temos fraternidades nas cidades de Luanda, Viana, Malange e Quibala, que constituem a Funda\u00e7\u00e3o Imaculada M\u00e3e de Deus de Angola \u2013 FIMDA.<\/p>\n<p>Em \u00e2mbito provincial, a anima\u00e7\u00e3o e coordena\u00e7\u00e3o de nossa vida e miss\u00e3o s\u00e3o feitas pelo Cap\u00edtulo Provincial, pelo Ministro Provincial com seu Definit\u00f3rio, pelo Secretariado para a Evangeliza\u00e7\u00e3o e pelo Secretariado para a Forma\u00e7\u00e3o e os Estudos.<\/p>\n<p>Esta tarefa de governo conta com uma Secretaria, os Servi\u00e7os de Comunica\u00e7\u00e3o e Arquivo, o Economato e uma Assessoria Jur\u00eddica.<\/p>\n<p>A Prov\u00edncia Franciscana da Imaculada Concei\u00e7\u00e3o do Brasil \u00e9 uma Entidade sem fins lucrativos, de car\u00e1ter religioso, beneficente, educativo, cultural e de assist\u00eancia social.[\/vc_column_text][vc_column_text][\/vc_column_text][\/vc_column][vc_column width=&#8221;1\/2&#8243;][vc_single_image image=&#8221;187382&#8243; img_size=&#8221;full&#8221; css_animation=&#8221;flipInX&#8221;][vc_column_text]<strong>A RESTAURA\u00c7\u00c3O<\/strong><\/p>\n<p>O per\u00edodo do florescimento da Prov\u00edncia durou cerca de 100 anos, quando uma forte crise abalou os Frades Menores, advinda do Decreto de Marqu\u00eas de Pombal (1764) proibindo a recep\u00e7\u00e3o de novos membros na Ordem dos Frades Menores. Este decreto, contudo, foi revogado em 1777. Mas o auge da crise come\u00e7ou com o decreto de 18 de maio de 1855, que proibiu a recep\u00e7\u00e3o de novi\u00e7os para todas as ordens religiosas no Brasil. Esta campanha antirreligiosa desencadeada pelo Imp\u00e9rio Brasileiro fez com que a Prov\u00edncia de Santo Ant\u00f4nio se reduzisse a apenas nove frades e a nossa Prov\u00edncia da Imaculada Concei\u00e7\u00e3o a um \u00fanico frade, Frei Jo\u00e3o do Amor Divino Costa\u00a0<strong>(foto acima)<\/strong>, que residia no Convento Santo Ant\u00f4nio do Rio de Janeiro.<\/p>\n<p>Se a escravid\u00e3o foi abolida em 1888, os franciscanos e as demais ordens religiosas continuaram a clamar junto ao governo brasileiro pela liberdade espiritual que continuava sendo escravizada. Somente aos 07 de janeiro de 1890, extinguindo o padroado, a circular de 18 de maio de 1855 que proibia a entrada de novi\u00e7os e ordens religiosas aqui no Brasil perdeu sua validade. Por isso, depois de v\u00e1rias tratativas entre a C\u00faria Geral e a Santa S\u00e9, a Prov\u00edncia da Santa Cruz da Sax\u00f4nia (Alemanha) aceitou o desafio de enviar novos mission\u00e1rios franciscanos ao Brasil.<\/p>\n<p>Assim, no dia 10 de julho de 1891 chegaram ao Brasil, ou mais precisamente no vilarejo de Teres\u00f3polis, SC, os quatro pioneiros da restaura\u00e7\u00e3o da Prov\u00edncia da Imaculada, a saber: Frei Armando Bahlmann, Frei Xisto Maiwes, Frei Humberto Themans e Frei Maur\u00edcio Schmalor.<\/p>\n<p>O recome\u00e7o se d\u00e1 na pequena vila de coloniza\u00e7\u00e3o alem\u00e3, Teres\u00f3polis \u2013 SC, cuja par\u00f3quia foi oficialmente entregue aos frades no dia 12 de novembro de 1891 e tinha 14 povoados, sendo que boa parte da popula\u00e7\u00e3o era de confiss\u00e3o luterana.<\/p>\n<p>Assim, a pequena e primitiva Fraternidade de Teres\u00f3polis foi tomando corpo com a chegada de novos frades mission\u00e1rios vindos da Prov\u00edncia da Sax\u00f4nia e, consequentemente, novas funda\u00e7\u00f5es franciscanas foram surgindo: Lages, Blumenau, Rodeio, Petr\u00f3polis, Curitiba. E a partir de 1900 outras novas comunidades, como: Gaspar, Curitibanos, Santo Amaro da Imperatriz, Quissam\u00e3, Palmas, Florian\u00f3polis. E alguns dos conventos da antiga Prov\u00edncia, os que ainda ofereciam condi\u00e7\u00f5es de uso, tamb\u00e9m foram se transformando em resid\u00eancia dos frades.<\/p>\n<p>O projeto da restaura\u00e7\u00e3o da vida franciscana no Brasil fez com que a Prov\u00edncia de Santa Cruz da Sax\u00f4nia, Alemanha, enviasse mais de 200 frades alem\u00e3es. Essa vinda de mission\u00e1rios foi t\u00e3o significativa que no dia 14 de setembro de 1901, ap\u00f3s 10 anos de atividades mission\u00e1rias, as duas antigas Prov\u00edncias Franciscanas (Santo Ant\u00f4nio no Nordeste e Imaculada Concei\u00e7\u00e3o no Sul) voltaram a ser Prov\u00edncias independentes.[\/vc_column_text][vc_column_text][\/vc_column_text][\/vc_column][\/vc_row]<\/p>\n","protected":false},"excerpt":{"rendered":"<p>[vc_row][vc_column width=&#8221;1\/2&#8243;][vc_column_text] Uma hist\u00f3ria de 348 anos [\/vc_column_text][vc_single_image image=&#8221;187386&#8243; img_size=&#8221;full&#8221; css_animation=&#8221;flipInX&#8221;][vc_column_text]No dia 15 de julho de 2022, quando a Ordem dos Frades Menores celebra a festa lit\u00fargica de S\u00e3o Boaventura de Bagnoregio (1217-1274), a nossa Prov\u00edncia Franciscana da Imaculada Concei\u00e7\u00e3o do Brasil celebra seus 347 anos de exist\u00eancia. Foi no dia 15 de julho de [&hellip;]<\/p>\n","protected":false},"author":2,"featured_media":187721,"parent":0,"menu_order":0,"comment_status":"closed","ping_status":"closed","template":"","meta":[],"yoast_head":"<!-- This site is optimized with the Yoast SEO plugin v19.4 - https:\/\/yoast.com\/wordpress\/plugins\/seo\/ -->\n<title>Prov\u00edncia - Convento Santo Ant\u00f4nio- Franciscanos<\/title>\n<meta name=\"robots\" content=\"index, follow, max-snippet:-1, max-image-preview:large, max-video-preview:-1\" \/>\n<link rel=\"canonical\" href=\"https:\/\/franciscanos.org.br\/conventosantoantonio\/provincia\/\" \/>\n<meta property=\"og:locale\" content=\"pt_BR\" \/>\n<meta property=\"og:type\" content=\"article\" \/>\n<meta property=\"og:title\" content=\"Prov\u00edncia - Convento Santo Ant\u00f4nio- Franciscanos\" \/>\n<meta property=\"og:description\" content=\"[vc_row][vc_column width=&#8221;1\/2&#8243;][vc_column_text] Uma hist\u00f3ria de 348 anos [\/vc_column_text][vc_single_image image=&#8221;187386&#8243; img_size=&#8221;full&#8221; css_animation=&#8221;flipInX&#8221;][vc_column_text]No dia 15 de julho de 2022, quando a Ordem dos Frades Menores celebra a festa lit\u00fargica de S\u00e3o Boaventura de Bagnoregio (1217-1274), a nossa Prov\u00edncia Franciscana da Imaculada Concei\u00e7\u00e3o do Brasil celebra seus 347 anos de exist\u00eancia. Foi no dia 15 de julho de [&hellip;]\" \/>\n<meta property=\"og:url\" content=\"https:\/\/franciscanos.org.br\/conventosantoantonio\/provincia\/\" \/>\n<meta property=\"og:site_name\" content=\"Convento Santo Ant\u00f4nio- Franciscanos\" \/>\n<meta property=\"article:modified_time\" content=\"2023-07-11T19:37:23+00:00\" \/>\n<meta property=\"og:image\" content=\"https:\/\/franciscanos.org.br\/conventosantoantonio\/wp-content\/uploads\/2020\/09\/convento_210921_2.jpg\" \/>\n\t<meta property=\"og:image:width\" content=\"800\" \/>\n\t<meta property=\"og:image:height\" content=\"729\" \/>\n\t<meta property=\"og:image:type\" content=\"image\/jpeg\" \/>\n<meta name=\"twitter:card\" content=\"summary_large_image\" \/>\n<meta name=\"twitter:label1\" content=\"Est. tempo de leitura\" \/>\n\t<meta name=\"twitter:data1\" content=\"5 minutos\" \/>\n<script type=\"application\/ld+json\" class=\"yoast-schema-graph\">{\"@context\":\"https:\/\/schema.org\",\"@graph\":[{\"@type\":\"WebSite\",\"@id\":\"https:\/\/franciscanos.org.br\/conventosantoantonio\/#website\",\"url\":\"https:\/\/franciscanos.org.br\/conventosantoantonio\/\",\"name\":\"Convento Santo Ant\u00f4nio- Franciscanos\",\"description\":\"Prov\u00edncia Franciscana da Imaculada Concei\u00e7\u00e3o do Brasil - Ordem dos Frades Menores\",\"potentialAction\":[{\"@type\":\"SearchAction\",\"target\":{\"@type\":\"EntryPoint\",\"urlTemplate\":\"https:\/\/franciscanos.org.br\/conventosantoantonio\/?s={search_term_string}\"},\"query-input\":\"required name=search_term_string\"}],\"inLanguage\":\"pt-BR\"},{\"@type\":\"WebPage\",\"@id\":\"https:\/\/franciscanos.org.br\/conventosantoantonio\/provincia\/\",\"url\":\"https:\/\/franciscanos.org.br\/conventosantoantonio\/provincia\/\",\"name\":\"Prov\u00edncia - Convento Santo Ant\u00f4nio- Franciscanos\",\"isPartOf\":{\"@id\":\"https:\/\/franciscanos.org.br\/conventosantoantonio\/#website\"},\"datePublished\":\"2020-09-08T18:29:00+00:00\",\"dateModified\":\"2023-07-11T19:37:23+00:00\",\"breadcrumb\":{\"@id\":\"https:\/\/franciscanos.org.br\/conventosantoantonio\/provincia\/#breadcrumb\"},\"inLanguage\":\"pt-BR\",\"potentialAction\":[{\"@type\":\"ReadAction\",\"target\":[\"https:\/\/franciscanos.org.br\/conventosantoantonio\/provincia\/\"]}]},{\"@type\":\"BreadcrumbList\",\"@id\":\"https:\/\/franciscanos.org.br\/conventosantoantonio\/provincia\/#breadcrumb\",\"itemListElement\":[{\"@type\":\"ListItem\",\"position\":1,\"name\":\"Home\",\"item\":\"https:\/\/franciscanos.org.br\/conventosantoantonio\/\"},{\"@type\":\"ListItem\",\"position\":2,\"name\":\"Prov\u00edncia\"}]}]}<\/script>\n<!-- \/ Yoast SEO plugin. -->","yoast_head_json":{"title":"Prov\u00edncia - Convento Santo Ant\u00f4nio- Franciscanos","robots":{"index":"index","follow":"follow","max-snippet":"max-snippet:-1","max-image-preview":"max-image-preview:large","max-video-preview":"max-video-preview:-1"},"canonical":"https:\/\/franciscanos.org.br\/conventosantoantonio\/provincia\/","og_locale":"pt_BR","og_type":"article","og_title":"Prov\u00edncia - Convento Santo Ant\u00f4nio- Franciscanos","og_description":"[vc_row][vc_column width=&#8221;1\/2&#8243;][vc_column_text] Uma hist\u00f3ria de 348 anos [\/vc_column_text][vc_single_image image=&#8221;187386&#8243; img_size=&#8221;full&#8221; css_animation=&#8221;flipInX&#8221;][vc_column_text]No dia 15 de julho de 2022, quando a Ordem dos Frades Menores celebra a festa lit\u00fargica de S\u00e3o Boaventura de Bagnoregio (1217-1274), a nossa Prov\u00edncia Franciscana da Imaculada Concei\u00e7\u00e3o do Brasil celebra seus 347 anos de exist\u00eancia. Foi no dia 15 de julho de [&hellip;]","og_url":"https:\/\/franciscanos.org.br\/conventosantoantonio\/provincia\/","og_site_name":"Convento Santo Ant\u00f4nio- Franciscanos","article_modified_time":"2023-07-11T19:37:23+00:00","og_image":[{"width":800,"height":729,"url":"https:\/\/franciscanos.org.br\/conventosantoantonio\/wp-content\/uploads\/2020\/09\/convento_210921_2.jpg","type":"image\/jpeg"}],"twitter_card":"summary_large_image","twitter_misc":{"Est. tempo de leitura":"5 minutos"},"schema":{"@context":"https:\/\/schema.org","@graph":[{"@type":"WebSite","@id":"https:\/\/franciscanos.org.br\/conventosantoantonio\/#website","url":"https:\/\/franciscanos.org.br\/conventosantoantonio\/","name":"Convento Santo Ant\u00f4nio- Franciscanos","description":"Prov\u00edncia Franciscana da Imaculada Concei\u00e7\u00e3o do Brasil - Ordem dos Frades Menores","potentialAction":[{"@type":"SearchAction","target":{"@type":"EntryPoint","urlTemplate":"https:\/\/franciscanos.org.br\/conventosantoantonio\/?s={search_term_string}"},"query-input":"required name=search_term_string"}],"inLanguage":"pt-BR"},{"@type":"WebPage","@id":"https:\/\/franciscanos.org.br\/conventosantoantonio\/provincia\/","url":"https:\/\/franciscanos.org.br\/conventosantoantonio\/provincia\/","name":"Prov\u00edncia - Convento Santo Ant\u00f4nio- Franciscanos","isPartOf":{"@id":"https:\/\/franciscanos.org.br\/conventosantoantonio\/#website"},"datePublished":"2020-09-08T18:29:00+00:00","dateModified":"2023-07-11T19:37:23+00:00","breadcrumb":{"@id":"https:\/\/franciscanos.org.br\/conventosantoantonio\/provincia\/#breadcrumb"},"inLanguage":"pt-BR","potentialAction":[{"@type":"ReadAction","target":["https:\/\/franciscanos.org.br\/conventosantoantonio\/provincia\/"]}]},{"@type":"BreadcrumbList","@id":"https:\/\/franciscanos.org.br\/conventosantoantonio\/provincia\/#breadcrumb","itemListElement":[{"@type":"ListItem","position":1,"name":"Home","item":"https:\/\/franciscanos.org.br\/conventosantoantonio\/"},{"@type":"ListItem","position":2,"name":"Prov\u00edncia"}]}]}},"_links":{"self":[{"href":"https:\/\/franciscanos.org.br\/conventosantoantonio\/wp-json\/wp\/v2\/pages\/187204"}],"collection":[{"href":"https:\/\/franciscanos.org.br\/conventosantoantonio\/wp-json\/wp\/v2\/pages"}],"about":[{"href":"https:\/\/franciscanos.org.br\/conventosantoantonio\/wp-json\/wp\/v2\/types\/page"}],"author":[{"embeddable":true,"href":"https:\/\/franciscanos.org.br\/conventosantoantonio\/wp-json\/wp\/v2\/users\/2"}],"replies":[{"embeddable":true,"href":"https:\/\/franciscanos.org.br\/conventosantoantonio\/wp-json\/wp\/v2\/comments?post=187204"}],"version-history":[{"count":15,"href":"https:\/\/franciscanos.org.br\/conventosantoantonio\/wp-json\/wp\/v2\/pages\/187204\/revisions"}],"predecessor-version":[{"id":188927,"href":"https:\/\/franciscanos.org.br\/conventosantoantonio\/wp-json\/wp\/v2\/pages\/187204\/revisions\/188927"}],"wp:featuredmedia":[{"embeddable":true,"href":"https:\/\/franciscanos.org.br\/conventosantoantonio\/wp-json\/wp\/v2\/media\/187721"}],"wp:attachment":[{"href":"https:\/\/franciscanos.org.br\/conventosantoantonio\/wp-json\/wp\/v2\/media?parent=187204"}],"curies":[{"name":"wp","href":"https:\/\/api.w.org\/{rel}","templated":true}]}}