{"id":187202,"date":"2020-09-08T15:28:49","date_gmt":"2020-09-08T18:28:49","guid":{"rendered":"https:\/\/franciscanos.org.br\/conventosantoantonio\/?page_id=187202"},"modified":"2021-09-23T11:21:21","modified_gmt":"2021-09-23T14:21:21","slug":"postulantado","status":"publish","type":"page","link":"https:\/\/franciscanos.org.br\/conventosantoantonio\/postulantado\/","title":{"rendered":"Fraternidade da Rocinha"},"content":{"rendered":"<p>[vc_row][vc_column width=&#8221;1\/2&#8243;][vc_column_text]<\/p>\n<h3>Casa filial da Fraternidade Santo Ant\u00f4nio<\/h3>\n<p>[\/vc_column_text][vc_single_image image=&#8221;187837&#8243; img_size=&#8221;full&#8221; css_animation=&#8221;flipInX&#8221;][vc_column_text]<\/p>\n<h4><strong>FRATERNIDADE FRANCISCANA NOSSA SENHORA DA BOA VIAGEM<\/strong><\/h4>\n<p><em>CASA FILIAL DO CONVENTO SANTO ANT\u00d4NIO<\/em><br \/>\nPar\u00f3quia N. Sra. da Boa Viagem<br \/>\nEstrada da G\u00e1vea, 445 \u2013 Bairro da Rocinha<br \/>\nCEP 22451-265 \u2013 Rio de Janeiro (RJ)<br \/>\nTel. (21) 3322-5525<\/p>\n<p><strong>PADROEIRA<\/strong><br \/>\nNossa Senhora da Boa Viagem<\/p>\n<p>Atividades Pastorais<\/p>\n<div id=\"conteudo\">\n<p><strong>EXPEDIENTE PAROQUIAL<\/strong><br \/>\nDe segunda a s\u00e1bado<br \/>\n<strong>Secret\u00e1rias:<\/strong>\u00a0Lilian e Mariana<br \/>\n<strong>\u00c0s segundas<\/strong>: Secretaria \u00e9 fechada ao p\u00fablico.<br \/>\n<strong>De ter\u00e7a a sexta-feira<\/strong>: 8 as 19:30<br \/>\n<strong>S\u00e1bados<\/strong>: 8 as 16h<\/p>\n<p><strong>Hor\u00e1rios de Missas:<\/strong><br \/>\n<strong>Matriz<\/strong><br \/>\n<strong>De segunda a sexta-feira:<\/strong>\u00a006:30 e as 19:30<br \/>\n<strong>S\u00e1bados:<\/strong>\u00a018h30<br \/>\n<strong>Domingos:<\/strong>\u00a07h00, 9h30, 18h00, 19h00 e 20h00<br \/>\n<strong>Toda ter\u00e7a-feira<\/strong>, B\u00ean\u00e7\u00e3o de Santo Ant\u00f4nio: 15h00 e 19h30<br \/>\n<strong>\u00daltima quinta-feira do m\u00eas<\/strong>, Missa dedicada a Frei Galv\u00e3o: 15h00 e 19h30, com Un\u00e7\u00e3o dos Enfermos e distribui\u00e7\u00e3o das P\u00edlulas.<\/p>\n<p>Missas nas Comunidades atendidas por esta Fraternidade:<br \/>\n1.\u00a0<strong>Nossa Senhora Aparecida<\/strong>\u00a0\u2013 domingo \u2013 10h00 e 19h00<br \/>\n2.\u00a0<strong>Sagrado Cora\u00e7\u00e3o de Jesus<\/strong>\u00a0\u2013 1\u00ba s\u00e1bado \u2013 20h00 (nos demais celebra\u00e7\u00f5es)<br \/>\n3.<strong>\u00a0S\u00e3o Francisco de Assis<\/strong>\u00a0\u2013 2\u00ba s\u00e1bado \u2013 20h00 (nos demais celebra\u00e7\u00f5es)<br \/>\n4.\u00a0<strong>Sagrado Cora\u00e7\u00e3o de Maria<\/strong>\u00a0\u2013 3\u00ba s\u00e1bado \u2013 16h00 (nos demais celebra\u00e7\u00f5es)<br \/>\n5.\u00a0<strong>Nossa Senhora de F\u00e1tima<\/strong>\u00a0\u2013 3\u00ba s\u00e1bado \u2013 20h00 (nos demais celebra\u00e7\u00f5es)<br \/>\n6.\u00a0<strong>Nossa Senhora Esperan\u00e7a<\/strong>\u00a0\u2013 4\u00ba s\u00e1bado \u2013 20h00 (nos demais celebra\u00e7\u00f5es)<br \/>\n7.\u00a0<strong>Sagrada Fam\u00edlia<\/strong>: 4\u00ba s\u00e1bado \u2013 20h00 (nos demais celebra\u00e7\u00f5es)<br \/>\n8.\u00a0<strong>S\u00e3o Jos\u00e9 Oper\u00e1rio<\/strong>\u00a0\u2013 3\u00ba domingo \u2013 17h00 (nos demais celebra\u00e7\u00f5es)<\/p>\n<p><strong>Batizados<\/strong><br \/>\n<strong>Matriz\u00a0<\/strong>\u2013 2\u00ba e 4\u00ba domingos \u2013 12h00<br \/>\n<strong>Nossa Senhora Aparecida<\/strong>: 3\u00ba domingos \u2013 12h00<\/p>\n<p><strong>Atendimento Psicol\u00f3gico<\/strong><br \/>\nNa igreja Matriz, segundas-feiras e quartas-feiras, das 14 \u00e0s 17h00, a psic\u00f3loga J\u00falia dar\u00e1 atendimento. O valor do atendimento ser\u00e1 espont\u00e2neo.<\/p>\n<p><strong>Crisma e Catecumenato<\/strong><br \/>\nNo dia 10 de novembro, \u00e0s 18h30, ter\u00e1 in\u00edcio, na Matriz o curso de Crisma para jovens que tenham 14 anos completos. Inscri\u00e7\u00f5es abertas. Quem j\u00e1 tinha feito a inscri\u00e7\u00e3o dever\u00e3o refazer a mesma. As inscri\u00e7\u00f5es tamb\u00e9m poder\u00e3o serem feitas no dia do in\u00edcio do curso.<br \/>\n\u2013 Para Adultos que n\u00e3o receberam os sacramentos do Batismo, Primeira Comunh\u00e3o ou Crisma, tamb\u00e9m iniciar\u00e3o o Catecumenato, no mesmo dia e hor\u00e1rio.<br \/>\nDia 11 de novembro, \u00e0s 12 horas, na Matriz, almo\u00e7o \u2013 convites \u00e0 venda.<\/p>\n<p><strong>A Fraternidade<\/strong><\/p>\n<p>Frei Sebasti\u00e3o Kremer, coordenador e Vig\u00e1rio Paroquial<br \/>\nFrei Ant\u00f4nio Michels, p\u00e1roco<\/p>\n<\/div>\n<p>[\/vc_column_text][vc_column_text][\/vc_column_text][vc_single_image image=&#8221;187840&#8243; img_size=&#8221;1000&#215;2000&#8243;][\/vc_column][vc_column width=&#8221;1\/2&#8243;][vc_single_image image=&#8221;187844&#8243; img_size=&#8221;full&#8221; css_animation=&#8221;flipInX&#8221;][vc_column_text][\/vc_column_text][vc_column_text]<strong>HIST\u00d3RIA<br \/>\n<\/strong><br \/>\n<strong>Algumas datas relativas \u00e0 igreja da Rocinha\u00a0<\/strong><\/p>\n<p><strong>18.05.1930<\/strong>\u00a0Celebrada na Rocinha a 1\u00aa missa.<br \/>\n<strong>02.12.1937<\/strong>\u00a0 Parecer de Frei Pedro Sinzig sobre a necessidade e oportunidade da constru\u00e7\u00e3o da escola e capela na Rocinha (Frei Pedro era coordenador da Comiss\u00e3o Arquidiocesana para as Constru\u00e7\u00f5es).<br \/>\n<strong>12.12.1937<\/strong>\u00a0 Pedido de Frei Edgar Loers, p\u00e1roco da Igreja de Nossa Senhora da Paz, em Ipanema, ao Sr. Arcebispo, para a licen\u00e7a do in\u00edcio da constru\u00e7\u00e3o da Capela. A Capela da Rocinha pertencia, na \u00e9poca, \u00e0 Par\u00f3quia N. Sra. da Paz.<br \/>\n<strong>13.12.1937\u00a0<\/strong>\u00a0Aceita\u00e7\u00e3o e autoriza\u00e7\u00e3o para a constru\u00e7\u00e3o pelo Vig\u00e1rio Geral Monsenhor Costa Rego.<br \/>\n<strong>19.12.1937<\/strong>\u00a0 Lan\u00e7amento da pedra fundamental da Capela e Escola Nossa Senhora da Boa Viagem.<br \/>\n<strong>01.05.1938<\/strong>\u00a0Inaugurada a capela. Ela \u00e9 simples, modesta e com capacidade para umas 300 pessoas.<br \/>\n<strong>19.03.1944<\/strong>\u00a0Inaugurado o ambulat\u00f3rio m\u00e9dico, no qual, aos domingos, dava assist\u00eancia m\u00e9dica (consultas e atendimentos) o Dr. Alfredo Mauric\u00e9ia Filho, auxiliado por sua esposa, D. Lia Mauric\u00e9ia, os dois, franciscanos da OFS.<br \/>\n<strong>1945<\/strong>\u00a0Criada a Par\u00f3quia do Leblon, a Rocinha passou a fazer parte dela (14.05.1945 \u2013 carta da Comiss\u00e3o da Rocinha, ao Min. Provincial Frei Ludovico G. de Castro, pedindo a cria\u00e7\u00e3o da Par\u00f3quia da Rocinha, j\u00e1 com a anu\u00eancia do arcebispo do RJ, para a continuidade do atendimento pelos frades).<br \/>\n1985,\u00a0criada a Par\u00f3quia Nossa Senhora da Boa Viagem. Padre Manoel de Oliveira Manang\u00e3o se tornou o primeiro p\u00e1roco.<br \/>\n<strong>30.09.2007\u00a0<\/strong>Posse da nova fraternidade da Rocinha<\/p>\n<p>Durante alguns anos esta Capela foi atendida pelos frades franciscanos da Par\u00f3quia N. Sra. da Paz de Ipanema. Portanto, em 2007, estamos celebrando 70 anos desta origem franciscana nesta comunidade da Rocinha.<\/p>\n<p>Atualmente, a Par\u00f3quia Nossa Senhora da Boa Viagem, na Rocinha, est\u00e1 situada no Vicariato Episcopal de Jacarepagu\u00e1.[\/vc_column_text][vc_single_image image=&#8221;187842&#8243; img_size=&#8221;full&#8221; css_animation=&#8221;flipInX&#8221;][\/vc_column][\/vc_row]<\/p>\n","protected":false},"excerpt":{"rendered":"<p>[vc_row][vc_column width=&#8221;1\/2&#8243;][vc_column_text] Casa filial da Fraternidade Santo Ant\u00f4nio [\/vc_column_text][vc_single_image image=&#8221;187837&#8243; img_size=&#8221;full&#8221; css_animation=&#8221;flipInX&#8221;][vc_column_text] FRATERNIDADE FRANCISCANA NOSSA SENHORA DA BOA VIAGEM CASA FILIAL DO CONVENTO SANTO ANT\u00d4NIO Par\u00f3quia N. Sra. da Boa Viagem Estrada da G\u00e1vea, 445 \u2013 Bairro da Rocinha CEP 22451-265 \u2013 Rio de Janeiro (RJ) Tel. (21) 3322-5525 PADROEIRA Nossa Senhora da Boa Viagem [&hellip;]<\/p>\n","protected":false},"author":2,"featured_media":0,"parent":0,"menu_order":0,"comment_status":"closed","ping_status":"closed","template":"","meta":[],"yoast_head":"<!-- This site is optimized with the Yoast SEO plugin v19.4 - https:\/\/yoast.com\/wordpress\/plugins\/seo\/ -->\n<title>Fraternidade da Rocinha - Convento Santo Ant\u00f4nio- Franciscanos<\/title>\n<meta name=\"robots\" content=\"index, follow, max-snippet:-1, max-image-preview:large, max-video-preview:-1\" \/>\n<link rel=\"canonical\" href=\"https:\/\/franciscanos.org.br\/conventosantoantonio\/postulantado\/\" \/>\n<meta property=\"og:locale\" content=\"pt_BR\" \/>\n<meta property=\"og:type\" content=\"article\" \/>\n<meta property=\"og:title\" content=\"Fraternidade da Rocinha - Convento Santo Ant\u00f4nio- Franciscanos\" \/>\n<meta property=\"og:description\" content=\"[vc_row][vc_column width=&#8221;1\/2&#8243;][vc_column_text] Casa filial da Fraternidade Santo Ant\u00f4nio [\/vc_column_text][vc_single_image image=&#8221;187837&#8243; img_size=&#8221;full&#8221; css_animation=&#8221;flipInX&#8221;][vc_column_text] FRATERNIDADE FRANCISCANA NOSSA SENHORA DA BOA VIAGEM CASA FILIAL DO CONVENTO SANTO ANT\u00d4NIO Par\u00f3quia N. Sra. da Boa Viagem Estrada da G\u00e1vea, 445 \u2013 Bairro da Rocinha CEP 22451-265 \u2013 Rio de Janeiro (RJ) Tel. (21) 3322-5525 PADROEIRA Nossa Senhora da Boa Viagem [&hellip;]\" \/>\n<meta property=\"og:url\" content=\"https:\/\/franciscanos.org.br\/conventosantoantonio\/postulantado\/\" \/>\n<meta property=\"og:site_name\" content=\"Convento Santo Ant\u00f4nio- Franciscanos\" \/>\n<meta property=\"article:modified_time\" content=\"2021-09-23T14:21:21+00:00\" \/>\n<meta name=\"twitter:card\" content=\"summary_large_image\" \/>\n<meta name=\"twitter:label1\" content=\"Est. tempo de leitura\" \/>\n\t<meta name=\"twitter:data1\" content=\"4 minutos\" \/>\n<script type=\"application\/ld+json\" class=\"yoast-schema-graph\">{\"@context\":\"https:\/\/schema.org\",\"@graph\":[{\"@type\":\"WebSite\",\"@id\":\"https:\/\/franciscanos.org.br\/conventosantoantonio\/#website\",\"url\":\"https:\/\/franciscanos.org.br\/conventosantoantonio\/\",\"name\":\"Convento Santo Ant\u00f4nio- Franciscanos\",\"description\":\"Prov\u00edncia Franciscana da Imaculada Concei\u00e7\u00e3o do Brasil - Ordem dos Frades Menores\",\"potentialAction\":[{\"@type\":\"SearchAction\",\"target\":{\"@type\":\"EntryPoint\",\"urlTemplate\":\"https:\/\/franciscanos.org.br\/conventosantoantonio\/?s={search_term_string}\"},\"query-input\":\"required name=search_term_string\"}],\"inLanguage\":\"pt-BR\"},{\"@type\":\"WebPage\",\"@id\":\"https:\/\/franciscanos.org.br\/conventosantoantonio\/postulantado\/\",\"url\":\"https:\/\/franciscanos.org.br\/conventosantoantonio\/postulantado\/\",\"name\":\"Fraternidade da Rocinha - Convento Santo Ant\u00f4nio- Franciscanos\",\"isPartOf\":{\"@id\":\"https:\/\/franciscanos.org.br\/conventosantoantonio\/#website\"},\"datePublished\":\"2020-09-08T18:28:49+00:00\",\"dateModified\":\"2021-09-23T14:21:21+00:00\",\"breadcrumb\":{\"@id\":\"https:\/\/franciscanos.org.br\/conventosantoantonio\/postulantado\/#breadcrumb\"},\"inLanguage\":\"pt-BR\",\"potentialAction\":[{\"@type\":\"ReadAction\",\"target\":[\"https:\/\/franciscanos.org.br\/conventosantoantonio\/postulantado\/\"]}]},{\"@type\":\"BreadcrumbList\",\"@id\":\"https:\/\/franciscanos.org.br\/conventosantoantonio\/postulantado\/#breadcrumb\",\"itemListElement\":[{\"@type\":\"ListItem\",\"position\":1,\"name\":\"Home\",\"item\":\"https:\/\/franciscanos.org.br\/conventosantoantonio\/\"},{\"@type\":\"ListItem\",\"position\":2,\"name\":\"Fraternidade da Rocinha\"}]}]}<\/script>\n<!-- \/ Yoast SEO plugin. -->","yoast_head_json":{"title":"Fraternidade da Rocinha - Convento Santo Ant\u00f4nio- Franciscanos","robots":{"index":"index","follow":"follow","max-snippet":"max-snippet:-1","max-image-preview":"max-image-preview:large","max-video-preview":"max-video-preview:-1"},"canonical":"https:\/\/franciscanos.org.br\/conventosantoantonio\/postulantado\/","og_locale":"pt_BR","og_type":"article","og_title":"Fraternidade da Rocinha - Convento Santo Ant\u00f4nio- Franciscanos","og_description":"[vc_row][vc_column width=&#8221;1\/2&#8243;][vc_column_text] Casa filial da Fraternidade Santo Ant\u00f4nio [\/vc_column_text][vc_single_image image=&#8221;187837&#8243; img_size=&#8221;full&#8221; css_animation=&#8221;flipInX&#8221;][vc_column_text] FRATERNIDADE FRANCISCANA NOSSA SENHORA DA BOA VIAGEM CASA FILIAL DO CONVENTO SANTO ANT\u00d4NIO Par\u00f3quia N. Sra. da Boa Viagem Estrada da G\u00e1vea, 445 \u2013 Bairro da Rocinha CEP 22451-265 \u2013 Rio de Janeiro (RJ) Tel. (21) 3322-5525 PADROEIRA Nossa Senhora da Boa Viagem [&hellip;]","og_url":"https:\/\/franciscanos.org.br\/conventosantoantonio\/postulantado\/","og_site_name":"Convento Santo Ant\u00f4nio- Franciscanos","article_modified_time":"2021-09-23T14:21:21+00:00","twitter_card":"summary_large_image","twitter_misc":{"Est. tempo de leitura":"4 minutos"},"schema":{"@context":"https:\/\/schema.org","@graph":[{"@type":"WebSite","@id":"https:\/\/franciscanos.org.br\/conventosantoantonio\/#website","url":"https:\/\/franciscanos.org.br\/conventosantoantonio\/","name":"Convento Santo Ant\u00f4nio- Franciscanos","description":"Prov\u00edncia Franciscana da Imaculada Concei\u00e7\u00e3o do Brasil - Ordem dos Frades Menores","potentialAction":[{"@type":"SearchAction","target":{"@type":"EntryPoint","urlTemplate":"https:\/\/franciscanos.org.br\/conventosantoantonio\/?s={search_term_string}"},"query-input":"required name=search_term_string"}],"inLanguage":"pt-BR"},{"@type":"WebPage","@id":"https:\/\/franciscanos.org.br\/conventosantoantonio\/postulantado\/","url":"https:\/\/franciscanos.org.br\/conventosantoantonio\/postulantado\/","name":"Fraternidade da Rocinha - Convento Santo Ant\u00f4nio- Franciscanos","isPartOf":{"@id":"https:\/\/franciscanos.org.br\/conventosantoantonio\/#website"},"datePublished":"2020-09-08T18:28:49+00:00","dateModified":"2021-09-23T14:21:21+00:00","breadcrumb":{"@id":"https:\/\/franciscanos.org.br\/conventosantoantonio\/postulantado\/#breadcrumb"},"inLanguage":"pt-BR","potentialAction":[{"@type":"ReadAction","target":["https:\/\/franciscanos.org.br\/conventosantoantonio\/postulantado\/"]}]},{"@type":"BreadcrumbList","@id":"https:\/\/franciscanos.org.br\/conventosantoantonio\/postulantado\/#breadcrumb","itemListElement":[{"@type":"ListItem","position":1,"name":"Home","item":"https:\/\/franciscanos.org.br\/conventosantoantonio\/"},{"@type":"ListItem","position":2,"name":"Fraternidade da Rocinha"}]}]}},"_links":{"self":[{"href":"https:\/\/franciscanos.org.br\/conventosantoantonio\/wp-json\/wp\/v2\/pages\/187202"}],"collection":[{"href":"https:\/\/franciscanos.org.br\/conventosantoantonio\/wp-json\/wp\/v2\/pages"}],"about":[{"href":"https:\/\/franciscanos.org.br\/conventosantoantonio\/wp-json\/wp\/v2\/types\/page"}],"author":[{"embeddable":true,"href":"https:\/\/franciscanos.org.br\/conventosantoantonio\/wp-json\/wp\/v2\/users\/2"}],"replies":[{"embeddable":true,"href":"https:\/\/franciscanos.org.br\/conventosantoantonio\/wp-json\/wp\/v2\/comments?post=187202"}],"version-history":[{"count":15,"href":"https:\/\/franciscanos.org.br\/conventosantoantonio\/wp-json\/wp\/v2\/pages\/187202\/revisions"}],"predecessor-version":[{"id":187845,"href":"https:\/\/franciscanos.org.br\/conventosantoantonio\/wp-json\/wp\/v2\/pages\/187202\/revisions\/187845"}],"wp:attachment":[{"href":"https:\/\/franciscanos.org.br\/conventosantoantonio\/wp-json\/wp\/v2\/media?parent=187202"}],"curies":[{"name":"wp","href":"https:\/\/api.w.org\/{rel}","templated":true}]}}