{"version":"1.0","provider_name":"Carisma - Franciscanos","provider_url":"https:\/\/franciscanos.org.br\/carisma","author_name":"moacir","author_url":"https:\/\/franciscanos.org.br\/carisma\/author\/moacir","title":"Ora\u00e7\u00e3o diante do pres\u00e9pio - Carisma - Franciscanos","type":"rich","width":600,"height":338,"html":"<blockquote class=\"wp-embedded-content\" data-secret=\"5PCq4s31bd\"><a href=\"https:\/\/franciscanos.org.br\/carisma\/oracao-diante-do-presepio.html\">Ora\u00e7\u00e3o diante do pres\u00e9pio<\/a><\/blockquote><iframe sandbox=\"allow-scripts\" security=\"restricted\" src=\"https:\/\/franciscanos.org.br\/carisma\/oracao-diante-do-presepio.html\/embed#?secret=5PCq4s31bd\" width=\"600\" height=\"338\" title=\"&#8220;Ora\u00e7\u00e3o diante do pres\u00e9pio&#8221; &#8212; Carisma - Franciscanos\" data-secret=\"5PCq4s31bd\" frameborder=\"0\" marginwidth=\"0\" marginheight=\"0\" scrolling=\"no\" class=\"wp-embedded-content\"><\/iframe><script type=\"text\/javascript\">\n\/*! This file is auto-generated *\/\n!function(c,l){\"use strict\";var e=!1,o=!1;if(l.querySelector)if(c.addEventListener)e=!0;if(c.wp=c.wp||{},c.wp.receiveEmbedMessage);else if(c.wp.receiveEmbedMessage=function(e){var t=e.data;if(!t);else if(!(t.secret||t.message||t.value));else if(\/[^a-zA-Z0-9]\/.test(t.secret));else{for(var r,s,a,i=l.querySelectorAll('iframe[data-secret=\"'+t.secret+'\"]'),n=l.querySelectorAll('blockquote[data-secret=\"'+t.secret+'\"]'),o=0;o<n.length;o++)n[o].style.display=\"none\";for(o=0;o<i.length;o++)if(r=i[o],e.source!==r.contentWindow);else{if(r.removeAttribute(\"style\"),\"height\"===t.message){if(1e3<(s=parseInt(t.value,10)))s=1e3;else if(~~s<200)s=200;r.height=s}if(\"link\"===t.message)if(s=l.createElement(\"a\"),a=l.createElement(\"a\"),s.href=r.getAttribute(\"src\"),a.href=t.value,a.host===s.host)if(l.activeElement===r)c.top.location.href=t.value}}},e)c.addEventListener(\"message\",c.wp.receiveEmbedMessage,!1),l.addEventListener(\"DOMContentLoaded\",t,!1),c.addEventListener(\"load\",t,!1);function t(){if(o);else{o=!0;for(var e,t,r,s=-1!==navigator.appVersion.indexOf(\"MSIE 10\"),a=!!navigator.userAgent.match(\/Trident.*rv:11\\.\/),i=l.querySelectorAll(\"iframe.wp-embedded-content\"),n=0;n<i.length;n++){if(!(r=(t=i[n]).getAttribute(\"data-secret\")))r=Math.random().toString(36).substr(2,10),t.src+=\"#?secret=\"+r,t.setAttribute(\"data-secret\",r);if(s||a)(e=t.cloneNode(!0)).removeAttribute(\"security\"),t.parentNode.replaceChild(e,t);t.contentWindow.postMessage({message:\"ready\",secret:r},\"*\")}}}}(window,document);\n<\/script>\n","thumbnail_url":"https:\/\/franciscanos.org.br\/carisma\/wp-content\/uploads\/2018\/10\/francisco_251018p.jpg","thumbnail_width":220,"thumbnail_height":187,"description":"Menino das palhas, Menino Jesus, Menino de Maria, aqui estou diante de ti. Tu vieste de mansinho, na calada da noite, no sil\u00eancio das coisas que n\u00e3o fazem ru\u00eddo. Tu \u00e9 o Menino am\u00e1vel e sant\u00edssimo, deitado nas palhas porque n\u00e3o havia lugar para ti nas casas dos homens t\u00e3o ocupados e t\u00e3o cheios de [&hellip;]"}